{"id":32332,"date":"2023-11-14T05:12:28","date_gmt":"2023-11-14T04:12:28","guid":{"rendered":"https:\/\/frnpbdued.preview.infomaniak.website\/projects\/community-of-saint-martin-placetas-cuba\/"},"modified":"2024-01-30T17:15:10","modified_gmt":"2024-01-30T16:15:10","slug":"community-of-saint-martin-placetas-cuba","status":"publish","type":"projects","link":"https:\/\/caritasprovitaegradu.ch\/fr\/projects\/community-of-saint-martin-placetas-cuba\/","title":{"rendered":"Communaut\u00e9 de Saint Martin\u2013 Placetas, Cuba"},"content":{"rendered":"\t\t<div data-elementor-type=\"wp-post\" data-elementor-id=\"32332\" class=\"elementor elementor-32332 elementor-31292\" data-elementor-post-type=\"projects\">\n\t\t\t\t<div class=\"elementor-element elementor-element-aaed29a hero-banner-sec e-flex e-con-boxed e-con e-parent\" data-id=\"aaed29a\" data-element_type=\"container\" data-e-type=\"container\" data-settings=\"{&quot;background_background&quot;:&quot;classic&quot;}\">\n\t\t\t\t\t<div class=\"e-con-inner\">\n\t\t\t\t<div class=\"elementor-element elementor-element-e1c7936 elementor-widget elementor-widget-image\" data-id=\"e1c7936\" data-element_type=\"widget\" data-e-type=\"widget\" data-widget_type=\"image.default\">\n\t\t\t\t<div class=\"elementor-widget-container\">\n\t\t\t\t\t\t\t\t\t\t\t\t\t\t\t<img fetchpriority=\"high\" decoding=\"async\" width=\"1030\" height=\"482\" src=\"https:\/\/caritasprovitaegradu.ch\/wp-content\/uploads\/2023\/11\/cuba-banner-1.png\" class=\"attachment-full size-full wp-image-31294\" alt=\"cuba banner\" srcset=\"https:\/\/caritasprovitaegradu.ch\/wp-content\/uploads\/2023\/11\/cuba-banner-1.png 1030w, https:\/\/caritasprovitaegradu.ch\/wp-content\/uploads\/2023\/11\/cuba-banner-1-300x140.png 300w, https:\/\/caritasprovitaegradu.ch\/wp-content\/uploads\/2023\/11\/cuba-banner-1-1024x479.png 1024w, https:\/\/caritasprovitaegradu.ch\/wp-content\/uploads\/2023\/11\/cuba-banner-1-768x359.png 768w\" sizes=\"(max-width: 1030px) 100vw, 1030px\" \/>\t\t\t\t\t\t\t\t\t\t\t\t\t\t\t<\/div>\n\t\t\t\t<\/div>\n\t\t<div class=\"elementor-element elementor-element-e155492 e-flex e-con-boxed e-con e-child\" data-id=\"e155492\" data-element_type=\"container\" data-e-type=\"container\" data-settings=\"{&quot;position&quot;:&quot;absolute&quot;}\">\n\t\t\t\t\t<div class=\"e-con-inner\">\n\t\t\t\t<div class=\"elementor-element elementor-element-defad1c elementor-widget-tablet__width-initial banner-title elementor-widget elementor-widget-heading\" data-id=\"defad1c\" data-element_type=\"widget\" data-e-type=\"widget\" data-widget_type=\"heading.default\">\n\t\t\t\t<div class=\"elementor-widget-container\">\n\t\t\t\t\t<h1 class=\"elementor-heading-title elementor-size-default\">Communaut\u00e9 de Saint Martin\u2013 Placetas, Cuba<\/h1>\t\t\t\t<\/div>\n\t\t\t\t<\/div>\n\t\t\t\t<div class=\"elementor-element elementor-element-7633c29 elementor-widget__width-auto banner-desc  elementor-widget elementor-widget-heading\" data-id=\"7633c29\" data-element_type=\"widget\" data-e-type=\"widget\" data-widget_type=\"heading.default\">\n\t\t\t\t<div class=\"elementor-widget-container\">\n\t\t\t\t\t<span class=\"elementor-heading-title elementor-size-default\">Enfants du quartier assistant \u00e0 la messe<\/span>\t\t\t\t<\/div>\n\t\t\t\t<\/div>\n\t\t\t\t\t<\/div>\n\t\t\t\t<\/div>\n\t\t\t\t\t<\/div>\n\t\t\t\t<\/div>\n\t\t<div class=\"elementor-element elementor-element-0cb5a98 pro-content e-flex e-con-boxed e-con e-parent\" data-id=\"0cb5a98\" data-element_type=\"container\" data-e-type=\"container\" data-settings=\"{&quot;background_background&quot;:&quot;classic&quot;}\">\n\t\t\t\t\t<div class=\"e-con-inner\">\n\t\t<div class=\"elementor-element elementor-element-cfee84f e-con-full con-max-width e-flex e-con e-child\" data-id=\"cfee84f\" data-element_type=\"container\" data-e-type=\"container\" data-settings=\"{&quot;background_background&quot;:&quot;classic&quot;}\">\n\t\t<div class=\"elementor-element elementor-element-c5a09c0 e-con-full e-flex e-con e-child\" data-id=\"c5a09c0\" data-element_type=\"container\" data-e-type=\"container\">\n\t\t\t\t<div class=\"elementor-element elementor-element-b4f9523 elementor-widget elementor-widget-heading\" data-id=\"b4f9523\" data-element_type=\"widget\" data-e-type=\"widget\" data-widget_type=\"heading.default\">\n\t\t\t\t<div class=\"elementor-widget-container\">\n\t\t\t\t\t<h3 class=\"elementor-heading-title elementor-size-default\">Communaut\u00e9 de Saint Martin\u2013 Placetas, Cuba<\/h3>\t\t\t\t<\/div>\n\t\t\t\t<\/div>\n\t\t\t\t<div class=\"elementor-element elementor-element-ad5cb6e list-icon elementor-widget elementor-widget-text-editor\" data-id=\"ad5cb6e\" data-element_type=\"widget\" data-e-type=\"widget\" data-widget_type=\"text-editor.default\">\n\t\t\t\t<div class=\"elementor-widget-container\">\n\t\t\t\t\t\t\t\t\t<h4>Programme de soutien extrascolaire et banque alimentaire (Repaso &amp; Comedor)<\/h4>\nLe programme de soutien extrascolaire g\u00e9r\u00e9 par la Communaut\u00e9 de Saint Martin, \u00e9galement connu sous le nom de Repaso, \u00e0 Placetas Cuba, assure une \u00e9ducation de haute qualit\u00e9 et un soutien \u00e9ducatif \u00e0 650 \u00e9l\u00e8ves par jour. \u00c0 Cuba, les \u00e9coles priv\u00e9es ne sont pas autoris\u00e9es. Cependant, la qualit\u00e9 du syst\u00e8me d\u2019enseignement public d\u00e9savantage les enfants depuis des ann\u00e9es. C\u2019est pourquoi la communaut\u00e9 de Saint Martin a d\u00e9cid\u00e9 d\u2019ouvrir un programme de soutien extrascolaire. Celui-ci peut aider les \u00e9l\u00e8ves \u00e0 surmonter ces d\u00e9ficiences du syst\u00e8me d\u2019\u00e9ducation publique. La capacit\u00e9 maximale actuelle de ce programme est de 650 \u00e9l\u00e8ves par jour. Cependant, le Repaso a une liste d\u2019attente de 100 autres \u00e9l\u00e8ves qui esp\u00e8rent pouvoir participer au programme de soutien p\u00e9riscolaire \u00e0 l\u2019avenir.\n<h5><\/h5>\nEn plus de son programme de soutien extrascolaire, la Communaut\u00e9 de Saint Martin \u00e0 Cuba fournit \u00e9galement environ 300 repas par semaine aux personnes locales vivant dans la pauvret\u00e9 par le biais de son Comedor. Pendant la pand\u00e9mie de COVID-19, le besoin de soutien nutritionnel pour la population locale de Santa Clara a augment\u00e9 de mani\u00e8re significative. Ils s\u2019attendent \u00e0 ce que cela continue jusqu\u2019\u00e0 ce que la pand\u00e9mie et la crise \u00e9conomique soient pass\u00e9es. La Communaut\u00e9 de Saint Martin se pr\u00e9pare actuellement \u00e0 augmenter le nombre de repas par semaine \u00e0 600 pour esp\u00e9rer aider \u00e0 faire face \u00e0 l\u2019augmentation de la pauvret\u00e9.\t\t\t\t\t\t\t\t<\/div>\n\t\t\t\t<\/div>\n\t\t\t\t<div class=\"elementor-element elementor-element-5764269 elementor-mobile-align-center elementor-widget elementor-widget-button\" data-id=\"5764269\" data-element_type=\"widget\" data-e-type=\"widget\" data-widget_type=\"button.default\">\n\t\t\t\t<div class=\"elementor-widget-container\">\n\t\t\t\t\t\t\t\t\t<div class=\"elementor-button-wrapper\">\n\t\t\t\t\t<a class=\"elementor-button elementor-button-link elementor-size-sm\" href=\"https:\/\/caritasprovitaegradu.ch\/fr\/aidez-nous-dans-notre-mission\/\">\n\t\t\t\t\t\t<span class=\"elementor-button-content-wrapper\">\n\t\t\t\t\t\t\t\t\t<span class=\"elementor-button-text\">Aidez-nous \u00e0 soutenir ce projet<\/span>\n\t\t\t\t\t<\/span>\n\t\t\t\t\t<\/a>\n\t\t\t\t<\/div>\n\t\t\t\t\t\t\t\t<\/div>\n\t\t\t\t<\/div>\n\t\t\t\t<\/div>\n\t\t<div class=\"elementor-element elementor-element-bc3adc8 e-con-full e-flex e-con e-child\" data-id=\"bc3adc8\" data-element_type=\"container\" data-e-type=\"container\">\n\t\t\t\t<div class=\"elementor-element elementor-element-70f3cf3 elementor-widget elementor-widget-heading\" data-id=\"70f3cf3\" data-element_type=\"widget\" data-e-type=\"widget\" data-widget_type=\"heading.default\">\n\t\t\t\t<div class=\"elementor-widget-container\">\n\t\t\t\t\t<h6 class=\"elementor-heading-title elementor-size-default\">CONTACT<\/h6>\t\t\t\t<\/div>\n\t\t\t\t<\/div>\n\t\t\t\t<div class=\"elementor-element elementor-element-0eb28d8 elementor-widget elementor-widget-text-editor\" data-id=\"0eb28d8\" data-element_type=\"widget\" data-e-type=\"widget\" data-widget_type=\"text-editor.default\">\n\t\t\t\t<div class=\"elementor-widget-container\">\n\t\t\t\t\t\t\t\t\t<p>Communaut\u00e9 Saint Martin \u2013 Placetas, Cuba<\/p>\n\t\t\t\t\t\t\t\t<\/div>\n\t\t\t\t<\/div>\n\t\t\t\t<div class=\"elementor-element elementor-element-096f70e elementor-widget elementor-widget-heading\" data-id=\"096f70e\" data-element_type=\"widget\" data-e-type=\"widget\" data-widget_type=\"heading.default\">\n\t\t\t\t<div class=\"elementor-widget-container\">\n\t\t\t\t\t<h6 class=\"elementor-heading-title elementor-size-default\">WEBSITE<\/h6>\t\t\t\t<\/div>\n\t\t\t\t<\/div>\n\t\t\t\t<div class=\"elementor-element elementor-element-fb0a174 elementor-widget elementor-widget-text-editor\" data-id=\"fb0a174\" data-element_type=\"widget\" data-e-type=\"widget\" data-widget_type=\"text-editor.default\">\n\t\t\t\t<div class=\"elementor-widget-container\">\n\t\t\t\t\t\t\t\t\t<p><a href=\"https:\/\/www.communautesaintmartin.org\/article\/placetas-cuba\/\"> https:\/\/www.communautesaintmartin.org\/article\/placetas-cuba\/<\/a><\/p>\n\t\t\t\t\t\t\t\t<\/div>\n\t\t\t\t<\/div>\n\t\t\t\t<\/div>\n\t\t\t\t<\/div>\n\t\t\t\t\t<\/div>\n\t\t\t\t<\/div>\n\t\t<div class=\"elementor-element elementor-element-21f23eb e-flex e-con-boxed e-con e-parent\" data-id=\"21f23eb\" data-element_type=\"container\" data-e-type=\"container\" data-settings=\"{&quot;background_background&quot;:&quot;classic&quot;}\">\n\t\t\t\t\t<div class=\"e-con-inner\">\n\t\t<div class=\"elementor-element elementor-element-42e19b2 e-con-full padd-xl-105 e-flex e-con e-child\" data-id=\"42e19b2\" data-element_type=\"container\" data-e-type=\"container\" data-settings=\"{&quot;background_background&quot;:&quot;classic&quot;}\">\n\t\t\t\t<div class=\"elementor-element elementor-element-20ab3e8 elementor-arrows-position-inside elementor-widget elementor-widget-image-carousel\" data-id=\"20ab3e8\" data-element_type=\"widget\" data-e-type=\"widget\" data-settings=\"{&quot;navigation&quot;:&quot;arrows&quot;,&quot;autoplay&quot;:&quot;no&quot;,&quot;infinite&quot;:&quot;no&quot;,&quot;image_spacing_custom&quot;:{&quot;unit&quot;:&quot;px&quot;,&quot;size&quot;:40,&quot;sizes&quot;:[]},&quot;speed&quot;:500,&quot;image_spacing_custom_tablet&quot;:{&quot;unit&quot;:&quot;px&quot;,&quot;size&quot;:&quot;&quot;,&quot;sizes&quot;:[]},&quot;image_spacing_custom_mobile&quot;:{&quot;unit&quot;:&quot;px&quot;,&quot;size&quot;:&quot;&quot;,&quot;sizes&quot;:[]}}\" data-widget_type=\"image-carousel.default\">\n\t\t\t\t<div class=\"elementor-widget-container\">\n\t\t\t\t\t\t\t<div class=\"elementor-image-carousel-wrapper swiper\" role=\"region\" aria-roledescription=\"carousel\" aria-label=\"Carrousel d\u2019images\" dir=\"ltr\">\n\t\t\t<div class=\"elementor-image-carousel swiper-wrapper swiper-image-stretch\" aria-live=\"polite\">\n\t\t\t\t\t\t\t\t<div class=\"swiper-slide\" role=\"group\" aria-roledescription=\"slide\" aria-label=\"1 sur 5\"><a data-elementor-open-lightbox=\"yes\" data-elementor-lightbox-slideshow=\"20ab3e8\" data-elementor-lightbox-title=\"4-father-of-Saint-Martin-Cuba\" data-e-action-hash=\"#elementor-action%3Aaction%3Dlightbox%26settings%3DeyJpZCI6MzEzMTEsInVybCI6Imh0dHBzOlwvXC9jYXJpdGFzcHJvdml0YWVncmFkdS5jaFwvd3AtY29udGVudFwvdXBsb2Fkc1wvMjAyM1wvMTFcLzQtZmF0aGVyLW9mLVNhaW50LU1hcnRpbi1DdWJhLmpwZyIsInNsaWRlc2hvdyI6IjIwYWIzZTgifQ%3D%3D\" href=\"https:\/\/caritasprovitaegradu.ch\/wp-content\/uploads\/2023\/11\/4-father-of-Saint-Martin-Cuba.jpg\"><figure class=\"swiper-slide-inner\"><img decoding=\"async\" class=\"swiper-slide-image\" src=\"https:\/\/caritasprovitaegradu.ch\/wp-content\/uploads\/2023\/11\/4-father-of-Saint-Martin-Cuba.jpg\" alt=\"Don Jean Pichon, Don Gr\u00e9goire de Lambilly, Don Pierre Doat and Don R\u00e9gis Maurel\" \/><figcaption class=\"elementor-image-carousel-caption\">Don Jean Pichon, Don Gr\u00e9goire de Lambilly, Don Pierre Doat and Don R\u00e9gis Maurel<\/figcaption><\/figure><\/a><\/div><div class=\"swiper-slide\" role=\"group\" aria-roledescription=\"slide\" aria-label=\"2 sur 5\"><a data-elementor-open-lightbox=\"yes\" data-elementor-lightbox-slideshow=\"20ab3e8\" data-elementor-lightbox-title=\"cuba-2-1030x728\" data-e-action-hash=\"#elementor-action%3Aaction%3Dlightbox%26settings%3DeyJpZCI6MzEzMDgsInVybCI6Imh0dHBzOlwvXC9jYXJpdGFzcHJvdml0YWVncmFkdS5jaFwvd3AtY29udGVudFwvdXBsb2Fkc1wvMjAyM1wvMTFcL2N1YmEtMi0xMDMweDcyOC0xLmpwZyIsInNsaWRlc2hvdyI6IjIwYWIzZTgifQ%3D%3D\" href=\"https:\/\/caritasprovitaegradu.ch\/wp-content\/uploads\/2023\/11\/cuba-2-1030x728-1.jpg\"><figure class=\"swiper-slide-inner\"><img decoding=\"async\" class=\"swiper-slide-image\" src=\"https:\/\/caritasprovitaegradu.ch\/wp-content\/uploads\/2023\/11\/cuba-2-1030x728-1.jpg\" alt=\"Sunday mass in Placetas\" \/><figcaption class=\"elementor-image-carousel-caption\">Sunday mass in Placetas<\/figcaption><\/figure><\/a><\/div><div class=\"swiper-slide\" role=\"group\" aria-roledescription=\"slide\" aria-label=\"3 sur 5\"><a data-elementor-open-lightbox=\"yes\" data-elementor-lightbox-slideshow=\"20ab3e8\" data-elementor-lightbox-title=\"IMG_4532-1030x773\" data-e-action-hash=\"#elementor-action%3Aaction%3Dlightbox%26settings%3DeyJpZCI6MzEzMDUsInVybCI6Imh0dHBzOlwvXC9jYXJpdGFzcHJvdml0YWVncmFkdS5jaFwvd3AtY29udGVudFwvdXBsb2Fkc1wvMjAyM1wvMTFcL0lNR180NTMyLTEwMzB4NzczLTEuanBnIiwic2xpZGVzaG93IjoiMjBhYjNlOCJ9\" href=\"https:\/\/caritasprovitaegradu.ch\/wp-content\/uploads\/2023\/11\/IMG_4532-1030x773-1.jpg\"><figure class=\"swiper-slide-inner\"><img decoding=\"async\" class=\"swiper-slide-image\" src=\"https:\/\/caritasprovitaegradu.ch\/wp-content\/uploads\/2023\/11\/IMG_4532-1030x773-1.jpg\" alt=\"Local children attending mass\" \/><figcaption class=\"elementor-image-carousel-caption\">Local children attending mass<\/figcaption><\/figure><\/a><\/div><div class=\"swiper-slide\" role=\"group\" aria-roledescription=\"slide\" aria-label=\"4 sur 5\"><a data-elementor-open-lightbox=\"yes\" data-elementor-lightbox-slideshow=\"20ab3e8\" data-elementor-lightbox-title=\"Original-School-building\" data-e-action-hash=\"#elementor-action%3Aaction%3Dlightbox%26settings%3DeyJpZCI6MzEzMDIsInVybCI6Imh0dHBzOlwvXC9jYXJpdGFzcHJvdml0YWVncmFkdS5jaFwvd3AtY29udGVudFwvdXBsb2Fkc1wvMjAyM1wvMTFcL09yaWdpbmFsLVNjaG9vbC1idWlsZGluZy5qcGciLCJzbGlkZXNob3ciOiIyMGFiM2U4In0%3D\" href=\"https:\/\/caritasprovitaegradu.ch\/wp-content\/uploads\/2023\/11\/Original-School-building.jpg\"><figure class=\"swiper-slide-inner\"><img decoding=\"async\" class=\"swiper-slide-image\" src=\"https:\/\/caritasprovitaegradu.ch\/wp-content\/uploads\/2023\/11\/Original-School-building.jpg\" alt=\"Inauguration of the Main School Building in 1919\" \/><figcaption class=\"elementor-image-carousel-caption\">Inauguration of the Main School Building in 1919<\/figcaption><\/figure><\/a><\/div><div class=\"swiper-slide\" role=\"group\" aria-roledescription=\"slide\" aria-label=\"5 sur 5\"><a data-elementor-open-lightbox=\"yes\" data-elementor-lightbox-slideshow=\"20ab3e8\" data-elementor-lightbox-title=\"Renovation-1\" data-e-action-hash=\"#elementor-action%3Aaction%3Dlightbox%26settings%3DeyJpZCI6MzEyOTksInVybCI6Imh0dHBzOlwvXC9jYXJpdGFzcHJvdml0YWVncmFkdS5jaFwvd3AtY29udGVudFwvdXBsb2Fkc1wvMjAyM1wvMTFcL1Jlbm92YXRpb24tMS5qcGciLCJzbGlkZXNob3ciOiIyMGFiM2U4In0%3D\" href=\"https:\/\/caritasprovitaegradu.ch\/wp-content\/uploads\/2023\/11\/Renovation-1.jpg\"><figure class=\"swiper-slide-inner\"><img decoding=\"async\" class=\"swiper-slide-image\" src=\"https:\/\/caritasprovitaegradu.ch\/wp-content\/uploads\/2023\/11\/Renovation-1.jpg\" alt=\"The Beginning of the Renovation of the Main School Building\" \/><figcaption class=\"elementor-image-carousel-caption\">The Beginning of the Renovation of the Main School Building<\/figcaption><\/figure><\/a><\/div>\t\t\t<\/div>\n\t\t\t\t\t\t\t\t\t\t\t\t<div class=\"elementor-swiper-button elementor-swiper-button-prev\" role=\"button\" tabindex=\"0\">\n\t\t\t\t\t\t<svg aria-hidden=\"true\" class=\"e-font-icon-svg e-eicon-chevron-left\" viewBox=\"0 0 1000 1000\" xmlns=\"http:\/\/www.w3.org\/2000\/svg\"><path d=\"M646 125C629 125 613 133 604 142L308 442C296 454 292 471 292 487 292 504 296 521 308 533L604 854C617 867 629 875 646 875 663 875 679 871 692 858 704 846 713 829 713 812 713 796 708 779 692 767L438 487 692 225C700 217 708 204 708 187 708 171 704 154 692 142 675 129 663 125 646 125Z\"><\/path><\/svg>\t\t\t\t\t<\/div>\n\t\t\t\t\t<div class=\"elementor-swiper-button elementor-swiper-button-next\" role=\"button\" tabindex=\"0\">\n\t\t\t\t\t\t<svg aria-hidden=\"true\" class=\"e-font-icon-svg e-eicon-chevron-right\" viewBox=\"0 0 1000 1000\" xmlns=\"http:\/\/www.w3.org\/2000\/svg\"><path d=\"M696 533C708 521 713 504 713 487 713 471 708 454 696 446L400 146C388 133 375 125 354 125 338 125 325 129 313 142 300 154 292 171 292 187 292 204 296 221 308 233L563 492 304 771C292 783 288 800 288 817 288 833 296 850 308 863 321 871 338 875 354 875 371 875 388 867 400 854L696 533Z\"><\/path><\/svg>\t\t\t\t\t<\/div>\n\t\t\t\t\n\t\t\t\t\t\t\t\t\t<\/div>\n\t\t\t\t\t\t<\/div>\n\t\t\t\t<\/div>\n\t\t\t\t<\/div>\n\t\t\t\t\t<\/div>\n\t\t\t\t<\/div>\n\t\t<div class=\"elementor-element elementor-element-b27f7e8 e-flex e-con-boxed e-con e-parent\" data-id=\"b27f7e8\" data-element_type=\"container\" data-e-type=\"container\" data-settings=\"{&quot;background_background&quot;:&quot;classic&quot;}\">\n\t\t\t\t\t<div class=\"e-con-inner\">\n\t\t<div class=\"elementor-element elementor-element-1fd93cf e-con-full con-max-width e-flex e-con e-child\" data-id=\"1fd93cf\" data-element_type=\"container\" data-e-type=\"container\" data-settings=\"{&quot;background_background&quot;:&quot;classic&quot;}\">\n\t\t<div class=\"elementor-element elementor-element-f5f1d2b e-con-full history e-flex e-con e-child\" data-id=\"f5f1d2b\" data-element_type=\"container\" data-e-type=\"container\">\n\t\t\t\t<div class=\"elementor-element elementor-element-23e1559 elementor-widget elementor-widget-heading\" data-id=\"23e1559\" data-element_type=\"widget\" data-e-type=\"widget\" data-widget_type=\"heading.default\">\n\t\t\t\t<div class=\"elementor-widget-container\">\n\t\t\t\t\t<h3 class=\"elementor-heading-title elementor-size-default\">Histoire<\/h3>\t\t\t\t<\/div>\n\t\t\t\t<\/div>\n\t\t\t\t<div class=\"elementor-element elementor-element-9becc69 list-icon elementor-widget elementor-widget-text-editor\" data-id=\"9becc69\" data-element_type=\"widget\" data-e-type=\"widget\" data-widget_type=\"text-editor.default\">\n\t\t\t\t<div class=\"elementor-widget-container\">\n\t\t\t\t\t\t\t\t\t<p>Placetas est une r\u00e9gion de Cuba compos\u00e9e de 40 communaut\u00e9s avec une population totale de 45\u2019000 personnes. Bien que Cuba ait eu un indice de d\u00e9veloppement humain \u00e9lev\u00e9 en 2019, il y a une crise \u00e9conomique importante en ce moment qui a conduit \u00e0 une extr\u00eame pauvret\u00e9. Le revenu moyen par personne est de 20\u20ac par mois. Les personnes qui ne travaillent pas habituellement dans les zones touristiques ou qui n\u2019ont pas de famille \u00e0 l\u2019\u00e9tranger pour les aider \u00e0 subvenir \u00e0 leurs besoins, se retrouvent dans des conditions d\u00e9sastreuses.<\/p><p>En raison de la pand\u00e9mie de COVID-19, les compagnies maritimes ont \u00e9t\u00e9 arr\u00eat\u00e9es. De nombreux produits alimentaires et m\u00e9nagers n\u2019ont pas \u00e9t\u00e9 livr\u00e9s \u00e0 Cuba. Cela a entra\u00een\u00e9 une p\u00e9nurie de viande, de riz, d\u2019huile et de produits de nettoyage. Les prix de la viande, du riz et d\u2019autres denr\u00e9es alimentaires d\u2019origine locale ont augment\u00e9. Elles atteignent d\u00e9sormais presque le double du prix normal. Ils sont d\u00e9sormais devenus des denr\u00e9es rares. Par cons\u00e9quent, cela conduit \u00e0 une augmentation du nombre de personnes ayant besoin d\u2019une aide alimentaire.<\/p>\t\t\t\t\t\t\t\t<\/div>\n\t\t\t\t<\/div>\n\t\t\t\t<\/div>\n\t\t<div class=\"elementor-element elementor-element-694c79a e-con-full mission e-flex e-con e-child\" data-id=\"694c79a\" data-element_type=\"container\" data-e-type=\"container\">\n\t\t\t\t<div class=\"elementor-element elementor-element-0cf6453 elementor-widget elementor-widget-heading\" data-id=\"0cf6453\" data-element_type=\"widget\" data-e-type=\"widget\" data-widget_type=\"heading.default\">\n\t\t\t\t<div class=\"elementor-widget-container\">\n\t\t\t\t\t<h3 class=\"elementor-heading-title elementor-size-default\">Mission<\/h3>\t\t\t\t<\/div>\n\t\t\t\t<\/div>\n\t\t\t\t<div class=\"elementor-element elementor-element-e00386d list-icon elementor-widget elementor-widget-text-editor\" data-id=\"e00386d\" data-element_type=\"widget\" data-e-type=\"widget\" data-widget_type=\"text-editor.default\">\n\t\t\t\t<div class=\"elementor-widget-container\">\n\t\t\t\t\t\t\t\t\t<p>Gr\u00e2ce \u00e0 notre soutien, la communaut\u00e9 de Saint Martin va pouvoir r\u00e9nover son \u00e9cole principale, un b\u00e2timent construit en 1919 et qui commen\u00e7ait \u00e0 tomber en ruine, afin de prendre en charge 650 \u00e9l\u00e8ves.<\/p><p>En plus de soutenir la r\u00e9novation du b\u00e2timent scolaire, Caritas Pro Vitae Gradu a \u00e9galement envoy\u00e9 un soutien \u00e0 leur programme d\u2019assistance alimentaire pour l\u2019ann\u00e9e 2020 afin d\u2019augmenter leur capacit\u00e9 d\u2019offrir 300 repas par semaine \u00e0 600 repas par semaine en ces temps difficiles de pand\u00e9mie de COVID-19 et de crise \u00e9conomique.<\/p>\t\t\t\t\t\t\t\t<\/div>\n\t\t\t\t<\/div>\n\t\t\t\t<div class=\"elementor-element elementor-element-7f1b38a elementor-mobile-align-center elementor-widget elementor-widget-button\" data-id=\"7f1b38a\" data-element_type=\"widget\" data-e-type=\"widget\" data-widget_type=\"button.default\">\n\t\t\t\t<div class=\"elementor-widget-container\">\n\t\t\t\t\t\t\t\t\t<div class=\"elementor-button-wrapper\">\n\t\t\t\t\t<a class=\"elementor-button elementor-button-link elementor-size-sm\" href=\"https:\/\/caritasprovitaegradu.ch\/fr\/aidez-nous-dans-notre-mission\/\">\n\t\t\t\t\t\t<span class=\"elementor-button-content-wrapper\">\n\t\t\t\t\t\t\t\t\t<span class=\"elementor-button-text\">Aidez-nous \u00e0 soutenir ce projet<\/span>\n\t\t\t\t\t<\/span>\n\t\t\t\t\t<\/a>\n\t\t\t\t<\/div>\n\t\t\t\t\t\t\t\t<\/div>\n\t\t\t\t<\/div>\n\t\t\t\t<\/div>\n\t\t\t\t<\/div>\n\t\t<div class=\"elementor-element elementor-element-d731c96 e-con-full con-max-width e-flex e-con e-child\" data-id=\"d731c96\" data-element_type=\"container\" data-e-type=\"container\" data-settings=\"{&quot;background_background&quot;:&quot;classic&quot;}\">\n\t\t<div class=\"elementor-element elementor-element-3e3afe0 e-con-full history e-flex e-con e-child\" data-id=\"3e3afe0\" data-element_type=\"container\" data-e-type=\"container\">\n\t\t\t\t<div class=\"elementor-element elementor-element-d87b81d elementor-widget elementor-widget-heading\" data-id=\"d87b81d\" data-element_type=\"widget\" data-e-type=\"widget\" data-widget_type=\"heading.default\">\n\t\t\t\t<div class=\"elementor-widget-container\">\n\t\t\t\t\t<h3 class=\"elementor-heading-title elementor-size-default\">Le projet soutenu par le Caritas Pro Vitae Gradu Charitable Trust<\/h3>\t\t\t\t<\/div>\n\t\t\t\t<\/div>\n\t\t\t\t<div class=\"elementor-element elementor-element-64394e6 list-icon elementor-widget elementor-widget-text-editor\" data-id=\"64394e6\" data-element_type=\"widget\" data-e-type=\"widget\" data-widget_type=\"text-editor.default\">\n\t\t\t\t<div class=\"elementor-widget-container\">\n\t\t\t\t\t\t\t\t\t<p>Gr\u00e2ce \u00e0 notre soutien, la communaut\u00e9 de Saint Martin va pouvoir r\u00e9nover son \u00e9cole principale, un b\u00e2timent construit en 1919 et qui commen\u00e7ait \u00e0 tomber en ruine, afin de prendre en charge 650 \u00e9l\u00e8ves.<\/p><p>En plus de soutenir la r\u00e9novation du b\u00e2timent scolaire, Caritas Pro Vitae Gradu a \u00e9galement envoy\u00e9 un soutien \u00e0 leur programme d\u2019assistance alimentaire pour l\u2019ann\u00e9e 2020 afin d\u2019augmenter leur capacit\u00e9 d\u2019offrir 300 repas par semaine \u00e0 600 repas par semaine en ces temps difficiles de pand\u00e9mie de COVID-19 et de crise \u00e9conomique.<\/p>\t\t\t\t\t\t\t\t<\/div>\n\t\t\t\t<\/div>\n\t\t\t\t<\/div>\n\t\t<div class=\"elementor-element elementor-element-70b46d2 e-con-full mission e-flex e-con e-child\" data-id=\"70b46d2\" data-element_type=\"container\" data-e-type=\"container\">\n\t\t\t\t<\/div>\n\t\t\t\t<\/div>\n\t\t\t\t\t<\/div>\n\t\t\t\t<\/div>\n\t\t<div class=\"elementor-element elementor-element-251ee7d req-donation e-flex e-con-boxed e-con e-parent\" data-id=\"251ee7d\" data-element_type=\"container\" data-e-type=\"container\" data-settings=\"{&quot;background_background&quot;:&quot;classic&quot;}\">\n\t\t\t\t\t<div class=\"e-con-inner\">\n\t\t<div class=\"elementor-element elementor-element-eeff61e e-con-full e-flex e-con e-child\" data-id=\"eeff61e\" data-element_type=\"container\" data-e-type=\"container\" data-settings=\"{&quot;background_background&quot;:&quot;gradient&quot;}\">\n\t\t<div class=\"elementor-element elementor-element-3b8e3fe e-con-full req-don-btn e-flex e-con e-child\" data-id=\"3b8e3fe\" data-element_type=\"container\" data-e-type=\"container\" data-settings=\"{&quot;background_background&quot;:&quot;classic&quot;}\">\n\t\t\t\t<div class=\"elementor-element elementor-element-756bfd4 elementor-widget elementor-widget-heading\" data-id=\"756bfd4\" data-element_type=\"widget\" data-e-type=\"widget\" data-widget_type=\"heading.default\">\n\t\t\t\t<div class=\"elementor-widget-container\">\n\t\t\t\t\t<h3 class=\"elementor-heading-title elementor-size-default\">Demander un don<\/h3>\t\t\t\t<\/div>\n\t\t\t\t<\/div>\n\t\t\t\t<div class=\"elementor-element elementor-element-6194bc5 elementor-widget__width-initial elementor-widget elementor-widget-text-editor\" data-id=\"6194bc5\" data-element_type=\"widget\" data-e-type=\"widget\" data-widget_type=\"text-editor.default\">\n\t\t\t\t<div class=\"elementor-widget-container\">\n\t\t\t\t\t\t\t\t\t<p>Nous soutenons des activit\u00e9s dans divers secteurs du domaine social, plus particuli\u00e8rement le soulagement de la pauvret\u00e9, l&rsquo;am\u00e9lioration de l&rsquo;\u00e9ducation, l&rsquo;acc\u00e8s aux services de sant\u00e9, l&rsquo;assistance aux migrants et aux r\u00e9fugi\u00e9s, la protection des familles et de la vie&#8230;<\/p>\n\t\t\t\t\t\t\t\t<\/div>\n\t\t\t\t<\/div>\n\t\t\t\t<div class=\"elementor-element elementor-element-7d8a12d elementor-align-center elementor-widget elementor-widget-button\" data-id=\"7d8a12d\" data-element_type=\"widget\" data-e-type=\"widget\" data-widget_type=\"button.default\">\n\t\t\t\t<div class=\"elementor-widget-container\">\n\t\t\t\t\t\t\t\t\t<div class=\"elementor-button-wrapper\">\n\t\t\t\t\t<a class=\"elementor-button elementor-button-link elementor-size-sm\" href=\"https:\/\/frnpbdued.preview.infomaniak.website\/fr\/demander-un-don\/\">\n\t\t\t\t\t\t<span class=\"elementor-button-content-wrapper\">\n\t\t\t\t\t\t\t\t\t<span class=\"elementor-button-text\">Demander un don<\/span>\n\t\t\t\t\t<\/span>\n\t\t\t\t\t<\/a>\n\t\t\t\t<\/div>\n\t\t\t\t\t\t\t\t<\/div>\n\t\t\t\t<\/div>\n\t\t\t\t<\/div>\n\t\t\t\t<\/div>\n\t\t\t\t\t<\/div>\n\t\t\t\t<\/div>\n\t\t\t\t<\/div>\n\t\t","protected":false},"excerpt":{"rendered":"<p>Enfants du quartier assistant \u00e0 la messe Communaut\u00e9 de Saint Martin\u2013 Placetas, Cuba Programme de soutien extrascolaire et banque alimentaire (Repaso &amp; Comedor) Le programme de soutien extrascolaire g\u00e9r\u00e9 par la Communaut\u00e9 de Saint Martin, \u00e9galement connu sous le nom de Repaso, \u00e0 Placetas Cuba, assure une \u00e9ducation de haute qualit\u00e9 et un soutien \u00e9ducatif [&hellip;]<\/p>\n","protected":false},"featured_media":31294,"template":"","format":"standard","categories":[],"class_list":["post-32332","projects","type-projects","status-publish","format-standard","has-post-thumbnail","hentry"],"acf":[],"_links":{"self":[{"href":"https:\/\/caritasprovitaegradu.ch\/fr\/wp-json\/wp\/v2\/projects\/32332","targetHints":{"allow":["GET"]}}],"collection":[{"href":"https:\/\/caritasprovitaegradu.ch\/fr\/wp-json\/wp\/v2\/projects"}],"about":[{"href":"https:\/\/caritasprovitaegradu.ch\/fr\/wp-json\/wp\/v2\/types\/projects"}],"version-history":[{"count":9,"href":"https:\/\/caritasprovitaegradu.ch\/fr\/wp-json\/wp\/v2\/projects\/32332\/revisions"}],"predecessor-version":[{"id":33461,"href":"https:\/\/caritasprovitaegradu.ch\/fr\/wp-json\/wp\/v2\/projects\/32332\/revisions\/33461"}],"wp:featuredmedia":[{"embeddable":true,"href":"https:\/\/caritasprovitaegradu.ch\/fr\/wp-json\/wp\/v2\/media\/31294"}],"wp:attachment":[{"href":"https:\/\/caritasprovitaegradu.ch\/fr\/wp-json\/wp\/v2\/media?parent=32332"}],"wp:term":[{"taxonomy":"category","embeddable":true,"href":"https:\/\/caritasprovitaegradu.ch\/fr\/wp-json\/wp\/v2\/categories?post=32332"}],"curies":[{"name":"wp","href":"https:\/\/api.w.org\/{rel}","templated":true}]}}