{"id":32168,"date":"2023-11-10T10:25:29","date_gmt":"2023-11-10T09:25:29","guid":{"rendered":"https:\/\/frnpbdued.preview.infomaniak.website\/projects\/caritas-in-veritate-foundation-in-geneva\/"},"modified":"2024-01-30T17:22:15","modified_gmt":"2024-01-30T16:22:15","slug":"caritas-in-veritate-foundation-in-geneva","status":"publish","type":"projects","link":"https:\/\/caritasprovitaegradu.ch\/fr\/projects\/caritas-in-veritate-foundation-in-geneva\/","title":{"rendered":"Fondation Caritas in Veritate \u00e0 Gen\u00e8ve"},"content":{"rendered":"\t\t<div data-elementor-type=\"wp-post\" data-elementor-id=\"32168\" class=\"elementor elementor-32168 elementor-29876\" data-elementor-post-type=\"projects\">\n\t\t\t\t<div class=\"elementor-element elementor-element-aaed29a hero-banner-sec e-flex e-con-boxed e-con e-parent\" data-id=\"aaed29a\" data-element_type=\"container\" data-e-type=\"container\" data-settings=\"{&quot;background_background&quot;:&quot;classic&quot;}\">\n\t\t\t\t\t<div class=\"e-con-inner\">\n\t\t\t\t<div class=\"elementor-element elementor-element-3da5fce elementor-widget elementor-widget-theme-post-featured-image elementor-widget-image\" data-id=\"3da5fce\" data-element_type=\"widget\" data-e-type=\"widget\" data-widget_type=\"theme-post-featured-image.default\">\n\t\t\t\t<div class=\"elementor-widget-container\">\n\t\t\t\t\t\t\t\t\t\t\t\t\t\t\t<img fetchpriority=\"high\" decoding=\"async\" width=\"1920\" height=\"696\" src=\"https:\/\/caritasprovitaegradu.ch\/wp-content\/uploads\/2023\/11\/banner_proj6.jpg\" class=\"attachment-full size-full wp-image-29664\" alt=\"Banner\" srcset=\"https:\/\/caritasprovitaegradu.ch\/wp-content\/uploads\/2023\/11\/banner_proj6.jpg 1920w, https:\/\/caritasprovitaegradu.ch\/wp-content\/uploads\/2023\/11\/banner_proj6-300x109.jpg 300w, https:\/\/caritasprovitaegradu.ch\/wp-content\/uploads\/2023\/11\/banner_proj6-1024x371.jpg 1024w, https:\/\/caritasprovitaegradu.ch\/wp-content\/uploads\/2023\/11\/banner_proj6-768x278.jpg 768w, https:\/\/caritasprovitaegradu.ch\/wp-content\/uploads\/2023\/11\/banner_proj6-1536x557.jpg 1536w\" sizes=\"(max-width: 1920px) 100vw, 1920px\" \/>\t\t\t\t\t\t\t\t\t\t\t\t\t\t\t<\/div>\n\t\t\t\t<\/div>\n\t\t<div class=\"elementor-element elementor-element-e155492 e-flex e-con-boxed e-con e-child\" data-id=\"e155492\" data-element_type=\"container\" data-e-type=\"container\" data-settings=\"{&quot;position&quot;:&quot;absolute&quot;}\">\n\t\t\t\t\t<div class=\"e-con-inner\">\n\t\t\t\t<div class=\"elementor-element elementor-element-defad1c elementor-widget-tablet__width-initial banner-title elementor-widget elementor-widget-heading\" data-id=\"defad1c\" data-element_type=\"widget\" data-e-type=\"widget\" data-widget_type=\"heading.default\">\n\t\t\t\t<div class=\"elementor-widget-container\">\n\t\t\t\t\t<h1 class=\"elementor-heading-title elementor-size-default\">Fondation Caritas in Veritate \u00e0 Gen\u00e8ve<\/h1>\t\t\t\t<\/div>\n\t\t\t\t<\/div>\n\t\t\t\t\t<\/div>\n\t\t\t\t<\/div>\n\t\t\t\t\t<\/div>\n\t\t\t\t<\/div>\n\t\t<div class=\"elementor-element elementor-element-0cb5a98 pro-content e-flex e-con-boxed e-con e-parent\" data-id=\"0cb5a98\" data-element_type=\"container\" data-e-type=\"container\" data-settings=\"{&quot;background_background&quot;:&quot;classic&quot;}\">\n\t\t\t\t\t<div class=\"e-con-inner\">\n\t\t<div class=\"elementor-element elementor-element-cfee84f e-con-full con-max-width e-flex e-con e-child\" data-id=\"cfee84f\" data-element_type=\"container\" data-e-type=\"container\" data-settings=\"{&quot;background_background&quot;:&quot;classic&quot;}\">\n\t\t<div class=\"elementor-element elementor-element-c5a09c0 e-con-full e-flex e-con e-child\" data-id=\"c5a09c0\" data-element_type=\"container\" data-e-type=\"container\">\n\t\t\t\t<div class=\"elementor-element elementor-element-b4f9523 elementor-widget elementor-widget-heading\" data-id=\"b4f9523\" data-element_type=\"widget\" data-e-type=\"widget\" data-widget_type=\"heading.default\">\n\t\t\t\t<div class=\"elementor-widget-container\">\n\t\t\t\t\t<h3 class=\"elementor-heading-title elementor-size-default\">Fondation Caritas in Veritate \u00e0 Gen\u00e8ve<\/h3>\t\t\t\t<\/div>\n\t\t\t\t<\/div>\n\t\t\t\t<div class=\"elementor-element elementor-element-ad5cb6e elementor-widget elementor-widget-text-editor\" data-id=\"ad5cb6e\" data-element_type=\"widget\" data-e-type=\"widget\" data-widget_type=\"text-editor.default\">\n\t\t\t\t<div class=\"elementor-widget-container\">\n\t\t\t\t\t\t\t\t\t<p>L\u2019objectif de la Fondation est d\u2019articuler les positions du Saint-Si\u00e8ge et de l\u2019\u00c9glise catholique dans l\u2019ar\u00e8ne internationale des Nations Unies. Une contribution \u00e0 une culture internationale qui donne la priorit\u00e9 \u00e0 la paix et au d\u00e9veloppement humain int\u00e9gral.<\/p><p>La Fondation Caritas in Veritate soutient entre autres la mission du Nonce aux Nations Unies.<\/p>\t\t\t\t\t\t\t\t<\/div>\n\t\t\t\t<\/div>\n\t\t\t\t<div class=\"elementor-element elementor-element-5764269 elementor-mobile-align-center elementor-widget elementor-widget-button\" data-id=\"5764269\" data-element_type=\"widget\" data-e-type=\"widget\" data-widget_type=\"button.default\">\n\t\t\t\t<div class=\"elementor-widget-container\">\n\t\t\t\t\t\t\t\t\t<div class=\"elementor-button-wrapper\">\n\t\t\t\t\t<a class=\"elementor-button elementor-button-link elementor-size-sm\" href=\"https:\/\/caritasprovitaegradu.ch\/fr\/aidez-nous-dans-notre-mission\/\">\n\t\t\t\t\t\t<span class=\"elementor-button-content-wrapper\">\n\t\t\t\t\t\t\t\t\t<span class=\"elementor-button-text\">Aidez-nous \u00e0 soutenir ce projet<\/span>\n\t\t\t\t\t<\/span>\n\t\t\t\t\t<\/a>\n\t\t\t\t<\/div>\n\t\t\t\t\t\t\t\t<\/div>\n\t\t\t\t<\/div>\n\t\t\t\t<\/div>\n\t\t<div class=\"elementor-element elementor-element-bc3adc8 e-con-full e-flex e-con e-child\" data-id=\"bc3adc8\" data-element_type=\"container\" data-e-type=\"container\">\n\t\t\t\t<div class=\"elementor-element elementor-element-70f3cf3 elementor-widget elementor-widget-heading\" data-id=\"70f3cf3\" data-element_type=\"widget\" data-e-type=\"widget\" data-widget_type=\"heading.default\">\n\t\t\t\t<div class=\"elementor-widget-container\">\n\t\t\t\t\t<h6 class=\"elementor-heading-title elementor-size-default\">CONTACT<\/h6>\t\t\t\t<\/div>\n\t\t\t\t<\/div>\n\t\t\t\t<div class=\"elementor-element elementor-element-0eb28d8 elementor-widget elementor-widget-text-editor\" data-id=\"0eb28d8\" data-element_type=\"widget\" data-e-type=\"widget\" data-widget_type=\"text-editor.default\">\n\t\t\t\t<div class=\"elementor-widget-container\">\n\t\t\t\t\t\t\t\t\tFondation Caritas in Veritate\n\n\t\t\t\t\t\t\t\t<\/div>\n\t\t\t\t<\/div>\n\t\t\t\t<div class=\"elementor-element elementor-element-096f70e elementor-widget elementor-widget-heading\" data-id=\"096f70e\" data-element_type=\"widget\" data-e-type=\"widget\" data-widget_type=\"heading.default\">\n\t\t\t\t<div class=\"elementor-widget-container\">\n\t\t\t\t\t<h6 class=\"elementor-heading-title elementor-size-default\">WEBSITE<\/h6>\t\t\t\t<\/div>\n\t\t\t\t<\/div>\n\t\t\t\t<div class=\"elementor-element elementor-element-1737042 elementor-widget elementor-widget-text-editor\" data-id=\"1737042\" data-element_type=\"widget\" data-e-type=\"widget\" data-widget_type=\"text-editor.default\">\n\t\t\t\t<div class=\"elementor-widget-container\">\n\t\t\t\t\t\t\t\t\t<p><a href=\"https:\/\/www.fciv.org\"> https:\/\/www.fciv.org <\/a><\/p>\n\t\t\t\t\t\t\t\t<\/div>\n\t\t\t\t<\/div>\n\t\t\t\t<\/div>\n\t\t\t\t<\/div>\n\t\t\t\t\t<\/div>\n\t\t\t\t<\/div>\n\t\t<div class=\"elementor-element elementor-element-21f23eb e-flex e-con-boxed e-con e-parent\" data-id=\"21f23eb\" data-element_type=\"container\" data-e-type=\"container\" data-settings=\"{&quot;background_background&quot;:&quot;classic&quot;}\">\n\t\t\t\t\t<div class=\"e-con-inner\">\n\t\t<div class=\"elementor-element elementor-element-df9c248 e-flex e-con-boxed e-con e-child\" data-id=\"df9c248\" data-element_type=\"container\" data-e-type=\"container\" data-settings=\"{&quot;background_background&quot;:&quot;classic&quot;}\">\n\t\t\t\t\t<div class=\"e-con-inner\">\n\t\t<div class=\"elementor-element elementor-element-759b471 e-con-full padd-xl-105 e-flex e-con e-child\" data-id=\"759b471\" data-element_type=\"container\" data-e-type=\"container\" data-settings=\"{&quot;background_background&quot;:&quot;classic&quot;}\">\n\t\t\t\t<div class=\"elementor-element elementor-element-6b6d7b8 elementor-arrows-position-inside elementor-widget elementor-widget-image-carousel\" data-id=\"6b6d7b8\" data-element_type=\"widget\" data-e-type=\"widget\" data-settings=\"{&quot;navigation&quot;:&quot;arrows&quot;,&quot;autoplay&quot;:&quot;no&quot;,&quot;infinite&quot;:&quot;no&quot;,&quot;image_spacing_custom&quot;:{&quot;unit&quot;:&quot;px&quot;,&quot;size&quot;:40,&quot;sizes&quot;:[]},&quot;speed&quot;:500,&quot;image_spacing_custom_tablet&quot;:{&quot;unit&quot;:&quot;px&quot;,&quot;size&quot;:&quot;&quot;,&quot;sizes&quot;:[]},&quot;image_spacing_custom_mobile&quot;:{&quot;unit&quot;:&quot;px&quot;,&quot;size&quot;:&quot;&quot;,&quot;sizes&quot;:[]}}\" data-widget_type=\"image-carousel.default\">\n\t\t\t\t<div class=\"elementor-widget-container\">\n\t\t\t\t\t\t\t<div class=\"elementor-image-carousel-wrapper swiper\" role=\"region\" aria-roledescription=\"carousel\" aria-label=\"Carrousel d\u2019images\" dir=\"ltr\">\n\t\t\t<div class=\"elementor-image-carousel swiper-wrapper swiper-image-stretch\" aria-live=\"polite\">\n\t\t\t\t\t\t\t\t<div class=\"swiper-slide\" role=\"group\" aria-roledescription=\"slide\" aria-label=\"1 sur 5\"><a data-elementor-open-lightbox=\"yes\" data-elementor-lightbox-slideshow=\"6b6d7b8\" data-elementor-lightbox-title=\"chariteam.jpg\" data-e-action-hash=\"#elementor-action%3Aaction%3Dlightbox%26settings%3DeyJpZCI6Mjk4ODAsInVybCI6Imh0dHBzOlwvXC9jYXJpdGFzcHJvdml0YWVncmFkdS5jaFwvd3AtY29udGVudFwvdXBsb2Fkc1wvMjAyM1wvMTFcL2NoYXJpdGVhbS0xLmpwZyIsInNsaWRlc2hvdyI6IjZiNmQ3YjgifQ%3D%3D\" href=\"https:\/\/caritasprovitaegradu.ch\/wp-content\/uploads\/2023\/11\/chariteam-1.jpg\"><figure class=\"swiper-slide-inner\"><img decoding=\"async\" class=\"swiper-slide-image\" src=\"https:\/\/caritasprovitaegradu.ch\/wp-content\/uploads\/2023\/11\/chariteam-1.jpg\" alt=\"The Nuncio and Alice de la Rochefoucaud (yellow jacket) in a meeting\" \/><figcaption class=\"elementor-image-carousel-caption\">The Nuncio and Alice de la Rochefoucaud (yellow jacket) in a meeting<\/figcaption><\/figure><\/a><\/div><div class=\"swiper-slide\" role=\"group\" aria-roledescription=\"slide\" aria-label=\"2 sur 5\"><a data-elementor-open-lightbox=\"yes\" data-elementor-lightbox-slideshow=\"6b6d7b8\" data-elementor-lightbox-title=\"CIVteampicture.jpg\" data-e-action-hash=\"#elementor-action%3Aaction%3Dlightbox%26settings%3DeyJpZCI6Mjk4ODMsInVybCI6Imh0dHBzOlwvXC9jYXJpdGFzcHJvdml0YWVncmFkdS5jaFwvd3AtY29udGVudFwvdXBsb2Fkc1wvMjAyM1wvMTFcL0NJVnRlYW1waWN0dXJlLTEuanBnIiwic2xpZGVzaG93IjoiNmI2ZDdiOCJ9\" href=\"https:\/\/caritasprovitaegradu.ch\/wp-content\/uploads\/2023\/11\/CIVteampicture-1.jpg\"><figure class=\"swiper-slide-inner\"><img decoding=\"async\" class=\"swiper-slide-image\" src=\"https:\/\/caritasprovitaegradu.ch\/wp-content\/uploads\/2023\/11\/CIVteampicture-1.jpg\" alt=\"The Nuncio and Alice de la Rochefoucaud (yellow jacket) in a meeting\" \/><figcaption class=\"elementor-image-carousel-caption\">The Nuncio and Alice de la Rochefoucaud (yellow jacket) in a meeting<\/figcaption><\/figure><\/a><\/div><div class=\"swiper-slide\" role=\"group\" aria-roledescription=\"slide\" aria-label=\"3 sur 5\"><a data-elementor-open-lightbox=\"yes\" data-elementor-lightbox-slideshow=\"6b6d7b8\" data-elementor-lightbox-title=\"CIVphotononce.jpg\" data-e-action-hash=\"#elementor-action%3Aaction%3Dlightbox%26settings%3DeyJpZCI6Mjk4ODYsInVybCI6Imh0dHBzOlwvXC9jYXJpdGFzcHJvdml0YWVncmFkdS5jaFwvd3AtY29udGVudFwvdXBsb2Fkc1wvMjAyM1wvMTFcL0NJVnBob3Rvbm9uY2UtMS5qcGciLCJzbGlkZXNob3ciOiI2YjZkN2I4In0%3D\" href=\"https:\/\/caritasprovitaegradu.ch\/wp-content\/uploads\/2023\/11\/CIVphotononce-1.jpg\"><figure class=\"swiper-slide-inner\"><img decoding=\"async\" class=\"swiper-slide-image\" src=\"https:\/\/caritasprovitaegradu.ch\/wp-content\/uploads\/2023\/11\/CIVphotononce-1.jpg\" alt=\"H.E.Archbishop Ivan Jurkovic, Apostolic Nuncio and Permanent Observer of the Holy See to the United Nations in Geneva.\" \/><figcaption class=\"elementor-image-carousel-caption\">H.E.Archbishop Ivan Jurkovic, Apostolic Nuncio and Permanent Observer of the Holy See to the United Nations in Geneva.<\/figcaption><\/figure><\/a><\/div><div class=\"swiper-slide\" role=\"group\" aria-roledescription=\"slide\" aria-label=\"4 sur 5\"><a data-elementor-open-lightbox=\"yes\" data-elementor-lightbox-slideshow=\"6b6d7b8\" data-elementor-lightbox-title=\"CIVpublications.jpg\" data-e-action-hash=\"#elementor-action%3Aaction%3Dlightbox%26settings%3DeyJpZCI6Mjk4ODksInVybCI6Imh0dHBzOlwvXC9jYXJpdGFzcHJvdml0YWVncmFkdS5jaFwvd3AtY29udGVudFwvdXBsb2Fkc1wvMjAyM1wvMTFcL0NJVnB1YmxpY2F0aW9ucy0xLmpwZyIsInNsaWRlc2hvdyI6IjZiNmQ3YjgifQ%3D%3D\" href=\"https:\/\/caritasprovitaegradu.ch\/wp-content\/uploads\/2023\/11\/CIVpublications-1.jpg\"><figure class=\"swiper-slide-inner\"><img decoding=\"async\" class=\"swiper-slide-image\" src=\"https:\/\/caritasprovitaegradu.ch\/wp-content\/uploads\/2023\/11\/CIVpublications-1.jpg\" alt=\"Geneva, Switzerland - Caritas in Veritate publications\" \/><figcaption class=\"elementor-image-carousel-caption\">Geneva, Switzerland - Caritas in Veritate publications<\/figcaption><\/figure><\/a><\/div><div class=\"swiper-slide\" role=\"group\" aria-roledescription=\"slide\" aria-label=\"5 sur 5\"><a data-elementor-open-lightbox=\"yes\" data-elementor-lightbox-slideshow=\"6b6d7b8\" data-elementor-lightbox-title=\"CIVsilvano.jpg-1.png\" data-e-action-hash=\"#elementor-action%3Aaction%3Dlightbox%26settings%3DeyJpZCI6Mjk4OTIsInVybCI6Imh0dHBzOlwvXC9jYXJpdGFzcHJvdml0YWVncmFkdS5jaFwvd3AtY29udGVudFwvdXBsb2Fkc1wvMjAyM1wvMTFcL0NJVnNpbHZhbm8uanBnLTEtMS5wbmciLCJzbGlkZXNob3ciOiI2YjZkN2I4In0%3D\" href=\"https:\/\/caritasprovitaegradu.ch\/wp-content\/uploads\/2023\/11\/CIVsilvano.jpg-1-1.png\"><figure class=\"swiper-slide-inner\"><img decoding=\"async\" class=\"swiper-slide-image\" src=\"https:\/\/caritasprovitaegradu.ch\/wp-content\/uploads\/2023\/11\/CIVsilvano.jpg-1-1.png\" alt=\"CIVsilvano.jpg-1.png\" \/><\/figure><\/a><\/div>\t\t\t<\/div>\n\t\t\t\t\t\t\t\t\t\t\t\t<div class=\"elementor-swiper-button elementor-swiper-button-prev\" role=\"button\" tabindex=\"0\">\n\t\t\t\t\t\t<svg aria-hidden=\"true\" class=\"e-font-icon-svg e-eicon-chevron-left\" viewBox=\"0 0 1000 1000\" xmlns=\"http:\/\/www.w3.org\/2000\/svg\"><path d=\"M646 125C629 125 613 133 604 142L308 442C296 454 292 471 292 487 292 504 296 521 308 533L604 854C617 867 629 875 646 875 663 875 679 871 692 858 704 846 713 829 713 812 713 796 708 779 692 767L438 487 692 225C700 217 708 204 708 187 708 171 704 154 692 142 675 129 663 125 646 125Z\"><\/path><\/svg>\t\t\t\t\t<\/div>\n\t\t\t\t\t<div class=\"elementor-swiper-button elementor-swiper-button-next\" role=\"button\" tabindex=\"0\">\n\t\t\t\t\t\t<svg aria-hidden=\"true\" class=\"e-font-icon-svg e-eicon-chevron-right\" viewBox=\"0 0 1000 1000\" xmlns=\"http:\/\/www.w3.org\/2000\/svg\"><path d=\"M696 533C708 521 713 504 713 487 713 471 708 454 696 446L400 146C388 133 375 125 354 125 338 125 325 129 313 142 300 154 292 171 292 187 292 204 296 221 308 233L563 492 304 771C292 783 288 800 288 817 288 833 296 850 308 863 321 871 338 875 354 875 371 875 388 867 400 854L696 533Z\"><\/path><\/svg>\t\t\t\t\t<\/div>\n\t\t\t\t\n\t\t\t\t\t\t\t\t\t<\/div>\n\t\t\t\t\t\t<\/div>\n\t\t\t\t<\/div>\n\t\t\t\t<\/div>\n\t\t\t\t\t<\/div>\n\t\t\t\t<\/div>\n\t\t\t\t\t<\/div>\n\t\t\t\t<\/div>\n\t\t<div class=\"elementor-element elementor-element-b27f7e8 e-flex e-con-boxed e-con e-parent\" data-id=\"b27f7e8\" data-element_type=\"container\" data-e-type=\"container\" data-settings=\"{&quot;background_background&quot;:&quot;classic&quot;}\">\n\t\t\t\t\t<div class=\"e-con-inner\">\n\t\t<div class=\"elementor-element elementor-element-1fd93cf e-con-full con-max-width e-flex e-con e-child\" data-id=\"1fd93cf\" data-element_type=\"container\" data-e-type=\"container\" data-settings=\"{&quot;background_background&quot;:&quot;classic&quot;}\">\n\t\t<div class=\"elementor-element elementor-element-f5f1d2b e-con-full history e-flex e-con e-child\" data-id=\"f5f1d2b\" data-element_type=\"container\" data-e-type=\"container\">\n\t\t\t\t<div class=\"elementor-element elementor-element-23e1559 elementor-widget elementor-widget-heading\" data-id=\"23e1559\" data-element_type=\"widget\" data-e-type=\"widget\" data-widget_type=\"heading.default\">\n\t\t\t\t<div class=\"elementor-widget-container\">\n\t\t\t\t\t<h3 class=\"elementor-heading-title elementor-size-default\">Histoire<\/h3>\t\t\t\t<\/div>\n\t\t\t\t<\/div>\n\t\t\t\t<div class=\"elementor-element elementor-element-9becc69 elementor-widget elementor-widget-text-editor\" data-id=\"9becc69\" data-element_type=\"widget\" data-e-type=\"widget\" data-widget_type=\"text-editor.default\">\n\t\t\t\t<div class=\"elementor-widget-container\">\n\t\t\t\t\t\t\t\t\t<p>La fondation Caritas in Veritate est fond\u00e9e sur les valeurs chr\u00e9tiennes et l\u2019enseignement social de l\u2019\u00c9glise catholique. Elle vise \u00e0 fournir aux repr\u00e9sentants chr\u00e9tiens aupr\u00e8s des Nations Unies et d\u2019autres organisations internationales \u00e0 Gen\u00e8ve une expertise et une r\u00e9flexion strat\u00e9gique.<\/p><p>En collaborant \u00e9troitement avec la Mission du Saint-Si\u00e8ge et la Mission de l\u2019Ordre de Malte aupr\u00e8s de l\u2019ONU, ainsi qu\u2019avec des organisations non gouvernementales d\u2019inspiration catholique, la Fondation contribue aux n\u00e9gociations et aux processus d\u00e9cisionnels concern\u00e9s.<\/p>\t\t\t\t\t\t\t\t<\/div>\n\t\t\t\t<\/div>\n\t\t\t\t<div class=\"elementor-element elementor-element-0257bf4 elementor-widget elementor-widget-heading\" data-id=\"0257bf4\" data-element_type=\"widget\" data-e-type=\"widget\" data-widget_type=\"heading.default\">\n\t\t\t\t<div class=\"elementor-widget-container\">\n\t\t\t\t\t<h3 class=\"elementor-heading-title elementor-size-default\">Le projet soutenu par le Caritas Pro Vitae Gradu Charitable Trust\n<\/h3>\t\t\t\t<\/div>\n\t\t\t\t<\/div>\n\t\t\t\t<div class=\"elementor-element elementor-element-746250c list-icon elementor-widget elementor-widget-text-editor\" data-id=\"746250c\" data-element_type=\"widget\" data-e-type=\"widget\" data-widget_type=\"text-editor.default\">\n\t\t\t\t<div class=\"elementor-widget-container\">\n\t\t\t\t\t\t\t\t\t<p>Nous soutenons annuellement les d\u00e9penses op\u00e9rationnelles de la Fondation et l\u2019assistance au Nonce dans son r\u00f4le aupr\u00e8s des Nations Unies en tant que repr\u00e9sentant du Saint-Si\u00e8ge.<\/p><p>La fondation a trois domaines d\u2019activit\u00e9s diff\u00e9rents :<\/p><p>Le premier est de fournir, \u00e0 court terme et \u00e0 la demande des repr\u00e9sentants catholiques, une expertise de haute qualit\u00e9 sur des sujets sp\u00e9cifiques en cours d\u2019examen \u00e0 l\u2019ONU.<\/p><ul><li>Proximit\u00e9 des besoins des ambassadeurs et des repr\u00e9sentants catholiques \u00e0 l\u2019ONU.<\/li><li>Un r\u00e9seau de confiance d\u2019institutions et de professionnels hautement qualifi\u00e9s.<\/li><li>Un r\u00e9seau op\u00e9rationnel d\u2019associ\u00e9s, capable de fournir un rapport d\u2019expert dans un d\u00e9lai de 3 semaines.<\/li><\/ul><p>Le deuxi\u00e8me domaine d\u2019activit\u00e9 consiste \u00e0 commander des rapports \u00e0 des instituts de recherche hautement respect\u00e9s sur des sujets que la fondation consid\u00e8re comme cruciaux pour le d\u00e9bat international en cours. S\u00e9lectionn\u00e9s chaque ann\u00e9e par le conseil d\u2019administration de la fondation, ces rapports doivent \u00e9galement \u00eatre en rapport avec les \u00e9v\u00e9nements internationaux actuels et les activit\u00e9s \u00e0 venir aux Nations unies.<\/p><p>Le troisi\u00e8me domaine d\u2019activit\u00e9 consiste \u00e0 pr\u00e9parer des \u00ab\u00a0\u00e9v\u00e9nements parall\u00e8les\u00a0\u00bb aux Nations unies, \u00e0 la demande des repr\u00e9sentants catholiques, afin de donner de la visibilit\u00e9 et de la pertinence \u00e0 ces sujets aux Nations unies.<\/p><ul><li>Assure une couverture plus large des positions prises par les repr\u00e9sentants catholiques.<\/li><li>Donne l\u2019opportunit\u00e9 de d\u00e9velopper la compr\u00e9hension de la position catholique sur un point sp\u00e9cifique.<\/li><li>Donne aux repr\u00e9sentants catholiques la possibilit\u00e9 de faire venir \u00e0 Gen\u00e8ve des experts de renomm\u00e9e mondiale pour pr\u00e9senter ou expliquer leurs positions.<\/li><\/ul>\t\t\t\t\t\t\t\t<\/div>\n\t\t\t\t<\/div>\n\t\t\t\t<\/div>\n\t\t<div class=\"elementor-element elementor-element-694c79a e-con-full mission e-flex e-con e-child\" data-id=\"694c79a\" data-element_type=\"container\" data-e-type=\"container\">\n\t\t\t\t<div class=\"elementor-element elementor-element-211189a elementor-widget elementor-widget-heading\" data-id=\"211189a\" data-element_type=\"widget\" data-e-type=\"widget\" data-widget_type=\"heading.default\">\n\t\t\t\t<div class=\"elementor-widget-container\">\n\t\t\t\t\t<h3 class=\"elementor-heading-title elementor-size-default\">Mission<\/h3>\t\t\t\t<\/div>\n\t\t\t\t<\/div>\n\t\t\t\t<div class=\"elementor-element elementor-element-0512d49 elementor-widget elementor-widget-text-editor\" data-id=\"0512d49\" data-element_type=\"widget\" data-e-type=\"widget\" data-widget_type=\"text-editor.default\">\n\t\t\t\t<div class=\"elementor-widget-container\">\n\t\t\t\t\t\t\t\t\t<p>La fondation vise \u00e0 fournir aux repr\u00e9sentants du Saint-Si\u00e8ge, de l\u2019Ordre de Malte et des ONG catholiques \u00e0 Gen\u00e8ve des connaissances pratiques et la riche exp\u00e9rience d\u2019experts en qu\u00eate d\u2019une r\u00e9alisation effective de la v\u00e9rit\u00e9 et de la justice.<\/p><p>L\u2019objectif est de rendre les positions de l\u2019Eglise catholique plus compr\u00e9hensibles et visibles, augmentant ainsi leur impact sur l\u2019\u00e9laboration de la culture et du droit international.<\/p><p>Gr\u00e2ce \u00e0 sa capacit\u00e9 de recherche et \u00e0 son engagement en faveur de l\u2019excellence, les objectifs de la Fondation sont d\u2019humaniser la vie internationale en apportant la perspective de la foi catholique et la priorit\u00e9 donn\u00e9e \u00e0 la personne humaine.<\/p><h5>Vision<\/h5><p>La Fondation Caritas in Veritate est fond\u00e9e sur les valeurs chr\u00e9tiennes et l\u2019enseignement social de l\u2019\u00c9glise catholique. Cette derni\u00e8re repose sur le fondement \u00e9thique de la loi naturelle et sur la compl\u00e9mentarit\u00e9 de la foi et de la raison. En s\u2019appuyant sur la collaboration d\u2019experts internationaux, la fondation promeut et diffuse les contributions de l\u2019enseignement social chr\u00e9tien sur la sc\u00e8ne internationale.<\/p><h5>Principes<\/h5><p>Dans le respect de tous les droits de l\u2019homme et des libert\u00e9s fondamentales, la Fondation promeut :<\/p><ul><li>La dignit\u00e9 de la personne humaine\u2026Libre et responsable.<\/li><li>La famille\u2026Comme centre et source de la vie sociale, cellule premi\u00e8re et vitale de la soci\u00e9t\u00e9.<\/li><li>La solidarit\u00e9\u2026 Qui lie tous les \u00eatres humains entre eux et les rend responsables les uns des autres.<\/li><li>Le bien commun\u2026 Fond\u00e9 sur un ordre international juste, comme finalit\u00e9 de toute activit\u00e9 politique et \u00e9conomique.<\/li><li>La subsidiarit\u00e9\u2026 qui assure le bien commun \u00e0 tous les niveaux de la soci\u00e9t\u00e9.<\/li><li>La valeur de la vie humaine\u2026 Un engagement ferme \u00e0 prot\u00e9ger toute vie humaine, de son d\u00e9but \u00e0 sa fin.<\/li><li>La valeur du travail humain, qui trouve son origine dans l\u2019\u00e9panouissement du travailleur en tant que personne.<\/li><li>La destination universelle des biens et la propri\u00e9t\u00e9 priv\u00e9e\u2026 L\u2019\u00e9quilibre n\u00e9cessaire entre la propri\u00e9t\u00e9 priv\u00e9e et la destination universelle des biens.<\/li><li>Une option pr\u00e9f\u00e9rentielle\u2026 Pour les pauvres et les marginalis\u00e9s.<\/li><li>Sujets pertinents pour la politique internationale et en accord avec l\u2019agenda de l\u2019ONU.<\/li><li>Capacit\u00e9 \u00e0 anticiper le dialogue futur.<\/li><li>Capacit\u00e9 \u00e0 proposer des solutions.<\/li><li>Mise en \u0153uvre et coordination entre les repr\u00e9sentants catholiques par le biais de s\u00e9minaires ferm\u00e9s aux Nations Unies.<\/li><li>Distribution des rapports par le biais des documents de travail de Caritas in Veritate.<\/li><\/ul>\t\t\t\t\t\t\t\t<\/div>\n\t\t\t\t<\/div>\n\t\t\t\t<div class=\"elementor-element elementor-element-7f1b38a elementor-mobile-align-center elementor-widget elementor-widget-button\" data-id=\"7f1b38a\" data-element_type=\"widget\" data-e-type=\"widget\" data-widget_type=\"button.default\">\n\t\t\t\t<div class=\"elementor-widget-container\">\n\t\t\t\t\t\t\t\t\t<div class=\"elementor-button-wrapper\">\n\t\t\t\t\t<a class=\"elementor-button elementor-button-link elementor-size-sm\" href=\"https:\/\/caritasprovitaegradu.ch\/fr\/aidez-nous-dans-notre-mission\/\">\n\t\t\t\t\t\t<span class=\"elementor-button-content-wrapper\">\n\t\t\t\t\t\t\t\t\t<span class=\"elementor-button-text\">Aidez-nous \u00e0 soutenir ce projet<\/span>\n\t\t\t\t\t<\/span>\n\t\t\t\t\t<\/a>\n\t\t\t\t<\/div>\n\t\t\t\t\t\t\t\t<\/div>\n\t\t\t\t<\/div>\n\t\t\t\t<\/div>\n\t\t\t\t<\/div>\n\t\t\t\t\t<\/div>\n\t\t\t\t<\/div>\n\t\t<div class=\"elementor-element elementor-element-22f1aab req-donation e-flex e-con-boxed e-con e-parent\" data-id=\"22f1aab\" data-element_type=\"container\" data-e-type=\"container\" data-settings=\"{&quot;background_background&quot;:&quot;classic&quot;}\">\n\t\t\t\t\t<div class=\"e-con-inner\">\n\t\t<div class=\"elementor-element elementor-element-d7fa20c e-con-full e-flex e-con e-child\" data-id=\"d7fa20c\" data-element_type=\"container\" data-e-type=\"container\" data-settings=\"{&quot;background_background&quot;:&quot;gradient&quot;}\">\n\t\t<div class=\"elementor-element elementor-element-a3c1e2a e-con-full req-don-btn e-flex e-con e-child\" data-id=\"a3c1e2a\" data-element_type=\"container\" data-e-type=\"container\" data-settings=\"{&quot;background_background&quot;:&quot;classic&quot;}\">\n\t\t\t\t<div class=\"elementor-element elementor-element-0e700af elementor-widget elementor-widget-heading\" data-id=\"0e700af\" data-element_type=\"widget\" data-e-type=\"widget\" data-widget_type=\"heading.default\">\n\t\t\t\t<div class=\"elementor-widget-container\">\n\t\t\t\t\t<h3 class=\"elementor-heading-title elementor-size-default\">Demander un don<\/h3>\t\t\t\t<\/div>\n\t\t\t\t<\/div>\n\t\t\t\t<div class=\"elementor-element elementor-element-6e6a7f8 elementor-widget__width-initial elementor-widget elementor-widget-text-editor\" data-id=\"6e6a7f8\" data-element_type=\"widget\" data-e-type=\"widget\" data-widget_type=\"text-editor.default\">\n\t\t\t\t<div class=\"elementor-widget-container\">\n\t\t\t\t\t\t\t\t\t<p>Nous soutenons des activit\u00e9s dans divers secteurs du domaine social, plus particuli\u00e8rement le soulagement de la pauvret\u00e9, l&rsquo;am\u00e9lioration de l&rsquo;\u00e9ducation, l&rsquo;acc\u00e8s aux services de sant\u00e9, l&rsquo;assistance aux migrants et aux r\u00e9fugi\u00e9s, la protection des familles et de la vie&#8230;<\/p>\n\t\t\t\t\t\t\t\t<\/div>\n\t\t\t\t<\/div>\n\t\t\t\t<div class=\"elementor-element elementor-element-49b1a05 elementor-align-center elementor-widget elementor-widget-button\" data-id=\"49b1a05\" data-element_type=\"widget\" data-e-type=\"widget\" data-widget_type=\"button.default\">\n\t\t\t\t<div class=\"elementor-widget-container\">\n\t\t\t\t\t\t\t\t\t<div class=\"elementor-button-wrapper\">\n\t\t\t\t\t<a class=\"elementor-button elementor-button-link elementor-size-sm\" href=\"https:\/\/frnpbdued.preview.infomaniak.website\/fr\/demander-un-don\/\">\n\t\t\t\t\t\t<span class=\"elementor-button-content-wrapper\">\n\t\t\t\t\t\t\t\t\t<span class=\"elementor-button-text\">Demander un don<\/span>\n\t\t\t\t\t<\/span>\n\t\t\t\t\t<\/a>\n\t\t\t\t<\/div>\n\t\t\t\t\t\t\t\t<\/div>\n\t\t\t\t<\/div>\n\t\t\t\t<\/div>\n\t\t\t\t<\/div>\n\t\t\t\t\t<\/div>\n\t\t\t\t<\/div>\n\t\t\t\t<\/div>\n\t\t","protected":false},"excerpt":{"rendered":"<p>Fondation Caritas in Veritate \u00e0 Gen\u00e8ve L\u2019objectif de la Fondation est d\u2019articuler les positions du Saint-Si\u00e8ge et de l\u2019\u00c9glise catholique dans l\u2019ar\u00e8ne internationale des Nations Unies. Une contribution \u00e0 une culture internationale qui donne la priorit\u00e9 \u00e0 la paix et au d\u00e9veloppement humain int\u00e9gral. La Fondation Caritas in Veritate soutient entre autres la mission du [&hellip;]<\/p>\n","protected":false},"featured_media":29664,"template":"","format":"standard","categories":[],"class_list":["post-32168","projects","type-projects","status-publish","format-standard","has-post-thumbnail","hentry"],"acf":[],"_links":{"self":[{"href":"https:\/\/caritasprovitaegradu.ch\/fr\/wp-json\/wp\/v2\/projects\/32168","targetHints":{"allow":["GET"]}}],"collection":[{"href":"https:\/\/caritasprovitaegradu.ch\/fr\/wp-json\/wp\/v2\/projects"}],"about":[{"href":"https:\/\/caritasprovitaegradu.ch\/fr\/wp-json\/wp\/v2\/types\/projects"}],"version-history":[{"count":12,"href":"https:\/\/caritasprovitaegradu.ch\/fr\/wp-json\/wp\/v2\/projects\/32168\/revisions"}],"predecessor-version":[{"id":33519,"href":"https:\/\/caritasprovitaegradu.ch\/fr\/wp-json\/wp\/v2\/projects\/32168\/revisions\/33519"}],"wp:featuredmedia":[{"embeddable":true,"href":"https:\/\/caritasprovitaegradu.ch\/fr\/wp-json\/wp\/v2\/media\/29664"}],"wp:attachment":[{"href":"https:\/\/caritasprovitaegradu.ch\/fr\/wp-json\/wp\/v2\/media?parent=32168"}],"wp:term":[{"taxonomy":"category","embeddable":true,"href":"https:\/\/caritasprovitaegradu.ch\/fr\/wp-json\/wp\/v2\/categories?post=32168"}],"curies":[{"name":"wp","href":"https:\/\/api.w.org\/{rel}","templated":true}]}}