{"id":32170,"date":"2023-11-13T13:34:24","date_gmt":"2023-11-13T12:34:24","guid":{"rendered":"https:\/\/frnpbdued.preview.infomaniak.website\/projects\/bethlehem-university\/"},"modified":"2024-01-30T18:07:46","modified_gmt":"2024-01-30T17:07:46","slug":"bethlehem-university","status":"publish","type":"projects","link":"https:\/\/caritasprovitaegradu.ch\/es\/projects\/bethlehem-university\/","title":{"rendered":"Universidad de Bel\u00e9n"},"content":{"rendered":"\t\t<div data-elementor-type=\"wp-post\" data-elementor-id=\"32170\" class=\"elementor elementor-32170 elementor-31043\" data-elementor-post-type=\"projects\">\n\t\t\t\t<div class=\"elementor-element elementor-element-aaed29a hero-banner-sec e-flex e-con-boxed e-con e-parent\" data-id=\"aaed29a\" data-element_type=\"container\" data-e-type=\"container\" data-settings=\"{&quot;background_background&quot;:&quot;classic&quot;}\">\n\t\t\t\t\t<div class=\"e-con-inner\">\n\t\t\t\t<div class=\"elementor-element elementor-element-e1c7936 elementor-widget elementor-widget-image\" data-id=\"e1c7936\" data-element_type=\"widget\" data-e-type=\"widget\" data-widget_type=\"image.default\">\n\t\t\t\t<div class=\"elementor-widget-container\">\n\t\t\t\t\t\t\t\t\t\t\t\t\t\t\t<img fetchpriority=\"high\" decoding=\"async\" width=\"1920\" height=\"1280\" src=\"https:\/\/caritasprovitaegradu.ch\/wp-content\/uploads\/2023\/11\/Bethlehem-University-Nursing-students3-1.jpg\" class=\"attachment-full size-full wp-image-31077\" alt=\"\" srcset=\"https:\/\/caritasprovitaegradu.ch\/wp-content\/uploads\/2023\/11\/Bethlehem-University-Nursing-students3-1.jpg 1920w, https:\/\/caritasprovitaegradu.ch\/wp-content\/uploads\/2023\/11\/Bethlehem-University-Nursing-students3-1-300x200.jpg 300w, https:\/\/caritasprovitaegradu.ch\/wp-content\/uploads\/2023\/11\/Bethlehem-University-Nursing-students3-1-1024x683.jpg 1024w, https:\/\/caritasprovitaegradu.ch\/wp-content\/uploads\/2023\/11\/Bethlehem-University-Nursing-students3-1-768x512.jpg 768w, https:\/\/caritasprovitaegradu.ch\/wp-content\/uploads\/2023\/11\/Bethlehem-University-Nursing-students3-1-1536x1024.jpg 1536w\" sizes=\"(max-width: 1920px) 100vw, 1920px\" \/>\t\t\t\t\t\t\t\t\t\t\t\t\t\t\t<\/div>\n\t\t\t\t<\/div>\n\t\t<div class=\"elementor-element elementor-element-e155492 e-flex e-con-boxed e-con e-child\" data-id=\"e155492\" data-element_type=\"container\" data-e-type=\"container\" data-settings=\"{&quot;position&quot;:&quot;absolute&quot;}\">\n\t\t\t\t\t<div class=\"e-con-inner\">\n\t\t\t\t<div class=\"elementor-element elementor-element-defad1c elementor-widget-tablet__width-initial banner-title elementor-widget elementor-widget-heading\" data-id=\"defad1c\" data-element_type=\"widget\" data-e-type=\"widget\" data-widget_type=\"heading.default\">\n\t\t\t\t<div class=\"elementor-widget-container\">\n\t\t\t\t\t<h1 class=\"elementor-heading-title elementor-size-default\">Universidad de Bel\u00e9n<\/h1>\t\t\t\t<\/div>\n\t\t\t\t<\/div>\n\t\t\t\t<div class=\"elementor-element elementor-element-7633c29 elementor-widget__width-auto banner-desc  elementor-widget elementor-widget-heading\" data-id=\"7633c29\" data-element_type=\"widget\" data-e-type=\"widget\" data-widget_type=\"heading.default\">\n\t\t\t\t<div class=\"elementor-widget-container\">\n\t\t\t\t\t<span class=\"elementor-heading-title elementor-size-default\">Bethlehem University<\/span>\t\t\t\t<\/div>\n\t\t\t\t<\/div>\n\t\t\t\t\t<\/div>\n\t\t\t\t<\/div>\n\t\t\t\t\t<\/div>\n\t\t\t\t<\/div>\n\t\t<div class=\"elementor-element elementor-element-0cb5a98 pro-content e-flex e-con-boxed e-con e-parent\" data-id=\"0cb5a98\" data-element_type=\"container\" data-e-type=\"container\" data-settings=\"{&quot;background_background&quot;:&quot;classic&quot;}\">\n\t\t\t\t\t<div class=\"e-con-inner\">\n\t\t<div class=\"elementor-element elementor-element-cfee84f e-con-full con-max-width e-flex e-con e-child\" data-id=\"cfee84f\" data-element_type=\"container\" data-e-type=\"container\" data-settings=\"{&quot;background_background&quot;:&quot;classic&quot;}\">\n\t\t<div class=\"elementor-element elementor-element-c5a09c0 e-con-full e-flex e-con e-child\" data-id=\"c5a09c0\" data-element_type=\"container\" data-e-type=\"container\">\n\t\t\t\t<div class=\"elementor-element elementor-element-b4f9523 elementor-widget elementor-widget-heading\" data-id=\"b4f9523\" data-element_type=\"widget\" data-e-type=\"widget\" data-widget_type=\"heading.default\">\n\t\t\t\t<div class=\"elementor-widget-container\">\n\t\t\t\t\t<h3 class=\"elementor-heading-title elementor-size-default\">Universidad de Bel\u00e9n\n<\/h3>\t\t\t\t<\/div>\n\t\t\t\t<\/div>\n\t\t\t\t<div class=\"elementor-element elementor-element-ad5cb6e elementor-widget elementor-widget-text-editor\" data-id=\"ad5cb6e\" data-element_type=\"widget\" data-e-type=\"widget\" data-widget_type=\"text-editor.default\">\n\t\t\t\t<div class=\"elementor-widget-container\">\n\t\t\t\t\t\t\t\t\t<p>La Universidad de Bel\u00e9n es la \u00fanica universidad cat\u00f3lica de Palestina. Tiene facultades de Arte, Ciencia, Administraci\u00f3n de Empresas, Enfermer\u00eda y Educaci\u00f3n, y un Instituto de Administraci\u00f3n Hotelera y Turismo. La Facultad de Enfermer\u00eda y Ciencias de la Salud goza de una excelente reputaci\u00f3n. Las nuevas instalaciones que est\u00e1 construyendo contribuir\u00e1n a afianzar dicho prestigio. La Universidad de Bel\u00e9n es un oasis de paz. Un s\u00edmbolo de esperanza que proporciona al pueblo de Palestina una educaci\u00f3n superior de calidad.<\/p>\t\t\t\t\t\t\t\t<\/div>\n\t\t\t\t<\/div>\n\t\t\t\t<div class=\"elementor-element elementor-element-5764269 elementor-mobile-align-center elementor-widget elementor-widget-button\" data-id=\"5764269\" data-element_type=\"widget\" data-e-type=\"widget\" data-widget_type=\"button.default\">\n\t\t\t\t<div class=\"elementor-widget-container\">\n\t\t\t\t\t\t\t\t\t<div class=\"elementor-button-wrapper\">\n\t\t\t\t\t<a class=\"elementor-button elementor-button-link elementor-size-sm\" href=\"https:\/\/caritasprovitaegradu.ch\/es\/ayudenos-en-nuestra-mision\/\">\n\t\t\t\t\t\t<span class=\"elementor-button-content-wrapper\">\n\t\t\t\t\t\t\t\t\t<span class=\"elementor-button-text\">Ay\u00fadanos a apoyar este proyecto<\/span>\n\t\t\t\t\t<\/span>\n\t\t\t\t\t<\/a>\n\t\t\t\t<\/div>\n\t\t\t\t\t\t\t\t<\/div>\n\t\t\t\t<\/div>\n\t\t\t\t<\/div>\n\t\t<div class=\"elementor-element elementor-element-bc3adc8 e-con-full e-flex e-con e-child\" data-id=\"bc3adc8\" data-element_type=\"container\" data-e-type=\"container\">\n\t\t\t\t<div class=\"elementor-element elementor-element-70f3cf3 elementor-widget elementor-widget-heading\" data-id=\"70f3cf3\" data-element_type=\"widget\" data-e-type=\"widget\" data-widget_type=\"heading.default\">\n\t\t\t\t<div class=\"elementor-widget-container\">\n\t\t\t\t\t<h6 class=\"elementor-heading-title elementor-size-default\">CONTACTO<\/h6>\t\t\t\t<\/div>\n\t\t\t\t<\/div>\n\t\t\t\t<div class=\"elementor-element elementor-element-0eb28d8 elementor-widget elementor-widget-text-editor\" data-id=\"0eb28d8\" data-element_type=\"widget\" data-e-type=\"widget\" data-widget_type=\"text-editor.default\">\n\t\t\t\t<div class=\"elementor-widget-container\">\n\t\t\t\t\t\t\t\t\t<p>Bethlehem University<\/p>\n\t\t\t\t\t\t\t\t<\/div>\n\t\t\t\t<\/div>\n\t\t\t\t<div class=\"elementor-element elementor-element-096f70e elementor-widget elementor-widget-heading\" data-id=\"096f70e\" data-element_type=\"widget\" data-e-type=\"widget\" data-widget_type=\"heading.default\">\n\t\t\t\t<div class=\"elementor-widget-container\">\n\t\t\t\t\t<h6 class=\"elementor-heading-title elementor-size-default\">WEBSITE<\/h6>\t\t\t\t<\/div>\n\t\t\t\t<\/div>\n\t\t\t\t<div class=\"elementor-element elementor-element-fb0a174 elementor-widget elementor-widget-text-editor\" data-id=\"fb0a174\" data-element_type=\"widget\" data-e-type=\"widget\" data-widget_type=\"text-editor.default\">\n\t\t\t\t<div class=\"elementor-widget-container\">\n\t\t\t\t\t\t\t\t\t<p><a href=\"https:\/\/www.bethlehem.edu\/\"> https:\/\/www.bethlehem.edu\/ <\/a><\/p>\n\t\t\t\t\t\t\t\t<\/div>\n\t\t\t\t<\/div>\n\t\t\t\t<\/div>\n\t\t\t\t<\/div>\n\t\t\t\t\t<\/div>\n\t\t\t\t<\/div>\n\t\t<div class=\"elementor-element elementor-element-21f23eb e-flex e-con-boxed e-con e-parent\" data-id=\"21f23eb\" data-element_type=\"container\" data-e-type=\"container\" data-settings=\"{&quot;background_background&quot;:&quot;classic&quot;}\">\n\t\t\t\t\t<div class=\"e-con-inner\">\n\t\t<div class=\"elementor-element elementor-element-42e19b2 e-con-full padd-xl-105 e-flex e-con e-child\" data-id=\"42e19b2\" data-element_type=\"container\" data-e-type=\"container\" data-settings=\"{&quot;background_background&quot;:&quot;classic&quot;}\">\n\t\t\t\t<div class=\"elementor-element elementor-element-20ab3e8 elementor-arrows-position-inside elementor-widget elementor-widget-image-carousel\" data-id=\"20ab3e8\" data-element_type=\"widget\" data-e-type=\"widget\" data-settings=\"{&quot;navigation&quot;:&quot;arrows&quot;,&quot;autoplay&quot;:&quot;no&quot;,&quot;infinite&quot;:&quot;no&quot;,&quot;image_spacing_custom&quot;:{&quot;unit&quot;:&quot;px&quot;,&quot;size&quot;:40,&quot;sizes&quot;:[]},&quot;speed&quot;:500,&quot;image_spacing_custom_tablet&quot;:{&quot;unit&quot;:&quot;px&quot;,&quot;size&quot;:&quot;&quot;,&quot;sizes&quot;:[]},&quot;image_spacing_custom_mobile&quot;:{&quot;unit&quot;:&quot;px&quot;,&quot;size&quot;:&quot;&quot;,&quot;sizes&quot;:[]}}\" data-widget_type=\"image-carousel.default\">\n\t\t\t\t<div class=\"elementor-widget-container\">\n\t\t\t\t\t\t\t<div class=\"elementor-image-carousel-wrapper swiper\" role=\"region\" aria-roledescription=\"carousel\" aria-label=\"Carrusel de im\u00e1genes\" dir=\"ltr\">\n\t\t\t<div class=\"elementor-image-carousel swiper-wrapper swiper-image-stretch\" aria-live=\"polite\">\n\t\t\t\t\t\t\t\t<div class=\"swiper-slide\" role=\"group\" aria-roledescription=\"slide\" aria-label=\"1 de 7\"><a data-elementor-open-lightbox=\"yes\" data-elementor-lightbox-slideshow=\"20ab3e8\" data-elementor-lightbox-title=\"2019-05-30-Cardinal-Foley-Hall-plan\" data-e-action-hash=\"#elementor-action%3Aaction%3Dlightbox%26settings%3DeyJpZCI6MzEwNzAsInVybCI6Imh0dHBzOlwvXC9jYXJpdGFzcHJvdml0YWVncmFkdS5jaFwvd3AtY29udGVudFwvdXBsb2Fkc1wvMjAyM1wvMTFcLzIwMTktMDUtMzAtQ2FyZGluYWwtRm9sZXktSGFsbC1wbGFuLnBuZyIsInNsaWRlc2hvdyI6IjIwYWIzZTgifQ%3D%3D\" href=\"https:\/\/caritasprovitaegradu.ch\/wp-content\/uploads\/2023\/11\/2019-05-30-Cardinal-Foley-Hall-plan.png\"><figure class=\"swiper-slide-inner\"><img decoding=\"async\" class=\"swiper-slide-image\" src=\"https:\/\/caritasprovitaegradu.ch\/wp-content\/uploads\/2023\/11\/2019-05-30-Cardinal-Foley-Hall-plan.png\" alt=\"Bethlehem University - Cardinal Foley Hall\" \/><figcaption class=\"elementor-image-carousel-caption\">Bethlehem University - Cardinal Foley Hall <\/figcaption><\/figure><\/a><\/div><div class=\"swiper-slide\" role=\"group\" aria-roledescription=\"slide\" aria-label=\"2 de 7\"><a data-elementor-open-lightbox=\"yes\" data-elementor-lightbox-slideshow=\"20ab3e8\" data-elementor-lightbox-title=\"Bethlehem-University-Chapel-of-Divine-Child\" data-e-action-hash=\"#elementor-action%3Aaction%3Dlightbox%26settings%3DeyJpZCI6MzEwNjcsInVybCI6Imh0dHBzOlwvXC9jYXJpdGFzcHJvdml0YWVncmFkdS5jaFwvd3AtY29udGVudFwvdXBsb2Fkc1wvMjAyM1wvMTFcL0JldGhsZWhlbS1Vbml2ZXJzaXR5LUNoYXBlbC1vZi1EaXZpbmUtQ2hpbGQuanBnIiwic2xpZGVzaG93IjoiMjBhYjNlOCJ9\" href=\"https:\/\/caritasprovitaegradu.ch\/wp-content\/uploads\/2023\/11\/Bethlehem-University-Chapel-of-Divine-Child.jpg\"><figure class=\"swiper-slide-inner\"><img decoding=\"async\" class=\"swiper-slide-image\" src=\"https:\/\/caritasprovitaegradu.ch\/wp-content\/uploads\/2023\/11\/Bethlehem-University-Chapel-of-Divine-Child.jpg\" alt=\"Bethlehem University - Chapel of Divine Child\" \/><figcaption class=\"elementor-image-carousel-caption\">Bethlehem University - Chapel of Divine Child<\/figcaption><\/figure><\/a><\/div><div class=\"swiper-slide\" role=\"group\" aria-roledescription=\"slide\" aria-label=\"3 de 7\"><a data-elementor-open-lightbox=\"yes\" data-elementor-lightbox-slideshow=\"20ab3e8\" data-elementor-lightbox-title=\"Bethlehem-University-Graduation-Ceremony1\" data-e-action-hash=\"#elementor-action%3Aaction%3Dlightbox%26settings%3DeyJpZCI6MzEwNjQsInVybCI6Imh0dHBzOlwvXC9jYXJpdGFzcHJvdml0YWVncmFkdS5jaFwvd3AtY29udGVudFwvdXBsb2Fkc1wvMjAyM1wvMTFcL0JldGhsZWhlbS1Vbml2ZXJzaXR5LUdyYWR1YXRpb24tQ2VyZW1vbnkxLmpwZyIsInNsaWRlc2hvdyI6IjIwYWIzZTgifQ%3D%3D\" href=\"https:\/\/caritasprovitaegradu.ch\/wp-content\/uploads\/2023\/11\/Bethlehem-University-Graduation-Ceremony1.jpg\"><figure class=\"swiper-slide-inner\"><img decoding=\"async\" class=\"swiper-slide-image\" src=\"https:\/\/caritasprovitaegradu.ch\/wp-content\/uploads\/2023\/11\/Bethlehem-University-Graduation-Ceremony1.jpg\" alt=\"Bethlehem University- Graduation Ceremony\" \/><figcaption class=\"elementor-image-carousel-caption\">Bethlehem University- Graduation Ceremony<\/figcaption><\/figure><\/a><\/div><div class=\"swiper-slide\" role=\"group\" aria-roledescription=\"slide\" aria-label=\"4 de 7\"><a data-elementor-open-lightbox=\"yes\" data-elementor-lightbox-slideshow=\"20ab3e8\" data-elementor-lightbox-title=\"Bethlehem-University-Graduation-Ceremony5\" data-e-action-hash=\"#elementor-action%3Aaction%3Dlightbox%26settings%3DeyJpZCI6MzEwNjEsInVybCI6Imh0dHBzOlwvXC9jYXJpdGFzcHJvdml0YWVncmFkdS5jaFwvd3AtY29udGVudFwvdXBsb2Fkc1wvMjAyM1wvMTFcL0JldGhsZWhlbS1Vbml2ZXJzaXR5LUdyYWR1YXRpb24tQ2VyZW1vbnk1LmpwZyIsInNsaWRlc2hvdyI6IjIwYWIzZTgifQ%3D%3D\" href=\"https:\/\/caritasprovitaegradu.ch\/wp-content\/uploads\/2023\/11\/Bethlehem-University-Graduation-Ceremony5.jpg\"><figure class=\"swiper-slide-inner\"><img decoding=\"async\" class=\"swiper-slide-image\" src=\"https:\/\/caritasprovitaegradu.ch\/wp-content\/uploads\/2023\/11\/Bethlehem-University-Graduation-Ceremony5.jpg\" alt=\"Bethlehem University- Graduation Ceremony\" \/><figcaption class=\"elementor-image-carousel-caption\">Bethlehem University- Graduation Ceremony<\/figcaption><\/figure><\/a><\/div><div class=\"swiper-slide\" role=\"group\" aria-roledescription=\"slide\" aria-label=\"5 de 7\"><a data-elementor-open-lightbox=\"yes\" data-elementor-lightbox-slideshow=\"20ab3e8\" data-elementor-lightbox-title=\"Bethlehem-University-Campus1\" data-e-action-hash=\"#elementor-action%3Aaction%3Dlightbox%26settings%3DeyJpZCI6MzEwNTgsInVybCI6Imh0dHBzOlwvXC9jYXJpdGFzcHJvdml0YWVncmFkdS5jaFwvd3AtY29udGVudFwvdXBsb2Fkc1wvMjAyM1wvMTFcL0JldGhsZWhlbS1Vbml2ZXJzaXR5LUNhbXB1czEuanBnIiwic2xpZGVzaG93IjoiMjBhYjNlOCJ9\" href=\"https:\/\/caritasprovitaegradu.ch\/wp-content\/uploads\/2023\/11\/Bethlehem-University-Campus1.jpg\"><figure class=\"swiper-slide-inner\"><img decoding=\"async\" class=\"swiper-slide-image\" src=\"https:\/\/caritasprovitaegradu.ch\/wp-content\/uploads\/2023\/11\/Bethlehem-University-Campus1.jpg\" alt=\"Bethlehem University \u2013 Campus\" \/><figcaption class=\"elementor-image-carousel-caption\">Bethlehem University \u2013 Campus<\/figcaption><\/figure><\/a><\/div><div class=\"swiper-slide\" role=\"group\" aria-roledescription=\"slide\" aria-label=\"6 de 7\"><a data-elementor-open-lightbox=\"yes\" data-elementor-lightbox-slideshow=\"20ab3e8\" data-elementor-lightbox-title=\"Bethlehem-University-Nursing-students3\" data-e-action-hash=\"#elementor-action%3Aaction%3Dlightbox%26settings%3DeyJpZCI6MzEwNzcsInVybCI6Imh0dHBzOlwvXC9jYXJpdGFzcHJvdml0YWVncmFkdS5jaFwvd3AtY29udGVudFwvdXBsb2Fkc1wvMjAyM1wvMTFcL0JldGhsZWhlbS1Vbml2ZXJzaXR5LU51cnNpbmctc3R1ZGVudHMzLTEuanBnIiwic2xpZGVzaG93IjoiMjBhYjNlOCJ9\" href=\"https:\/\/caritasprovitaegradu.ch\/wp-content\/uploads\/2023\/11\/Bethlehem-University-Nursing-students3-1.jpg\"><figure class=\"swiper-slide-inner\"><img decoding=\"async\" class=\"swiper-slide-image\" src=\"https:\/\/caritasprovitaegradu.ch\/wp-content\/uploads\/2023\/11\/Bethlehem-University-Nursing-students3-1.jpg\" alt=\"Bethlehem University - Nursing students\" \/><figcaption class=\"elementor-image-carousel-caption\">Bethlehem University - Nursing students<\/figcaption><\/figure><\/a><\/div><div class=\"swiper-slide\" role=\"group\" aria-roledescription=\"slide\" aria-label=\"7 de 7\"><a data-elementor-open-lightbox=\"yes\" data-elementor-lightbox-slideshow=\"20ab3e8\" data-elementor-lightbox-title=\"Bethlehem-University-De-La-Salle-Hall\" data-e-action-hash=\"#elementor-action%3Aaction%3Dlightbox%26settings%3DeyJpZCI6MzEwNzMsInVybCI6Imh0dHBzOlwvXC9jYXJpdGFzcHJvdml0YWVncmFkdS5jaFwvd3AtY29udGVudFwvdXBsb2Fkc1wvMjAyM1wvMTFcL0JldGhsZWhlbS1Vbml2ZXJzaXR5LURlLUxhLVNhbGxlLUhhbGwtMS5qcGciLCJzbGlkZXNob3ciOiIyMGFiM2U4In0%3D\" href=\"https:\/\/caritasprovitaegradu.ch\/wp-content\/uploads\/2023\/11\/Bethlehem-University-De-La-Salle-Hall-1.jpg\"><figure class=\"swiper-slide-inner\"><img decoding=\"async\" class=\"swiper-slide-image\" src=\"https:\/\/caritasprovitaegradu.ch\/wp-content\/uploads\/2023\/11\/Bethlehem-University-De-La-Salle-Hall-1.jpg\" alt=\"Bethlehem University - De La Salle\" \/><figcaption class=\"elementor-image-carousel-caption\">Bethlehem University - De La Salle<\/figcaption><\/figure><\/a><\/div>\t\t\t<\/div>\n\t\t\t\t\t\t\t\t\t\t\t\t<div class=\"elementor-swiper-button elementor-swiper-button-prev\" role=\"button\" tabindex=\"0\">\n\t\t\t\t\t\t<svg aria-hidden=\"true\" class=\"e-font-icon-svg e-eicon-chevron-left\" viewBox=\"0 0 1000 1000\" xmlns=\"http:\/\/www.w3.org\/2000\/svg\"><path d=\"M646 125C629 125 613 133 604 142L308 442C296 454 292 471 292 487 292 504 296 521 308 533L604 854C617 867 629 875 646 875 663 875 679 871 692 858 704 846 713 829 713 812 713 796 708 779 692 767L438 487 692 225C700 217 708 204 708 187 708 171 704 154 692 142 675 129 663 125 646 125Z\"><\/path><\/svg>\t\t\t\t\t<\/div>\n\t\t\t\t\t<div class=\"elementor-swiper-button elementor-swiper-button-next\" role=\"button\" tabindex=\"0\">\n\t\t\t\t\t\t<svg aria-hidden=\"true\" class=\"e-font-icon-svg e-eicon-chevron-right\" viewBox=\"0 0 1000 1000\" xmlns=\"http:\/\/www.w3.org\/2000\/svg\"><path d=\"M696 533C708 521 713 504 713 487 713 471 708 454 696 446L400 146C388 133 375 125 354 125 338 125 325 129 313 142 300 154 292 171 292 187 292 204 296 221 308 233L563 492 304 771C292 783 288 800 288 817 288 833 296 850 308 863 321 871 338 875 354 875 371 875 388 867 400 854L696 533Z\"><\/path><\/svg>\t\t\t\t\t<\/div>\n\t\t\t\t\n\t\t\t\t\t\t\t\t\t<\/div>\n\t\t\t\t\t\t<\/div>\n\t\t\t\t<\/div>\n\t\t\t\t<\/div>\n\t\t\t\t\t<\/div>\n\t\t\t\t<\/div>\n\t\t<div class=\"elementor-element elementor-element-b27f7e8 e-flex e-con-boxed e-con e-parent\" data-id=\"b27f7e8\" data-element_type=\"container\" data-e-type=\"container\" data-settings=\"{&quot;background_background&quot;:&quot;classic&quot;}\">\n\t\t\t\t\t<div class=\"e-con-inner\">\n\t\t<div class=\"elementor-element elementor-element-1fd93cf e-con-full con-max-width e-flex e-con e-child\" data-id=\"1fd93cf\" data-element_type=\"container\" data-e-type=\"container\" data-settings=\"{&quot;background_background&quot;:&quot;classic&quot;}\">\n\t\t<div class=\"elementor-element elementor-element-f5f1d2b e-con-full history e-flex e-con e-child\" data-id=\"f5f1d2b\" data-element_type=\"container\" data-e-type=\"container\">\n\t\t\t\t<div class=\"elementor-element elementor-element-23e1559 elementor-widget elementor-widget-heading\" data-id=\"23e1559\" data-element_type=\"widget\" data-e-type=\"widget\" data-widget_type=\"heading.default\">\n\t\t\t\t<div class=\"elementor-widget-container\">\n\t\t\t\t\t<h3 class=\"elementor-heading-title elementor-size-default\">Historia<\/h3>\t\t\t\t<\/div>\n\t\t\t\t<\/div>\n\t\t\t\t<div class=\"elementor-element elementor-element-9becc69 elementor-widget elementor-widget-text-editor\" data-id=\"9becc69\" data-element_type=\"widget\" data-e-type=\"widget\" data-widget_type=\"text-editor.default\">\n\t\t\t\t<div class=\"elementor-widget-container\">\n\t\t\t\t\t\t\t\t\t<p>La Universidad de Bel\u00e9n es la primera universidad establecida en Cisjordania y sus or\u00edgenes se remontan al S.\u00a0XIX. A los d\u00edas en los que los Hermanos Cristianos de La Salle abrieron escuelas en Bel\u00e9n, Jerusal\u00e9n, Jaffa, Nazaret, Turqu\u00eda, L\u00edbano, Jordania y Egipto.<\/p><p>\u00a0<\/p><p>Durante la hist\u00f3rica visita del Papa Pablo VI a Tierra Santa en 1964, los palestinos expresaron su deseo de establecer una universidad en su patria. En 1972, tras consultar y estudiar la petici\u00f3n, el delegado apost\u00f3lico, el arzobispo Pio Laghi, organiz\u00f3 un comit\u00e9 de l\u00edderes de la comunidad local para el establecimiento de una instituci\u00f3n de estudios superiores que ofreciera una formaci\u00f3n universitaria amplia y pr\u00e1ctica en arte y ciencias. Con el fin de satisfacer las necesidades de la sociedad palestina.<\/p><p>\u00a0<\/p><p>El 1 de octubre de 1973 se inscribieron 112 estudiantes. Constituir\u00edan la primera promoci\u00f3n de la Universidad de Bel\u00e9n. Actualmente tiene m\u00e1s de 3000 estudiantes y puede presumir de contar con m\u00e1s de 17\u00a0000 licenciados.<\/p><p>\u00a0<\/p><p>La historia de la Universidad es la historia de personas comprometidas con el objetivo de conseguir una educaci\u00f3n superior. Colaborando juntos en la esperanza, y construyendo juntos avanzar hacia un futuro m\u00e1s justo.<\/p>\t\t\t\t\t\t\t\t<\/div>\n\t\t\t\t<\/div>\n\t\t\t\t<\/div>\n\t\t<div class=\"elementor-element elementor-element-694c79a e-con-full mission e-flex e-con e-child\" data-id=\"694c79a\" data-element_type=\"container\" data-e-type=\"container\">\n\t\t\t\t<div class=\"elementor-element elementor-element-d6bbefa elementor-widget elementor-widget-heading\" data-id=\"d6bbefa\" data-element_type=\"widget\" data-e-type=\"widget\" data-widget_type=\"heading.default\">\n\t\t\t\t<div class=\"elementor-widget-container\">\n\t\t\t\t\t<h3 class=\"elementor-heading-title elementor-size-default\">Misi\u00f3n<\/h3>\t\t\t\t<\/div>\n\t\t\t\t<\/div>\n\t\t\t\t<div class=\"elementor-element elementor-element-dc61ed9 list-icon elementor-widget elementor-widget-text-editor\" data-id=\"dc61ed9\" data-element_type=\"widget\" data-e-type=\"widget\" data-widget_type=\"text-editor.default\">\n\t\t\t\t<div class=\"elementor-widget-container\">\n\t\t\t\t\t\t\t\t\t<p>La Universidad de Bel\u00e9n es una instituci\u00f3n cat\u00f3lica mixta en la tradici\u00f3n lasaliana que tiene como misi\u00f3n proporcionar una educaci\u00f3n superior de calidad al pueblo de Palestina y ayud\u00e1ndole en su funci\u00f3n como centro para el avance, el intercambio y el uso del conocimiento.<\/p><p>La Universidad pone el acento en la excelencia de los programas acad\u00e9micos y en el desarrollo de sus alumnos como personas comprometidas y preparadas para asumir posiciones de liderazgo en la sociedad. Es una instituci\u00f3n que fomenta los valores compartidos, los principios morales y la dedicaci\u00f3n a servir al bien com\u00fan.<\/p>\t\t\t\t\t\t\t\t<\/div>\n\t\t\t\t<\/div>\n\t\t\t\t<div class=\"elementor-element elementor-element-7f1b38a elementor-mobile-align-center elementor-widget elementor-widget-button\" data-id=\"7f1b38a\" data-element_type=\"widget\" data-e-type=\"widget\" data-widget_type=\"button.default\">\n\t\t\t\t<div class=\"elementor-widget-container\">\n\t\t\t\t\t\t\t\t\t<div class=\"elementor-button-wrapper\">\n\t\t\t\t\t<a class=\"elementor-button elementor-button-link elementor-size-sm\" href=\"https:\/\/caritasprovitaegradu.ch\/es\/ayudenos-en-nuestra-mision\/\">\n\t\t\t\t\t\t<span class=\"elementor-button-content-wrapper\">\n\t\t\t\t\t\t\t\t\t<span class=\"elementor-button-text\">Ay\u00fadanos a apoyar este proyecto<\/span>\n\t\t\t\t\t<\/span>\n\t\t\t\t\t<\/a>\n\t\t\t\t<\/div>\n\t\t\t\t\t\t\t\t<\/div>\n\t\t\t\t<\/div>\n\t\t\t\t<\/div>\n\t\t\t\t<\/div>\n\t\t<div class=\"elementor-element elementor-element-d731c96 e-con-full con-max-width e-flex e-con e-child\" data-id=\"d731c96\" data-element_type=\"container\" data-e-type=\"container\" data-settings=\"{&quot;background_background&quot;:&quot;classic&quot;}\">\n\t\t<div class=\"elementor-element elementor-element-3e3afe0 e-con-full history e-flex e-con e-child\" data-id=\"3e3afe0\" data-element_type=\"container\" data-e-type=\"container\">\n\t\t\t\t<div class=\"elementor-element elementor-element-d87b81d elementor-widget elementor-widget-heading\" data-id=\"d87b81d\" data-element_type=\"widget\" data-e-type=\"widget\" data-widget_type=\"heading.default\">\n\t\t\t\t<div class=\"elementor-widget-container\">\n\t\t\t\t\t<h3 class=\"elementor-heading-title elementor-size-default\">El proyecto apoyado por Caritas Pro Vitae Gradu Charitable Trust<\/h3>\t\t\t\t<\/div>\n\t\t\t\t<\/div>\n\t\t\t\t<div class=\"elementor-element elementor-element-87c4d37 elementor-widget elementor-widget-text-editor\" data-id=\"87c4d37\" data-element_type=\"widget\" data-e-type=\"widget\" data-widget_type=\"text-editor.default\">\n\t\t\t\t<div class=\"elementor-widget-container\">\n\t\t\t\t\t\t\t\t\t<div class=\"col-md-6\"><div class=\"text-blk\"><p>Caritas Pro Vitae Gradu Charitable Trust presta su apoyo financiero al proyecto Cardinal Foley Hall, que albergar\u00e1 la Facultad Tarek Juffali de Enfermer\u00eda y Ciencias de la Salud. Caritas Pro Vitae Gradu Charitable Trust contribuir\u00e1 inicialmente a la dotaci\u00f3n de muebles y equipos del nuevo Cardinal Foley Hall y, m\u00e1s adelante, a los programas de desarrollo de la facultad. Es un proyecto que afianzar\u00e1 a la Universidad de Bel\u00e9n como principal centro de educaci\u00f3n superior de Palestina. Se espera que el Cardenal Foley Hall entre en pleno funcionamiento en 2020.<\/p><\/div><\/div>\t\t\t\t\t\t\t\t<\/div>\n\t\t\t\t<\/div>\n\t\t\t\t<\/div>\n\t\t<div class=\"elementor-element elementor-element-70b46d2 e-con-full mission e-flex e-con e-child\" data-id=\"70b46d2\" data-element_type=\"container\" data-e-type=\"container\">\n\t\t\t\t<\/div>\n\t\t\t\t<\/div>\n\t\t\t\t\t<\/div>\n\t\t\t\t<\/div>\n\t\t<div class=\"elementor-element elementor-element-251ee7d req-donation e-flex e-con-boxed e-con e-parent\" data-id=\"251ee7d\" data-element_type=\"container\" data-e-type=\"container\" data-settings=\"{&quot;background_background&quot;:&quot;classic&quot;}\">\n\t\t\t\t\t<div class=\"e-con-inner\">\n\t\t<div class=\"elementor-element elementor-element-eeff61e e-con-full e-flex e-con e-child\" data-id=\"eeff61e\" data-element_type=\"container\" data-e-type=\"container\" data-settings=\"{&quot;background_background&quot;:&quot;gradient&quot;}\">\n\t\t<div class=\"elementor-element elementor-element-3b8e3fe e-con-full req-don-btn e-flex e-con e-child\" data-id=\"3b8e3fe\" data-element_type=\"container\" data-e-type=\"container\" data-settings=\"{&quot;background_background&quot;:&quot;classic&quot;}\">\n\t\t\t\t<div class=\"elementor-element elementor-element-756bfd4 elementor-widget elementor-widget-heading\" data-id=\"756bfd4\" data-element_type=\"widget\" data-e-type=\"widget\" data-widget_type=\"heading.default\">\n\t\t\t\t<div class=\"elementor-widget-container\">\n\t\t\t\t\t<h3 class=\"elementor-heading-title elementor-size-default\">Solicitar Donativo<\/h3>\t\t\t\t<\/div>\n\t\t\t\t<\/div>\n\t\t\t\t<div class=\"elementor-element elementor-element-6194bc5 elementor-widget__width-initial elementor-widget elementor-widget-text-editor\" data-id=\"6194bc5\" data-element_type=\"widget\" data-e-type=\"widget\" data-widget_type=\"text-editor.default\">\n\t\t\t\t<div class=\"elementor-widget-container\">\n\t\t\t\t\t\t\t\t\t<p>Prestamos nuestro apoyo en actividades de una gran variedad de sectores del campo social, m\u00e1s espec\u00edficamente en la lucha contra la pobreza, la mejora de la educaci\u00f3n, el acceso a los servicios de salud, la asistencia a migrantes y refugiados, y la protecci\u00f3n de las familias y la vida.<\/p>\n\t\t\t\t\t\t\t\t<\/div>\n\t\t\t\t<\/div>\n\t\t\t\t<div class=\"elementor-element elementor-element-7d8a12d elementor-align-center elementor-widget elementor-widget-button\" data-id=\"7d8a12d\" data-element_type=\"widget\" data-e-type=\"widget\" data-widget_type=\"button.default\">\n\t\t\t\t<div class=\"elementor-widget-container\">\n\t\t\t\t\t\t\t\t\t<div class=\"elementor-button-wrapper\">\n\t\t\t\t\t<a class=\"elementor-button elementor-button-link elementor-size-sm\" href=\"https:\/\/frnpbdued.preview.infomaniak.website\/es\/solicitar-donativo\/\">\n\t\t\t\t\t\t<span class=\"elementor-button-content-wrapper\">\n\t\t\t\t\t\t\t\t\t<span class=\"elementor-button-text\">Solicitar Donativo<\/span>\n\t\t\t\t\t<\/span>\n\t\t\t\t\t<\/a>\n\t\t\t\t<\/div>\n\t\t\t\t\t\t\t\t<\/div>\n\t\t\t\t<\/div>\n\t\t\t\t<\/div>\n\t\t\t\t<\/div>\n\t\t\t\t\t<\/div>\n\t\t\t\t<\/div>\n\t\t\t\t<\/div>\n\t\t","protected":false},"excerpt":{"rendered":"<p>Bethlehem University Universidad de Bel\u00e9n La Universidad de Bel\u00e9n es la \u00fanica universidad cat\u00f3lica de Palestina. Tiene facultades de Arte, Ciencia, Administraci\u00f3n de Empresas, Enfermer\u00eda y Educaci\u00f3n, y un Instituto de Administraci\u00f3n Hotelera y Turismo. La Facultad de Enfermer\u00eda y Ciencias de la Salud goza de una excelente reputaci\u00f3n. Las nuevas instalaciones que est\u00e1 construyendo [&hellip;]<\/p>\n","protected":false},"featured_media":31046,"template":"","format":"standard","categories":[],"class_list":["post-32170","projects","type-projects","status-publish","format-standard","has-post-thumbnail","hentry"],"acf":[],"_links":{"self":[{"href":"https:\/\/caritasprovitaegradu.ch\/es\/wp-json\/wp\/v2\/projects\/32170","targetHints":{"allow":["GET"]}}],"collection":[{"href":"https:\/\/caritasprovitaegradu.ch\/es\/wp-json\/wp\/v2\/projects"}],"about":[{"href":"https:\/\/caritasprovitaegradu.ch\/es\/wp-json\/wp\/v2\/types\/projects"}],"version-history":[{"count":15,"href":"https:\/\/caritasprovitaegradu.ch\/es\/wp-json\/wp\/v2\/projects\/32170\/revisions"}],"predecessor-version":[{"id":33708,"href":"https:\/\/caritasprovitaegradu.ch\/es\/wp-json\/wp\/v2\/projects\/32170\/revisions\/33708"}],"wp:featuredmedia":[{"embeddable":true,"href":"https:\/\/caritasprovitaegradu.ch\/es\/wp-json\/wp\/v2\/media\/31046"}],"wp:attachment":[{"href":"https:\/\/caritasprovitaegradu.ch\/es\/wp-json\/wp\/v2\/media?parent=32170"}],"wp:term":[{"taxonomy":"category","embeddable":true,"href":"https:\/\/caritasprovitaegradu.ch\/es\/wp-json\/wp\/v2\/categories?post=32170"}],"curies":[{"name":"wp","href":"https:\/\/api.w.org\/{rel}","templated":true}]}}