{"id":32166,"date":"2023-11-10T10:25:29","date_gmt":"2023-11-10T09:25:29","guid":{"rendered":"https:\/\/frnpbdued.preview.infomaniak.website\/projects\/caritas-in-veritate-foundation-in-geneva\/"},"modified":"2024-01-30T17:52:53","modified_gmt":"2024-01-30T16:52:53","slug":"caritas-in-veritate-foundation-in-geneva","status":"publish","type":"projects","link":"https:\/\/caritasprovitaegradu.ch\/es\/projects\/caritas-in-veritate-foundation-in-geneva\/","title":{"rendered":"Caritas in Veritate Foundation en Ginebra"},"content":{"rendered":"\t\t<div data-elementor-type=\"wp-post\" data-elementor-id=\"32166\" class=\"elementor elementor-32166 elementor-29876\" data-elementor-post-type=\"projects\">\n\t\t\t\t<div class=\"elementor-element elementor-element-aaed29a hero-banner-sec e-flex e-con-boxed e-con e-parent\" data-id=\"aaed29a\" data-element_type=\"container\" data-e-type=\"container\" data-settings=\"{&quot;background_background&quot;:&quot;classic&quot;}\">\n\t\t\t\t\t<div class=\"e-con-inner\">\n\t\t\t\t<div class=\"elementor-element elementor-element-3da5fce elementor-widget elementor-widget-theme-post-featured-image elementor-widget-image\" data-id=\"3da5fce\" data-element_type=\"widget\" data-e-type=\"widget\" data-widget_type=\"theme-post-featured-image.default\">\n\t\t\t\t<div class=\"elementor-widget-container\">\n\t\t\t\t\t\t\t\t\t\t\t\t\t\t\t<img fetchpriority=\"high\" decoding=\"async\" width=\"1920\" height=\"696\" src=\"https:\/\/caritasprovitaegradu.ch\/wp-content\/uploads\/2023\/11\/banner_proj6.jpg\" class=\"attachment-full size-full wp-image-29666\" alt=\"Banner\" srcset=\"https:\/\/caritasprovitaegradu.ch\/wp-content\/uploads\/2023\/11\/banner_proj6.jpg 1920w, https:\/\/caritasprovitaegradu.ch\/wp-content\/uploads\/2023\/11\/banner_proj6-300x109.jpg 300w, https:\/\/caritasprovitaegradu.ch\/wp-content\/uploads\/2023\/11\/banner_proj6-1024x371.jpg 1024w, https:\/\/caritasprovitaegradu.ch\/wp-content\/uploads\/2023\/11\/banner_proj6-768x278.jpg 768w, https:\/\/caritasprovitaegradu.ch\/wp-content\/uploads\/2023\/11\/banner_proj6-1536x557.jpg 1536w\" sizes=\"(max-width: 1920px) 100vw, 1920px\" \/>\t\t\t\t\t\t\t\t\t\t\t\t\t\t\t<\/div>\n\t\t\t\t<\/div>\n\t\t<div class=\"elementor-element elementor-element-e155492 e-flex e-con-boxed e-con e-child\" data-id=\"e155492\" data-element_type=\"container\" data-e-type=\"container\" data-settings=\"{&quot;position&quot;:&quot;absolute&quot;}\">\n\t\t\t\t\t<div class=\"e-con-inner\">\n\t\t\t\t<div class=\"elementor-element elementor-element-defad1c elementor-widget-tablet__width-initial banner-title elementor-widget elementor-widget-heading\" data-id=\"defad1c\" data-element_type=\"widget\" data-e-type=\"widget\" data-widget_type=\"heading.default\">\n\t\t\t\t<div class=\"elementor-widget-container\">\n\t\t\t\t\t<h1 class=\"elementor-heading-title elementor-size-default\">Caritas in Veritate Foundation en Ginebra<\/h1>\t\t\t\t<\/div>\n\t\t\t\t<\/div>\n\t\t\t\t\t<\/div>\n\t\t\t\t<\/div>\n\t\t\t\t\t<\/div>\n\t\t\t\t<\/div>\n\t\t<div class=\"elementor-element elementor-element-0cb5a98 pro-content e-flex e-con-boxed e-con e-parent\" data-id=\"0cb5a98\" data-element_type=\"container\" data-e-type=\"container\" data-settings=\"{&quot;background_background&quot;:&quot;classic&quot;}\">\n\t\t\t\t\t<div class=\"e-con-inner\">\n\t\t<div class=\"elementor-element elementor-element-cfee84f e-con-full con-max-width e-flex e-con e-child\" data-id=\"cfee84f\" data-element_type=\"container\" data-e-type=\"container\" data-settings=\"{&quot;background_background&quot;:&quot;classic&quot;}\">\n\t\t<div class=\"elementor-element elementor-element-c5a09c0 e-con-full e-flex e-con e-child\" data-id=\"c5a09c0\" data-element_type=\"container\" data-e-type=\"container\">\n\t\t\t\t<div class=\"elementor-element elementor-element-b4f9523 elementor-widget elementor-widget-heading\" data-id=\"b4f9523\" data-element_type=\"widget\" data-e-type=\"widget\" data-widget_type=\"heading.default\">\n\t\t\t\t<div class=\"elementor-widget-container\">\n\t\t\t\t\t<h3 class=\"elementor-heading-title elementor-size-default\">Caritas in Veritate Foundation<\/h3>\t\t\t\t<\/div>\n\t\t\t\t<\/div>\n\t\t\t\t<div class=\"elementor-element elementor-element-ad5cb6e elementor-widget elementor-widget-text-editor\" data-id=\"ad5cb6e\" data-element_type=\"widget\" data-e-type=\"widget\" data-widget_type=\"text-editor.default\">\n\t\t\t\t<div class=\"elementor-widget-container\">\n\t\t\t\t\t\t\t\t\t<p>El objetivo de la Fundaci\u00f3n es articular las posiciones de la Santa Sede y de la Iglesia Cat\u00f3lica en el \u00e1mbito internacional de las Naciones Unidas. Como contribuci\u00f3n a una cultura internacional que priorice la paz y el desarrollo humano integral.<\/p><p>\u00a0<\/p><p>Caritas in Veritate Foundation apoya, entre otras, la misi\u00f3n del nuncio en las Naciones Unidas.<\/p>\t\t\t\t\t\t\t\t<\/div>\n\t\t\t\t<\/div>\n\t\t\t\t<\/div>\n\t\t<div class=\"elementor-element elementor-element-bc3adc8 e-con-full e-flex e-con e-child\" data-id=\"bc3adc8\" data-element_type=\"container\" data-e-type=\"container\">\n\t\t\t\t<div class=\"elementor-element elementor-element-70f3cf3 elementor-widget elementor-widget-heading\" data-id=\"70f3cf3\" data-element_type=\"widget\" data-e-type=\"widget\" data-widget_type=\"heading.default\">\n\t\t\t\t<div class=\"elementor-widget-container\">\n\t\t\t\t\t<h6 class=\"elementor-heading-title elementor-size-default\">CONTACTO<\/h6>\t\t\t\t<\/div>\n\t\t\t\t<\/div>\n\t\t\t\t<div class=\"elementor-element elementor-element-0eb28d8 elementor-widget elementor-widget-text-editor\" data-id=\"0eb28d8\" data-element_type=\"widget\" data-e-type=\"widget\" data-widget_type=\"text-editor.default\">\n\t\t\t\t<div class=\"elementor-widget-container\">\n\t\t\t\t\t\t\t\t\tFondation Caritas in Veritate\n\n\t\t\t\t\t\t\t\t<\/div>\n\t\t\t\t<\/div>\n\t\t\t\t<div class=\"elementor-element elementor-element-096f70e elementor-widget elementor-widget-heading\" data-id=\"096f70e\" data-element_type=\"widget\" data-e-type=\"widget\" data-widget_type=\"heading.default\">\n\t\t\t\t<div class=\"elementor-widget-container\">\n\t\t\t\t\t<h6 class=\"elementor-heading-title elementor-size-default\">WEBSITE<\/h6>\t\t\t\t<\/div>\n\t\t\t\t<\/div>\n\t\t\t\t<div class=\"elementor-element elementor-element-1737042 elementor-widget elementor-widget-text-editor\" data-id=\"1737042\" data-element_type=\"widget\" data-e-type=\"widget\" data-widget_type=\"text-editor.default\">\n\t\t\t\t<div class=\"elementor-widget-container\">\n\t\t\t\t\t\t\t\t\t<p><a href=\"https:\/\/www.fciv.org\"> https:\/\/www.fciv.org <\/a><\/p>\n\t\t\t\t\t\t\t\t<\/div>\n\t\t\t\t<\/div>\n\t\t\t\t<\/div>\n\t\t\t\t<\/div>\n\t\t\t\t\t<\/div>\n\t\t\t\t<\/div>\n\t\t<div class=\"elementor-element elementor-element-21f23eb e-flex e-con-boxed e-con e-parent\" data-id=\"21f23eb\" data-element_type=\"container\" data-e-type=\"container\" data-settings=\"{&quot;background_background&quot;:&quot;classic&quot;}\">\n\t\t\t\t\t<div class=\"e-con-inner\">\n\t\t<div class=\"elementor-element elementor-element-df9c248 e-flex e-con-boxed e-con e-child\" data-id=\"df9c248\" data-element_type=\"container\" data-e-type=\"container\" data-settings=\"{&quot;background_background&quot;:&quot;classic&quot;}\">\n\t\t\t\t\t<div class=\"e-con-inner\">\n\t\t<div class=\"elementor-element elementor-element-759b471 e-con-full padd-xl-105 e-flex e-con e-child\" data-id=\"759b471\" data-element_type=\"container\" data-e-type=\"container\" data-settings=\"{&quot;background_background&quot;:&quot;classic&quot;}\">\n\t\t\t\t<div class=\"elementor-element elementor-element-6b6d7b8 elementor-arrows-position-inside elementor-widget elementor-widget-image-carousel\" data-id=\"6b6d7b8\" data-element_type=\"widget\" data-e-type=\"widget\" data-settings=\"{&quot;navigation&quot;:&quot;arrows&quot;,&quot;autoplay&quot;:&quot;no&quot;,&quot;infinite&quot;:&quot;no&quot;,&quot;image_spacing_custom&quot;:{&quot;unit&quot;:&quot;px&quot;,&quot;size&quot;:40,&quot;sizes&quot;:[]},&quot;speed&quot;:500,&quot;image_spacing_custom_tablet&quot;:{&quot;unit&quot;:&quot;px&quot;,&quot;size&quot;:&quot;&quot;,&quot;sizes&quot;:[]},&quot;image_spacing_custom_mobile&quot;:{&quot;unit&quot;:&quot;px&quot;,&quot;size&quot;:&quot;&quot;,&quot;sizes&quot;:[]}}\" data-widget_type=\"image-carousel.default\">\n\t\t\t\t<div class=\"elementor-widget-container\">\n\t\t\t\t\t\t\t<div class=\"elementor-image-carousel-wrapper swiper\" role=\"region\" aria-roledescription=\"carousel\" aria-label=\"Carrusel de im\u00e1genes\" dir=\"ltr\">\n\t\t\t<div class=\"elementor-image-carousel swiper-wrapper swiper-image-stretch\" aria-live=\"polite\">\n\t\t\t\t\t\t\t\t<div class=\"swiper-slide\" role=\"group\" aria-roledescription=\"slide\" aria-label=\"1 de 5\"><a data-elementor-open-lightbox=\"yes\" data-elementor-lightbox-slideshow=\"6b6d7b8\" data-elementor-lightbox-title=\"chariteam.jpg\" data-e-action-hash=\"#elementor-action%3Aaction%3Dlightbox%26settings%3DeyJpZCI6Mjk4ODEsInVybCI6Imh0dHBzOlwvXC9jYXJpdGFzcHJvdml0YWVncmFkdS5jaFwvd3AtY29udGVudFwvdXBsb2Fkc1wvMjAyM1wvMTFcL2NoYXJpdGVhbS0xLmpwZyIsInNsaWRlc2hvdyI6IjZiNmQ3YjgifQ%3D%3D\" href=\"https:\/\/caritasprovitaegradu.ch\/wp-content\/uploads\/2023\/11\/chariteam-1.jpg\"><figure class=\"swiper-slide-inner\"><img decoding=\"async\" class=\"swiper-slide-image\" src=\"https:\/\/caritasprovitaegradu.ch\/wp-content\/uploads\/2023\/11\/chariteam-1.jpg\" alt=\"The Nuncio and Alice de la Rochefoucaud (yellow jacket) in a meeting\" \/><figcaption class=\"elementor-image-carousel-caption\">The Nuncio and Alice de la Rochefoucaud (yellow jacket) in a meeting<\/figcaption><\/figure><\/a><\/div><div class=\"swiper-slide\" role=\"group\" aria-roledescription=\"slide\" aria-label=\"2 de 5\"><a data-elementor-open-lightbox=\"yes\" data-elementor-lightbox-slideshow=\"6b6d7b8\" data-elementor-lightbox-title=\"CIVteampicture.jpg\" data-e-action-hash=\"#elementor-action%3Aaction%3Dlightbox%26settings%3DeyJpZCI6Mjk4ODQsInVybCI6Imh0dHBzOlwvXC9jYXJpdGFzcHJvdml0YWVncmFkdS5jaFwvd3AtY29udGVudFwvdXBsb2Fkc1wvMjAyM1wvMTFcL0NJVnRlYW1waWN0dXJlLTEuanBnIiwic2xpZGVzaG93IjoiNmI2ZDdiOCJ9\" href=\"https:\/\/caritasprovitaegradu.ch\/wp-content\/uploads\/2023\/11\/CIVteampicture-1.jpg\"><figure class=\"swiper-slide-inner\"><img decoding=\"async\" class=\"swiper-slide-image\" src=\"https:\/\/caritasprovitaegradu.ch\/wp-content\/uploads\/2023\/11\/CIVteampicture-1.jpg\" alt=\"The Nuncio and Alice de la Rochefoucaud (yellow jacket) in a meeting\" \/><figcaption class=\"elementor-image-carousel-caption\">The Nuncio and Alice de la Rochefoucaud (yellow jacket) in a meeting<\/figcaption><\/figure><\/a><\/div><div class=\"swiper-slide\" role=\"group\" aria-roledescription=\"slide\" aria-label=\"3 de 5\"><a data-elementor-open-lightbox=\"yes\" data-elementor-lightbox-slideshow=\"6b6d7b8\" data-elementor-lightbox-title=\"CIVphotononce.jpg\" data-e-action-hash=\"#elementor-action%3Aaction%3Dlightbox%26settings%3DeyJpZCI6Mjk4ODcsInVybCI6Imh0dHBzOlwvXC9jYXJpdGFzcHJvdml0YWVncmFkdS5jaFwvd3AtY29udGVudFwvdXBsb2Fkc1wvMjAyM1wvMTFcL0NJVnBob3Rvbm9uY2UtMS5qcGciLCJzbGlkZXNob3ciOiI2YjZkN2I4In0%3D\" href=\"https:\/\/caritasprovitaegradu.ch\/wp-content\/uploads\/2023\/11\/CIVphotononce-1.jpg\"><figure class=\"swiper-slide-inner\"><img decoding=\"async\" class=\"swiper-slide-image\" src=\"https:\/\/caritasprovitaegradu.ch\/wp-content\/uploads\/2023\/11\/CIVphotononce-1.jpg\" alt=\"H.E.Archbishop Ivan Jurkovic, Apostolic Nuncio and Permanent Observer of the Holy See to the United Nations in Geneva.\" \/><figcaption class=\"elementor-image-carousel-caption\">H.E.Archbishop Ivan Jurkovic, Apostolic Nuncio and Permanent Observer of the Holy See to the United Nations in Geneva.<\/figcaption><\/figure><\/a><\/div><div class=\"swiper-slide\" role=\"group\" aria-roledescription=\"slide\" aria-label=\"4 de 5\"><a data-elementor-open-lightbox=\"yes\" data-elementor-lightbox-slideshow=\"6b6d7b8\" data-elementor-lightbox-title=\"CIVpublications.jpg\" data-e-action-hash=\"#elementor-action%3Aaction%3Dlightbox%26settings%3DeyJpZCI6Mjk4OTAsInVybCI6Imh0dHBzOlwvXC9jYXJpdGFzcHJvdml0YWVncmFkdS5jaFwvd3AtY29udGVudFwvdXBsb2Fkc1wvMjAyM1wvMTFcL0NJVnB1YmxpY2F0aW9ucy0xLmpwZyIsInNsaWRlc2hvdyI6IjZiNmQ3YjgifQ%3D%3D\" href=\"https:\/\/caritasprovitaegradu.ch\/wp-content\/uploads\/2023\/11\/CIVpublications-1.jpg\"><figure class=\"swiper-slide-inner\"><img decoding=\"async\" class=\"swiper-slide-image\" src=\"https:\/\/caritasprovitaegradu.ch\/wp-content\/uploads\/2023\/11\/CIVpublications-1.jpg\" alt=\"Geneva, Switzerland - Caritas in Veritate publications\" \/><figcaption class=\"elementor-image-carousel-caption\">Geneva, Switzerland - Caritas in Veritate publications<\/figcaption><\/figure><\/a><\/div><div class=\"swiper-slide\" role=\"group\" aria-roledescription=\"slide\" aria-label=\"5 de 5\"><a data-elementor-open-lightbox=\"yes\" data-elementor-lightbox-slideshow=\"6b6d7b8\" data-elementor-lightbox-title=\"CIVsilvano.jpg-1.png\" data-e-action-hash=\"#elementor-action%3Aaction%3Dlightbox%26settings%3DeyJpZCI6Mjk4OTMsInVybCI6Imh0dHBzOlwvXC9jYXJpdGFzcHJvdml0YWVncmFkdS5jaFwvd3AtY29udGVudFwvdXBsb2Fkc1wvMjAyM1wvMTFcL0NJVnNpbHZhbm8uanBnLTEtMS5wbmciLCJzbGlkZXNob3ciOiI2YjZkN2I4In0%3D\" href=\"https:\/\/caritasprovitaegradu.ch\/wp-content\/uploads\/2023\/11\/CIVsilvano.jpg-1-1.png\"><figure class=\"swiper-slide-inner\"><img decoding=\"async\" class=\"swiper-slide-image\" src=\"https:\/\/caritasprovitaegradu.ch\/wp-content\/uploads\/2023\/11\/CIVsilvano.jpg-1-1.png\" alt=\"CIVsilvano.jpg-1.png\" \/><\/figure><\/a><\/div>\t\t\t<\/div>\n\t\t\t\t\t\t\t\t\t\t\t\t<div class=\"elementor-swiper-button elementor-swiper-button-prev\" role=\"button\" tabindex=\"0\">\n\t\t\t\t\t\t<svg aria-hidden=\"true\" class=\"e-font-icon-svg e-eicon-chevron-left\" viewBox=\"0 0 1000 1000\" xmlns=\"http:\/\/www.w3.org\/2000\/svg\"><path d=\"M646 125C629 125 613 133 604 142L308 442C296 454 292 471 292 487 292 504 296 521 308 533L604 854C617 867 629 875 646 875 663 875 679 871 692 858 704 846 713 829 713 812 713 796 708 779 692 767L438 487 692 225C700 217 708 204 708 187 708 171 704 154 692 142 675 129 663 125 646 125Z\"><\/path><\/svg>\t\t\t\t\t<\/div>\n\t\t\t\t\t<div class=\"elementor-swiper-button elementor-swiper-button-next\" role=\"button\" tabindex=\"0\">\n\t\t\t\t\t\t<svg aria-hidden=\"true\" class=\"e-font-icon-svg e-eicon-chevron-right\" viewBox=\"0 0 1000 1000\" xmlns=\"http:\/\/www.w3.org\/2000\/svg\"><path d=\"M696 533C708 521 713 504 713 487 713 471 708 454 696 446L400 146C388 133 375 125 354 125 338 125 325 129 313 142 300 154 292 171 292 187 292 204 296 221 308 233L563 492 304 771C292 783 288 800 288 817 288 833 296 850 308 863 321 871 338 875 354 875 371 875 388 867 400 854L696 533Z\"><\/path><\/svg>\t\t\t\t\t<\/div>\n\t\t\t\t\n\t\t\t\t\t\t\t\t\t<\/div>\n\t\t\t\t\t\t<\/div>\n\t\t\t\t<\/div>\n\t\t\t\t<\/div>\n\t\t\t\t\t<\/div>\n\t\t\t\t<\/div>\n\t\t\t\t\t<\/div>\n\t\t\t\t<\/div>\n\t\t<div class=\"elementor-element elementor-element-b27f7e8 e-flex e-con-boxed e-con e-parent\" data-id=\"b27f7e8\" data-element_type=\"container\" data-e-type=\"container\" data-settings=\"{&quot;background_background&quot;:&quot;classic&quot;}\">\n\t\t\t\t\t<div class=\"e-con-inner\">\n\t\t<div class=\"elementor-element elementor-element-1fd93cf e-con-full con-max-width e-flex e-con e-child\" data-id=\"1fd93cf\" data-element_type=\"container\" data-e-type=\"container\" data-settings=\"{&quot;background_background&quot;:&quot;classic&quot;}\">\n\t\t<div class=\"elementor-element elementor-element-f5f1d2b e-con-full history e-flex e-con e-child\" data-id=\"f5f1d2b\" data-element_type=\"container\" data-e-type=\"container\">\n\t\t\t\t<div class=\"elementor-element elementor-element-23e1559 elementor-widget elementor-widget-heading\" data-id=\"23e1559\" data-element_type=\"widget\" data-e-type=\"widget\" data-widget_type=\"heading.default\">\n\t\t\t\t<div class=\"elementor-widget-container\">\n\t\t\t\t\t<h3 class=\"elementor-heading-title elementor-size-default\">Historia<\/h3>\t\t\t\t<\/div>\n\t\t\t\t<\/div>\n\t\t\t\t<div class=\"elementor-element elementor-element-9becc69 elementor-widget elementor-widget-text-editor\" data-id=\"9becc69\" data-element_type=\"widget\" data-e-type=\"widget\" data-widget_type=\"text-editor.default\">\n\t\t\t\t<div class=\"elementor-widget-container\">\n\t\t\t\t\t\t\t\t\t<p>La Fundaci\u00f3n Caritas in Veritate se basa en los valores cristianos y en la ense\u00f1anza social de la Iglesia cat\u00f3lica. Su objetivo es proporcionar conocimientos especializados y pensamiento estrat\u00e9gico a los representantes cristianos de las Naciones Unidas. Y tambi\u00e9n a otras organizaciones de Ginebra.<\/p><p>\u00a0<\/p><p>Colaborando estrechamente con la Misi\u00f3n de la Santa Sede y la Misi\u00f3n de la Orden de Malta ante las Naciones Unidas, as\u00ed como con organizaciones no gubernamentales de inspiraci\u00f3n cat\u00f3lica, la fundaci\u00f3n contribuye a las negociaciones. Y a los procesos de toma de decisiones implicados.<\/p>\t\t\t\t\t\t\t\t<\/div>\n\t\t\t\t<\/div>\n\t\t\t\t<div class=\"elementor-element elementor-element-0257bf4 elementor-widget elementor-widget-heading\" data-id=\"0257bf4\" data-element_type=\"widget\" data-e-type=\"widget\" data-widget_type=\"heading.default\">\n\t\t\t\t<div class=\"elementor-widget-container\">\n\t\t\t\t\t<h3 class=\"elementor-heading-title elementor-size-default\">El proyecto apoyado por Caritas Pro Vitae Gradu Charitable Trust<\/h3>\t\t\t\t<\/div>\n\t\t\t\t<\/div>\n\t\t\t\t<div class=\"elementor-element elementor-element-746250c list-icon elementor-widget elementor-widget-text-editor\" data-id=\"746250c\" data-element_type=\"widget\" data-e-type=\"widget\" data-widget_type=\"text-editor.default\">\n\t\t\t\t<div class=\"elementor-widget-container\">\n\t\t\t\t\t\t\t\t\t<p>Sufragamos anualmente los gastos operativos de las fundaciones y la asistencia al nuncio en su papel de representante de la Santa Sede ante las Naciones Unidas.<br \/>La fundaci\u00f3n comprende tres \u00e1reas de actividad:<br \/>La primera consiste en impartir, a corto plazo y a petici\u00f3n de los representantes cat\u00f3licos, conocimientos especializados de alta calidad. Sobre unos temas concretos que se est\u00e1n revisando actualmente en las Naciones Unidas.<\/p><p>\u00a0<\/p><ul><li>La proximidad a las necesidades de los embajadores y representantes cat\u00f3licos en las Naciones Unidas.<\/li><li>Una red de confianza de instituciones y profesionales altamente cualificados.<\/li><li>Una red de asociados eficaz, que pueda presentar un informe experto en un plazo de 3 semanas.<\/li><\/ul><p>\u00a0<\/p><p>El segundo campo de actividad consiste en encargar informes a institutos de investigaci\u00f3n de reconocido prestigio sobre temas considerados por la fundaci\u00f3n como cruciales para el debate internacional en curso. Los selecciona anualmente la Junta de la fundaci\u00f3n, y tambi\u00e9n est\u00e1n destinados a ser relevantes para los acontecimientos internacionales actuales y las pr\u00f3ximas actividades de las Naciones Unidas.<\/p><p>\u00a0<\/p><p>El tercer campo de actividad consiste en preparar \u00abeventos paralelos\u00bb en las Naciones Unidas realizados a petici\u00f3n de los representantes cat\u00f3licos. Con el fin de dar visibilidad y relevancia a estos temas.<\/p><p>\u00a0<\/p><ul><li>Asegura una cobertura m\u00e1s amplia de las posiciones adoptadas por los representantes cat\u00f3licos.<\/li><li>Ofrece la oportunidad de profundizar en la comprensi\u00f3n de la posici\u00f3n cat\u00f3lica en un punto espec\u00edfico.<\/li><li>Brinda a los representantes cat\u00f3licos la posibilidad de llevar a Ginebra expertos de primer orden. Para que presenten o expliquen sus posiciones.<\/li><\/ul>\t\t\t\t\t\t\t\t<\/div>\n\t\t\t\t<\/div>\n\t\t\t\t<\/div>\n\t\t<div class=\"elementor-element elementor-element-694c79a e-con-full mission e-flex e-con e-child\" data-id=\"694c79a\" data-element_type=\"container\" data-e-type=\"container\">\n\t\t\t\t<div class=\"elementor-element elementor-element-211189a elementor-widget elementor-widget-heading\" data-id=\"211189a\" data-element_type=\"widget\" data-e-type=\"widget\" data-widget_type=\"heading.default\">\n\t\t\t\t<div class=\"elementor-widget-container\">\n\t\t\t\t\t<h3 class=\"elementor-heading-title elementor-size-default\">Misi\u00f3n<\/h3>\t\t\t\t<\/div>\n\t\t\t\t<\/div>\n\t\t\t\t<div class=\"elementor-element elementor-element-0512d49 elementor-widget elementor-widget-text-editor\" data-id=\"0512d49\" data-element_type=\"widget\" data-e-type=\"widget\" data-widget_type=\"text-editor.default\">\n\t\t\t\t<div class=\"elementor-widget-container\">\n\t\t\t\t\t\t\t\t\t<div class=\"content-wrap bottom-blk\"><div class=\"container\"><div class=\"row\"><div class=\"col-md-6\"><div class=\"text-blk\"><p>La fundaci\u00f3n tiene como objetivo proporcionar a los representantes de la Santa Sede, la Orden de Malta y las ONG cat\u00f3licas de Ginebra los conocimientos pr\u00e1cticos y la rica experiencia de expertos que aspiran a la consecuci\u00f3n efectiva de la verdad y la justicia.<\/p><p>El objetivo es hacer m\u00e1s comprensibles y visibles las posiciones de la Iglesia cat\u00f3lica, aumentando as\u00ed su impacto en la elaboraci\u00f3n de la cultura y el derecho internacionales.<\/p><p>A trav\u00e9s de su capacidad de investigaci\u00f3n y su compromiso con la excelencia, la fundaci\u00f3n aspira a humanizar la vida internacional defendiendo la perspectiva de la fe cat\u00f3lica y la prioridad que da a la persona humana.<\/p><h5>Visi\u00f3n<\/h5><p>Caritas in Veritate Foundation se asienta en los valores cristianos y en la ense\u00f1anza social de la Iglesia cat\u00f3lica. Esta \u00faltima se basa en el fundamento \u00e9tico del derecho natural y en la complementariedad de la fe y la raz\u00f3n. Recurriendo a la colaboraci\u00f3n con expertos internacionales, la fundaci\u00f3n promueve y difunde las contribuciones de la ense\u00f1anza social cristiana en el \u00e1mbito internacional.<\/p><h5>Principios<\/h5><p>Con respeto a todos los derechos humanos y libertades fundamentales, la Fundaci\u00f3n promueve:<\/p><ul><li>La libertad de la persona humana\u2026 Libre y responsable<\/li><li>La familia\u2026 Como centro y fuente de vida social, la primera y vital c\u00e9lula de la sociedad.<\/li><li>La solidaridad\u2026 Lo que une a todos los seres humanos y nos hace responsables los unos de los otros.<\/li><li>El bien com\u00fan\u2026 Basado en un orden internacional justo, como el prop\u00f3sito que impulsa toda actividad pol\u00edtica y econ\u00f3mica.<\/li><li>La subsidiariedad\u2026 Lo que garantiza el bien com\u00fan en todos los niveles de la sociedad.<\/li><li>El valor de la vida humana\u2026 Un firme compromiso con la protecci\u00f3n de toda vida humana desde su principio hasta su fin.<\/li><li>El valor del trabajo humano\u2026 El valor del trabajo humano arraigado en el cumplimiento del trabajador como persona.<\/li><li>El destino universal de los bienes y la propiedad privada\u2026 El necesario equilibrio entre la propiedad privada y el destino universal de los bienes.<\/li><li>Una opci\u00f3n preferente\u2026 Para los pobres y los marginados.<\/li><li>Temas relevantes para la pol\u00edtica internacional y en l\u00ednea con la agenda de las Naciones Unidas.<\/li><li>La capacidad para adelantarse al di\u00e1logo futuro.<\/li><li>La capacidad para proponer soluciones.<\/li><li>La implementaci\u00f3n y la coordinaci\u00f3n entre los representantes cat\u00f3licos a trav\u00e9s de seminarios cerrados en las Naciones Unidas.<\/li><li>La distribuci\u00f3n de informes a trav\u00e9s de los documentos de trabajo de Caritas in Veritate.<\/li><\/ul><\/div><\/div><\/div><\/div><\/div>\t\t\t\t\t\t\t\t<\/div>\n\t\t\t\t<\/div>\n\t\t\t\t<\/div>\n\t\t\t\t<\/div>\n\t\t\t\t\t<\/div>\n\t\t\t\t<\/div>\n\t\t<div class=\"elementor-element elementor-element-22f1aab req-donation e-flex e-con-boxed e-con e-parent\" data-id=\"22f1aab\" data-element_type=\"container\" data-e-type=\"container\" data-settings=\"{&quot;background_background&quot;:&quot;classic&quot;}\">\n\t\t\t\t\t<div class=\"e-con-inner\">\n\t\t<div class=\"elementor-element elementor-element-d7fa20c e-con-full e-flex e-con e-child\" data-id=\"d7fa20c\" data-element_type=\"container\" data-e-type=\"container\" data-settings=\"{&quot;background_background&quot;:&quot;gradient&quot;}\">\n\t\t<div class=\"elementor-element elementor-element-a3c1e2a e-con-full req-don-btn e-flex e-con e-child\" data-id=\"a3c1e2a\" data-element_type=\"container\" data-e-type=\"container\" data-settings=\"{&quot;background_background&quot;:&quot;classic&quot;}\">\n\t\t\t\t<div class=\"elementor-element elementor-element-0e700af elementor-widget elementor-widget-heading\" data-id=\"0e700af\" data-element_type=\"widget\" data-e-type=\"widget\" data-widget_type=\"heading.default\">\n\t\t\t\t<div class=\"elementor-widget-container\">\n\t\t\t\t\t<h3 class=\"elementor-heading-title elementor-size-default\">Solicitar Donativo<\/h3>\t\t\t\t<\/div>\n\t\t\t\t<\/div>\n\t\t\t\t<div class=\"elementor-element elementor-element-6e6a7f8 elementor-widget__width-initial elementor-widget elementor-widget-text-editor\" data-id=\"6e6a7f8\" data-element_type=\"widget\" data-e-type=\"widget\" data-widget_type=\"text-editor.default\">\n\t\t\t\t<div class=\"elementor-widget-container\">\n\t\t\t\t\t\t\t\t\t<p>Prestamos nuestro apoyo en actividades de una gran variedad de sectores del campo social, m\u00e1s espec\u00edficamente en la lucha contra la pobreza, la mejora de la educaci\u00f3n, el acceso a los servicios de salud, la asistencia a migrantes y refugiados, y la protecci\u00f3n de las familias y la vida.<\/p>\n\t\t\t\t\t\t\t\t<\/div>\n\t\t\t\t<\/div>\n\t\t\t\t<div class=\"elementor-element elementor-element-49b1a05 elementor-align-center elementor-widget elementor-widget-button\" data-id=\"49b1a05\" data-element_type=\"widget\" data-e-type=\"widget\" data-widget_type=\"button.default\">\n\t\t\t\t<div class=\"elementor-widget-container\">\n\t\t\t\t\t\t\t\t\t<div class=\"elementor-button-wrapper\">\n\t\t\t\t\t<a class=\"elementor-button elementor-button-link elementor-size-sm\" href=\"https:\/\/frnpbdued.preview.infomaniak.website\/es\/solicitar-donativo\/\">\n\t\t\t\t\t\t<span class=\"elementor-button-content-wrapper\">\n\t\t\t\t\t\t\t\t\t<span class=\"elementor-button-text\">Solicitar Donativo<\/span>\n\t\t\t\t\t<\/span>\n\t\t\t\t\t<\/a>\n\t\t\t\t<\/div>\n\t\t\t\t\t\t\t\t<\/div>\n\t\t\t\t<\/div>\n\t\t\t\t<\/div>\n\t\t\t\t<\/div>\n\t\t\t\t\t<\/div>\n\t\t\t\t<\/div>\n\t\t\t\t<\/div>\n\t\t","protected":false},"excerpt":{"rendered":"<p>Caritas in Veritate Foundation El objetivo de la Fundaci\u00f3n es articular las posiciones de la Santa Sede y de la Iglesia Cat\u00f3lica en el \u00e1mbito internacional de las Naciones Unidas. Como contribuci\u00f3n a una cultura internacional que priorice la paz y el desarrollo humano integral. \u00a0 Caritas in Veritate Foundation apoya, entre otras, la misi\u00f3n [&hellip;]<\/p>\n","protected":false},"featured_media":29666,"template":"","format":"standard","categories":[],"class_list":["post-32166","projects","type-projects","status-publish","format-standard","has-post-thumbnail","hentry"],"acf":[],"_links":{"self":[{"href":"https:\/\/caritasprovitaegradu.ch\/es\/wp-json\/wp\/v2\/projects\/32166","targetHints":{"allow":["GET"]}}],"collection":[{"href":"https:\/\/caritasprovitaegradu.ch\/es\/wp-json\/wp\/v2\/projects"}],"about":[{"href":"https:\/\/caritasprovitaegradu.ch\/es\/wp-json\/wp\/v2\/types\/projects"}],"version-history":[{"count":12,"href":"https:\/\/caritasprovitaegradu.ch\/es\/wp-json\/wp\/v2\/projects\/32166\/revisions"}],"predecessor-version":[{"id":33645,"href":"https:\/\/caritasprovitaegradu.ch\/es\/wp-json\/wp\/v2\/projects\/32166\/revisions\/33645"}],"wp:featuredmedia":[{"embeddable":true,"href":"https:\/\/caritasprovitaegradu.ch\/es\/wp-json\/wp\/v2\/media\/29666"}],"wp:attachment":[{"href":"https:\/\/caritasprovitaegradu.ch\/es\/wp-json\/wp\/v2\/media?parent=32166"}],"wp:term":[{"taxonomy":"category","embeddable":true,"href":"https:\/\/caritasprovitaegradu.ch\/es\/wp-json\/wp\/v2\/categories?post=32166"}],"curies":[{"name":"wp","href":"https:\/\/api.w.org\/{rel}","templated":true}]}}