{"id":32158,"date":"2023-11-13T13:42:57","date_gmt":"2023-11-13T12:42:57","guid":{"rendered":"https:\/\/frnpbdued.preview.infomaniak.website\/projects\/espace-saint-julien-in-laval-france\/"},"modified":"2024-01-30T18:07:37","modified_gmt":"2024-01-30T17:07:37","slug":"espace-saint-julien-in-laval-france","status":"publish","type":"projects","link":"https:\/\/caritasprovitaegradu.ch\/es\/projects\/espace-saint-julien-in-laval-france\/","title":{"rendered":"Espacio Saint Julien en Laval, Francia"},"content":{"rendered":"\t\t<div data-elementor-type=\"wp-post\" data-elementor-id=\"32158\" class=\"elementor elementor-32158 elementor-31081\" data-elementor-post-type=\"projects\">\n\t\t\t\t<div class=\"elementor-element elementor-element-aaed29a hero-banner-sec e-flex e-con-boxed e-con e-parent\" data-id=\"aaed29a\" data-element_type=\"container\" data-e-type=\"container\" data-settings=\"{&quot;background_background&quot;:&quot;classic&quot;}\">\n\t\t\t\t\t<div class=\"e-con-inner\">\n\t\t\t\t<div class=\"elementor-element elementor-element-e1c7936 elementor-widget elementor-widget-image\" data-id=\"e1c7936\" data-element_type=\"widget\" data-e-type=\"widget\" data-widget_type=\"image.default\">\n\t\t\t\t<div class=\"elementor-widget-container\">\n\t\t\t\t\t\t\t\t\t\t\t\t\t\t\t<img fetchpriority=\"high\" decoding=\"async\" width=\"1920\" height=\"1440\" src=\"https:\/\/caritasprovitaegradu.ch\/wp-content\/uploads\/2023\/11\/banner_proj4.jpg\" class=\"attachment-full size-full wp-image-31085\" alt=\"\" srcset=\"https:\/\/caritasprovitaegradu.ch\/wp-content\/uploads\/2023\/11\/banner_proj4.jpg 1920w, https:\/\/caritasprovitaegradu.ch\/wp-content\/uploads\/2023\/11\/banner_proj4-300x225.jpg 300w, https:\/\/caritasprovitaegradu.ch\/wp-content\/uploads\/2023\/11\/banner_proj4-1024x768.jpg 1024w, https:\/\/caritasprovitaegradu.ch\/wp-content\/uploads\/2023\/11\/banner_proj4-768x576.jpg 768w, https:\/\/caritasprovitaegradu.ch\/wp-content\/uploads\/2023\/11\/banner_proj4-1536x1152.jpg 1536w\" sizes=\"(max-width: 1920px) 100vw, 1920px\" \/>\t\t\t\t\t\t\t\t\t\t\t\t\t\t\t<\/div>\n\t\t\t\t<\/div>\n\t\t<div class=\"elementor-element elementor-element-e155492 e-flex e-con-boxed e-con e-child\" data-id=\"e155492\" data-element_type=\"container\" data-e-type=\"container\" data-settings=\"{&quot;position&quot;:&quot;absolute&quot;}\">\n\t\t\t\t\t<div class=\"e-con-inner\">\n\t\t\t\t<div class=\"elementor-element elementor-element-defad1c elementor-widget-tablet__width-initial banner-title elementor-widget elementor-widget-heading\" data-id=\"defad1c\" data-element_type=\"widget\" data-e-type=\"widget\" data-widget_type=\"heading.default\">\n\t\t\t\t<div class=\"elementor-widget-container\">\n\t\t\t\t\t<h1 class=\"elementor-heading-title elementor-size-default\">Espacio Saint Julien en Laval, Francia<\/h1>\t\t\t\t<\/div>\n\t\t\t\t<\/div>\n\t\t\t\t\t<\/div>\n\t\t\t\t<\/div>\n\t\t\t\t\t<\/div>\n\t\t\t\t<\/div>\n\t\t<div class=\"elementor-element elementor-element-0cb5a98 pro-content e-flex e-con-boxed e-con e-parent\" data-id=\"0cb5a98\" data-element_type=\"container\" data-e-type=\"container\" data-settings=\"{&quot;background_background&quot;:&quot;classic&quot;}\">\n\t\t\t\t\t<div class=\"e-con-inner\">\n\t\t<div class=\"elementor-element elementor-element-cfee84f e-con-full con-max-width e-flex e-con e-child\" data-id=\"cfee84f\" data-element_type=\"container\" data-e-type=\"container\" data-settings=\"{&quot;background_background&quot;:&quot;classic&quot;}\">\n\t\t<div class=\"elementor-element elementor-element-c5a09c0 e-con-full e-flex e-con e-child\" data-id=\"c5a09c0\" data-element_type=\"container\" data-e-type=\"container\">\n\t\t\t\t<div class=\"elementor-element elementor-element-b4f9523 elementor-widget elementor-widget-heading\" data-id=\"b4f9523\" data-element_type=\"widget\" data-e-type=\"widget\" data-widget_type=\"heading.default\">\n\t\t\t\t<div class=\"elementor-widget-container\">\n\t\t\t\t\t<h3 class=\"elementor-heading-title elementor-size-default\">Espacio Saint Julien en Laval, Francia<\/h3>\t\t\t\t<\/div>\n\t\t\t\t<\/div>\n\t\t\t\t<div class=\"elementor-element elementor-element-ad5cb6e elementor-widget elementor-widget-text-editor\" data-id=\"ad5cb6e\" data-element_type=\"widget\" data-e-type=\"widget\" data-widget_type=\"text-editor.default\">\n\t\t\t\t<div class=\"elementor-widget-container\">\n\t\t\t\t\t\t\t\t\t<p>El Espacio Saint Julien es un lugar de vida donde, todos los d\u00edas, se dar\u00e1 la bienvenida a m\u00e1s de 300 personas. Desde el principio, el objetivo de los voluntarios implicados en este proyecto ha sido el de servir al bienestar com\u00fan. Se ofrece a las personas m\u00e1s vulnerables un espacio vital que propicia encuentros ben\u00e9ficos, complementarios y de valor humano. Est\u00e1 formado por 5 espacios que giran en torno a una unidad espiritual de 3 sacerdotes cat\u00f3licos. Una residencia para personas mayores. Un internado para estudiantes de secundaria. Un centro de actividades extraescolares. Un caf\u00e9 solidario y un centro de salud. Objetivo: Apertura del Espacio Saint Julien en 2020.<\/p><p>\u00a0<\/p>\t\t\t\t\t\t\t\t<\/div>\n\t\t\t\t<\/div>\n\t\t\t\t<div class=\"elementor-element elementor-element-5764269 elementor-mobile-align-center elementor-widget elementor-widget-button\" data-id=\"5764269\" data-element_type=\"widget\" data-e-type=\"widget\" data-widget_type=\"button.default\">\n\t\t\t\t<div class=\"elementor-widget-container\">\n\t\t\t\t\t\t\t\t\t<div class=\"elementor-button-wrapper\">\n\t\t\t\t\t<a class=\"elementor-button elementor-button-link elementor-size-sm\" href=\"https:\/\/caritasprovitaegradu.ch\/es\/ayudenos-en-nuestra-mision\/\">\n\t\t\t\t\t\t<span class=\"elementor-button-content-wrapper\">\n\t\t\t\t\t\t\t\t\t<span class=\"elementor-button-text\">Ay\u00fadanos a apoyar este proyecto<\/span>\n\t\t\t\t\t<\/span>\n\t\t\t\t\t<\/a>\n\t\t\t\t<\/div>\n\t\t\t\t\t\t\t\t<\/div>\n\t\t\t\t<\/div>\n\t\t\t\t<\/div>\n\t\t<div class=\"elementor-element elementor-element-bc3adc8 e-con-full e-flex e-con e-child\" data-id=\"bc3adc8\" data-element_type=\"container\" data-e-type=\"container\">\n\t\t\t\t<div class=\"elementor-element elementor-element-70f3cf3 elementor-widget elementor-widget-heading\" data-id=\"70f3cf3\" data-element_type=\"widget\" data-e-type=\"widget\" data-widget_type=\"heading.default\">\n\t\t\t\t<div class=\"elementor-widget-container\">\n\t\t\t\t\t<h6 class=\"elementor-heading-title elementor-size-default\">CONTACTO<\/h6>\t\t\t\t<\/div>\n\t\t\t\t<\/div>\n\t\t\t\t<div class=\"elementor-element elementor-element-0eb28d8 elementor-widget elementor-widget-text-editor\" data-id=\"0eb28d8\" data-element_type=\"widget\" data-e-type=\"widget\" data-widget_type=\"text-editor.default\">\n\t\t\t\t<div class=\"elementor-widget-container\">\n\t\t\t\t\t\t\t\t\t<p>Espace Saint Julien Laval<\/p>\n\t\t\t\t\t\t\t\t<\/div>\n\t\t\t\t<\/div>\n\t\t\t\t<div class=\"elementor-element elementor-element-096f70e elementor-widget elementor-widget-heading\" data-id=\"096f70e\" data-element_type=\"widget\" data-e-type=\"widget\" data-widget_type=\"heading.default\">\n\t\t\t\t<div class=\"elementor-widget-container\">\n\t\t\t\t\t<h6 class=\"elementor-heading-title elementor-size-default\">WEBSITE<\/h6>\t\t\t\t<\/div>\n\t\t\t\t<\/div>\n\t\t\t\t<div class=\"elementor-element elementor-element-fb0a174 elementor-widget elementor-widget-text-editor\" data-id=\"fb0a174\" data-element_type=\"widget\" data-e-type=\"widget\" data-widget_type=\"text-editor.default\">\n\t\t\t\t<div class=\"elementor-widget-container\">\n\t\t\t\t\t\t\t\t\t<p><a href=\"https:\/\/www.espacesaintjulien.org\/\" target=\"_blank\" rel=\"noopener\">https:\/\/www.espacesaintjulien.org<\/a><\/p><div class=\"other-websites\"><p><a href=\"https:\/\/www.espacesaintjulien.org\/actualites\/espace-saint-julien\/interview-ariane-slinger-saint-julien\/\" target=\"_blank\" rel=\"noopener\">Entrevista con Ariane Slinger sobre el Espacio Saint Julien<\/a><\/p><\/div>\t\t\t\t\t\t\t\t<\/div>\n\t\t\t\t<\/div>\n\t\t\t\t<\/div>\n\t\t\t\t<\/div>\n\t\t\t\t\t<\/div>\n\t\t\t\t<\/div>\n\t\t<div class=\"elementor-element elementor-element-21f23eb e-flex e-con-boxed e-con e-parent\" data-id=\"21f23eb\" data-element_type=\"container\" data-e-type=\"container\" data-settings=\"{&quot;background_background&quot;:&quot;classic&quot;}\">\n\t\t\t\t\t<div class=\"e-con-inner\">\n\t\t<div class=\"elementor-element elementor-element-42e19b2 e-con-full padd-xl-105 e-flex e-con e-child\" data-id=\"42e19b2\" data-element_type=\"container\" data-e-type=\"container\" data-settings=\"{&quot;background_background&quot;:&quot;classic&quot;}\">\n\t\t\t\t<div class=\"elementor-element elementor-element-20ab3e8 elementor-arrows-position-inside elementor-widget elementor-widget-image-carousel\" data-id=\"20ab3e8\" data-element_type=\"widget\" data-e-type=\"widget\" data-settings=\"{&quot;navigation&quot;:&quot;arrows&quot;,&quot;autoplay&quot;:&quot;no&quot;,&quot;infinite&quot;:&quot;no&quot;,&quot;image_spacing_custom&quot;:{&quot;unit&quot;:&quot;px&quot;,&quot;size&quot;:40,&quot;sizes&quot;:[]},&quot;speed&quot;:500,&quot;image_spacing_custom_tablet&quot;:{&quot;unit&quot;:&quot;px&quot;,&quot;size&quot;:&quot;&quot;,&quot;sizes&quot;:[]},&quot;image_spacing_custom_mobile&quot;:{&quot;unit&quot;:&quot;px&quot;,&quot;size&quot;:&quot;&quot;,&quot;sizes&quot;:[]}}\" data-widget_type=\"image-carousel.default\">\n\t\t\t\t<div class=\"elementor-widget-container\">\n\t\t\t\t\t\t\t<div class=\"elementor-image-carousel-wrapper swiper\" role=\"region\" aria-roledescription=\"carousel\" aria-label=\"Carrusel de im\u00e1genes\" dir=\"ltr\">\n\t\t\t<div class=\"elementor-image-carousel swiper-wrapper swiper-image-stretch\" aria-live=\"polite\">\n\t\t\t\t\t\t\t\t<div class=\"swiper-slide\" role=\"group\" aria-roledescription=\"slide\" aria-label=\"1 de 3\"><a data-elementor-open-lightbox=\"yes\" data-elementor-lightbox-slideshow=\"20ab3e8\" data-elementor-lightbox-title=\"DSC_0064-672x448\" data-e-action-hash=\"#elementor-action%3Aaction%3Dlightbox%26settings%3DeyJpZCI6MzEwOTMsInVybCI6Imh0dHBzOlwvXC9jYXJpdGFzcHJvdml0YWVncmFkdS5jaFwvd3AtY29udGVudFwvdXBsb2Fkc1wvMjAyM1wvMTFcL0RTQ18wMDY0LTY3Mng0NDgtMS5qcGciLCJzbGlkZXNob3ciOiIyMGFiM2U4In0%3D\" href=\"https:\/\/caritasprovitaegradu.ch\/wp-content\/uploads\/2023\/11\/DSC_0064-672x448-1.jpg\"><figure class=\"swiper-slide-inner\"><img decoding=\"async\" class=\"swiper-slide-image\" src=\"https:\/\/caritasprovitaegradu.ch\/wp-content\/uploads\/2023\/11\/DSC_0064-672x448-1.jpg\" alt=\"Laval, France - Espace Saint-Julien - Extracurricular activities\" \/><figcaption class=\"elementor-image-carousel-caption\">Laval, France - Espace Saint-Julien - Extracurricular activities<\/figcaption><\/figure><\/a><\/div><div class=\"swiper-slide\" role=\"group\" aria-roledescription=\"slide\" aria-label=\"2 de 3\"><a data-elementor-open-lightbox=\"yes\" data-elementor-lightbox-slideshow=\"20ab3e8\" data-elementor-lightbox-title=\"pe\u0301riscolaire-672x448\" data-e-action-hash=\"#elementor-action%3Aaction%3Dlightbox%26settings%3DeyJpZCI6MzEwOTAsInVybCI6Imh0dHBzOlwvXC9jYXJpdGFzcHJvdml0YWVncmFkdS5jaFwvd3AtY29udGVudFwvdXBsb2Fkc1wvMjAyM1wvMTFcL3BlcmlzY29sYWlyZS02NzJ4NDQ4LTEuanBnIiwic2xpZGVzaG93IjoiMjBhYjNlOCJ9\" href=\"https:\/\/caritasprovitaegradu.ch\/wp-content\/uploads\/2023\/11\/periscolaire-672x448-1.jpg\"><figure class=\"swiper-slide-inner\"><img decoding=\"async\" class=\"swiper-slide-image\" src=\"https:\/\/caritasprovitaegradu.ch\/wp-content\/uploads\/2023\/11\/periscolaire-672x448-1.jpg\" alt=\"Laval, France - Espace Saint-Julien - Extracurricular activities\" \/><figcaption class=\"elementor-image-carousel-caption\">Laval, France - Espace Saint-Julien - Extracurricular activities<\/figcaption><\/figure><\/a><\/div><div class=\"swiper-slide\" role=\"group\" aria-roledescription=\"slide\" aria-label=\"3 de 3\"><a data-elementor-open-lightbox=\"yes\" data-elementor-lightbox-slideshow=\"20ab3e8\" data-elementor-lightbox-title=\"banner_proj4\" data-e-action-hash=\"#elementor-action%3Aaction%3Dlightbox%26settings%3DeyJpZCI6MzEwODUsInVybCI6Imh0dHBzOlwvXC9jYXJpdGFzcHJvdml0YWVncmFkdS5jaFwvd3AtY29udGVudFwvdXBsb2Fkc1wvMjAyM1wvMTFcL2Jhbm5lcl9wcm9qNC5qcGciLCJzbGlkZXNob3ciOiIyMGFiM2U4In0%3D\" href=\"https:\/\/caritasprovitaegradu.ch\/wp-content\/uploads\/2023\/11\/banner_proj4.jpg\"><figure class=\"swiper-slide-inner\"><img decoding=\"async\" class=\"swiper-slide-image\" src=\"https:\/\/caritasprovitaegradu.ch\/wp-content\/uploads\/2023\/11\/banner_proj4.jpg\" alt=\"Laval, France - Saint-Julien Chapel\" \/><figcaption class=\"elementor-image-carousel-caption\">Laval, France - Saint-Julien Chapel<\/figcaption><\/figure><\/a><\/div>\t\t\t<\/div>\n\t\t\t\t\t\t\t\t\t\t\t\t<div class=\"elementor-swiper-button elementor-swiper-button-prev\" role=\"button\" tabindex=\"0\">\n\t\t\t\t\t\t<svg aria-hidden=\"true\" class=\"e-font-icon-svg e-eicon-chevron-left\" viewBox=\"0 0 1000 1000\" xmlns=\"http:\/\/www.w3.org\/2000\/svg\"><path d=\"M646 125C629 125 613 133 604 142L308 442C296 454 292 471 292 487 292 504 296 521 308 533L604 854C617 867 629 875 646 875 663 875 679 871 692 858 704 846 713 829 713 812 713 796 708 779 692 767L438 487 692 225C700 217 708 204 708 187 708 171 704 154 692 142 675 129 663 125 646 125Z\"><\/path><\/svg>\t\t\t\t\t<\/div>\n\t\t\t\t\t<div class=\"elementor-swiper-button elementor-swiper-button-next\" role=\"button\" tabindex=\"0\">\n\t\t\t\t\t\t<svg aria-hidden=\"true\" class=\"e-font-icon-svg e-eicon-chevron-right\" viewBox=\"0 0 1000 1000\" xmlns=\"http:\/\/www.w3.org\/2000\/svg\"><path d=\"M696 533C708 521 713 504 713 487 713 471 708 454 696 446L400 146C388 133 375 125 354 125 338 125 325 129 313 142 300 154 292 171 292 187 292 204 296 221 308 233L563 492 304 771C292 783 288 800 288 817 288 833 296 850 308 863 321 871 338 875 354 875 371 875 388 867 400 854L696 533Z\"><\/path><\/svg>\t\t\t\t\t<\/div>\n\t\t\t\t\n\t\t\t\t\t\t\t\t\t<\/div>\n\t\t\t\t\t\t<\/div>\n\t\t\t\t<\/div>\n\t\t\t\t<\/div>\n\t\t\t\t\t<\/div>\n\t\t\t\t<\/div>\n\t\t<div class=\"elementor-element elementor-element-b27f7e8 e-flex e-con-boxed e-con e-parent\" data-id=\"b27f7e8\" data-element_type=\"container\" data-e-type=\"container\" data-settings=\"{&quot;background_background&quot;:&quot;classic&quot;}\">\n\t\t\t\t\t<div class=\"e-con-inner\">\n\t\t<div class=\"elementor-element elementor-element-1fd93cf e-con-full con-max-width e-flex e-con e-child\" data-id=\"1fd93cf\" data-element_type=\"container\" data-e-type=\"container\" data-settings=\"{&quot;background_background&quot;:&quot;classic&quot;}\">\n\t\t<div class=\"elementor-element elementor-element-f5f1d2b e-con-full history e-flex e-con e-child\" data-id=\"f5f1d2b\" data-element_type=\"container\" data-e-type=\"container\">\n\t\t\t\t<div class=\"elementor-element elementor-element-23e1559 elementor-widget elementor-widget-heading\" data-id=\"23e1559\" data-element_type=\"widget\" data-e-type=\"widget\" data-widget_type=\"heading.default\">\n\t\t\t\t<div class=\"elementor-widget-container\">\n\t\t\t\t\t<h3 class=\"elementor-heading-title elementor-size-default\">History of Espace Saint Julien\n<\/h3>\t\t\t\t<\/div>\n\t\t\t\t<\/div>\n\t\t\t\t<div class=\"elementor-element elementor-element-9becc69 elementor-widget elementor-widget-text-editor\" data-id=\"9becc69\" data-element_type=\"widget\" data-e-type=\"widget\" data-widget_type=\"text-editor.default\">\n\t\t\t\t<div class=\"elementor-widget-container\">\n\t\t\t\t\t\t\t\t\t<p>El Espacio Saint Julien es un proyecto innovador que busca unir a personas de diferentes generaciones en el coraz\u00f3n de la ciudad de Laval mediante centros interactivos y solidarios de diferente naturaleza:<\/p><ul><li>Residencia para gente mayor<\/li><li>Hogar preescolar<\/li><li>Internado para estudiantes de secundaria y preparatoria escolarizados en la ciudad<\/li><li>Caf\u00e9 solidario abierto especialmente para personas vulnerables<\/li><li>Centro de salud.<\/li><\/ul><p>Se enfrenta diariamente a problemas como el aislamiento de las personas mayores, la educaci\u00f3n de los ni\u00f1os, la discapacidad, la enfermedad y la fragilidad social.<\/p>\t\t\t\t\t\t\t\t<\/div>\n\t\t\t\t<\/div>\n\t\t\t\t<\/div>\n\t\t<div class=\"elementor-element elementor-element-694c79a e-con-full mission e-flex e-con e-child\" data-id=\"694c79a\" data-element_type=\"container\" data-e-type=\"container\">\n\t\t\t\t<div class=\"elementor-element elementor-element-d6bbefa elementor-widget elementor-widget-heading\" data-id=\"d6bbefa\" data-element_type=\"widget\" data-e-type=\"widget\" data-widget_type=\"heading.default\">\n\t\t\t\t<div class=\"elementor-widget-container\">\n\t\t\t\t\t<h3 class=\"elementor-heading-title elementor-size-default\">Misi\u00f3n<\/h3>\t\t\t\t<\/div>\n\t\t\t\t<\/div>\n\t\t\t\t<div class=\"elementor-element elementor-element-dc61ed9 list-icon elementor-widget elementor-widget-text-editor\" data-id=\"dc61ed9\" data-element_type=\"widget\" data-e-type=\"widget\" data-widget_type=\"text-editor.default\">\n\t\t\t\t<div class=\"elementor-widget-container\">\n\t\t\t\t\t\t\t\t\t<p>Con el proyecto de Saint Julien se busca dar una respuesta concreta a estas cuestiones: vivir fraternalmente, crecer juntos y servirnos los unos a los otros. La nueva idea del Espace Saint Julien naci\u00f3 de una combinaci\u00f3n de necesidades y del deseo de muchos residentes de LAVAL de trabajar conjuntamente y de forma voluntaria por el bien com\u00fan de la ciudad.<\/p>\t\t\t\t\t\t\t\t<\/div>\n\t\t\t\t<\/div>\n\t\t\t\t<div class=\"elementor-element elementor-element-7f1b38a elementor-mobile-align-center elementor-widget elementor-widget-button\" data-id=\"7f1b38a\" data-element_type=\"widget\" data-e-type=\"widget\" data-widget_type=\"button.default\">\n\t\t\t\t<div class=\"elementor-widget-container\">\n\t\t\t\t\t\t\t\t\t<div class=\"elementor-button-wrapper\">\n\t\t\t\t\t<a class=\"elementor-button elementor-button-link elementor-size-sm\" href=\"https:\/\/caritasprovitaegradu.ch\/es\/ayudenos-en-nuestra-mision\/\">\n\t\t\t\t\t\t<span class=\"elementor-button-content-wrapper\">\n\t\t\t\t\t\t\t\t\t<span class=\"elementor-button-text\">Ay\u00fadanos a apoyar este proyecto<\/span>\n\t\t\t\t\t<\/span>\n\t\t\t\t\t<\/a>\n\t\t\t\t<\/div>\n\t\t\t\t\t\t\t\t<\/div>\n\t\t\t\t<\/div>\n\t\t\t\t<\/div>\n\t\t\t\t<\/div>\n\t\t<div class=\"elementor-element elementor-element-d731c96 e-con-full con-max-width e-flex e-con e-child\" data-id=\"d731c96\" data-element_type=\"container\" data-e-type=\"container\" data-settings=\"{&quot;background_background&quot;:&quot;classic&quot;}\">\n\t\t<div class=\"elementor-element elementor-element-3e3afe0 e-con-full history e-flex e-con e-child\" data-id=\"3e3afe0\" data-element_type=\"container\" data-e-type=\"container\">\n\t\t\t\t<div class=\"elementor-element elementor-element-d87b81d elementor-widget elementor-widget-heading\" data-id=\"d87b81d\" data-element_type=\"widget\" data-e-type=\"widget\" data-widget_type=\"heading.default\">\n\t\t\t\t<div class=\"elementor-widget-container\">\n\t\t\t\t\t<h3 class=\"elementor-heading-title elementor-size-default\">El proyecto apoyado por Caritas Pro Vitae Gradu Charitable Trust<\/h3>\t\t\t\t<\/div>\n\t\t\t\t<\/div>\n\t\t\t\t<div class=\"elementor-element elementor-element-87c4d37 elementor-widget elementor-widget-text-editor\" data-id=\"87c4d37\" data-element_type=\"widget\" data-e-type=\"widget\" data-widget_type=\"text-editor.default\">\n\t\t\t\t<div class=\"elementor-widget-container\">\n\t\t\t\t\t\t\t\t\t<div class=\"col-md-6\"><div class=\"text-blk\"><p>Este innovador proyecto lo dirige un equipo de sacerdotes de la Comunidad de San Mart\u00edn.<\/p><p>Se centra en cinco puntos:<\/p><h5>La residencia para mayores<\/h5><p>En el n\u00facleo del proyecto de nuestra residencia est\u00e1 el deseo de conectar a las generaciones y de conseguir que todos se sientan bien y sigan siendo \u00fatiles.<\/p><h5>El internado<\/h5><p>Por medio de la integraci\u00f3n del Espace Saint Julien, el internado doblar\u00e1 su capacidad, lo que permitir\u00e1 que un mayor n\u00famero de j\u00f3venes se desarrollen en el centro de este espacio intergeneracional.<\/p><h5>Centro de actividades extraescolares<\/h5><p>Tanto los adultos de las residencias para mayores como los j\u00f3venes del internado participar\u00e1n en las actividades colaborando en las tareas y los talleres de animaci\u00f3n para que el v\u00ednculo intergeneracional pueda desarrollarse en toda su dimensi\u00f3n y fomentar as\u00ed la confianza en uno mismo y el aprendizaje del servicio a los dem\u00e1s.<\/p><\/div><\/div>\t\t\t\t\t\t\t\t<\/div>\n\t\t\t\t<\/div>\n\t\t\t\t<\/div>\n\t\t<div class=\"elementor-element elementor-element-70b46d2 e-con-full mission e-flex e-con e-child\" data-id=\"70b46d2\" data-element_type=\"container\" data-e-type=\"container\">\n\t\t\t\t<div class=\"elementor-element elementor-element-4668454 elementor-widget elementor-widget-text-editor\" data-id=\"4668454\" data-element_type=\"widget\" data-e-type=\"widget\" data-widget_type=\"text-editor.default\">\n\t\t\t\t<div class=\"elementor-widget-container\">\n\t\t\t\t\t\t\t\t\t<div class=\"col-md-6\"><div class=\"text-blk\"><h5>Caf\u00e9 solidario<\/h5><p>En l\u00ednea con la visi\u00f3n de los fundadores del proyecto, se establecer\u00e1 un caf\u00e9 solidario como parte de la integraci\u00f3n de las poblaciones m\u00e1s vulnerables. El objetivo de este grupo, particularmente a trav\u00e9s de acciones de ayuda, es el de conectar a personas que se encuentran en situaci\u00f3n de fragilidad para fomentar el intercambio alrededor de un caf\u00e9, reduciendo as\u00ed la vulnerabilidades y promoviendo la inclusi\u00f3n de personas vulnerables.<\/p><h5>Centro de salud<\/h5><p>El intercambio de experiencias entre los terapeutas y el desarrollo de pr\u00e1cticas de atenci\u00f3n innovadoras junto con los socios locales mejorar\u00e1n continuamente la calidad de la atenci\u00f3n y permitir\u00e1n que accedan a ella todas las personas del centro intergeneracional, adem\u00e1s de las de la Ciudad de Laval.<\/p><\/div><\/div>\t\t\t\t\t\t\t\t<\/div>\n\t\t\t\t<\/div>\n\t\t\t\t<\/div>\n\t\t\t\t<\/div>\n\t\t\t\t\t<\/div>\n\t\t\t\t<\/div>\n\t\t<div class=\"elementor-element elementor-element-251ee7d req-donation e-flex e-con-boxed e-con e-parent\" data-id=\"251ee7d\" data-element_type=\"container\" data-e-type=\"container\" data-settings=\"{&quot;background_background&quot;:&quot;classic&quot;}\">\n\t\t\t\t\t<div class=\"e-con-inner\">\n\t\t<div class=\"elementor-element elementor-element-eeff61e e-con-full e-flex e-con e-child\" data-id=\"eeff61e\" data-element_type=\"container\" data-e-type=\"container\" data-settings=\"{&quot;background_background&quot;:&quot;gradient&quot;}\">\n\t\t<div class=\"elementor-element elementor-element-3b8e3fe e-con-full req-don-btn e-flex e-con e-child\" data-id=\"3b8e3fe\" data-element_type=\"container\" data-e-type=\"container\" data-settings=\"{&quot;background_background&quot;:&quot;classic&quot;}\">\n\t\t\t\t<div class=\"elementor-element elementor-element-756bfd4 elementor-widget elementor-widget-heading\" data-id=\"756bfd4\" data-element_type=\"widget\" data-e-type=\"widget\" data-widget_type=\"heading.default\">\n\t\t\t\t<div class=\"elementor-widget-container\">\n\t\t\t\t\t<h3 class=\"elementor-heading-title elementor-size-default\">Solicitar Donativo<\/h3>\t\t\t\t<\/div>\n\t\t\t\t<\/div>\n\t\t\t\t<div class=\"elementor-element elementor-element-6194bc5 elementor-widget__width-initial elementor-widget elementor-widget-text-editor\" data-id=\"6194bc5\" data-element_type=\"widget\" data-e-type=\"widget\" data-widget_type=\"text-editor.default\">\n\t\t\t\t<div class=\"elementor-widget-container\">\n\t\t\t\t\t\t\t\t\t<p>Prestamos nuestro apoyo en actividades de una gran variedad de sectores del campo social, m\u00e1s espec\u00edficamente en la lucha contra la pobreza, la mejora de la educaci\u00f3n, el acceso a los servicios de salud, la asistencia a migrantes y refugiados, y la protecci\u00f3n de las familias y la vida.<\/p>\n\t\t\t\t\t\t\t\t<\/div>\n\t\t\t\t<\/div>\n\t\t\t\t<div class=\"elementor-element elementor-element-7d8a12d elementor-align-center elementor-widget elementor-widget-button\" data-id=\"7d8a12d\" data-element_type=\"widget\" data-e-type=\"widget\" data-widget_type=\"button.default\">\n\t\t\t\t<div class=\"elementor-widget-container\">\n\t\t\t\t\t\t\t\t\t<div class=\"elementor-button-wrapper\">\n\t\t\t\t\t<a class=\"elementor-button elementor-button-link elementor-size-sm\" href=\"https:\/\/frnpbdued.preview.infomaniak.website\/es\/solicitar-donativo\/\">\n\t\t\t\t\t\t<span class=\"elementor-button-content-wrapper\">\n\t\t\t\t\t\t\t\t\t<span class=\"elementor-button-text\">Solicitar Donativo<\/span>\n\t\t\t\t\t<\/span>\n\t\t\t\t\t<\/a>\n\t\t\t\t<\/div>\n\t\t\t\t\t\t\t\t<\/div>\n\t\t\t\t<\/div>\n\t\t\t\t<\/div>\n\t\t\t\t<\/div>\n\t\t\t\t\t<\/div>\n\t\t\t\t<\/div>\n\t\t\t\t<\/div>\n\t\t","protected":false},"excerpt":{"rendered":"<p>Espacio Saint Julien en Laval, Francia El Espacio Saint Julien es un lugar de vida donde, todos los d\u00edas, se dar\u00e1 la bienvenida a m\u00e1s de 300 personas. Desde el principio, el objetivo de los voluntarios implicados en este proyecto ha sido el de servir al bienestar com\u00fan. Se ofrece a las personas m\u00e1s vulnerables [&hellip;]<\/p>\n","protected":false},"featured_media":31085,"template":"","format":"standard","categories":[],"class_list":["post-32158","projects","type-projects","status-publish","format-standard","has-post-thumbnail","hentry"],"acf":[],"_links":{"self":[{"href":"https:\/\/caritasprovitaegradu.ch\/es\/wp-json\/wp\/v2\/projects\/32158","targetHints":{"allow":["GET"]}}],"collection":[{"href":"https:\/\/caritasprovitaegradu.ch\/es\/wp-json\/wp\/v2\/projects"}],"about":[{"href":"https:\/\/caritasprovitaegradu.ch\/es\/wp-json\/wp\/v2\/types\/projects"}],"version-history":[{"count":15,"href":"https:\/\/caritasprovitaegradu.ch\/es\/wp-json\/wp\/v2\/projects\/32158\/revisions"}],"predecessor-version":[{"id":33705,"href":"https:\/\/caritasprovitaegradu.ch\/es\/wp-json\/wp\/v2\/projects\/32158\/revisions\/33705"}],"wp:featuredmedia":[{"embeddable":true,"href":"https:\/\/caritasprovitaegradu.ch\/es\/wp-json\/wp\/v2\/media\/31085"}],"wp:attachment":[{"href":"https:\/\/caritasprovitaegradu.ch\/es\/wp-json\/wp\/v2\/media?parent=32158"}],"wp:term":[{"taxonomy":"category","embeddable":true,"href":"https:\/\/caritasprovitaegradu.ch\/es\/wp-json\/wp\/v2\/categories?post=32158"}],"curies":[{"name":"wp","href":"https:\/\/api.w.org\/{rel}","templated":true}]}}