{"id":31966,"date":"2023-11-14T06:41:29","date_gmt":"2023-11-14T05:41:29","guid":{"rendered":"https:\/\/frnpbdued.preview.infomaniak.website\/projects\/a-chance-in-life-covid-19-support\/"},"modified":"2024-01-30T18:00:12","modified_gmt":"2024-01-30T17:00:12","slug":"a-chance-in-life-covid-19-support","status":"publish","type":"projects","link":"https:\/\/caritasprovitaegradu.ch\/es\/projects\/a-chance-in-life-covid-19-support\/","title":{"rendered":"A Chance in Life \u2013 COVID-19 Support"},"content":{"rendered":"\t\t<div data-elementor-type=\"wp-post\" data-elementor-id=\"31966\" class=\"elementor elementor-31966 elementor-31500\" data-elementor-post-type=\"projects\">\n\t\t\t\t<div class=\"elementor-element elementor-element-aaed29a hero-banner-sec e-flex e-con-boxed e-con e-parent\" data-id=\"aaed29a\" data-element_type=\"container\" data-e-type=\"container\" data-settings=\"{&quot;background_background&quot;:&quot;classic&quot;}\">\n\t\t\t\t\t<div class=\"e-con-inner\">\n\t\t\t\t<div class=\"elementor-element elementor-element-e1c7936 elementor-widget elementor-widget-image\" data-id=\"e1c7936\" data-element_type=\"widget\" data-e-type=\"widget\" data-widget_type=\"image.default\">\n\t\t\t\t<div class=\"elementor-widget-container\">\n\t\t\t\t\t\t\t\t\t\t\t\t\t\t\t<img fetchpriority=\"high\" decoding=\"async\" width=\"1280\" height=\"597\" src=\"https:\/\/caritasprovitaegradu.ch\/wp-content\/uploads\/2023\/11\/17-Guatemala-2.jpg\" class=\"attachment-full size-full wp-image-31503\" alt=\"Guatemala\" srcset=\"https:\/\/caritasprovitaegradu.ch\/wp-content\/uploads\/2023\/11\/17-Guatemala-2.jpg 1280w, https:\/\/caritasprovitaegradu.ch\/wp-content\/uploads\/2023\/11\/17-Guatemala-2-300x140.jpg 300w, https:\/\/caritasprovitaegradu.ch\/wp-content\/uploads\/2023\/11\/17-Guatemala-2-1024x478.jpg 1024w, https:\/\/caritasprovitaegradu.ch\/wp-content\/uploads\/2023\/11\/17-Guatemala-2-768x358.jpg 768w\" sizes=\"(max-width: 1280px) 100vw, 1280px\" \/>\t\t\t\t\t\t\t\t\t\t\t\t\t\t\t<\/div>\n\t\t\t\t<\/div>\n\t\t<div class=\"elementor-element elementor-element-e155492 e-flex e-con-boxed e-con e-child\" data-id=\"e155492\" data-element_type=\"container\" data-e-type=\"container\" data-settings=\"{&quot;position&quot;:&quot;absolute&quot;}\">\n\t\t\t\t\t<div class=\"e-con-inner\">\n\t\t\t\t<div class=\"elementor-element elementor-element-defad1c elementor-widget-tablet__width-initial banner-title elementor-widget elementor-widget-heading\" data-id=\"defad1c\" data-element_type=\"widget\" data-e-type=\"widget\" data-widget_type=\"heading.default\">\n\t\t\t\t<div class=\"elementor-widget-container\">\n\t\t\t\t\t<h1 class=\"elementor-heading-title elementor-size-default\">A Chance in Life \u2013 COVID-19 Support<\/h1>\t\t\t\t<\/div>\n\t\t\t\t<\/div>\n\t\t\t\t<div class=\"elementor-element elementor-element-7633c29 elementor-widget__width-auto banner-desc  elementor-widget elementor-widget-heading\" data-id=\"7633c29\" data-element_type=\"widget\" data-e-type=\"widget\" data-widget_type=\"heading.default\">\n\t\t\t\t<div class=\"elementor-widget-container\">\n\t\t\t\t\t<span class=\"elementor-heading-title elementor-size-default\">Familias que reciben paquetes de ayuda en Guatemala<\/span>\t\t\t\t<\/div>\n\t\t\t\t<\/div>\n\t\t\t\t\t<\/div>\n\t\t\t\t<\/div>\n\t\t\t\t\t<\/div>\n\t\t\t\t<\/div>\n\t\t<div class=\"elementor-element elementor-element-0cb5a98 pro-content e-flex e-con-boxed e-con e-parent\" data-id=\"0cb5a98\" data-element_type=\"container\" data-e-type=\"container\" data-settings=\"{&quot;background_background&quot;:&quot;classic&quot;}\">\n\t\t\t\t\t<div class=\"e-con-inner\">\n\t\t<div class=\"elementor-element elementor-element-cfee84f e-con-full con-max-width e-flex e-con e-child\" data-id=\"cfee84f\" data-element_type=\"container\" data-e-type=\"container\" data-settings=\"{&quot;background_background&quot;:&quot;classic&quot;}\">\n\t\t<div class=\"elementor-element elementor-element-c5a09c0 e-con-full e-flex e-con e-child\" data-id=\"c5a09c0\" data-element_type=\"container\" data-e-type=\"container\">\n\t\t\t\t<div class=\"elementor-element elementor-element-b4f9523 elementor-widget elementor-widget-heading\" data-id=\"b4f9523\" data-element_type=\"widget\" data-e-type=\"widget\" data-widget_type=\"heading.default\">\n\t\t\t\t<div class=\"elementor-widget-container\">\n\t\t\t\t\t<h3 class=\"elementor-heading-title elementor-size-default\">A Chance in Life \u2013 Proyecto de apoyo nutricional COVID-19\n<\/h3>\t\t\t\t<\/div>\n\t\t\t\t<\/div>\n\t\t\t\t<div class=\"elementor-element elementor-element-ad5cb6e list-icon elementor-widget elementor-widget-text-editor\" data-id=\"ad5cb6e\" data-element_type=\"widget\" data-e-type=\"widget\" data-widget_type=\"text-editor.default\">\n\t\t\t\t<div class=\"elementor-widget-container\">\n\t\t\t\t\t\t\t\t\t<p>La misi\u00f3n de \u00abA Chance in Life\u00bb comenz\u00f3 en 1945, tras la Segunda Guerra Mundial. Un gran n\u00famero de hu\u00e9rfanos y ni\u00f1os vulnerables quedaron viviendo en las calles de Italia a causa de la guerra. Monse\u00f1or John Patrick Carroll-Abbing estaba decidido a que alguien se ocupara de ellos. Su decisi\u00f3n de dedicarse a su bienestar defini\u00f3 el curso del trabajo de su vida. Fund\u00f3 lo que se convertir\u00eda en Una Oportunidad en la Vida.<\/p>\n<p>La Rep\u00fablica de los Ni\u00f1os y las Ni\u00f1as de Italia (La Repubblica dei Ragazzi) y las Ciudades de los Ni\u00f1os y las Ni\u00f1as de Italia (La Citt\u00e0 dei Ragazzi) se fundaron para proporcionar, en palabras de monse\u00f1or John Patrick Caroll-Abbing, \u00abuna oportunidad en la vida\u00bb a los ni\u00f1os vulnerables y hu\u00e9rfanos. Despu\u00e9s de meses o a\u00f1os de vivir solos, muchos de los ni\u00f1os que Monse\u00f1or encontr\u00f3 por primera vez no estaban acostumbrados o no quer\u00edan vivir bajo la supervisi\u00f3n de adultos. Esta naturaleza independiente inspir\u00f3 un enfoque visionario para el desarrollo de la juventud en las Ciudades: dar a los ni\u00f1os la responsabilidad de dirigir su propia Ciudad a trav\u00e9s del modelo de autogobierno.<\/p>\n\t\t\t\t\t\t\t\t<\/div>\n\t\t\t\t<\/div>\n\t\t\t\t<div class=\"elementor-element elementor-element-5764269 elementor-mobile-align-center elementor-widget elementor-widget-button\" data-id=\"5764269\" data-element_type=\"widget\" data-e-type=\"widget\" data-widget_type=\"button.default\">\n\t\t\t\t<div class=\"elementor-widget-container\">\n\t\t\t\t\t\t\t\t\t<div class=\"elementor-button-wrapper\">\n\t\t\t\t\t<a class=\"elementor-button elementor-button-link elementor-size-sm\" href=\"https:\/\/caritasprovitaegradu.ch\/es\/ayudenos-en-nuestra-mision\/\">\n\t\t\t\t\t\t<span class=\"elementor-button-content-wrapper\">\n\t\t\t\t\t\t\t\t\t<span class=\"elementor-button-text\">Ay\u00fadanos a apoyar este proyecto<\/span>\n\t\t\t\t\t<\/span>\n\t\t\t\t\t<\/a>\n\t\t\t\t<\/div>\n\t\t\t\t\t\t\t\t<\/div>\n\t\t\t\t<\/div>\n\t\t\t\t<\/div>\n\t\t<div class=\"elementor-element elementor-element-bc3adc8 e-con-full e-flex e-con e-child\" data-id=\"bc3adc8\" data-element_type=\"container\" data-e-type=\"container\">\n\t\t\t\t<div class=\"elementor-element elementor-element-70f3cf3 elementor-widget elementor-widget-heading\" data-id=\"70f3cf3\" data-element_type=\"widget\" data-e-type=\"widget\" data-widget_type=\"heading.default\">\n\t\t\t\t<div class=\"elementor-widget-container\">\n\t\t\t\t\t<h6 class=\"elementor-heading-title elementor-size-default\">CONTACTO<\/h6>\t\t\t\t<\/div>\n\t\t\t\t<\/div>\n\t\t\t\t<div class=\"elementor-element elementor-element-0eb28d8 elementor-widget elementor-widget-text-editor\" data-id=\"0eb28d8\" data-element_type=\"widget\" data-e-type=\"widget\" data-widget_type=\"text-editor.default\">\n\t\t\t\t<div class=\"elementor-widget-container\">\n\t\t\t\t\t\t\t\t\t<p>A Chance In Life<\/p>\n\t\t\t\t\t\t\t\t<\/div>\n\t\t\t\t<\/div>\n\t\t\t\t<div class=\"elementor-element elementor-element-096f70e elementor-widget elementor-widget-heading\" data-id=\"096f70e\" data-element_type=\"widget\" data-e-type=\"widget\" data-widget_type=\"heading.default\">\n\t\t\t\t<div class=\"elementor-widget-container\">\n\t\t\t\t\t<h6 class=\"elementor-heading-title elementor-size-default\">WEBSITE<\/h6>\t\t\t\t<\/div>\n\t\t\t\t<\/div>\n\t\t\t\t<div class=\"elementor-element elementor-element-5daf234 elementor-widget elementor-widget-text-editor\" data-id=\"5daf234\" data-element_type=\"widget\" data-e-type=\"widget\" data-widget_type=\"text-editor.default\">\n\t\t\t\t<div class=\"elementor-widget-container\">\n\t\t\t\t\t\t\t\t\t<p><a href=\"https:\/\/www.achanceinlife.org\/\" target=\"_blank\" rel=\"noopener\">A Chance In Life <\/a><\/p>\n\t\t\t\t\t\t\t\t<\/div>\n\t\t\t\t<\/div>\n\t\t\t\t<\/div>\n\t\t\t\t<\/div>\n\t\t\t\t\t<\/div>\n\t\t\t\t<\/div>\n\t\t<div class=\"elementor-element elementor-element-21f23eb e-flex e-con-boxed e-con e-parent\" data-id=\"21f23eb\" data-element_type=\"container\" data-e-type=\"container\" data-settings=\"{&quot;background_background&quot;:&quot;classic&quot;}\">\n\t\t\t\t\t<div class=\"e-con-inner\">\n\t\t<div class=\"elementor-element elementor-element-42e19b2 e-con-full padd-xl-105 e-flex e-con e-child\" data-id=\"42e19b2\" data-element_type=\"container\" data-e-type=\"container\" data-settings=\"{&quot;background_background&quot;:&quot;classic&quot;}\">\n\t\t\t\t<div class=\"elementor-element elementor-element-20ab3e8 elementor-arrows-position-inside elementor-widget elementor-widget-image-carousel\" data-id=\"20ab3e8\" data-element_type=\"widget\" data-e-type=\"widget\" data-settings=\"{&quot;navigation&quot;:&quot;arrows&quot;,&quot;autoplay&quot;:&quot;no&quot;,&quot;infinite&quot;:&quot;no&quot;,&quot;image_spacing_custom&quot;:{&quot;unit&quot;:&quot;px&quot;,&quot;size&quot;:40,&quot;sizes&quot;:[]},&quot;speed&quot;:500,&quot;image_spacing_custom_tablet&quot;:{&quot;unit&quot;:&quot;px&quot;,&quot;size&quot;:&quot;&quot;,&quot;sizes&quot;:[]},&quot;image_spacing_custom_mobile&quot;:{&quot;unit&quot;:&quot;px&quot;,&quot;size&quot;:&quot;&quot;,&quot;sizes&quot;:[]}}\" data-widget_type=\"image-carousel.default\">\n\t\t\t\t<div class=\"elementor-widget-container\">\n\t\t\t\t\t\t\t<div class=\"elementor-image-carousel-wrapper swiper\" role=\"region\" aria-roledescription=\"carousel\" aria-label=\"Carrusel de im\u00e1genes\" dir=\"ltr\">\n\t\t\t<div class=\"elementor-image-carousel swiper-wrapper swiper-image-stretch\" aria-live=\"polite\">\n\t\t\t\t\t\t\t\t<div class=\"swiper-slide\" role=\"group\" aria-roledescription=\"slide\" aria-label=\"1 de 7\"><a data-elementor-open-lightbox=\"yes\" data-elementor-lightbox-slideshow=\"20ab3e8\" data-elementor-lightbox-title=\"37-Peru\" data-e-action-hash=\"#elementor-action%3Aaction%3Dlightbox%26settings%3DeyJpZCI6MzE1MjgsInVybCI6Imh0dHBzOlwvXC9jYXJpdGFzcHJvdml0YWVncmFkdS5jaFwvd3AtY29udGVudFwvdXBsb2Fkc1wvMjAyM1wvMTFcLzM3LVBlcnUuanBnIiwic2xpZGVzaG93IjoiMjBhYjNlOCJ9\" href=\"https:\/\/caritasprovitaegradu.ch\/wp-content\/uploads\/2023\/11\/37-Peru.jpg\"><figure class=\"swiper-slide-inner\"><img decoding=\"async\" class=\"swiper-slide-image\" src=\"https:\/\/caritasprovitaegradu.ch\/wp-content\/uploads\/2023\/11\/37-Peru.jpg\" alt=\"Food Packages ready in Peru\" \/><figcaption class=\"elementor-image-carousel-caption\">Food Packages ready in Peru<\/figcaption><\/figure><\/a><\/div><div class=\"swiper-slide\" role=\"group\" aria-roledescription=\"slide\" aria-label=\"2 de 7\"><a data-elementor-open-lightbox=\"yes\" data-elementor-lightbox-slideshow=\"20ab3e8\" data-elementor-lightbox-title=\"smart\" data-e-action-hash=\"#elementor-action%3Aaction%3Dlightbox%26settings%3DeyJpZCI6MzE1MjUsInVybCI6Imh0dHBzOlwvXC9jYXJpdGFzcHJvdml0YWVncmFkdS5jaFwvd3AtY29udGVudFwvdXBsb2Fkc1wvMjAyM1wvMTFcL0JvbGl2aWEtMDAzLmpwZyIsInNsaWRlc2hvdyI6IjIwYWIzZTgifQ%3D%3D\" href=\"https:\/\/caritasprovitaegradu.ch\/wp-content\/uploads\/2023\/11\/Bolivia-003.jpg\"><figure class=\"swiper-slide-inner\"><img decoding=\"async\" class=\"swiper-slide-image\" src=\"https:\/\/caritasprovitaegradu.ch\/wp-content\/uploads\/2023\/11\/Bolivia-003.jpg\" alt=\"smart\" \/><figcaption class=\"elementor-image-carousel-caption\">smart<\/figcaption><\/figure><\/a><\/div><div class=\"swiper-slide\" role=\"group\" aria-roledescription=\"slide\" aria-label=\"3 de 7\"><a data-elementor-open-lightbox=\"yes\" data-elementor-lightbox-slideshow=\"20ab3e8\" data-elementor-lightbox-title=\"29-Guatemala\" data-e-action-hash=\"#elementor-action%3Aaction%3Dlightbox%26settings%3DeyJpZCI6MzE1MjIsInVybCI6Imh0dHBzOlwvXC9jYXJpdGFzcHJvdml0YWVncmFkdS5jaFwvd3AtY29udGVudFwvdXBsb2Fkc1wvMjAyM1wvMTFcLzI5LUd1YXRlbWFsYS5qcGciLCJzbGlkZXNob3ciOiIyMGFiM2U4In0%3D\" href=\"https:\/\/caritasprovitaegradu.ch\/wp-content\/uploads\/2023\/11\/29-Guatemala.jpg\"><figure class=\"swiper-slide-inner\"><img decoding=\"async\" class=\"swiper-slide-image\" src=\"https:\/\/caritasprovitaegradu.ch\/wp-content\/uploads\/2023\/11\/29-Guatemala.jpg\" alt=\"Families receiving care packages in Guatemala\" \/><figcaption class=\"elementor-image-carousel-caption\">Families receiving care packages in Guatemala<\/figcaption><\/figure><\/a><\/div><div class=\"swiper-slide\" role=\"group\" aria-roledescription=\"slide\" aria-label=\"4 de 7\"><a data-elementor-open-lightbox=\"yes\" data-elementor-lightbox-slideshow=\"20ab3e8\" data-elementor-lightbox-title=\"17-Guatemala-2\" data-e-action-hash=\"#elementor-action%3Aaction%3Dlightbox%26settings%3DeyJpZCI6MzE1MDMsInVybCI6Imh0dHBzOlwvXC9jYXJpdGFzcHJvdml0YWVncmFkdS5jaFwvd3AtY29udGVudFwvdXBsb2Fkc1wvMjAyM1wvMTFcLzE3LUd1YXRlbWFsYS0yLmpwZyIsInNsaWRlc2hvdyI6IjIwYWIzZTgifQ%3D%3D\" href=\"https:\/\/caritasprovitaegradu.ch\/wp-content\/uploads\/2023\/11\/17-Guatemala-2.jpg\"><figure class=\"swiper-slide-inner\"><img decoding=\"async\" class=\"swiper-slide-image\" src=\"https:\/\/caritasprovitaegradu.ch\/wp-content\/uploads\/2023\/11\/17-Guatemala-2.jpg\" alt=\"Guatemala\" \/><figcaption class=\"elementor-image-carousel-caption\">Families receiving Care Packages in Guatemala<\/figcaption><\/figure><\/a><\/div><div class=\"swiper-slide\" role=\"group\" aria-roledescription=\"slide\" aria-label=\"5 de 7\"><a data-elementor-open-lightbox=\"yes\" data-elementor-lightbox-slideshow=\"20ab3e8\" data-elementor-lightbox-title=\"41-Colombia-1\" data-e-action-hash=\"#elementor-action%3Aaction%3Dlightbox%26settings%3DeyJpZCI6MzE1MTgsInVybCI6Imh0dHBzOlwvXC9jYXJpdGFzcHJvdml0YWVncmFkdS5jaFwvd3AtY29udGVudFwvdXBsb2Fkc1wvMjAyM1wvMTFcLzQxLUNvbG9tYmlhLTEuanBlZyIsInNsaWRlc2hvdyI6IjIwYWIzZTgifQ%3D%3D\" href=\"https:\/\/caritasprovitaegradu.ch\/wp-content\/uploads\/2023\/11\/41-Colombia-1.jpeg\"><figure class=\"swiper-slide-inner\"><img decoding=\"async\" class=\"swiper-slide-image\" src=\"https:\/\/caritasprovitaegradu.ch\/wp-content\/uploads\/2023\/11\/41-Colombia-1.jpeg\" alt=\"Thank you poster from children in Colombia\" \/><figcaption class=\"elementor-image-carousel-caption\">Thank you poster from children in Colombia<\/figcaption><\/figure><\/a><\/div><div class=\"swiper-slide\" role=\"group\" aria-roledescription=\"slide\" aria-label=\"6 de 7\"><a data-elementor-open-lightbox=\"yes\" data-elementor-lightbox-slideshow=\"20ab3e8\" data-elementor-lightbox-title=\"Lima-001\" data-e-action-hash=\"#elementor-action%3Aaction%3Dlightbox%26settings%3DeyJpZCI6MzE1MTUsInVybCI6Imh0dHBzOlwvXC9jYXJpdGFzcHJvdml0YWVncmFkdS5jaFwvd3AtY29udGVudFwvdXBsb2Fkc1wvMjAyM1wvMTFcL0xpbWEtMDAxLmpwZWciLCJzbGlkZXNob3ciOiIyMGFiM2U4In0%3D\" href=\"https:\/\/caritasprovitaegradu.ch\/wp-content\/uploads\/2023\/11\/Lima-001.jpeg\"><figure class=\"swiper-slide-inner\"><img decoding=\"async\" class=\"swiper-slide-image\" src=\"https:\/\/caritasprovitaegradu.ch\/wp-content\/uploads\/2023\/11\/Lima-001.jpeg\" alt=\"Preparing care packages in Peru\" \/><figcaption class=\"elementor-image-carousel-caption\">Preparing care packages in Peru<\/figcaption><\/figure><\/a><\/div><div class=\"swiper-slide\" role=\"group\" aria-roledescription=\"slide\" aria-label=\"7 de 7\"><a data-elementor-open-lightbox=\"yes\" data-elementor-lightbox-slideshow=\"20ab3e8\" data-elementor-lightbox-title=\"India-018\" data-e-action-hash=\"#elementor-action%3Aaction%3Dlightbox%26settings%3DeyJpZCI6MzE1MTIsInVybCI6Imh0dHBzOlwvXC9jYXJpdGFzcHJvdml0YWVncmFkdS5jaFwvd3AtY29udGVudFwvdXBsb2Fkc1wvMjAyM1wvMTFcL0luZGlhLTAxOC5qcGVnIiwic2xpZGVzaG93IjoiMjBhYjNlOCJ9\" href=\"https:\/\/caritasprovitaegradu.ch\/wp-content\/uploads\/2023\/11\/India-018.jpeg\"><figure class=\"swiper-slide-inner\"><img decoding=\"async\" class=\"swiper-slide-image\" src=\"https:\/\/caritasprovitaegradu.ch\/wp-content\/uploads\/2023\/11\/India-018.jpeg\" alt=\"Distributing food packages in India\" \/><figcaption class=\"elementor-image-carousel-caption\">Distributing food packages in India<\/figcaption><\/figure><\/a><\/div>\t\t\t<\/div>\n\t\t\t\t\t\t\t\t\t\t\t\t<div class=\"elementor-swiper-button elementor-swiper-button-prev\" role=\"button\" tabindex=\"0\">\n\t\t\t\t\t\t<svg aria-hidden=\"true\" class=\"e-font-icon-svg e-eicon-chevron-left\" viewBox=\"0 0 1000 1000\" xmlns=\"http:\/\/www.w3.org\/2000\/svg\"><path d=\"M646 125C629 125 613 133 604 142L308 442C296 454 292 471 292 487 292 504 296 521 308 533L604 854C617 867 629 875 646 875 663 875 679 871 692 858 704 846 713 829 713 812 713 796 708 779 692 767L438 487 692 225C700 217 708 204 708 187 708 171 704 154 692 142 675 129 663 125 646 125Z\"><\/path><\/svg>\t\t\t\t\t<\/div>\n\t\t\t\t\t<div class=\"elementor-swiper-button elementor-swiper-button-next\" role=\"button\" tabindex=\"0\">\n\t\t\t\t\t\t<svg aria-hidden=\"true\" class=\"e-font-icon-svg e-eicon-chevron-right\" viewBox=\"0 0 1000 1000\" xmlns=\"http:\/\/www.w3.org\/2000\/svg\"><path d=\"M696 533C708 521 713 504 713 487 713 471 708 454 696 446L400 146C388 133 375 125 354 125 338 125 325 129 313 142 300 154 292 171 292 187 292 204 296 221 308 233L563 492 304 771C292 783 288 800 288 817 288 833 296 850 308 863 321 871 338 875 354 875 371 875 388 867 400 854L696 533Z\"><\/path><\/svg>\t\t\t\t\t<\/div>\n\t\t\t\t\n\t\t\t\t\t\t\t\t\t<\/div>\n\t\t\t\t\t\t<\/div>\n\t\t\t\t<\/div>\n\t\t\t\t<\/div>\n\t\t\t\t\t<\/div>\n\t\t\t\t<\/div>\n\t\t<div class=\"elementor-element elementor-element-b27f7e8 e-flex e-con-boxed e-con e-parent\" data-id=\"b27f7e8\" data-element_type=\"container\" data-e-type=\"container\" data-settings=\"{&quot;background_background&quot;:&quot;classic&quot;}\">\n\t\t\t\t\t<div class=\"e-con-inner\">\n\t\t<div class=\"elementor-element elementor-element-1fd93cf e-con-full con-max-width e-flex e-con e-child\" data-id=\"1fd93cf\" data-element_type=\"container\" data-e-type=\"container\" data-settings=\"{&quot;background_background&quot;:&quot;classic&quot;}\">\n\t\t<div class=\"elementor-element elementor-element-f5f1d2b e-con-full history e-flex e-con e-child\" data-id=\"f5f1d2b\" data-element_type=\"container\" data-e-type=\"container\">\n\t\t\t\t<div class=\"elementor-element elementor-element-23e1559 elementor-widget elementor-widget-heading\" data-id=\"23e1559\" data-element_type=\"widget\" data-e-type=\"widget\" data-widget_type=\"heading.default\">\n\t\t\t\t<div class=\"elementor-widget-container\">\n\t\t\t\t\t<h3 class=\"elementor-heading-title elementor-size-default\">Historia<\/h3>\t\t\t\t<\/div>\n\t\t\t\t<\/div>\n\t\t\t\t<div class=\"elementor-element elementor-element-9becc69 list-icon elementor-widget elementor-widget-text-editor\" data-id=\"9becc69\" data-element_type=\"widget\" data-e-type=\"widget\" data-widget_type=\"text-editor.default\">\n\t\t\t\t<div class=\"elementor-widget-container\">\n\t\t\t\t\t\t\t\t\t<p>Desde 1945, A Chance in Life ha estado ayudando a los ni\u00f1os hu\u00e9rfanos a trav\u00e9s de sus Ciudades de Ni\u00f1os y Ni\u00f1as. Proporcion\u00e1ndoles alojamiento, comida y educaci\u00f3n y d\u00e1ndoles las habilidades para vivir de forma independiente a una edad temprana. Aunque A Chance in Life comenz\u00f3 en Italia, ahora han podido crear estas ciudades en: M\u00e9xico Guatemala Colombia Per\u00fa Bolivia Etiop\u00eda Uganda Rep\u00fablica Democr\u00e1tica del Congo India Nueva York para ayudar a cubrir las necesidades del mayor n\u00famero posible de ni\u00f1os hu\u00e9rfanos y vulnerables.<\/p>\n<p>En 2020, con el inicio de la pandemia de COVID-19 y los posteriores cierres para evitar la propagaci\u00f3n de la enfermedad, muchas familias lucharon por mantener sus puestos de trabajo y proporcionar alimentos y educaci\u00f3n a sus hijos. Debido a este aumento en el n\u00famero de personas que necesitaban apoyo, A Chance in Life inici\u00f3 un programa nutricional a gran escala para garantizar que estos ni\u00f1os y sus familias recibieran los alimentos y la educaci\u00f3n que necesitaban en estos tiempos inestables.<\/p>\n\t\t\t\t\t\t\t\t<\/div>\n\t\t\t\t<\/div>\n\t\t\t\t<\/div>\n\t\t<div class=\"elementor-element elementor-element-694c79a e-con-full mission e-flex e-con e-child\" data-id=\"694c79a\" data-element_type=\"container\" data-e-type=\"container\">\n\t\t\t\t<div class=\"elementor-element elementor-element-0cf6453 elementor-widget elementor-widget-heading\" data-id=\"0cf6453\" data-element_type=\"widget\" data-e-type=\"widget\" data-widget_type=\"heading.default\">\n\t\t\t\t<div class=\"elementor-widget-container\">\n\t\t\t\t\t<h3 class=\"elementor-heading-title elementor-size-default\">Misi\u00f3n<\/h3>\t\t\t\t<\/div>\n\t\t\t\t<\/div>\n\t\t\t\t<div class=\"elementor-element elementor-element-e00386d list-icon elementor-widget elementor-widget-text-editor\" data-id=\"e00386d\" data-element_type=\"widget\" data-e-type=\"widget\" data-widget_type=\"text-editor.default\">\n\t\t\t\t<div class=\"elementor-widget-container\">\n\t\t\t\t\t\t\t\t\tLa misi\u00f3n de A Chance in Life es apoyar a los ni\u00f1os hu\u00e9rfanos y vulnerables para que tengan acceso a la vivienda, la alimentaci\u00f3n y la educaci\u00f3n y darles las mejores oportunidades para un futuro brillante. Desde la apertura de la primera Ciudad de los Ni\u00f1os y las Ni\u00f1as, A Chance in Life ha llegado a 39\u2019000 ni\u00f1os de todo el mundo.\n\n\t\t\t\t\t\t\t\t<\/div>\n\t\t\t\t<\/div>\n\t\t\t\t<div class=\"elementor-element elementor-element-7f1b38a elementor-mobile-align-center elementor-widget elementor-widget-button\" data-id=\"7f1b38a\" data-element_type=\"widget\" data-e-type=\"widget\" data-widget_type=\"button.default\">\n\t\t\t\t<div class=\"elementor-widget-container\">\n\t\t\t\t\t\t\t\t\t<div class=\"elementor-button-wrapper\">\n\t\t\t\t\t<a class=\"elementor-button elementor-button-link elementor-size-sm\" href=\"https:\/\/caritasprovitaegradu.ch\/es\/ayudenos-en-nuestra-mision\/\">\n\t\t\t\t\t\t<span class=\"elementor-button-content-wrapper\">\n\t\t\t\t\t\t\t\t\t<span class=\"elementor-button-text\">Ay\u00fadanos a apoyar este proyecto<\/span>\n\t\t\t\t\t<\/span>\n\t\t\t\t\t<\/a>\n\t\t\t\t<\/div>\n\t\t\t\t\t\t\t\t<\/div>\n\t\t\t\t<\/div>\n\t\t\t\t<\/div>\n\t\t\t\t<\/div>\n\t\t<div class=\"elementor-element elementor-element-d731c96 e-con-full con-max-width e-flex e-con e-child\" data-id=\"d731c96\" data-element_type=\"container\" data-e-type=\"container\" data-settings=\"{&quot;background_background&quot;:&quot;classic&quot;}\">\n\t\t<div class=\"elementor-element elementor-element-3e3afe0 e-con-full history e-flex e-con e-child\" data-id=\"3e3afe0\" data-element_type=\"container\" data-e-type=\"container\">\n\t\t\t\t<div class=\"elementor-element elementor-element-d87b81d elementor-widget elementor-widget-heading\" data-id=\"d87b81d\" data-element_type=\"widget\" data-e-type=\"widget\" data-widget_type=\"heading.default\">\n\t\t\t\t<div class=\"elementor-widget-container\">\n\t\t\t\t\t<h3 class=\"elementor-heading-title elementor-size-default\">El proyecto apoyado por el Caritas Pro Vitae Gradu Charitable Trust\n<\/h3>\t\t\t\t<\/div>\n\t\t\t\t<\/div>\n\t\t\t\t<div class=\"elementor-element elementor-element-64394e6 list-icon elementor-widget elementor-widget-text-editor\" data-id=\"64394e6\" data-element_type=\"widget\" data-e-type=\"widget\" data-widget_type=\"text-editor.default\">\n\t\t\t\t<div class=\"elementor-widget-container\">\n\t\t\t\t\t\t\t\t\t<div class=\"col-md-6\">\n<div class=\"text-blk\">\n<p>Gracias a nuestro apoyo, A Chance in Life pudo proporcionar paquetes con alimentos y art\u00edculos de primera necesidad para 10\u2019871 ni\u00f1os y sus familias en India, Etiop\u00eda, M\u00e9xico, Guatemala, Colombia, Per\u00fa, Bolivia, Uganda y la Rep\u00fablica Democr\u00e1tica del Congo durante un per\u00edodo de 6 meses en 2020. Este proyecto especial de apoyo nutricional de COVID-19 ayud\u00f3 a un total de 26.027 personas.<\/p>\n<\/div>\n<\/div>\n\t\t\t\t\t\t\t\t<\/div>\n\t\t\t\t<\/div>\n\t\t\t\t<\/div>\n\t\t<div class=\"elementor-element elementor-element-70b46d2 e-con-full mission e-flex e-con e-child\" data-id=\"70b46d2\" data-element_type=\"container\" data-e-type=\"container\">\n\t\t\t\t<\/div>\n\t\t\t\t<\/div>\n\t\t\t\t\t<\/div>\n\t\t\t\t<\/div>\n\t\t<div class=\"elementor-element elementor-element-251ee7d req-donation e-flex e-con-boxed e-con e-parent\" data-id=\"251ee7d\" data-element_type=\"container\" data-e-type=\"container\" data-settings=\"{&quot;background_background&quot;:&quot;classic&quot;}\">\n\t\t\t\t\t<div class=\"e-con-inner\">\n\t\t<div class=\"elementor-element elementor-element-eeff61e e-con-full e-flex e-con e-child\" data-id=\"eeff61e\" data-element_type=\"container\" data-e-type=\"container\" data-settings=\"{&quot;background_background&quot;:&quot;gradient&quot;}\">\n\t\t<div class=\"elementor-element elementor-element-3b8e3fe e-con-full req-don-btn e-flex e-con e-child\" data-id=\"3b8e3fe\" data-element_type=\"container\" data-e-type=\"container\" data-settings=\"{&quot;background_background&quot;:&quot;classic&quot;}\">\n\t\t\t\t<div class=\"elementor-element elementor-element-756bfd4 elementor-widget elementor-widget-heading\" data-id=\"756bfd4\" data-element_type=\"widget\" data-e-type=\"widget\" data-widget_type=\"heading.default\">\n\t\t\t\t<div class=\"elementor-widget-container\">\n\t\t\t\t\t<h3 class=\"elementor-heading-title elementor-size-default\">Solicitar Donativo<\/h3>\t\t\t\t<\/div>\n\t\t\t\t<\/div>\n\t\t\t\t<div class=\"elementor-element elementor-element-6194bc5 elementor-widget__width-initial elementor-widget elementor-widget-text-editor\" data-id=\"6194bc5\" data-element_type=\"widget\" data-e-type=\"widget\" data-widget_type=\"text-editor.default\">\n\t\t\t\t<div class=\"elementor-widget-container\">\n\t\t\t\t\t\t\t\t\t<p>Prestamos nuestro apoyo en actividades de una gran variedad de sectores del campo social, m\u00e1s espec\u00edficamente en la lucha contra la pobreza, la mejora de la educaci\u00f3n, el acceso a los servicios de salud, la asistencia a migrantes y refugiados, y la protecci\u00f3n de las familias y la vida.<\/p>\n\t\t\t\t\t\t\t\t<\/div>\n\t\t\t\t<\/div>\n\t\t\t\t<div class=\"elementor-element elementor-element-7d8a12d elementor-align-center elementor-widget elementor-widget-button\" data-id=\"7d8a12d\" data-element_type=\"widget\" data-e-type=\"widget\" data-widget_type=\"button.default\">\n\t\t\t\t<div class=\"elementor-widget-container\">\n\t\t\t\t\t\t\t\t\t<div class=\"elementor-button-wrapper\">\n\t\t\t\t\t<a class=\"elementor-button elementor-button-link elementor-size-sm\" href=\"https:\/\/frnpbdued.preview.infomaniak.website\/es\/solicitar-donativo\/\">\n\t\t\t\t\t\t<span class=\"elementor-button-content-wrapper\">\n\t\t\t\t\t\t\t\t\t<span class=\"elementor-button-text\">Solicitar Donativo<\/span>\n\t\t\t\t\t<\/span>\n\t\t\t\t\t<\/a>\n\t\t\t\t<\/div>\n\t\t\t\t\t\t\t\t<\/div>\n\t\t\t\t<\/div>\n\t\t\t\t<\/div>\n\t\t\t\t<\/div>\n\t\t\t\t\t<\/div>\n\t\t\t\t<\/div>\n\t\t\t\t<\/div>\n\t\t","protected":false},"excerpt":{"rendered":"<p>Familias que reciben paquetes de ayuda en Guatemala A Chance in Life \u2013 Proyecto de apoyo nutricional COVID-19 La misi\u00f3n de \u00abA Chance in Life\u00bb comenz\u00f3 en 1945, tras la Segunda Guerra Mundial. Un gran n\u00famero de hu\u00e9rfanos y ni\u00f1os vulnerables quedaron viviendo en las calles de Italia a causa de la guerra. Monse\u00f1or John [&hellip;]<\/p>\n","protected":false},"featured_media":31503,"template":"","format":"standard","categories":[],"class_list":["post-31966","projects","type-projects","status-publish","format-standard","has-post-thumbnail","hentry"],"acf":[],"_links":{"self":[{"href":"https:\/\/caritasprovitaegradu.ch\/es\/wp-json\/wp\/v2\/projects\/31966","targetHints":{"allow":["GET"]}}],"collection":[{"href":"https:\/\/caritasprovitaegradu.ch\/es\/wp-json\/wp\/v2\/projects"}],"about":[{"href":"https:\/\/caritasprovitaegradu.ch\/es\/wp-json\/wp\/v2\/types\/projects"}],"version-history":[{"count":8,"href":"https:\/\/caritasprovitaegradu.ch\/es\/wp-json\/wp\/v2\/projects\/31966\/revisions"}],"predecessor-version":[{"id":33657,"href":"https:\/\/caritasprovitaegradu.ch\/es\/wp-json\/wp\/v2\/projects\/31966\/revisions\/33657"}],"wp:featuredmedia":[{"embeddable":true,"href":"https:\/\/caritasprovitaegradu.ch\/es\/wp-json\/wp\/v2\/media\/31503"}],"wp:attachment":[{"href":"https:\/\/caritasprovitaegradu.ch\/es\/wp-json\/wp\/v2\/media?parent=31966"}],"wp:term":[{"taxonomy":"category","embeddable":true,"href":"https:\/\/caritasprovitaegradu.ch\/es\/wp-json\/wp\/v2\/categories?post=31966"}],"curies":[{"name":"wp","href":"https:\/\/api.w.org\/{rel}","templated":true}]}}