{"id":31925,"date":"2023-11-14T13:29:09","date_gmt":"2023-11-14T12:29:09","guid":{"rendered":"https:\/\/frnpbdued.preview.infomaniak.website\/projects\/unidad-medica-movil-orden-de-malta-libano\/"},"modified":"2024-01-30T17:54:09","modified_gmt":"2024-01-30T16:54:09","slug":"unidad-medica-movil-orden-de-malta-libano","status":"publish","type":"projects","link":"https:\/\/caritasprovitaegradu.ch\/es\/projects\/unidad-medica-movil-orden-de-malta-libano\/","title":{"rendered":"Unidad m\u00e9dica m\u00f3vil\u2013 Orden de Malta, L\u00edbano"},"content":{"rendered":"\t\t<div data-elementor-type=\"wp-post\" data-elementor-id=\"31925\" class=\"elementor elementor-31925 elementor-31678\" data-elementor-post-type=\"projects\">\n\t\t\t\t<div class=\"elementor-element elementor-element-aaed29a hero-banner-sec e-flex e-con-boxed e-con e-parent\" data-id=\"aaed29a\" data-element_type=\"container\" data-e-type=\"container\" data-settings=\"{&quot;background_background&quot;:&quot;classic&quot;}\">\n\t\t\t\t\t<div class=\"e-con-inner\">\n\t\t\t\t<div class=\"elementor-element elementor-element-e1c7936 elementor-widget elementor-widget-image\" data-id=\"e1c7936\" data-element_type=\"widget\" data-e-type=\"widget\" data-widget_type=\"image.default\">\n\t\t\t\t<div class=\"elementor-widget-container\">\n\t\t\t\t\t\t\t\t\t\t\t\t\t\t\t<img fetchpriority=\"high\" decoding=\"async\" width=\"958\" height=\"719\" src=\"https:\/\/caritasprovitaegradu.ch\/wp-content\/uploads\/2023\/11\/IMG_1969-958x719-1-1.jpg\" class=\"attachment-full size-full wp-image-31681\" alt=\"Banner\" srcset=\"https:\/\/caritasprovitaegradu.ch\/wp-content\/uploads\/2023\/11\/IMG_1969-958x719-1-1.jpg 958w, https:\/\/caritasprovitaegradu.ch\/wp-content\/uploads\/2023\/11\/IMG_1969-958x719-1-1-300x225.jpg 300w, https:\/\/caritasprovitaegradu.ch\/wp-content\/uploads\/2023\/11\/IMG_1969-958x719-1-1-768x576.jpg 768w\" sizes=\"(max-width: 958px) 100vw, 958px\" \/>\t\t\t\t\t\t\t\t\t\t\t\t\t\t\t<\/div>\n\t\t\t\t<\/div>\n\t\t<div class=\"elementor-element elementor-element-e155492 e-flex e-con-boxed e-con e-child\" data-id=\"e155492\" data-element_type=\"container\" data-e-type=\"container\" data-settings=\"{&quot;position&quot;:&quot;absolute&quot;}\">\n\t\t\t\t\t<div class=\"e-con-inner\">\n\t\t\t\t<div class=\"elementor-element elementor-element-defad1c elementor-widget-tablet__width-initial banner-title elementor-widget elementor-widget-heading\" data-id=\"defad1c\" data-element_type=\"widget\" data-e-type=\"widget\" data-widget_type=\"heading.default\">\n\t\t\t\t<div class=\"elementor-widget-container\">\n\t\t\t\t\t<h1 class=\"elementor-heading-title elementor-size-default\">Unidad m\u00e9dica m\u00f3vil\u2013 Orden de Malta, L\u00edbano<\/h1>\t\t\t\t<\/div>\n\t\t\t\t<\/div>\n\t\t\t\t<div class=\"elementor-element elementor-element-7633c29 elementor-widget__width-auto banner-desc  elementor-widget elementor-widget-heading\" data-id=\"7633c29\" data-element_type=\"widget\" data-e-type=\"widget\" data-widget_type=\"heading.default\">\n\t\t\t\t<div class=\"elementor-widget-container\">\n\t\t\t\t\t<span class=\"elementor-heading-title elementor-size-default\">Mothers waiting with their children to be visited by the Mobile Medical Unit<\/span>\t\t\t\t<\/div>\n\t\t\t\t<\/div>\n\t\t\t\t\t<\/div>\n\t\t\t\t<\/div>\n\t\t\t\t\t<\/div>\n\t\t\t\t<\/div>\n\t\t<div class=\"elementor-element elementor-element-0cb5a98 pro-content e-flex e-con-boxed e-con e-parent\" data-id=\"0cb5a98\" data-element_type=\"container\" data-e-type=\"container\" data-settings=\"{&quot;background_background&quot;:&quot;classic&quot;}\">\n\t\t\t\t\t<div class=\"e-con-inner\">\n\t\t<div class=\"elementor-element elementor-element-cfee84f e-con-full con-max-width e-flex e-con e-child\" data-id=\"cfee84f\" data-element_type=\"container\" data-e-type=\"container\" data-settings=\"{&quot;background_background&quot;:&quot;classic&quot;}\">\n\t\t<div class=\"elementor-element elementor-element-c5a09c0 e-con-full e-flex e-con e-child\" data-id=\"c5a09c0\" data-element_type=\"container\" data-e-type=\"container\">\n\t\t\t\t<div class=\"elementor-element elementor-element-b4f9523 elementor-widget elementor-widget-heading\" data-id=\"b4f9523\" data-element_type=\"widget\" data-e-type=\"widget\" data-widget_type=\"heading.default\">\n\t\t\t\t<div class=\"elementor-widget-container\">\n\t\t\t\t\t<h3 class=\"elementor-heading-title elementor-size-default\">Unidad m\u00e9dica m\u00f3vil \u2013 Orden de Malta, regi\u00f3n de Jaldieh en el L\u00edbano\n<\/h3>\t\t\t\t<\/div>\n\t\t\t\t<\/div>\n\t\t\t\t<div class=\"elementor-element elementor-element-ad5cb6e list-icon elementor-widget elementor-widget-text-editor\" data-id=\"ad5cb6e\" data-element_type=\"widget\" data-e-type=\"widget\" data-widget_type=\"text-editor.default\">\n\t\t\t\t<div class=\"elementor-widget-container\">\n\t\t\t\t\t\t\t\t\t<p>Las Unidades M\u00e9dicas M\u00f3viles son uno de los proyectos m\u00e1s impactantes del Orden de Malta. El orden est\u00e1 presente en el L\u00edbano desde 1957. Ha ampliado constantemente sus proyectos desde la guerra. Cre\u00f3 centros m\u00e9dicos en todas las zonas del L\u00edbano. Se centro en prestar ayuda en las zonas m\u00e1s pobres y a menudo olvidadas. La Orden de Malta siempre se ha ocupado de todas las personas sin que importe la raza, el g\u00e9nero o las creencias religiosas.<\/p>\n<p>Situaci\u00f3n Desde entonces, la Asociaci\u00f3n Libanesa de la Orden de Malta se ha ampliado continuamente para poder responder a todas las situaciones dif\u00edciles que han seguido surgiendo en el L\u00edbano. En la actualidad gestionan 30 centros diferentes que prestan 200.000 servicios m\u00e9dicos o sociales. Ayudan a m\u00e1s de 50.000 personas cada a\u00f1o. Se centran principalmente en atender a enfermos, ancianos, discapacitados, refugiados y ni\u00f1os pobres.<\/p>\n<p>La unidad m\u00e9dica m\u00f3vil de Jaldieh Empezaron con dos unidades m\u00e9dicas m\u00f3viles. Las utilizaron para ayudar a la poblaci\u00f3n del sur del L\u00edbano despu\u00e9s de la guerra contra Israel en 2006. Esta guerra dej\u00f3 toda la regi\u00f3n devastada. Gran parte de la poblaci\u00f3n cercana a la frontera qued\u00f3 sin acceso a la asistencia sanitaria ni a los servicios. Las siguientes 3 Unidades M\u00e9dicas M\u00f3viles se introdujeron tras la guerra de Siria, que conllevo un importante aumento del n\u00famero de refugiados que se quedaron sin apoyo ni servicios sanitarios. El sistema sanitario del L\u00edbano ya estaba al m\u00e1ximo de su capacidad antes que llegaran estos refugiados. Por eso la Orden de Malta intervino para ofrecer servicios sanitarios en los rincones m\u00e1s aislados del L\u00edbano.<\/p>\n<p>El norte del L\u00edbano es una de las zonas m\u00e1s pobres, especialmente la zona cerca de la frontera con Siria. En 2018, hab\u00eda una poblaci\u00f3n de 1\u2019164\u2019000 de habitantes en esta regi\u00f3n. De los cuales 530\u2019000 viv\u00edan en la pobreza, con 341\u2019000 libaneses, 140\u2019000 refugiados sirios y 51\u2019000 palestinos. Las Unidades M\u00e9dicas M\u00f3viles se crearon para ayudar a estas personas proporcionando servicios sanitarios a todos, sin importar su nacionalidad o religi\u00f3n.<\/p>\n\t\t\t\t\t\t\t\t<\/div>\n\t\t\t\t<\/div>\n\t\t\t\t<div class=\"elementor-element elementor-element-5764269 elementor-mobile-align-center elementor-widget elementor-widget-button\" data-id=\"5764269\" data-element_type=\"widget\" data-e-type=\"widget\" data-widget_type=\"button.default\">\n\t\t\t\t<div class=\"elementor-widget-container\">\n\t\t\t\t\t\t\t\t\t<div class=\"elementor-button-wrapper\">\n\t\t\t\t\t<a class=\"elementor-button elementor-button-link elementor-size-sm\" href=\"https:\/\/caritasprovitaegradu.ch\/es\/ayudenos-en-nuestra-mision\/\">\n\t\t\t\t\t\t<span class=\"elementor-button-content-wrapper\">\n\t\t\t\t\t\t\t\t\t<span class=\"elementor-button-text\">Ay\u00fadanos a apoyar este proyecto<\/span>\n\t\t\t\t\t<\/span>\n\t\t\t\t\t<\/a>\n\t\t\t\t<\/div>\n\t\t\t\t\t\t\t\t<\/div>\n\t\t\t\t<\/div>\n\t\t\t\t<\/div>\n\t\t<div class=\"elementor-element elementor-element-bc3adc8 e-con-full e-flex e-con e-child\" data-id=\"bc3adc8\" data-element_type=\"container\" data-e-type=\"container\">\n\t\t\t\t<div class=\"elementor-element elementor-element-70f3cf3 elementor-widget elementor-widget-heading\" data-id=\"70f3cf3\" data-element_type=\"widget\" data-e-type=\"widget\" data-widget_type=\"heading.default\">\n\t\t\t\t<div class=\"elementor-widget-container\">\n\t\t\t\t\t<h6 class=\"elementor-heading-title elementor-size-default\">CONTACTO<\/h6>\t\t\t\t<\/div>\n\t\t\t\t<\/div>\n\t\t\t\t<div class=\"elementor-element elementor-element-4a04cd7 elementor-widget elementor-widget-text-editor\" data-id=\"4a04cd7\" data-element_type=\"widget\" data-e-type=\"widget\" data-widget_type=\"text-editor.default\">\n\t\t\t\t<div class=\"elementor-widget-container\">\n\t\t\t\t\t\t\t\t\t<p>Unidad m\u00e9dica m\u00f3vil \u2013 Orden de Malta, regi\u00f3n de Jaldieh en el L\u00edbano<\/p>\n\t\t\t\t\t\t\t\t<\/div>\n\t\t\t\t<\/div>\n\t\t\t\t<div class=\"elementor-element elementor-element-096f70e elementor-widget elementor-widget-heading\" data-id=\"096f70e\" data-element_type=\"widget\" data-e-type=\"widget\" data-widget_type=\"heading.default\">\n\t\t\t\t<div class=\"elementor-widget-container\">\n\t\t\t\t\t<h6 class=\"elementor-heading-title elementor-size-default\">WEBSITE<\/h6>\t\t\t\t<\/div>\n\t\t\t\t<\/div>\n\t\t\t\t<div class=\"elementor-element elementor-element-5daf234 elementor-widget elementor-widget-text-editor\" data-id=\"5daf234\" data-element_type=\"widget\" data-e-type=\"widget\" data-widget_type=\"text-editor.default\">\n\t\t\t\t<div class=\"elementor-widget-container\">\n\t\t\t\t\t\t\t\t\t<a href=\"http:\/\/orderofmaltalebanon.org\/\" target=\"_blank\" rel=\"noopener\">http:\/\/orderofmaltalebanon.org<\/a>\t\t\t\t\t\t\t\t<\/div>\n\t\t\t\t<\/div>\n\t\t\t\t<\/div>\n\t\t\t\t<\/div>\n\t\t\t\t\t<\/div>\n\t\t\t\t<\/div>\n\t\t<div class=\"elementor-element elementor-element-21f23eb e-flex e-con-boxed e-con e-parent\" data-id=\"21f23eb\" data-element_type=\"container\" data-e-type=\"container\" data-settings=\"{&quot;background_background&quot;:&quot;classic&quot;}\">\n\t\t\t\t\t<div class=\"e-con-inner\">\n\t\t<div class=\"elementor-element elementor-element-42e19b2 e-con-full padd-xl-105 e-flex e-con e-child\" data-id=\"42e19b2\" data-element_type=\"container\" data-e-type=\"container\" data-settings=\"{&quot;background_background&quot;:&quot;classic&quot;}\">\n\t\t\t\t<div class=\"elementor-element elementor-element-20ab3e8 elementor-arrows-position-inside elementor-widget elementor-widget-image-carousel\" data-id=\"20ab3e8\" data-element_type=\"widget\" data-e-type=\"widget\" data-settings=\"{&quot;navigation&quot;:&quot;arrows&quot;,&quot;autoplay&quot;:&quot;no&quot;,&quot;infinite&quot;:&quot;no&quot;,&quot;image_spacing_custom&quot;:{&quot;unit&quot;:&quot;px&quot;,&quot;size&quot;:40,&quot;sizes&quot;:[]},&quot;speed&quot;:500,&quot;image_spacing_custom_tablet&quot;:{&quot;unit&quot;:&quot;px&quot;,&quot;size&quot;:&quot;&quot;,&quot;sizes&quot;:[]},&quot;image_spacing_custom_mobile&quot;:{&quot;unit&quot;:&quot;px&quot;,&quot;size&quot;:&quot;&quot;,&quot;sizes&quot;:[]}}\" data-widget_type=\"image-carousel.default\">\n\t\t\t\t<div class=\"elementor-widget-container\">\n\t\t\t\t\t\t\t<div class=\"elementor-image-carousel-wrapper swiper\" role=\"region\" aria-roledescription=\"carousel\" aria-label=\"Carrusel de im\u00e1genes\" dir=\"ltr\">\n\t\t\t<div class=\"elementor-image-carousel swiper-wrapper swiper-image-stretch\" aria-live=\"polite\">\n\t\t\t\t\t\t\t\t<div class=\"swiper-slide\" role=\"group\" aria-roledescription=\"slide\" aria-label=\"1 de 6\"><a data-elementor-open-lightbox=\"yes\" data-elementor-lightbox-slideshow=\"20ab3e8\" data-elementor-lightbox-title=\"Line-of-Patients-waiting-1\" data-e-action-hash=\"#elementor-action%3Aaction%3Dlightbox%26settings%3DeyJpZCI6MzE2OTgsInVybCI6Imh0dHBzOlwvXC9jYXJpdGFzcHJvdml0YWVncmFkdS5jaFwvd3AtY29udGVudFwvdXBsb2Fkc1wvMjAyM1wvMTFcL0xpbmUtb2YtUGF0aWVudHMtd2FpdGluZy0xLmpwZyIsInNsaWRlc2hvdyI6IjIwYWIzZTgifQ%3D%3D\" href=\"https:\/\/caritasprovitaegradu.ch\/wp-content\/uploads\/2023\/11\/Line-of-Patients-waiting-1.jpg\"><figure class=\"swiper-slide-inner\"><img decoding=\"async\" class=\"swiper-slide-image\" src=\"https:\/\/caritasprovitaegradu.ch\/wp-content\/uploads\/2023\/11\/Line-of-Patients-waiting-1.jpg\" alt=\"Patients waiting in line to be visited\" \/><figcaption class=\"elementor-image-carousel-caption\">Patients waiting in line to be visited<\/figcaption><\/figure><\/a><\/div><div class=\"swiper-slide\" role=\"group\" aria-roledescription=\"slide\" aria-label=\"2 de 6\"><a data-elementor-open-lightbox=\"yes\" data-elementor-lightbox-slideshow=\"20ab3e8\" data-elementor-lightbox-title=\"Medical-Testing-in-UMM\" data-e-action-hash=\"#elementor-action%3Aaction%3Dlightbox%26settings%3DeyJpZCI6MzE2OTUsInVybCI6Imh0dHBzOlwvXC9jYXJpdGFzcHJvdml0YWVncmFkdS5jaFwvd3AtY29udGVudFwvdXBsb2Fkc1wvMjAyM1wvMTFcL01lZGljYWwtVGVzdGluZy1pbi1VTU0uanBnIiwic2xpZGVzaG93IjoiMjBhYjNlOCJ9\" href=\"https:\/\/caritasprovitaegradu.ch\/wp-content\/uploads\/2023\/11\/Medical-Testing-in-UMM.jpg\"><figure class=\"swiper-slide-inner\"><img decoding=\"async\" class=\"swiper-slide-image\" src=\"https:\/\/caritasprovitaegradu.ch\/wp-content\/uploads\/2023\/11\/Medical-Testing-in-UMM.jpg\" alt=\"Patient Visit inside the Mobile Medical Unit\" \/><figcaption class=\"elementor-image-carousel-caption\">Patient Visit inside the Mobile Medical Unit<\/figcaption><\/figure><\/a><\/div><div class=\"swiper-slide\" role=\"group\" aria-roledescription=\"slide\" aria-label=\"3 de 6\"><a data-elementor-open-lightbox=\"yes\" data-elementor-lightbox-slideshow=\"20ab3e8\" data-elementor-lightbox-title=\"Side-of-bus-1\" data-e-action-hash=\"#elementor-action%3Aaction%3Dlightbox%26settings%3DeyJpZCI6MzE2OTIsInVybCI6Imh0dHBzOlwvXC9jYXJpdGFzcHJvdml0YWVncmFkdS5jaFwvd3AtY29udGVudFwvdXBsb2Fkc1wvMjAyM1wvMTFcL1NpZGUtb2YtYnVzLTEuanBnIiwic2xpZGVzaG93IjoiMjBhYjNlOCJ9\" href=\"https:\/\/caritasprovitaegradu.ch\/wp-content\/uploads\/2023\/11\/Side-of-bus-1.jpg\"><figure class=\"swiper-slide-inner\"><img decoding=\"async\" class=\"swiper-slide-image\" src=\"https:\/\/caritasprovitaegradu.ch\/wp-content\/uploads\/2023\/11\/Side-of-bus-1.jpg\" alt=\"New Mobile Medical Unit ready to start helping people in Khaldieh\" \/><figcaption class=\"elementor-image-carousel-caption\">New Mobile Medical Unit ready to start helping people in Khaldieh<\/figcaption><\/figure><\/a><\/div><div class=\"swiper-slide\" role=\"group\" aria-roledescription=\"slide\" aria-label=\"4 de 6\"><a data-elementor-open-lightbox=\"yes\" data-elementor-lightbox-slideshow=\"20ab3e8\" data-elementor-lightbox-title=\"Back-of-bus-with-logo\" data-e-action-hash=\"#elementor-action%3Aaction%3Dlightbox%26settings%3DeyJpZCI6MzE2ODksInVybCI6Imh0dHBzOlwvXC9jYXJpdGFzcHJvdml0YWVncmFkdS5jaFwvd3AtY29udGVudFwvdXBsb2Fkc1wvMjAyM1wvMTFcL0JhY2stb2YtYnVzLXdpdGgtbG9nby5qcGciLCJzbGlkZXNob3ciOiIyMGFiM2U4In0%3D\" href=\"https:\/\/caritasprovitaegradu.ch\/wp-content\/uploads\/2023\/11\/Back-of-bus-with-logo.jpg\"><figure class=\"swiper-slide-inner\"><img decoding=\"async\" class=\"swiper-slide-image\" src=\"https:\/\/caritasprovitaegradu.ch\/wp-content\/uploads\/2023\/11\/Back-of-bus-with-logo.jpg\" alt=\"New Mobile Medical Unit\" \/><figcaption class=\"elementor-image-carousel-caption\">New Mobile Medical Unit<\/figcaption><\/figure><\/a><\/div><div class=\"swiper-slide\" role=\"group\" aria-roledescription=\"slide\" aria-label=\"5 de 6\"><a data-elementor-open-lightbox=\"yes\" data-elementor-lightbox-slideshow=\"20ab3e8\" data-elementor-lightbox-title=\"Back-up-car-1\" data-e-action-hash=\"#elementor-action%3Aaction%3Dlightbox%26settings%3DeyJpZCI6MzE2ODYsInVybCI6Imh0dHBzOlwvXC9jYXJpdGFzcHJvdml0YWVncmFkdS5jaFwvd3AtY29udGVudFwvdXBsb2Fkc1wvMjAyM1wvMTFcL0JhY2stdXAtY2FyLTEuanBnIiwic2xpZGVzaG93IjoiMjBhYjNlOCJ9\" href=\"https:\/\/caritasprovitaegradu.ch\/wp-content\/uploads\/2023\/11\/Back-up-car-1.jpg\"><figure class=\"swiper-slide-inner\"><img decoding=\"async\" class=\"swiper-slide-image\" src=\"https:\/\/caritasprovitaegradu.ch\/wp-content\/uploads\/2023\/11\/Back-up-car-1.jpg\" alt=\"Staff car to transport Doctors, Nurses, Medical Assistants and the Project Manager\" \/><figcaption class=\"elementor-image-carousel-caption\">Staff car to transport Doctors, Nurses, Medical Assistants and the Project Manager<\/figcaption><\/figure><\/a><\/div><div class=\"swiper-slide\" role=\"group\" aria-roledescription=\"slide\" aria-label=\"6 de 6\"><a data-elementor-open-lightbox=\"yes\" data-elementor-lightbox-slideshow=\"20ab3e8\" data-elementor-lightbox-title=\"IMG_1969-958x719-1\" data-e-action-hash=\"#elementor-action%3Aaction%3Dlightbox%26settings%3DeyJpZCI6MzE2ODEsInVybCI6Imh0dHBzOlwvXC9jYXJpdGFzcHJvdml0YWVncmFkdS5jaFwvd3AtY29udGVudFwvdXBsb2Fkc1wvMjAyM1wvMTFcL0lNR18xOTY5LTk1OHg3MTktMS0xLmpwZyIsInNsaWRlc2hvdyI6IjIwYWIzZTgifQ%3D%3D\" href=\"https:\/\/caritasprovitaegradu.ch\/wp-content\/uploads\/2023\/11\/IMG_1969-958x719-1-1.jpg\"><figure class=\"swiper-slide-inner\"><img decoding=\"async\" class=\"swiper-slide-image\" src=\"https:\/\/caritasprovitaegradu.ch\/wp-content\/uploads\/2023\/11\/IMG_1969-958x719-1-1.jpg\" alt=\"Banner\" \/><figcaption class=\"elementor-image-carousel-caption\">Mothers waiting with their children to be visited by the Mobile Medical Unit<\/figcaption><\/figure><\/a><\/div>\t\t\t<\/div>\n\t\t\t\t\t\t\t\t\t\t\t\t<div class=\"elementor-swiper-button elementor-swiper-button-prev\" role=\"button\" tabindex=\"0\">\n\t\t\t\t\t\t<svg aria-hidden=\"true\" class=\"e-font-icon-svg e-eicon-chevron-left\" viewBox=\"0 0 1000 1000\" xmlns=\"http:\/\/www.w3.org\/2000\/svg\"><path d=\"M646 125C629 125 613 133 604 142L308 442C296 454 292 471 292 487 292 504 296 521 308 533L604 854C617 867 629 875 646 875 663 875 679 871 692 858 704 846 713 829 713 812 713 796 708 779 692 767L438 487 692 225C700 217 708 204 708 187 708 171 704 154 692 142 675 129 663 125 646 125Z\"><\/path><\/svg>\t\t\t\t\t<\/div>\n\t\t\t\t\t<div class=\"elementor-swiper-button elementor-swiper-button-next\" role=\"button\" tabindex=\"0\">\n\t\t\t\t\t\t<svg aria-hidden=\"true\" class=\"e-font-icon-svg e-eicon-chevron-right\" viewBox=\"0 0 1000 1000\" xmlns=\"http:\/\/www.w3.org\/2000\/svg\"><path d=\"M696 533C708 521 713 504 713 487 713 471 708 454 696 446L400 146C388 133 375 125 354 125 338 125 325 129 313 142 300 154 292 171 292 187 292 204 296 221 308 233L563 492 304 771C292 783 288 800 288 817 288 833 296 850 308 863 321 871 338 875 354 875 371 875 388 867 400 854L696 533Z\"><\/path><\/svg>\t\t\t\t\t<\/div>\n\t\t\t\t\n\t\t\t\t\t\t\t\t\t<\/div>\n\t\t\t\t\t\t<\/div>\n\t\t\t\t<\/div>\n\t\t\t\t<\/div>\n\t\t\t\t\t<\/div>\n\t\t\t\t<\/div>\n\t\t<div class=\"elementor-element elementor-element-b27f7e8 e-flex e-con-boxed e-con e-parent\" data-id=\"b27f7e8\" data-element_type=\"container\" data-e-type=\"container\" data-settings=\"{&quot;background_background&quot;:&quot;classic&quot;}\">\n\t\t\t\t\t<div class=\"e-con-inner\">\n\t\t<div class=\"elementor-element elementor-element-1fd93cf e-con-full con-max-width e-flex e-con e-child\" data-id=\"1fd93cf\" data-element_type=\"container\" data-e-type=\"container\" data-settings=\"{&quot;background_background&quot;:&quot;classic&quot;}\">\n\t\t<div class=\"elementor-element elementor-element-f5f1d2b e-con-full history e-flex e-con e-child\" data-id=\"f5f1d2b\" data-element_type=\"container\" data-e-type=\"container\">\n\t\t\t\t<div class=\"elementor-element elementor-element-23e1559 elementor-widget elementor-widget-heading\" data-id=\"23e1559\" data-element_type=\"widget\" data-e-type=\"widget\" data-widget_type=\"heading.default\">\n\t\t\t\t<div class=\"elementor-widget-container\">\n\t\t\t\t\t<h3 class=\"elementor-heading-title elementor-size-default\">Historia<\/h3>\t\t\t\t<\/div>\n\t\t\t\t<\/div>\n\t\t\t\t<div class=\"elementor-element elementor-element-9becc69 list-icon elementor-widget elementor-widget-text-editor\" data-id=\"9becc69\" data-element_type=\"widget\" data-e-type=\"widget\" data-widget_type=\"text-editor.default\">\n\t\t\t\t<div class=\"elementor-widget-container\">\n\t\t\t\t\t\t\t\t\t<p>El L\u00edbano ha sido a menudo una v\u00edctima colateral de los diversos conflictos regionales desatados en Oriente Medio debido a su posici\u00f3n geogr\u00e1fica. Con una poblaci\u00f3n de 4\u2019300\u2019000 personas y 18 comunidades religiosas diferentes, el pa\u00eds alberga actualmente a 1,5 millones de refugiados m\u00e1s, lo que supone un 35% adicional de su poblaci\u00f3n. Desde 2019, se ha producido una importante crisis econ\u00f3mica; el gobierno y las instituciones locales se ven incapaces de satisfacer las necesidades b\u00e1sicas de su poblaci\u00f3n, as\u00ed como las de la poblaci\u00f3n refugiada. El Banco Mundial ya ha advertido que el n\u00famero de personas que viven por debajo del umbral de la pobreza, alrededor de \u00abun tercio\u00bb de la poblaci\u00f3n en 2018, aumentar\u00e1 hasta el \u00ab50%\u00bb en 2020.<\/p>\n<p>Debido a la pandemia del Covid-19, la situaci\u00f3n en L\u00edbano se est\u00e1 deteriorando a un ritmo asombroso. Uno de los sectores m\u00e1s afectados es el de la salud, especialmente en las localidades m\u00e1s vulnerables que viven en la extrema pobreza, como la regi\u00f3n del norte del L\u00edbano. Por ello, la Orden de Malta L\u00edbano ha intentado cubrir los servicios que faltan para garantizar un mejor acceso a la sanidad para las personas m\u00e1s vulnerables.<\/p>\n\t\t\t\t\t\t\t\t<\/div>\n\t\t\t\t<\/div>\n\t\t\t\t<\/div>\n\t\t<div class=\"elementor-element elementor-element-694c79a e-con-full mission e-flex e-con e-child\" data-id=\"694c79a\" data-element_type=\"container\" data-e-type=\"container\">\n\t\t\t\t<div class=\"elementor-element elementor-element-0cf6453 elementor-widget elementor-widget-heading\" data-id=\"0cf6453\" data-element_type=\"widget\" data-e-type=\"widget\" data-widget_type=\"heading.default\">\n\t\t\t\t<div class=\"elementor-widget-container\">\n\t\t\t\t\t<h3 class=\"elementor-heading-title elementor-size-default\">Mission<\/h3>\t\t\t\t<\/div>\n\t\t\t\t<\/div>\n\t\t\t\t<div class=\"elementor-element elementor-element-e00386d list-icon elementor-widget elementor-widget-text-editor\" data-id=\"e00386d\" data-element_type=\"widget\" data-e-type=\"widget\" data-widget_type=\"text-editor.default\">\n\t\t\t\t<div class=\"elementor-widget-container\">\n\t\t\t\t\t\t\t\t\t<p>La Orden de Malta L\u00edbano tiene como objetivo de mejorar la salud de los refugiados y de los libaneses vulnerables de todas las confesiones, que viven en zonas aisladas de la ciudad de Tr\u00edpoli y de los suburbios que la rodean, d\u00e1ndoles acceso a los servicios de atenci\u00f3n sanitaria primaria y secundaria y reforzando las capacidades sanitarias preventivas de la poblaci\u00f3n, especialmente educando a la gente sobre pr\u00e1cticas de higiene seguras.<\/p>\n<p>Los equipos m\u00e9dicos que dirigen estas unidades m\u00e9dicas m\u00f3viles ofrecen revisiones, consultas y medicaci\u00f3n as\u00ed como la posibilidad de derivar a las personas a centros m\u00e1s especializados cuando sea necesario para realizar m\u00e1s pruebas y hospitalizaciones. Todos sus servicios sanitarios se ofrecen de forma gratuita, incluidos los gastos de hospitalizaci\u00f3n, cuando los pacientes son remitidos por los m\u00e9dicos de la Orden de Malta.<\/p>\n<p>Cada Unidad M\u00e9dica M\u00f3vil es un autob\u00fas de 30 plazas convertido en consultorio, con un veh\u00edculo adicional, un equipo m\u00e9dico (m\u00e9dicos, enfermeras, trabajadores sociales) y un equipo de apoyo (director del proyecto, director financiero, conductores, secretario administrativo, coordinador de campo). Todas las ma\u00f1anas las Unidades M\u00e9dicas M\u00f3viles salen del centro y cubren varias zonas seg\u00fan una ruta semanal.<\/p>\n\t\t\t\t\t\t\t\t<\/div>\n\t\t\t\t<\/div>\n\t\t\t\t<div class=\"elementor-element elementor-element-7f1b38a elementor-mobile-align-center elementor-widget elementor-widget-button\" data-id=\"7f1b38a\" data-element_type=\"widget\" data-e-type=\"widget\" data-widget_type=\"button.default\">\n\t\t\t\t<div class=\"elementor-widget-container\">\n\t\t\t\t\t\t\t\t\t<div class=\"elementor-button-wrapper\">\n\t\t\t\t\t<a class=\"elementor-button elementor-button-link elementor-size-sm\" href=\"https:\/\/caritasprovitaegradu.ch\/es\/ayudenos-en-nuestra-mision\/\">\n\t\t\t\t\t\t<span class=\"elementor-button-content-wrapper\">\n\t\t\t\t\t\t\t\t\t<span class=\"elementor-button-text\">Ay\u00fadanos a apoyar este proyecto<\/span>\n\t\t\t\t\t<\/span>\n\t\t\t\t\t<\/a>\n\t\t\t\t<\/div>\n\t\t\t\t\t\t\t\t<\/div>\n\t\t\t\t<\/div>\n\t\t\t\t<\/div>\n\t\t\t\t<\/div>\n\t\t<div class=\"elementor-element elementor-element-d731c96 e-con-full con-max-width e-flex e-con e-child\" data-id=\"d731c96\" data-element_type=\"container\" data-e-type=\"container\" data-settings=\"{&quot;background_background&quot;:&quot;classic&quot;}\">\n\t\t<div class=\"elementor-element elementor-element-3e3afe0 e-con-full history e-flex e-con e-child\" data-id=\"3e3afe0\" data-element_type=\"container\" data-e-type=\"container\">\n\t\t\t\t<div class=\"elementor-element elementor-element-2219b76 elementor-widget elementor-widget-heading\" data-id=\"2219b76\" data-element_type=\"widget\" data-e-type=\"widget\" data-widget_type=\"heading.default\">\n\t\t\t\t<div class=\"elementor-widget-container\">\n\t\t\t\t\t<h3 class=\"elementor-heading-title elementor-size-default\">El proyecto apoyado por el Caritas Pro Vitae Gradu Charitable Trust\n<\/h3>\t\t\t\t<\/div>\n\t\t\t\t<\/div>\n\t\t\t\t<div class=\"elementor-element elementor-element-64394e6 list-icon elementor-widget elementor-widget-text-editor\" data-id=\"64394e6\" data-element_type=\"widget\" data-e-type=\"widget\" data-widget_type=\"text-editor.default\">\n\t\t\t\t<div class=\"elementor-widget-container\">\n\t\t\t\t\t\t\t\t\t<p>Gracias a nuestro apoyo, la Orden de Malta L\u00edbano ha podido adquirir y transformar otro autob\u00fas en una 6\u00aa Unidad M\u00e9dica M\u00f3vil en 2020 para ayudar a cubrir la regi\u00f3n de Khaldieh, cerca de Tr\u00edpoli, y ofrecer servicios sanitarios a m\u00e1s personas que se enfrentan a la pobreza y a la falta de acceso a la asistencia sanitaria, ya sean refugiados o libaneses. Esta Unidad M\u00e9dica M\u00f3vil adicional ha estado trabajando desde entonces para luchar tambi\u00e9n contra la actual pandemia de COVID-19 en el L\u00edbano.<\/p>\n<p>El proyecto y sus gastos de funcionamiento ser\u00e1n financiados en totalidad por Caritas Pro Vitae Gradu durante los pr\u00f3ximos 3 a\u00f1os.<\/p>\n\t\t\t\t\t\t\t\t<\/div>\n\t\t\t\t<\/div>\n\t\t\t\t<\/div>\n\t\t<div class=\"elementor-element elementor-element-70b46d2 e-con-full mission e-flex e-con e-child\" data-id=\"70b46d2\" data-element_type=\"container\" data-e-type=\"container\">\n\t\t\t\t<\/div>\n\t\t\t\t<\/div>\n\t\t\t\t\t<\/div>\n\t\t\t\t<\/div>\n\t\t<div class=\"elementor-element elementor-element-251ee7d req-donation e-flex e-con-boxed e-con e-parent\" data-id=\"251ee7d\" data-element_type=\"container\" data-e-type=\"container\" data-settings=\"{&quot;background_background&quot;:&quot;classic&quot;}\">\n\t\t\t\t\t<div class=\"e-con-inner\">\n\t\t<div class=\"elementor-element elementor-element-eeff61e e-con-full e-flex e-con e-child\" data-id=\"eeff61e\" data-element_type=\"container\" data-e-type=\"container\" data-settings=\"{&quot;background_background&quot;:&quot;gradient&quot;}\">\n\t\t<div class=\"elementor-element elementor-element-3b8e3fe e-con-full req-don-btn e-flex e-con e-child\" data-id=\"3b8e3fe\" data-element_type=\"container\" data-e-type=\"container\" data-settings=\"{&quot;background_background&quot;:&quot;classic&quot;}\">\n\t\t\t\t<div class=\"elementor-element elementor-element-756bfd4 elementor-widget elementor-widget-heading\" data-id=\"756bfd4\" data-element_type=\"widget\" data-e-type=\"widget\" data-widget_type=\"heading.default\">\n\t\t\t\t<div class=\"elementor-widget-container\">\n\t\t\t\t\t<h3 class=\"elementor-heading-title elementor-size-default\">Solicitar Donativo<\/h3>\t\t\t\t<\/div>\n\t\t\t\t<\/div>\n\t\t\t\t<div class=\"elementor-element elementor-element-6194bc5 elementor-widget__width-initial elementor-widget elementor-widget-text-editor\" data-id=\"6194bc5\" data-element_type=\"widget\" data-e-type=\"widget\" data-widget_type=\"text-editor.default\">\n\t\t\t\t<div class=\"elementor-widget-container\">\n\t\t\t\t\t\t\t\t\t<p>Prestamos nuestro apoyo en actividades de una gran variedad de sectores del campo social, m\u00e1s espec\u00edficamente en la lucha contra la pobreza, la mejora de la educaci\u00f3n, el acceso a los servicios de salud, la asistencia a migrantes y refugiados, y la protecci\u00f3n de las familias y la vida.<\/p>\n\t\t\t\t\t\t\t\t<\/div>\n\t\t\t\t<\/div>\n\t\t\t\t<div class=\"elementor-element elementor-element-7d8a12d elementor-align-center elementor-widget elementor-widget-button\" data-id=\"7d8a12d\" data-element_type=\"widget\" data-e-type=\"widget\" data-widget_type=\"button.default\">\n\t\t\t\t<div class=\"elementor-widget-container\">\n\t\t\t\t\t\t\t\t\t<div class=\"elementor-button-wrapper\">\n\t\t\t\t\t<a class=\"elementor-button elementor-button-link elementor-size-sm\" href=\"https:\/\/frnpbdued.preview.infomaniak.website\/es\/solicitar-donativo\/\">\n\t\t\t\t\t\t<span class=\"elementor-button-content-wrapper\">\n\t\t\t\t\t\t\t\t\t<span class=\"elementor-button-text\">Solicitar Donativo<\/span>\n\t\t\t\t\t<\/span>\n\t\t\t\t\t<\/a>\n\t\t\t\t<\/div>\n\t\t\t\t\t\t\t\t<\/div>\n\t\t\t\t<\/div>\n\t\t\t\t<\/div>\n\t\t\t\t<\/div>\n\t\t\t\t\t<\/div>\n\t\t\t\t<\/div>\n\t\t\t\t<\/div>\n\t\t","protected":false},"excerpt":{"rendered":"<p>Mothers waiting with their children to be visited by the Mobile Medical Unit Unidad m\u00e9dica m\u00f3vil \u2013 Orden de Malta, regi\u00f3n de Jaldieh en el L\u00edbano Las Unidades M\u00e9dicas M\u00f3viles son uno de los proyectos m\u00e1s impactantes del Orden de Malta. El orden est\u00e1 presente en el L\u00edbano desde 1957. Ha ampliado constantemente sus proyectos [&hellip;]<\/p>\n","protected":false},"featured_media":31681,"template":"","format":"standard","categories":[],"class_list":["post-31925","projects","type-projects","status-publish","format-standard","has-post-thumbnail","hentry"],"acf":[],"_links":{"self":[{"href":"https:\/\/caritasprovitaegradu.ch\/es\/wp-json\/wp\/v2\/projects\/31925","targetHints":{"allow":["GET"]}}],"collection":[{"href":"https:\/\/caritasprovitaegradu.ch\/es\/wp-json\/wp\/v2\/projects"}],"about":[{"href":"https:\/\/caritasprovitaegradu.ch\/es\/wp-json\/wp\/v2\/types\/projects"}],"version-history":[{"count":11,"href":"https:\/\/caritasprovitaegradu.ch\/es\/wp-json\/wp\/v2\/projects\/31925\/revisions"}],"predecessor-version":[{"id":33651,"href":"https:\/\/caritasprovitaegradu.ch\/es\/wp-json\/wp\/v2\/projects\/31925\/revisions\/33651"}],"wp:featuredmedia":[{"embeddable":true,"href":"https:\/\/caritasprovitaegradu.ch\/es\/wp-json\/wp\/v2\/media\/31681"}],"wp:attachment":[{"href":"https:\/\/caritasprovitaegradu.ch\/es\/wp-json\/wp\/v2\/media?parent=31925"}],"wp:term":[{"taxonomy":"category","embeddable":true,"href":"https:\/\/caritasprovitaegradu.ch\/es\/wp-json\/wp\/v2\/categories?post=31925"}],"curies":[{"name":"wp","href":"https:\/\/api.w.org\/{rel}","templated":true}]}}