{"id":31887,"date":"2023-11-10T09:31:28","date_gmt":"2023-11-10T08:31:28","guid":{"rendered":"https:\/\/frnpbdued.preview.infomaniak.website\/home\/"},"modified":"2023-12-12T14:39:16","modified_gmt":"2023-12-12T13:39:16","slug":"home","status":"publish","type":"page","link":"https:\/\/caritasprovitaegradu.ch\/es\/","title":{"rendered":"Home"},"content":{"rendered":"\t\t<div data-elementor-type=\"wp-page\" data-elementor-id=\"31887\" class=\"elementor elementor-31887 elementor-29752\" data-elementor-post-type=\"page\">\n\t\t\t\t<div class=\"elementor-element elementor-element-a822d8a e-flex e-con-boxed e-con e-parent\" data-id=\"a822d8a\" data-element_type=\"container\" data-e-type=\"container\">\n\t\t\t\t\t<div class=\"e-con-inner\">\n\t\t\t\t<div class=\"elementor-element elementor-element-ec0ae9c elementor-widget elementor-widget-image\" data-id=\"ec0ae9c\" data-element_type=\"widget\" data-e-type=\"widget\" data-widget_type=\"image.default\">\n\t\t\t\t<div class=\"elementor-widget-container\">\n\t\t\t\t\t\t\t\t\t\t\t\t\t\t\t<img fetchpriority=\"high\" decoding=\"async\" width=\"1600\" height=\"693\" src=\"http:\/\/caritasprovitaegradu.ch\/wp-content\/uploads\/2023\/11\/banner-RS-1.jpg\" class=\"attachment-full size-full wp-image-29758\" alt=\"\" srcset=\"http:\/\/caritasprovitaegradu.ch\/wp-content\/uploads\/2023\/11\/banner-RS-1.jpg 1600w, http:\/\/caritasprovitaegradu.ch\/wp-content\/uploads\/2023\/11\/banner-RS-1-300x130.jpg 300w, http:\/\/caritasprovitaegradu.ch\/wp-content\/uploads\/2023\/11\/banner-RS-1-1024x444.jpg 1024w, http:\/\/caritasprovitaegradu.ch\/wp-content\/uploads\/2023\/11\/banner-RS-1-768x333.jpg 768w, http:\/\/caritasprovitaegradu.ch\/wp-content\/uploads\/2023\/11\/banner-RS-1-1536x665.jpg 1536w\" sizes=\"(max-width: 1600px) 100vw, 1600px\" \/>\t\t\t\t\t\t\t\t\t\t\t\t\t\t\t<\/div>\n\t\t\t\t<\/div>\n\t\t<div class=\"elementor-element elementor-element-eabce55 e-flex e-con-boxed e-con e-child\" data-id=\"eabce55\" data-element_type=\"container\" data-e-type=\"container\" data-settings=\"{&quot;position&quot;:&quot;absolute&quot;}\">\n\t\t\t\t\t<div class=\"e-con-inner\">\n\t\t\t\t<div class=\"elementor-element elementor-element-9db0d13 elementor-widget-tablet__width-initial banner-title elementor-widget elementor-widget-heading\" data-id=\"9db0d13\" data-element_type=\"widget\" data-e-type=\"widget\" data-widget_type=\"heading.default\">\n\t\t\t\t<div class=\"elementor-widget-container\">\n\t\t\t\t\t<h1 class=\"elementor-heading-title elementor-size-default\">Cambiemos el mundo, juntos<\/h1>\t\t\t\t<\/div>\n\t\t\t\t<\/div>\n\t\t\t\t<div class=\"elementor-element elementor-element-a7b28fa elementor-widget__width-auto banner-desc elementor-widget elementor-widget-heading\" data-id=\"a7b28fa\" data-element_type=\"widget\" data-e-type=\"widget\" data-widget_type=\"heading.default\">\n\t\t\t\t<div class=\"elementor-widget-container\">\n\t\t\t\t\t<span class=\"elementor-heading-title elementor-size-default\">Santiago de Chile - Celebraci\u00f3n de Navidad en el Centro de la Misericordia<\/span>\t\t\t\t<\/div>\n\t\t\t\t<\/div>\n\t\t\t\t\t<\/div>\n\t\t\t\t<\/div>\n\t\t\t\t\t<\/div>\n\t\t\t\t<\/div>\n\t\t<div class=\"elementor-element elementor-element-8f39032 e-flex e-con-boxed e-con e-parent\" data-id=\"8f39032\" data-element_type=\"container\" data-e-type=\"container\">\n\t\t\t\t\t<div class=\"e-con-inner\">\n\t\t<div class=\"elementor-element elementor-element-c44eede xl-margin e-flex e-con-boxed e-con e-child\" data-id=\"c44eede\" data-element_type=\"container\" data-e-type=\"container\">\n\t\t\t\t\t<div class=\"e-con-inner\">\n\t\t<div class=\"elementor-element elementor-element-950a33b e-con-full e-flex e-con e-child\" data-id=\"950a33b\" data-element_type=\"container\" data-e-type=\"container\">\n\t\t\t\t<div class=\"elementor-element elementor-element-e707296 elementor-widget elementor-widget-icon-box\" data-id=\"e707296\" data-element_type=\"widget\" data-e-type=\"widget\" data-widget_type=\"icon-box.default\">\n\t\t\t\t<div class=\"elementor-widget-container\">\n\t\t\t\t\t\t\t<div class=\"elementor-icon-box-wrapper\">\n\n\t\t\t\n\t\t\t\t\t\t<div class=\"elementor-icon-box-content\">\n\n\t\t\t\t\t\t\t\t\t<h3 class=\"elementor-icon-box-title\">\n\t\t\t\t\t\t<span  >\n\t\t\t\t\t\t\tQui\u00e9nes somos\t\t\t\t\t\t<\/span>\n\t\t\t\t\t<\/h3>\n\t\t\t\t\n\t\t\t\t\t\t\t\t\t<p class=\"elementor-icon-box-description\">\n\t\t\t\t\t\tCaritas Pro Vitae Gradu Charitable Trust ha sido constituido como un trust benefico debidamente registrado en la Comisi\u00f3n de Organizaciones Ben\u00e9ficas de Nueva Zelanda, y nuestras actividades se dirigen desde Ginebra y Auckland, donde se encuentran nuestros trustees. Somos una entidad de alcance mundial.\t\t\t\t\t<\/p>\n\t\t\t\t\n\t\t\t<\/div>\n\t\t\t\n\t\t<\/div>\n\t\t\t\t\t\t<\/div>\n\t\t\t\t<\/div>\n\t\t\t\t<div class=\"elementor-element elementor-element-56709a4 elementor-align-right elementor-widget elementor-widget-button\" data-id=\"56709a4\" data-element_type=\"widget\" data-e-type=\"widget\" data-widget_type=\"button.default\">\n\t\t\t\t<div class=\"elementor-widget-container\">\n\t\t\t\t\t\t\t\t\t<div class=\"elementor-button-wrapper\">\n\t\t\t\t\t<a class=\"elementor-button elementor-button-link elementor-size-sm\" href=\"https:\/\/caritasprovitaegradu.ch\/catholic-projects\/\">\n\t\t\t\t\t\t<span class=\"elementor-button-content-wrapper\">\n\t\t\t\t\t\t\t\t\t<span class=\"elementor-button-text\">Leer m\u00e1s<\/span>\n\t\t\t\t\t<\/span>\n\t\t\t\t\t<\/a>\n\t\t\t\t<\/div>\n\t\t\t\t\t\t\t\t<\/div>\n\t\t\t\t<\/div>\n\t\t\t\t<div class=\"elementor-element elementor-element-99ebbc5 elementor-widget elementor-widget-icon-box\" data-id=\"99ebbc5\" data-element_type=\"widget\" data-e-type=\"widget\" data-widget_type=\"icon-box.default\">\n\t\t\t\t<div class=\"elementor-widget-container\">\n\t\t\t\t\t\t\t<div class=\"elementor-icon-box-wrapper\">\n\n\t\t\t\n\t\t\t\t\t\t<div class=\"elementor-icon-box-content\">\n\n\t\t\t\t\t\t\t\t\t<h3 class=\"elementor-icon-box-title\">\n\t\t\t\t\t\t<span  >\n\t\t\t\t\t\t\tNuestro prop\u00f3sito\t\t\t\t\t\t<\/span>\n\t\t\t\t\t<\/h3>\n\t\t\t\t\n\t\t\t\t\t\t\t\t\t<p class=\"elementor-icon-box-description\">\n\t\t\t\t\t\tNuestro objetivo es apoyar cualquier proyecto cat\u00f3lico romano serio que implique un impacto social y humanitario a nivel mundial y que, a la vez, promueva los valores cat\u00f3licos romanos, as\u00ed como los mensajes de compasi\u00f3n, respeto, tolerancia y amor al pr\u00f3jimo.\t\t\t\t\t<\/p>\n\t\t\t\t\n\t\t\t<\/div>\n\t\t\t\n\t\t<\/div>\n\t\t\t\t\t\t<\/div>\n\t\t\t\t<\/div>\n\t\t\t\t<\/div>\n\t\t<div class=\"elementor-element elementor-element-8ec0248 e-con-full e-flex e-con e-child\" data-id=\"8ec0248\" data-element_type=\"container\" data-e-type=\"container\">\n\t\t\t\t<div class=\"elementor-element elementor-element-06c1bc2 elementor-widget elementor-widget-image\" data-id=\"06c1bc2\" data-element_type=\"widget\" data-e-type=\"widget\" data-widget_type=\"image.default\">\n\t\t\t\t<div class=\"elementor-widget-container\">\n\t\t\t\t\t\t\t\t\t\t\t\t\t\t\t<img decoding=\"async\" width=\"1000\" height=\"600\" src=\"http:\/\/caritasprovitaegradu.ch\/wp-content\/uploads\/2023\/11\/home-img1-1.jpg\" class=\"attachment-full size-full wp-image-29761\" alt=\"\" srcset=\"http:\/\/caritasprovitaegradu.ch\/wp-content\/uploads\/2023\/11\/home-img1-1.jpg 1000w, http:\/\/caritasprovitaegradu.ch\/wp-content\/uploads\/2023\/11\/home-img1-1-300x180.jpg 300w, http:\/\/caritasprovitaegradu.ch\/wp-content\/uploads\/2023\/11\/home-img1-1-768x461.jpg 768w\" sizes=\"(max-width: 1000px) 100vw, 1000px\" \/>\t\t\t\t\t\t\t\t\t\t\t\t\t\t\t<\/div>\n\t\t\t\t<\/div>\n\t\t\t\t<div class=\"elementor-element elementor-element-06f1c91 elementor-widget__width-initial banner-desc elementor-absolute elementor-widget elementor-widget-heading\" data-id=\"06f1c91\" data-element_type=\"widget\" data-e-type=\"widget\" data-settings=\"{&quot;_position&quot;:&quot;absolute&quot;}\" data-widget_type=\"heading.default\">\n\t\t\t\t<div class=\"elementor-widget-container\">\n\t\t\t\t\t<span class=\"elementor-heading-title elementor-size-default\">Ciudad del Vaticano - Noviembre de 2018 \u2013 La representante de Caritas Pro Vitae Gradu Charitable Trust,\nAriane Slinger, se re\u00fane con el Papa Francisco y una delegaci\u00f3n de donantes.\n<\/span>\t\t\t\t<\/div>\n\t\t\t\t<\/div>\n\t\t\t\t<\/div>\n\t\t\t\t\t<\/div>\n\t\t\t\t<\/div>\n\t\t\t\t\t<\/div>\n\t\t\t\t<\/div>\n\t\t<div class=\"elementor-element elementor-element-57194fb e-flex e-con-boxed e-con e-parent\" data-id=\"57194fb\" data-element_type=\"container\" data-e-type=\"container\">\n\t\t\t\t\t<div class=\"e-con-inner\">\n\t\t<div class=\"elementor-element elementor-element-2fedbfe xl-margin e-flex e-con-boxed e-con e-child\" data-id=\"2fedbfe\" data-element_type=\"container\" data-e-type=\"container\">\n\t\t\t\t\t<div class=\"e-con-inner\">\n\t\t<div class=\"elementor-element elementor-element-fdd6ed0 e-con-full e-flex e-con e-child\" data-id=\"fdd6ed0\" data-element_type=\"container\" data-e-type=\"container\">\n\t\t\t\t<div class=\"elementor-element elementor-element-37ee55c elementor-align-left elementor-mobile-align-center rd-btn elementor-widget elementor-widget-button\" data-id=\"37ee55c\" data-element_type=\"widget\" data-e-type=\"widget\" data-widget_type=\"button.default\">\n\t\t\t\t<div class=\"elementor-widget-container\">\n\t\t\t\t\t\t\t\t\t<div class=\"elementor-button-wrapper\">\n\t\t\t\t\t<a class=\"elementor-button elementor-button-link elementor-size-sm\" href=\"https:\/\/caritasprovitaegradu.ch\/es\/solicitar-donativo\/\">\n\t\t\t\t\t\t<span class=\"elementor-button-content-wrapper\">\n\t\t\t\t\t\t\t\t\t<span class=\"elementor-button-text\">Solicitar Donativo<\/span>\n\t\t\t\t\t<\/span>\n\t\t\t\t\t<\/a>\n\t\t\t\t<\/div>\n\t\t\t\t\t\t\t\t<\/div>\n\t\t\t\t<\/div>\n\t\t\t\t<\/div>\n\t\t<div class=\"elementor-element elementor-element-e5deec5 e-con-full e-flex e-con e-child\" data-id=\"e5deec5\" data-element_type=\"container\" data-e-type=\"container\">\n\t\t\t\t<div class=\"elementor-element elementor-element-256d7fe elementor-widget elementor-widget-heading\" data-id=\"256d7fe\" data-element_type=\"widget\" data-e-type=\"widget\" data-widget_type=\"heading.default\">\n\t\t\t\t<div class=\"elementor-widget-container\">\n\t\t\t\t\t<h2 class=\"elementor-heading-title elementor-size-default\">Caritas Pro Vitae Gradu Charitable Trust apoya los proyectos cat\u00f3licos que fomentan el cambio y promueven los valores cat\u00f3lico-romanos de la compasi\u00f3n y el compromiso en favor de los m\u00e1s vulnerables.\n<\/h2>\t\t\t\t<\/div>\n\t\t\t\t<\/div>\n\t\t\t\t<\/div>\n\t\t\t\t\t<\/div>\n\t\t\t\t<\/div>\n\t\t\t\t\t<\/div>\n\t\t\t\t<\/div>\n\t\t<div class=\"elementor-element elementor-element-89948e6 e-flex e-con-boxed e-con e-parent\" data-id=\"89948e6\" data-element_type=\"container\" data-e-type=\"container\">\n\t\t\t\t\t<div class=\"e-con-inner\">\n\t\t\t\t<div class=\"elementor-element elementor-element-21953a6 elementor-widget elementor-widget-shortcode\" data-id=\"21953a6\" data-element_type=\"widget\" data-e-type=\"widget\" data-widget_type=\"shortcode.default\">\n\t\t\t\t<div class=\"elementor-widget-container\">\n\t\t\t\t\t<!-- Projects Block -->\n<div class=\"projects-slider-outer\" id=\"projects\">\n  <div class=\"container-fluid\">\n    <div class=\"row\">\n      <div class=\"col-md-12\">\n        <div class=\"projects-slider\">\n          <h3>Catholic projects we support<\/h3>\n          <div class=\"projects-slider-list\">\n            <div class=\"slider-nav\"><\/div>\n            <div class=\"projects-slider-sec\">\n              <ul class=\"list-unstyled\">\n\t\t\t\t\t\t\t\t\t<li data-markerid=\"0\" data-lat=\"14.6273911\" data-lon=\"120.9593406\">\n\t\t\t\t\t  <div class=\"projects-list-wrap\">\n\t\t\t\t\t\t<div class=\"projects-thumbnail\">\n\t\t<a class=\"post-thumbnail\" href=\"https:\/\/caritasprovitaegradu.ch\/es\/projects\/acay-misiones-filipinas-programa-school-of-life\/\" aria-hidden=\"true\" tabindex=\"-1\">\n\t\t\t<img decoding=\"async\" width=\"1600\" height=\"1068\" src=\"https:\/\/caritasprovitaegradu.ch\/wp-content\/uploads\/2023\/11\/Group.jpg\" class=\"attachment-post-thumbnail size-post-thumbnail wp-post-image\" alt=\"ACAY Misiones Filipinas \u2013 Programa School of Life\" srcset=\"https:\/\/caritasprovitaegradu.ch\/wp-content\/uploads\/2023\/11\/Group.jpg 1600w, https:\/\/caritasprovitaegradu.ch\/wp-content\/uploads\/2023\/11\/Group-300x200.jpg 300w, https:\/\/caritasprovitaegradu.ch\/wp-content\/uploads\/2023\/11\/Group-1024x684.jpg 1024w, https:\/\/caritasprovitaegradu.ch\/wp-content\/uploads\/2023\/11\/Group-768x513.jpg 768w, https:\/\/caritasprovitaegradu.ch\/wp-content\/uploads\/2023\/11\/Group-1536x1025.jpg 1536w\" sizes=\"(max-width: 1600px) 100vw, 1600px\" \/>\t\t<\/a>\n\n\t\t<\/div>\n\t\t\t\t\t\t<div class=\"projects-short-content\">\t\t\t\t\t\t\t\t\n\t\t\t\t\t\t\t<h5>ACAY Misiones Filipinas \u2013 Programa School of Life<\/h5> <p>School of Life \u2013 Misiones ACAY Filipinas Volver ACAY Misiones Filipinas \u2013 Programa School of Life ACAY Misiones Filipinas comenz\u00f3 en 1997, con un enfoque innovador para restaurar la dignidad&hellip;<\/p>\t\t\t\t\t\t\t<a class=\"btn-primary\" href=\"https:\/\/caritasprovitaegradu.ch\/es\/projects\/acay-misiones-filipinas-programa-school-of-life\/\">Go to project<\/a> <\/div>\n\t\t\t\t\t  <\/div>\n\t\t\t\t\t<\/li>\n\t\t\t\t\t\t\t\t\t\t<li data-markerid=\"1\" data-lat=\"33.874716\" data-lon=\"35.541774\">\n\t\t\t\t\t  <div class=\"projects-list-wrap\">\n\t\t\t\t\t\t<div class=\"projects-thumbnail\">\n\t\t<a class=\"post-thumbnail\" href=\"https:\/\/caritasprovitaegradu.ch\/es\/projects\/unidad-medica-movil-orden-de-malta-libano\/\" aria-hidden=\"true\" tabindex=\"-1\">\n\t\t\t<img loading=\"lazy\" decoding=\"async\" width=\"958\" height=\"719\" src=\"https:\/\/caritasprovitaegradu.ch\/wp-content\/uploads\/2023\/11\/IMG_1969-958x719-1-1.jpg\" class=\"attachment-post-thumbnail size-post-thumbnail wp-post-image\" alt=\"Unidad m\u00e9dica m\u00f3vil\u2013 Orden de Malta, L\u00edbano\" srcset=\"https:\/\/caritasprovitaegradu.ch\/wp-content\/uploads\/2023\/11\/IMG_1969-958x719-1-1.jpg 958w, https:\/\/caritasprovitaegradu.ch\/wp-content\/uploads\/2023\/11\/IMG_1969-958x719-1-1-300x225.jpg 300w, https:\/\/caritasprovitaegradu.ch\/wp-content\/uploads\/2023\/11\/IMG_1969-958x719-1-1-768x576.jpg 768w\" sizes=\"(max-width: 958px) 100vw, 958px\" \/>\t\t<\/a>\n\n\t\t<\/div>\n\t\t\t\t\t\t<div class=\"projects-short-content\">\t\t\t\t\t\t\t\t\n\t\t\t\t\t\t\t<h5>Unidad m\u00e9dica m\u00f3vil\u2013 Orden de Malta, L\u00edbano<\/h5> <p>Mothers waiting with their children to be visited by the Mobile Medical Unit Unidad m\u00e9dica m\u00f3vil \u2013 Orden de Malta, regi\u00f3n de Jaldieh en el L\u00edbano Las Unidades M\u00e9dicas M\u00f3viles&hellip;<\/p>\t\t\t\t\t\t\t<a class=\"btn-primary\" href=\"https:\/\/caritasprovitaegradu.ch\/es\/projects\/unidad-medica-movil-orden-de-malta-libano\/\">Go to project<\/a> <\/div>\n\t\t\t\t\t  <\/div>\n\t\t\t\t\t<\/li>\n\t\t\t\t\t\t\t\t\t\t<li data-markerid=\"2\" data-lat=\"33.5130695\" data-lon=\"36.3095814\">\n\t\t\t\t\t  <div class=\"projects-list-wrap\">\n\t\t\t\t\t\t<div class=\"projects-thumbnail\">\n\t\t<a class=\"post-thumbnail\" href=\"https:\/\/caritasprovitaegradu.ch\/es\/projects\/proyecto-hospitales-abiertos-de-siria\/\" aria-hidden=\"true\" tabindex=\"-1\">\n\t\t\t<img loading=\"lazy\" decoding=\"async\" width=\"1327\" height=\"885\" src=\"https:\/\/caritasprovitaegradu.ch\/wp-content\/uploads\/2023\/11\/Damascus-st.-louis-ped.jpg\" class=\"attachment-post-thumbnail size-post-thumbnail wp-post-image\" alt=\"Proyecto \u201cHospitales abiertos\u201d de Siria\" srcset=\"https:\/\/caritasprovitaegradu.ch\/wp-content\/uploads\/2023\/11\/Damascus-st.-louis-ped.jpg 1327w, https:\/\/caritasprovitaegradu.ch\/wp-content\/uploads\/2023\/11\/Damascus-st.-louis-ped-300x200.jpg 300w, https:\/\/caritasprovitaegradu.ch\/wp-content\/uploads\/2023\/11\/Damascus-st.-louis-ped-1024x683.jpg 1024w, https:\/\/caritasprovitaegradu.ch\/wp-content\/uploads\/2023\/11\/Damascus-st.-louis-ped-768x512.jpg 768w\" sizes=\"(max-width: 1327px) 100vw, 1327px\" \/>\t\t<\/a>\n\n\t\t<\/div>\n\t\t\t\t\t\t<div class=\"projects-short-content\">\t\t\t\t\t\t\t\t\n\t\t\t\t\t\t\t<h5>Proyecto \u201cHospitales abiertos\u201d de Siria<\/h5> <p>Damasco \u2013 San Luis \u2013 Pediatr\u00eda Proyecto \u201cHospitales abiertos\u201d de Siria Seg\u00fan los c\u00e1lculos m\u00e1s recientes (datos de la OCHA), hay 13,5 millones de sirios que necesitan ayuda; de ellos,&hellip;<\/p>\t\t\t\t\t\t\t<a class=\"btn-primary\" href=\"https:\/\/caritasprovitaegradu.ch\/es\/projects\/proyecto-hospitales-abiertos-de-siria\/\">Go to project<\/a> <\/div>\n\t\t\t\t\t  <\/div>\n\t\t\t\t\t<\/li>\n\t\t\t\t\t\t\t\t\t\t<li data-markerid=\"3\" data-lat=\"20.7667713\" data-lon=\"74.3382706\">\n\t\t\t\t\t  <div class=\"projects-list-wrap\">\n\t\t\t\t\t\t<div class=\"projects-thumbnail\">\n\t\t<a class=\"post-thumbnail\" href=\"https:\/\/caritasprovitaegradu.ch\/es\/projects\/a-chance-in-life-boys-and-girls-towns-en-la-india\/\" aria-hidden=\"true\" tabindex=\"-1\">\n\t\t\t<img loading=\"lazy\" decoding=\"async\" width=\"1600\" height=\"1200\" src=\"https:\/\/caritasprovitaegradu.ch\/wp-content\/uploads\/2023\/11\/Christmas-Thank-you.jpg\" class=\"attachment-post-thumbnail size-post-thumbnail wp-post-image\" alt=\"A Chance in Life \u2013 Boys and Girls Towns en la India\" srcset=\"https:\/\/caritasprovitaegradu.ch\/wp-content\/uploads\/2023\/11\/Christmas-Thank-you.jpg 1600w, https:\/\/caritasprovitaegradu.ch\/wp-content\/uploads\/2023\/11\/Christmas-Thank-you-300x225.jpg 300w, https:\/\/caritasprovitaegradu.ch\/wp-content\/uploads\/2023\/11\/Christmas-Thank-you-1024x768.jpg 1024w, https:\/\/caritasprovitaegradu.ch\/wp-content\/uploads\/2023\/11\/Christmas-Thank-you-768x576.jpg 768w, https:\/\/caritasprovitaegradu.ch\/wp-content\/uploads\/2023\/11\/Christmas-Thank-you-1536x1152.jpg 1536w\" sizes=\"(max-width: 1600px) 100vw, 1600px\" \/>\t\t<\/a>\n\n\t\t<\/div>\n\t\t\t\t\t\t<div class=\"projects-short-content\">\t\t\t\t\t\t\t\t\n\t\t\t\t\t\t\t<h5>A Chance in Life \u2013 Boys and Girls Towns en la India<\/h5> <p>A Chance in Life Girls Town India Celebraci\u00f3n de la Navidad A Chance in Life \u2013 Boys and Girls Towns en la India La misi\u00f3n de A Chance In Life&hellip;<\/p>\t\t\t\t\t\t\t<a class=\"btn-primary\" href=\"https:\/\/caritasprovitaegradu.ch\/es\/projects\/a-chance-in-life-boys-and-girls-towns-en-la-india\/\">Go to project<\/a> <\/div>\n\t\t\t\t\t  <\/div>\n\t\t\t\t\t<\/li>\n\t\t\t\t\t\t\t\t\t\t<li data-markerid=\"4\" data-lat=\"15.41778\" data-lon=\"38.40222\">\n\t\t\t\t\t  <div class=\"projects-list-wrap\">\n\t\t\t\t\t\t<div class=\"projects-thumbnail\">\n\t\t<a class=\"post-thumbnail\" href=\"https:\/\/caritasprovitaegradu.ch\/es\/projects\/hospicio-st-joseph-en-pakistan\/\" aria-hidden=\"true\" tabindex=\"-1\">\n\t\t\t<img loading=\"lazy\" decoding=\"async\" width=\"1165\" height=\"775\" src=\"https:\/\/caritasprovitaegradu.ch\/wp-content\/uploads\/2023\/11\/St.-Joseph-Hospice.jpg\" class=\"attachment-post-thumbnail size-post-thumbnail wp-post-image\" alt=\"Hospicio St. Joseph en Pakistan\" srcset=\"https:\/\/caritasprovitaegradu.ch\/wp-content\/uploads\/2023\/11\/St.-Joseph-Hospice.jpg 1165w, https:\/\/caritasprovitaegradu.ch\/wp-content\/uploads\/2023\/11\/St.-Joseph-Hospice-300x200.jpg 300w, https:\/\/caritasprovitaegradu.ch\/wp-content\/uploads\/2023\/11\/St.-Joseph-Hospice-1024x681.jpg 1024w, https:\/\/caritasprovitaegradu.ch\/wp-content\/uploads\/2023\/11\/St.-Joseph-Hospice-768x511.jpg 768w\" sizes=\"(max-width: 1165px) 100vw, 1165px\" \/>\t\t<\/a>\n\n\t\t<\/div>\n\t\t\t\t\t\t<div class=\"projects-short-content\">\t\t\t\t\t\t\t\t\n\t\t\t\t\t\t\t<h5>Hospicio St. Joseph en Pakistan<\/h5> <p>Entrada del Hospicio St. Joseph Hospicio St. Joseph \u2013 Hospicio para las personas mayores y enfermas en Pakist\u00e1n El hospicio St. Joseph de Rawalpindi tiene 60 camas para las personas&hellip;<\/p>\t\t\t\t\t\t\t<a class=\"btn-primary\" href=\"https:\/\/caritasprovitaegradu.ch\/es\/projects\/hospicio-st-joseph-en-pakistan\/\">Go to project<\/a> <\/div>\n\t\t\t\t\t  <\/div>\n\t\t\t\t\t<\/li>\n\t\t\t\t\t\t\t\t\t\t<li data-markerid=\"5\" data-lat=\"15.41778\" data-lon=\"38.40222\">\n\t\t\t\t\t  <div class=\"projects-list-wrap\">\n\t\t\t\t\t\t<div class=\"projects-thumbnail\">\n\t\t<a class=\"post-thumbnail\" href=\"https:\/\/caritasprovitaegradu.ch\/es\/projects\/secretariado-eparquial-catolico-de-keren-cesk-eritrea\/\" aria-hidden=\"true\" tabindex=\"-1\">\n\t\t\t<img loading=\"lazy\" decoding=\"async\" width=\"657\" height=\"492\" src=\"https:\/\/caritasprovitaegradu.ch\/wp-content\/uploads\/2023\/11\/1-Womens-groups.-their-safes-with-3-locks.-Keys-for-locks-are-kept-wit._.jpg\" class=\"attachment-post-thumbnail size-post-thumbnail wp-post-image\" alt=\"Secretariado Eparquial Cat\u00f3lico de Keren (CESK) &#8211; Eritrea\" srcset=\"https:\/\/caritasprovitaegradu.ch\/wp-content\/uploads\/2023\/11\/1-Womens-groups.-their-safes-with-3-locks.-Keys-for-locks-are-kept-wit._.jpg 657w, https:\/\/caritasprovitaegradu.ch\/wp-content\/uploads\/2023\/11\/1-Womens-groups.-their-safes-with-3-locks.-Keys-for-locks-are-kept-wit._-300x225.jpg 300w\" sizes=\"(max-width: 657px) 100vw, 657px\" \/>\t\t<\/a>\n\n\t\t<\/div>\n\t\t\t\t\t\t<div class=\"projects-short-content\">\t\t\t\t\t\t\t\t\n\t\t\t\t\t\t\t<h5>Secretariado Eparquial Cat\u00f3lico de Keren (CESK) &#8211; Eritrea<\/h5> <p>La Iglesia de la Di\u00f3cesis de Keren Las Mujeres en el Departamento de Desarollo Secretar\u00eda Cat\u00f3lica Eparquial Keren Las Mujeres en el Departamento de Desarollo Secretar\u00eda Cat\u00f3lica Eparquial Keren El&hellip;<\/p>\t\t\t\t\t\t\t<a class=\"btn-primary\" href=\"https:\/\/caritasprovitaegradu.ch\/es\/projects\/secretariado-eparquial-catolico-de-keren-cesk-eritrea\/\">Go to project<\/a> <\/div>\n\t\t\t\t\t  <\/div>\n\t\t\t\t\t<\/li>\n\t\t\t\t\t\t\t\t\t\t<li data-markerid=\"6\" data-lat=\"48.862725\" data-lon=\"2.287592\">\n\t\t\t\t\t  <div class=\"projects-list-wrap\">\n\t\t\t\t\t\t<div class=\"projects-thumbnail\">\n\t\t<a class=\"post-thumbnail\" href=\"https:\/\/caritasprovitaegradu.ch\/es\/projects\/la-residencia-de-acogida-louise-rosalie-en-paris-francia\/\" aria-hidden=\"true\" tabindex=\"-1\">\n\t\t\t<img loading=\"lazy\" decoding=\"async\" width=\"1920\" height=\"1152\" src=\"https:\/\/caritasprovitaegradu.ch\/wp-content\/uploads\/2023\/11\/Chandeleur-2021.jpg\" class=\"attachment-post-thumbnail size-post-thumbnail wp-post-image\" alt=\"La residencia de acogida Louise &amp; Rosalie en Par\u00eds, Francia\" srcset=\"https:\/\/caritasprovitaegradu.ch\/wp-content\/uploads\/2023\/11\/Chandeleur-2021.jpg 1920w, https:\/\/caritasprovitaegradu.ch\/wp-content\/uploads\/2023\/11\/Chandeleur-2021-300x180.jpg 300w, https:\/\/caritasprovitaegradu.ch\/wp-content\/uploads\/2023\/11\/Chandeleur-2021-1024x614.jpg 1024w, https:\/\/caritasprovitaegradu.ch\/wp-content\/uploads\/2023\/11\/Chandeleur-2021-768x461.jpg 768w, https:\/\/caritasprovitaegradu.ch\/wp-content\/uploads\/2023\/11\/Chandeleur-2021-1536x922.jpg 1536w\" sizes=\"(max-width: 1920px) 100vw, 1920px\" \/>\t\t<\/a>\n\n\t\t<\/div>\n\t\t\t\t\t\t<div class=\"projects-short-content\">\t\t\t\t\t\t\t\t\n\t\t\t\t\t\t\t<h5>La residencia de acogida Louise &amp; Rosalie en Par\u00eds, Francia<\/h5> <p>Cafeter\u00eda para comidas calientes Accueil Louise &amp; Rosalie \u2013 Soci\u00e9t\u00e9 de Saint-Vincent-de-Paul Centro de acogida para mujeres sin hogar en Par\u00eds, Francia La residencia de acogida Louise &amp; Rosalie en&hellip;<\/p>\t\t\t\t\t\t\t<a class=\"btn-primary\" href=\"https:\/\/caritasprovitaegradu.ch\/es\/projects\/la-residencia-de-acogida-louise-rosalie-en-paris-francia\/\">Go to project<\/a> <\/div>\n\t\t\t\t\t  <\/div>\n\t\t\t\t\t<\/li>\n\t\t\t\t\t\t\t\t\t\t<li data-markerid=\"7\" data-lat=\"10.4199553\" data-lon=\"34.4485718\">\n\t\t\t\t\t  <div class=\"projects-list-wrap\">\n\t\t\t\t\t\t<div class=\"projects-thumbnail\">\n\t\t<a class=\"post-thumbnail\" href=\"https:\/\/caritasprovitaegradu.ch\/es\/projects\/a-chance-in-life-covid-19-support\/\" aria-hidden=\"true\" tabindex=\"-1\">\n\t\t\t<img loading=\"lazy\" decoding=\"async\" width=\"1280\" height=\"597\" src=\"https:\/\/caritasprovitaegradu.ch\/wp-content\/uploads\/2023\/11\/17-Guatemala-2.jpg\" class=\"attachment-post-thumbnail size-post-thumbnail wp-post-image\" alt=\"A Chance in Life \u2013 COVID-19 Support\" srcset=\"https:\/\/caritasprovitaegradu.ch\/wp-content\/uploads\/2023\/11\/17-Guatemala-2.jpg 1280w, https:\/\/caritasprovitaegradu.ch\/wp-content\/uploads\/2023\/11\/17-Guatemala-2-300x140.jpg 300w, https:\/\/caritasprovitaegradu.ch\/wp-content\/uploads\/2023\/11\/17-Guatemala-2-1024x478.jpg 1024w, https:\/\/caritasprovitaegradu.ch\/wp-content\/uploads\/2023\/11\/17-Guatemala-2-768x358.jpg 768w\" sizes=\"(max-width: 1280px) 100vw, 1280px\" \/>\t\t<\/a>\n\n\t\t<\/div>\n\t\t\t\t\t\t<div class=\"projects-short-content\">\t\t\t\t\t\t\t\t\n\t\t\t\t\t\t\t<h5>A Chance in Life \u2013 COVID-19 Support<\/h5> <p>Familias que reciben paquetes de ayuda en Guatemala A Chance in Life \u2013 Proyecto de apoyo nutricional COVID-19 La misi\u00f3n de \u00abA Chance in Life\u00bb comenz\u00f3 en 1945, tras la&hellip;<\/p>\t\t\t\t\t\t\t<a class=\"btn-primary\" href=\"https:\/\/caritasprovitaegradu.ch\/es\/projects\/a-chance-in-life-covid-19-support\/\">Go to project<\/a> <\/div>\n\t\t\t\t\t  <\/div>\n\t\t\t\t\t<\/li>\n\t\t\t\t\t\t\t\t\t\t<li data-markerid=\"8\" data-lat=\"9\" data-lon=\"39.5\">\n\t\t\t\t\t  <div class=\"projects-list-wrap\">\n\t\t\t\t\t\t<div class=\"projects-thumbnail\">\n\t\t<a class=\"post-thumbnail\" href=\"https:\/\/caritasprovitaegradu.ch\/es\/projects\/cuamm-medicos-con-africa-hospital-catolico-st-luke-en-wolisso-etiopia\/\" aria-hidden=\"true\" tabindex=\"-1\">\n\t\t\t<img loading=\"lazy\" decoding=\"async\" width=\"1920\" height=\"1282\" src=\"https:\/\/caritasprovitaegradu.ch\/wp-content\/uploads\/2023\/11\/Wolisso-entrance.jpg\" class=\"attachment-post-thumbnail size-post-thumbnail wp-post-image\" alt=\"CUAMM M\u00e9dicos con \u00c1frica &#8211; Hospital cat\u00f3lico St. Luke en Wolisso (Etiop\u00eda)\" srcset=\"https:\/\/caritasprovitaegradu.ch\/wp-content\/uploads\/2023\/11\/Wolisso-entrance.jpg 1920w, https:\/\/caritasprovitaegradu.ch\/wp-content\/uploads\/2023\/11\/Wolisso-entrance-300x200.jpg 300w, https:\/\/caritasprovitaegradu.ch\/wp-content\/uploads\/2023\/11\/Wolisso-entrance-1024x684.jpg 1024w, https:\/\/caritasprovitaegradu.ch\/wp-content\/uploads\/2023\/11\/Wolisso-entrance-768x513.jpg 768w, https:\/\/caritasprovitaegradu.ch\/wp-content\/uploads\/2023\/11\/Wolisso-entrance-1536x1026.jpg 1536w\" sizes=\"(max-width: 1920px) 100vw, 1920px\" \/>\t\t<\/a>\n\n\t\t<\/div>\n\t\t\t\t\t\t<div class=\"projects-short-content\">\t\t\t\t\t\t\t\t\n\t\t\t\t\t\t\t<h5>CUAMM M\u00e9dicos con \u00c1frica &#8211; Hospital cat\u00f3lico St. Luke en Wolisso (Etiop\u00eda)<\/h5> <p>Entrada del Hospital Cat\u00f3lico St. Luke CUAMM M\u00e9dicos con \u00c1frica \u2013 Hospital cat\u00f3lico St. Luke en Wolisso (Etiop\u00eda) El Hospital Cat\u00f3lico St. Luke de Wolisso (Etiop\u00eda) lleva prestando atenci\u00f3n m\u00e9dica&hellip;<\/p>\t\t\t\t\t\t\t<a class=\"btn-primary\" href=\"https:\/\/caritasprovitaegradu.ch\/es\/projects\/cuamm-medicos-con-africa-hospital-catolico-st-luke-en-wolisso-etiopia\/\">Go to project<\/a> <\/div>\n\t\t\t\t\t  <\/div>\n\t\t\t\t\t<\/li>\n\t\t\t\t\t\t\t\t\t\t<li data-markerid=\"9\" data-lat=\"31.954080\" data-lon=\"35.871849\">\n\t\t\t\t\t  <div class=\"projects-list-wrap\">\n\t\t\t\t\t\t<div class=\"projects-thumbnail\">\n\t\t<a class=\"post-thumbnail\" href=\"https:\/\/caritasprovitaegradu.ch\/es\/projects\/escuela-de-mensajeros-de-la-paz-para-refugiados-amman-jordania\/\" aria-hidden=\"true\" tabindex=\"-1\">\n\t\t\t<img loading=\"lazy\" decoding=\"async\" width=\"791\" height=\"391\" src=\"https:\/\/caritasprovitaegradu.ch\/wp-content\/uploads\/2023\/11\/Scuola-di-Markha-e1599639487879.jpg\" class=\"attachment-post-thumbnail size-post-thumbnail wp-post-image\" alt=\"Escuela de Mensajeros de la Paz para refugiados \u2013 Amm\u00e1n, Jordania\" srcset=\"https:\/\/caritasprovitaegradu.ch\/wp-content\/uploads\/2023\/11\/Scuola-di-Markha-e1599639487879.jpg 791w, https:\/\/caritasprovitaegradu.ch\/wp-content\/uploads\/2023\/11\/Scuola-di-Markha-e1599639487879-300x148.jpg 300w, https:\/\/caritasprovitaegradu.ch\/wp-content\/uploads\/2023\/11\/Scuola-di-Markha-e1599639487879-768x380.jpg 768w\" sizes=\"(max-width: 791px) 100vw, 791px\" \/>\t\t<\/a>\n\n\t\t<\/div>\n\t\t\t\t\t\t<div class=\"projects-short-content\">\t\t\t\t\t\t\t\t\n\t\t\t\t\t\t\t<h5>Escuela de Mensajeros de la Paz para refugiados \u2013 Amm\u00e1n, Jordania<\/h5> <p>Escuela para refugiados Mensajeros de la Paz - Amm\u00e1n, Jordania La escuela para refugiados dirigida por el padre Khalil Jaar se cre\u00f3 para acompa\u00f1ar al refugiado. Los ni\u00f1os y sus&hellip;<\/p>\t\t\t\t\t\t\t<a class=\"btn-primary\" href=\"https:\/\/caritasprovitaegradu.ch\/es\/projects\/escuela-de-mensajeros-de-la-paz-para-refugiados-amman-jordania\/\">Go to project<\/a> <\/div>\n\t\t\t\t\t  <\/div>\n\t\t\t\t\t<\/li>\n\t\t\t\t\t\t\t\t\t\t<li data-markerid=\"10\" data-lat=\"-41.5000831\" data-lon=\"172.8344077\">\n\t\t\t\t\t  <div class=\"projects-list-wrap\">\n\t\t\t\t\t\t<div class=\"projects-thumbnail\">\n\t\t<a class=\"post-thumbnail\" href=\"https:\/\/caritasprovitaegradu.ch\/es\/projects\/de-paul-house-society-of-saint-vincent-de-paul-new-zealand\/\" aria-hidden=\"true\" tabindex=\"-1\">\n\t\t\t<img loading=\"lazy\" decoding=\"async\" width=\"672\" height=\"487\" src=\"https:\/\/caritasprovitaegradu.ch\/wp-content\/uploads\/2023\/11\/Volunteers.jpg\" class=\"attachment-post-thumbnail size-post-thumbnail wp-post-image\" alt=\"De Paul House \u2013 Society of Saint Vincent de Paul, New Zealand\" srcset=\"https:\/\/caritasprovitaegradu.ch\/wp-content\/uploads\/2023\/11\/Volunteers.jpg 672w, https:\/\/caritasprovitaegradu.ch\/wp-content\/uploads\/2023\/11\/Volunteers-300x217.jpg 300w\" sizes=\"(max-width: 672px) 100vw, 672px\" \/>\t\t<\/a>\n\n\t\t<\/div>\n\t\t\t\t\t\t<div class=\"projects-short-content\">\t\t\t\t\t\t\t\t\n\t\t\t\t\t\t\t<h5>De Paul House \u2013 Society of Saint Vincent de Paul, New Zealand<\/h5> <p>Voluntarios de la Casa De Paul preparando paquetes de asistencia De Paul House \u2013 Sociedad de San Vicente de Pa\u00fal en Auckland, Nueva Zelanda La \u00abDe Paul House\u00bb ofrece alojamiento&hellip;<\/p>\t\t\t\t\t\t\t<a class=\"btn-primary\" href=\"https:\/\/caritasprovitaegradu.ch\/es\/projects\/de-paul-house-society-of-saint-vincent-de-paul-new-zealand\/\">Go to project<\/a> <\/div>\n\t\t\t\t\t  <\/div>\n\t\t\t\t\t<\/li>\n\t\t\t\t\t\t\t\t\t\t<li data-markerid=\"11\" data-lat=\"6.1784338\" data-lon=\"-73.5920951\">\n\t\t\t\t\t  <div class=\"projects-list-wrap\">\n\t\t\t\t\t\t<div class=\"projects-thumbnail\">\n\t\t<a class=\"post-thumbnail\" href=\"https:\/\/caritasprovitaegradu.ch\/es\/projects\/colegio-del-sagrado-corazon-la-paz-colombia\/\" aria-hidden=\"true\" tabindex=\"-1\">\n\t\t\t<img loading=\"lazy\" decoding=\"async\" width=\"863\" height=\"618\" src=\"https:\/\/caritasprovitaegradu.ch\/wp-content\/uploads\/2023\/11\/Beginning-the-new-year.jpg\" class=\"attachment-post-thumbnail size-post-thumbnail wp-post-image\" alt=\"Colegio del Sagrado Coraz\u00f3n \u2013 La Paz, Colombia\" srcset=\"https:\/\/caritasprovitaegradu.ch\/wp-content\/uploads\/2023\/11\/Beginning-the-new-year.jpg 863w, https:\/\/caritasprovitaegradu.ch\/wp-content\/uploads\/2023\/11\/Beginning-the-new-year-300x215.jpg 300w, https:\/\/caritasprovitaegradu.ch\/wp-content\/uploads\/2023\/11\/Beginning-the-new-year-768x550.jpg 768w\" sizes=\"(max-width: 863px) 100vw, 863px\" \/>\t\t<\/a>\n\n\t\t<\/div>\n\t\t\t\t\t\t<div class=\"projects-short-content\">\t\t\t\t\t\t\t\t\n\t\t\t\t\t\t\t<h5>Colegio del Sagrado Coraz\u00f3n \u2013 La Paz, Colombia<\/h5> <p>Ceremonia de apertura del nuevo a\u00f1o acad\u00e9mico Colegio Del Sagrado Coraz\u00f3n, \u2013 La Paz, Colombia The Colegio del Sagrado Coraz\u00f3n offers schooling for poor children of all ages in one&hellip;<\/p>\t\t\t\t\t\t\t<a class=\"btn-primary\" href=\"https:\/\/caritasprovitaegradu.ch\/es\/projects\/colegio-del-sagrado-corazon-la-paz-colombia\/\">Go to project<\/a> <\/div>\n\t\t\t\t\t  <\/div>\n\t\t\t\t\t<\/li>\n\t\t\t\t\t\t\t\t\t\t<li data-markerid=\"12\" data-lat=\"3.54024\" data-lon=\"-73.7068\">\n\t\t\t\t\t  <div class=\"projects-list-wrap\">\n\t\t\t\t\t\t<div class=\"projects-thumbnail\">\n\t\t<a class=\"post-thumbnail\" href=\"https:\/\/caritasprovitaegradu.ch\/es\/projects\/diocesis-de-granada-colombia\/\" aria-hidden=\"true\" tabindex=\"-1\">\n\t\t\t<img loading=\"lazy\" decoding=\"async\" width=\"1280\" height=\"499\" src=\"https:\/\/caritasprovitaegradu.ch\/wp-content\/uploads\/2023\/11\/pic1-1.jpg\" class=\"attachment-post-thumbnail size-post-thumbnail wp-post-image\" alt=\"Di\u00f3cesis de Granada, Colombia\" srcset=\"https:\/\/caritasprovitaegradu.ch\/wp-content\/uploads\/2023\/11\/pic1-1.jpg 1280w, https:\/\/caritasprovitaegradu.ch\/wp-content\/uploads\/2023\/11\/pic1-1-300x117.jpg 300w, https:\/\/caritasprovitaegradu.ch\/wp-content\/uploads\/2023\/11\/pic1-1-1024x399.jpg 1024w, https:\/\/caritasprovitaegradu.ch\/wp-content\/uploads\/2023\/11\/pic1-1-768x299.jpg 768w\" sizes=\"(max-width: 1280px) 100vw, 1280px\" \/>\t\t<\/a>\n\n\t\t<\/div>\n\t\t\t\t\t\t<div class=\"projects-short-content\">\t\t\t\t\t\t\t\t\n\t\t\t\t\t\t\t<h5>Di\u00f3cesis de Granada, Colombia<\/h5> <p>Di\u00f3cese de Granada \u2013 Colombia Banco de Alimentos de Granada y Apoyo a la Vivienda a trav\u00e9s de COVID-19 Crisis Di\u00f3cesis de La Dorada - Banco de Alimentos de La&hellip;<\/p>\t\t\t\t\t\t\t<a class=\"btn-primary\" href=\"https:\/\/caritasprovitaegradu.ch\/es\/projects\/diocesis-de-granada-colombia\/\">Go to project<\/a> <\/div>\n\t\t\t\t\t  <\/div>\n\t\t\t\t\t<\/li>\n\t\t\t\t\t\t\t\t\t\t<li data-markerid=\"13\" data-lat=\"5.453982459221932\" data-lon=\"-74.6640051306566\">\n\t\t\t\t\t  <div class=\"projects-list-wrap\">\n\t\t\t\t\t\t<div class=\"projects-thumbnail\">\n\t\t<a class=\"post-thumbnail\" href=\"https:\/\/caritasprovitaegradu.ch\/es\/projects\/diocesis-de-la-dorada-colombia\/\" aria-hidden=\"true\" tabindex=\"-1\">\n\t\t\t<img loading=\"lazy\" decoding=\"async\" width=\"1920\" height=\"674\" src=\"https:\/\/caritasprovitaegradu.ch\/wp-content\/uploads\/2023\/11\/Socially-distanced-mass-1.jpg\" class=\"attachment-post-thumbnail size-post-thumbnail wp-post-image\" alt=\"Di\u00f3cesis de La Dorada, Colombia\" srcset=\"https:\/\/caritasprovitaegradu.ch\/wp-content\/uploads\/2023\/11\/Socially-distanced-mass-1.jpg 1920w, https:\/\/caritasprovitaegradu.ch\/wp-content\/uploads\/2023\/11\/Socially-distanced-mass-1-300x105.jpg 300w, https:\/\/caritasprovitaegradu.ch\/wp-content\/uploads\/2023\/11\/Socially-distanced-mass-1-1024x359.jpg 1024w, https:\/\/caritasprovitaegradu.ch\/wp-content\/uploads\/2023\/11\/Socially-distanced-mass-1-768x270.jpg 768w, https:\/\/caritasprovitaegradu.ch\/wp-content\/uploads\/2023\/11\/Socially-distanced-mass-1-1536x539.jpg 1536w\" sizes=\"(max-width: 1920px) 100vw, 1920px\" \/>\t\t<\/a>\n\n\t\t<\/div>\n\t\t\t\t\t\t<div class=\"projects-short-content\">\t\t\t\t\t\t\t\t\n\t\t\t\t\t\t\t<h5>Di\u00f3cesis de La Dorada, Colombia<\/h5> <p>Misa socialmente distanciada durante la pandemia de COVID-19 Di\u00f3cesis de La Dorada - Banco de Alimentos de La Dorada y Proyecto de Apoyo COVID-19 La Pastoral Social C\u00e1ritas de La&hellip;<\/p>\t\t\t\t\t\t\t<a class=\"btn-primary\" href=\"https:\/\/caritasprovitaegradu.ch\/es\/projects\/diocesis-de-la-dorada-colombia\/\">Go to project<\/a> <\/div>\n\t\t\t\t\t  <\/div>\n\t\t\t\t\t<\/li>\n\t\t\t\t\t\t\t\t\t\t<li data-markerid=\"14\" data-lat=\"25.0375198\" data-lon=\"121.5636796\">\n\t\t\t\t\t  <div class=\"projects-list-wrap\">\n\t\t\t\t\t\t<div class=\"projects-thumbnail\">\n\t\t<a class=\"post-thumbnail\" href=\"https:\/\/caritasprovitaegradu.ch\/es\/projects\/centros-scalabrini-marinos-y-pescadores\/\" aria-hidden=\"true\" tabindex=\"-1\">\n\t\t\t<img loading=\"lazy\" decoding=\"async\" width=\"1152\" height=\"498\" src=\"https:\/\/caritasprovitaegradu.ch\/wp-content\/uploads\/2023\/11\/Photo-2-3.jpg\" class=\"attachment-post-thumbnail size-post-thumbnail wp-post-image\" alt=\"Centros Scalabrini \u00abMarinos y pescadores\u00bb\" srcset=\"https:\/\/caritasprovitaegradu.ch\/wp-content\/uploads\/2023\/11\/Photo-2-3.jpg 1152w, https:\/\/caritasprovitaegradu.ch\/wp-content\/uploads\/2023\/11\/Photo-2-3-300x130.jpg 300w, https:\/\/caritasprovitaegradu.ch\/wp-content\/uploads\/2023\/11\/Photo-2-3-1024x443.jpg 1024w, https:\/\/caritasprovitaegradu.ch\/wp-content\/uploads\/2023\/11\/Photo-2-3-768x332.jpg 768w\" sizes=\"(max-width: 1152px) 100vw, 1152px\" \/>\t\t<\/a>\n\n\t\t<\/div>\n\t\t\t\t\t\t<div class=\"projects-short-content\">\t\t\t\t\t\t\t\t\n\t\t\t\t\t\t\t<h5>Centros Scalabrini \u00abMarinos y pescadores\u00bb<\/h5> <p>Centros Scalabrini \u00abMarinos y pescadores\u00bb. Una poblaci\u00f3n vulnerable a la que hay que apoyar y capacitar. Este Proyecto trata de proteger y empoderar a los marinos, los pescadores y sus&hellip;<\/p>\t\t\t\t\t\t\t<a class=\"btn-primary\" href=\"https:\/\/caritasprovitaegradu.ch\/es\/projects\/centros-scalabrini-marinos-y-pescadores\/\">Go to project<\/a> <\/div>\n\t\t\t\t\t  <\/div>\n\t\t\t\t\t<\/li>\n\t\t\t\t\t\t\t\t\t\t<li data-markerid=\"15\" data-lat=\"22.313127\" data-lon=\"-79.654773\">\n\t\t\t\t\t  <div class=\"projects-list-wrap\">\n\t\t\t\t\t\t<div class=\"projects-thumbnail\">\n\t\t<a class=\"post-thumbnail\" href=\"https:\/\/caritasprovitaegradu.ch\/es\/projects\/comunidad-san-martin-placetas-cuba\/\" aria-hidden=\"true\" tabindex=\"-1\">\n\t\t\t<img loading=\"lazy\" decoding=\"async\" width=\"1030\" height=\"482\" src=\"https:\/\/caritasprovitaegradu.ch\/wp-content\/uploads\/2023\/11\/cuba-banner-1.png\" class=\"attachment-post-thumbnail size-post-thumbnail wp-post-image\" alt=\"Comunidad San Mart\u00edn \u2013 Placetas, Cuba\" srcset=\"https:\/\/caritasprovitaegradu.ch\/wp-content\/uploads\/2023\/11\/cuba-banner-1.png 1030w, https:\/\/caritasprovitaegradu.ch\/wp-content\/uploads\/2023\/11\/cuba-banner-1-300x140.png 300w, https:\/\/caritasprovitaegradu.ch\/wp-content\/uploads\/2023\/11\/cuba-banner-1-1024x479.png 1024w, https:\/\/caritasprovitaegradu.ch\/wp-content\/uploads\/2023\/11\/cuba-banner-1-768x359.png 768w\" sizes=\"(max-width: 1030px) 100vw, 1030px\" \/>\t\t<\/a>\n\n\t\t<\/div>\n\t\t\t\t\t\t<div class=\"projects-short-content\">\t\t\t\t\t\t\t\t\n\t\t\t\t\t\t\t<h5>Comunidad San Mart\u00edn \u2013 Placetas, Cuba<\/h5> <p>Local children attending mass Comunidad San Mart\u00edn \u2013 Placetas, Cuba Programa extraescolar y banco de alimentos (Repaso y Comedor) El programa de apoyo extraescolar dirigido por la comunidad San Mart\u00edn&hellip;<\/p>\t\t\t\t\t\t\t<a class=\"btn-primary\" href=\"https:\/\/caritasprovitaegradu.ch\/es\/projects\/comunidad-san-martin-placetas-cuba\/\">Go to project<\/a> <\/div>\n\t\t\t\t\t  <\/div>\n\t\t\t\t\t<\/li>\n\t\t\t\t\t\t\t\t\t\t<li data-markerid=\"16\" data-lat=\"10.4199553\" data-lon=\"34.4485718\">\n\t\t\t\t\t  <div class=\"projects-list-wrap\">\n\t\t\t\t\t\t<div class=\"projects-thumbnail\">\n\t\t<a class=\"post-thumbnail\" href=\"https:\/\/caritasprovitaegradu.ch\/es\/projects\/a-chance-in-life-ethiopia-boys-and-girls-town\/\" aria-hidden=\"true\" tabindex=\"-1\">\n\t\t\t<img loading=\"lazy\" decoding=\"async\" width=\"1920\" height=\"792\" src=\"https:\/\/caritasprovitaegradu.ch\/wp-content\/uploads\/2023\/11\/Photoecole.png\" class=\"attachment-post-thumbnail size-post-thumbnail wp-post-image\" alt=\"A Chance in Life \u2013 Ethiopia \u2013 Boys and Girls Town\" srcset=\"https:\/\/caritasprovitaegradu.ch\/wp-content\/uploads\/2023\/11\/Photoecole.png 1920w, https:\/\/caritasprovitaegradu.ch\/wp-content\/uploads\/2023\/11\/Photoecole-300x124.png 300w, https:\/\/caritasprovitaegradu.ch\/wp-content\/uploads\/2023\/11\/Photoecole-1024x422.png 1024w, https:\/\/caritasprovitaegradu.ch\/wp-content\/uploads\/2023\/11\/Photoecole-768x317.png 768w, https:\/\/caritasprovitaegradu.ch\/wp-content\/uploads\/2023\/11\/Photoecole-1536x634.png 1536w\" sizes=\"(max-width: 1920px) 100vw, 1920px\" \/>\t\t<\/a>\n\n\t\t<\/div>\n\t\t\t\t\t\t<div class=\"projects-short-content\">\t\t\t\t\t\t\t\t\n\t\t\t\t\t\t\t<h5>A Chance in Life \u2013 Ethiopia \u2013 Boys and Girls Town<\/h5> <p>New Boys and Girls Town in the Benishangul-Gumuz Region, Ethiopia. Integrated support for disadvantaged, marginalized, destitute, orphaned and vulnerable children launched by \u201cA Chance in Life\u201d. This three-year project, launched&hellip;<\/p>\t\t\t\t\t\t\t<a class=\"btn-primary\" href=\"https:\/\/caritasprovitaegradu.ch\/es\/projects\/a-chance-in-life-ethiopia-boys-and-girls-town\/\">Go to project<\/a> <\/div>\n\t\t\t\t\t  <\/div>\n\t\t\t\t\t<\/li>\n\t\t\t\t\t\t\t\t\t\t<li data-markerid=\"17\" data-lat=\"-8.909454\" data-lon=\"33.460861\">\n\t\t\t\t\t  <div class=\"projects-list-wrap\">\n\t\t\t\t\t\t<div class=\"projects-thumbnail\">\n\t\t<a class=\"post-thumbnail\" href=\"https:\/\/caritasprovitaegradu.ch\/es\/projects\/simama-cbr-tanzania-archidiocesis-de-mbeya\/\" aria-hidden=\"true\" tabindex=\"-1\">\n\t\t\t<img loading=\"lazy\" decoding=\"async\" width=\"1074\" height=\"476\" src=\"https:\/\/caritasprovitaegradu.ch\/wp-content\/uploads\/2023\/11\/simama-groupe.png\" class=\"attachment-post-thumbnail size-post-thumbnail wp-post-image\" alt=\"Simama CBR &#8211; Tanzania &#8211; Archidi\u00f3cesis de Mbeya\" srcset=\"https:\/\/caritasprovitaegradu.ch\/wp-content\/uploads\/2023\/11\/simama-groupe.png 1074w, https:\/\/caritasprovitaegradu.ch\/wp-content\/uploads\/2023\/11\/simama-groupe-300x133.png 300w, https:\/\/caritasprovitaegradu.ch\/wp-content\/uploads\/2023\/11\/simama-groupe-1024x454.png 1024w, https:\/\/caritasprovitaegradu.ch\/wp-content\/uploads\/2023\/11\/simama-groupe-768x340.png 768w\" sizes=\"(max-width: 1074px) 100vw, 1074px\" \/>\t\t<\/a>\n\n\t\t<\/div>\n\t\t\t\t\t\t<div class=\"projects-short-content\">\t\t\t\t\t\t\t\t\n\t\t\t\t\t\t\t<h5>Simama CBR &#8211; Tanzania &#8211; Archidi\u00f3cesis de Mbeya<\/h5> <p>Simama CBR \u2013 Tanzania Rehabilitaci\u00f3n de ni\u00f1os discapacitados en la Archidi\u00f3cesis de Mbeya\u00a0La \u00abRehabilitaci\u00f3n Basada en la Comunidad\u00bb de Mbeya, tambi\u00e9n conocida como \u00abSimama CBR\u00bb, es uno de los programas&hellip;<\/p>\t\t\t\t\t\t\t<a class=\"btn-primary\" href=\"https:\/\/caritasprovitaegradu.ch\/es\/projects\/simama-cbr-tanzania-archidiocesis-de-mbeya\/\">Go to project<\/a> <\/div>\n\t\t\t\t\t  <\/div>\n\t\t\t\t\t<\/li>\n\t\t\t\t\t\t\t\t\t\t<li data-markerid=\"18\" data-lat=\"54.555088\" data-lon=\"23.361571\">\n\t\t\t\t\t  <div class=\"projects-list-wrap\">\n\t\t\t\t\t\t<div class=\"projects-thumbnail\">\n\t\t<a class=\"post-thumbnail\" href=\"https:\/\/caritasprovitaegradu.ch\/es\/projects\/a-lifeline-to-vulnerable-elderly-people\/\" aria-hidden=\"true\" tabindex=\"-1\">\n\t\t\t<img loading=\"lazy\" decoding=\"async\" width=\"1632\" height=\"1224\" src=\"https:\/\/caritasprovitaegradu.ch\/wp-content\/uploads\/2023\/11\/Cuba-serving-warm-meals.jpg\" class=\"attachment-post-thumbnail size-post-thumbnail wp-post-image\" alt=\"Una l\u00ednea de vida para las personas ancianas vulnerables &#8211; Lithuania, Slovakia, Cuba\" srcset=\"https:\/\/caritasprovitaegradu.ch\/wp-content\/uploads\/2023\/11\/Cuba-serving-warm-meals.jpg 1632w, https:\/\/caritasprovitaegradu.ch\/wp-content\/uploads\/2023\/11\/Cuba-serving-warm-meals-300x225.jpg 300w, https:\/\/caritasprovitaegradu.ch\/wp-content\/uploads\/2023\/11\/Cuba-serving-warm-meals-1024x768.jpg 1024w, https:\/\/caritasprovitaegradu.ch\/wp-content\/uploads\/2023\/11\/Cuba-serving-warm-meals-768x576.jpg 768w, https:\/\/caritasprovitaegradu.ch\/wp-content\/uploads\/2023\/11\/Cuba-serving-warm-meals-1536x1152.jpg 1536w\" sizes=\"(max-width: 1632px) 100vw, 1632px\" \/>\t\t<\/a>\n\n\t\t<\/div>\n\t\t\t\t\t\t<div class=\"projects-short-content\">\t\t\t\t\t\t\t\t\n\t\t\t\t\t\t\t<h5>Una l\u00ednea de vida para las personas ancianas vulnerables &#8211; Lithuania, Slovakia, Cuba<\/h5> <p>\u00abUna l\u00ednea de vida para las personas ancianas vulnerables\u00bb en Lituania, Eslovaquia y Cuba. Un proyecto gestionado por el Fondo Mundial para las Personas Olvidadas \u2013 Orden de MaltaLa poblaci\u00f3n&hellip;<\/p>\t\t\t\t\t\t\t<a class=\"btn-primary\" href=\"https:\/\/caritasprovitaegradu.ch\/es\/projects\/a-lifeline-to-vulnerable-elderly-people\/\">Go to project<\/a> <\/div>\n\t\t\t\t\t  <\/div>\n\t\t\t\t\t<\/li>\n\t\t\t\t\t\t\t\t\t\t<li data-markerid=\"19\" data-lat=\"-16.6590791\" data-lon=\"15.1870116\">\n\t\t\t\t\t  <div class=\"projects-list-wrap\">\n\t\t\t\t\t\t<div class=\"projects-thumbnail\">\n\t\t<a class=\"post-thumbnail\" href=\"https:\/\/caritasprovitaegradu.ch\/es\/projects\/the-chiulo-catholic-hospital-in-angola\/\" aria-hidden=\"true\" tabindex=\"-1\">\n\t\t\t<img loading=\"lazy\" decoding=\"async\" width=\"1291\" height=\"915\" src=\"https:\/\/caritasprovitaegradu.ch\/wp-content\/uploads\/2023\/11\/Image1.jpg\" class=\"attachment-post-thumbnail size-post-thumbnail wp-post-image\" alt=\"El Hospital Cat\u00f3lico de Chiulo en Angola\" srcset=\"https:\/\/caritasprovitaegradu.ch\/wp-content\/uploads\/2023\/11\/Image1.jpg 1291w, https:\/\/caritasprovitaegradu.ch\/wp-content\/uploads\/2023\/11\/Image1-300x213.jpg 300w, https:\/\/caritasprovitaegradu.ch\/wp-content\/uploads\/2023\/11\/Image1-1024x726.jpg 1024w, https:\/\/caritasprovitaegradu.ch\/wp-content\/uploads\/2023\/11\/Image1-768x544.jpg 768w\" sizes=\"(max-width: 1291px) 100vw, 1291px\" \/>\t\t<\/a>\n\n\t\t<\/div>\n\t\t\t\t\t\t<div class=\"projects-short-content\">\t\t\t\t\t\t\t\t\n\t\t\t\t\t\t\t<h5>El Hospital Cat\u00f3lico de Chiulo en Angola<\/h5> <p>The Chiulo Catholic Hospital El Hospital Cat\u00f3lico de Chiulo en Angola \u2013 M\u00e9dicos con \u00c1frica CUAMM El Hospital Cat\u00f3lico de Chiulo, situado en el municipio de Ombadja en Angola. Es&hellip;<\/p>\t\t\t\t\t\t\t<a class=\"btn-primary\" href=\"https:\/\/caritasprovitaegradu.ch\/es\/projects\/the-chiulo-catholic-hospital-in-angola\/\">Go to project<\/a> <\/div>\n\t\t\t\t\t  <\/div>\n\t\t\t\t\t<\/li>\n\t\t\t\t\t\t\t\t\t\t<li data-markerid=\"20\" data-lat=\"6.898662\" data-lon=\"2.649386\">\n\t\t\t\t\t  <div class=\"projects-list-wrap\">\n\t\t\t\t\t\t<div class=\"projects-thumbnail\">\n\t\t<a class=\"post-thumbnail\" href=\"https:\/\/caritasprovitaegradu.ch\/es\/projects\/laudato-si-farm-in-benin\/\" aria-hidden=\"true\" tabindex=\"-1\">\n\t\t\t<img loading=\"lazy\" decoding=\"async\" width=\"945\" height=\"531\" src=\"https:\/\/caritasprovitaegradu.ch\/wp-content\/uploads\/2023\/11\/Image1.png\" class=\"attachment-post-thumbnail size-post-thumbnail wp-post-image\" alt=\"La granja \u00abLaudato Si\u00bb en Ben\u00edn\" srcset=\"https:\/\/caritasprovitaegradu.ch\/wp-content\/uploads\/2023\/11\/Image1.png 945w, https:\/\/caritasprovitaegradu.ch\/wp-content\/uploads\/2023\/11\/Image1-300x169.png 300w, https:\/\/caritasprovitaegradu.ch\/wp-content\/uploads\/2023\/11\/Image1-768x432.png 768w\" sizes=\"(max-width: 945px) 100vw, 945px\" \/>\t\t<\/a>\n\n\t\t<\/div>\n\t\t\t\t\t\t<div class=\"projects-short-content\">\t\t\t\t\t\t\t\t\n\t\t\t\t\t\t\t<h5>La granja \u00abLaudato Si\u00bb en Ben\u00edn<\/h5> <p>La granja Laudato Si en Ben\u00edn, Comunidad de Emmanuel La granja Laudato Si en Ben\u00edn es un proyecto de la Comunidad de Emmanuel. Promueve la agricultura local y el desarrollo&hellip;<\/p>\t\t\t\t\t\t\t<a class=\"btn-primary\" href=\"https:\/\/caritasprovitaegradu.ch\/es\/projects\/laudato-si-farm-in-benin\/\">Go to project<\/a> <\/div>\n\t\t\t\t\t  <\/div>\n\t\t\t\t\t<\/li>\n\t\t\t\t\t\t\t\t\t\t<li data-markerid=\"21\" data-lat=\"41.906938\" data-lon=\"12.452706\">\n\t\t\t\t\t  <div class=\"projects-list-wrap\">\n\t\t\t\t\t\t<div class=\"projects-thumbnail\">\n\t\t<a class=\"post-thumbnail\" href=\"https:\/\/caritasprovitaegradu.ch\/es\/projects\/fondazione-gravissimum-educationis\/\" aria-hidden=\"true\" tabindex=\"-1\">\n\t\t\t<img loading=\"lazy\" decoding=\"async\" width=\"1920\" height=\"1440\" src=\"https:\/\/caritasprovitaegradu.ch\/wp-content\/uploads\/2023\/11\/libro-democrazia_1.jpg\" class=\"attachment-post-thumbnail size-post-thumbnail wp-post-image\" alt=\"Fundaci\u00f3n Gravissimum Educationis &#8211; Vatican\" srcset=\"https:\/\/caritasprovitaegradu.ch\/wp-content\/uploads\/2023\/11\/libro-democrazia_1.jpg 1920w, https:\/\/caritasprovitaegradu.ch\/wp-content\/uploads\/2023\/11\/libro-democrazia_1-300x225.jpg 300w, https:\/\/caritasprovitaegradu.ch\/wp-content\/uploads\/2023\/11\/libro-democrazia_1-1024x768.jpg 1024w, https:\/\/caritasprovitaegradu.ch\/wp-content\/uploads\/2023\/11\/libro-democrazia_1-768x576.jpg 768w, https:\/\/caritasprovitaegradu.ch\/wp-content\/uploads\/2023\/11\/libro-democrazia_1-1536x1152.jpg 1536w\" sizes=\"(max-width: 1920px) 100vw, 1920px\" \/>\t\t<\/a>\n\n\t\t<\/div>\n\t\t\t\t\t\t<div class=\"projects-short-content\">\t\t\t\t\t\t\t\t\n\t\t\t\t\t\t\t<h5>Fundaci\u00f3n Gravissimum Educationis &#8211; Vatican<\/h5> <p>Fundaci\u00f3n Gravissimum Educationis \u00abLa democracia, una urgencia educativa\u00bb A partir de la observaci\u00f3n de que el pensamiento democr\u00e1tico y las formas pol\u00edtico-institucionales de la democracia surgieron en una \u00e9poca y&hellip;<\/p>\t\t\t\t\t\t\t<a class=\"btn-primary\" href=\"https:\/\/caritasprovitaegradu.ch\/es\/projects\/fondazione-gravissimum-educationis\/\">Go to project<\/a> <\/div>\n\t\t\t\t\t  <\/div>\n\t\t\t\t\t<\/li>\n\t\t\t\t\t\t\t\t\t\t<li data-markerid=\"22\" data-lat=\"48.0682037\" data-lon=\"-0.7664369\">\n\t\t\t\t\t  <div class=\"projects-list-wrap\">\n\t\t\t\t\t\t<div class=\"projects-thumbnail\">\n\t\t<a class=\"post-thumbnail\" href=\"https:\/\/caritasprovitaegradu.ch\/es\/projects\/espace-saint-julien-in-laval-france\/\" aria-hidden=\"true\" tabindex=\"-1\">\n\t\t\t<img loading=\"lazy\" decoding=\"async\" width=\"1920\" height=\"1440\" src=\"https:\/\/caritasprovitaegradu.ch\/wp-content\/uploads\/2023\/11\/banner_proj4.jpg\" class=\"attachment-post-thumbnail size-post-thumbnail wp-post-image\" alt=\"Espacio Saint Julien en Laval, Francia\" srcset=\"https:\/\/caritasprovitaegradu.ch\/wp-content\/uploads\/2023\/11\/banner_proj4.jpg 1920w, https:\/\/caritasprovitaegradu.ch\/wp-content\/uploads\/2023\/11\/banner_proj4-300x225.jpg 300w, https:\/\/caritasprovitaegradu.ch\/wp-content\/uploads\/2023\/11\/banner_proj4-1024x768.jpg 1024w, https:\/\/caritasprovitaegradu.ch\/wp-content\/uploads\/2023\/11\/banner_proj4-768x576.jpg 768w, https:\/\/caritasprovitaegradu.ch\/wp-content\/uploads\/2023\/11\/banner_proj4-1536x1152.jpg 1536w\" sizes=\"(max-width: 1920px) 100vw, 1920px\" \/>\t\t<\/a>\n\n\t\t<\/div>\n\t\t\t\t\t\t<div class=\"projects-short-content\">\t\t\t\t\t\t\t\t\n\t\t\t\t\t\t\t<h5>Espacio Saint Julien en Laval, Francia<\/h5> <p>Espacio Saint Julien en Laval, Francia El Espacio Saint Julien es un lugar de vida donde, todos los d\u00edas, se dar\u00e1 la bienvenida a m\u00e1s de 300 personas. Desde el&hellip;<\/p>\t\t\t\t\t\t\t<a class=\"btn-primary\" href=\"https:\/\/caritasprovitaegradu.ch\/es\/projects\/espace-saint-julien-in-laval-france\/\">Go to project<\/a> <\/div>\n\t\t\t\t\t  <\/div>\n\t\t\t\t\t<\/li>\n\t\t\t\t\t\t\t\t\t\t<li data-markerid=\"23\" data-lat=\"31.7101221\" data-lon=\"35.2023263\">\n\t\t\t\t\t  <div class=\"projects-list-wrap\">\n\t\t\t\t\t\t<div class=\"projects-thumbnail\">\n\t\t<a class=\"post-thumbnail\" href=\"https:\/\/caritasprovitaegradu.ch\/es\/projects\/bethlehem-university\/\" aria-hidden=\"true\" tabindex=\"-1\">\n\t\t\t<img loading=\"lazy\" decoding=\"async\" width=\"1920\" height=\"1280\" src=\"https:\/\/caritasprovitaegradu.ch\/wp-content\/uploads\/2023\/11\/Bethlehem-University-Nursing-students3.jpg\" class=\"attachment-post-thumbnail size-post-thumbnail wp-post-image\" alt=\"Universidad de Bel\u00e9n\" srcset=\"https:\/\/caritasprovitaegradu.ch\/wp-content\/uploads\/2023\/11\/Bethlehem-University-Nursing-students3.jpg 1920w, https:\/\/caritasprovitaegradu.ch\/wp-content\/uploads\/2023\/11\/Bethlehem-University-Nursing-students3-300x200.jpg 300w, https:\/\/caritasprovitaegradu.ch\/wp-content\/uploads\/2023\/11\/Bethlehem-University-Nursing-students3-1024x683.jpg 1024w, https:\/\/caritasprovitaegradu.ch\/wp-content\/uploads\/2023\/11\/Bethlehem-University-Nursing-students3-768x512.jpg 768w, https:\/\/caritasprovitaegradu.ch\/wp-content\/uploads\/2023\/11\/Bethlehem-University-Nursing-students3-1536x1024.jpg 1536w\" sizes=\"(max-width: 1920px) 100vw, 1920px\" \/>\t\t<\/a>\n\n\t\t<\/div>\n\t\t\t\t\t\t<div class=\"projects-short-content\">\t\t\t\t\t\t\t\t\n\t\t\t\t\t\t\t<h5>Universidad de Bel\u00e9n<\/h5> <p>Bethlehem University Universidad de Bel\u00e9n La Universidad de Bel\u00e9n es la \u00fanica universidad cat\u00f3lica de Palestina. Tiene facultades de Arte, Ciencia, Administraci\u00f3n de Empresas, Enfermer\u00eda y Educaci\u00f3n, y un Instituto&hellip;<\/p>\t\t\t\t\t\t\t<a class=\"btn-primary\" href=\"https:\/\/caritasprovitaegradu.ch\/es\/projects\/bethlehem-university\/\">Go to project<\/a> <\/div>\n\t\t\t\t\t  <\/div>\n\t\t\t\t\t<\/li>\n\t\t\t\t\t\t\t\t\t\t<li data-markerid=\"24\" data-lat=\"9.0231499\" data-lon=\"38.832285\">\n\t\t\t\t\t  <div class=\"projects-list-wrap\">\n\t\t\t\t\t\t<div class=\"projects-thumbnail\">\n\t\t<a class=\"post-thumbnail\" href=\"https:\/\/caritasprovitaegradu.ch\/es\/projects\/ethiopian-catholic-university-in-addis-ababa-ethiopia\/\" aria-hidden=\"true\" tabindex=\"-1\">\n\t\t\t<img loading=\"lazy\" decoding=\"async\" width=\"1920\" height=\"1440\" src=\"https:\/\/caritasprovitaegradu.ch\/wp-content\/uploads\/2023\/11\/banner_proj5.jpg\" class=\"attachment-post-thumbnail size-post-thumbnail wp-post-image\" alt=\"Universidad Cat\u00f3lica de Etiop\u00eda en Ad\u00eds Abeba\" srcset=\"https:\/\/caritasprovitaegradu.ch\/wp-content\/uploads\/2023\/11\/banner_proj5.jpg 1920w, https:\/\/caritasprovitaegradu.ch\/wp-content\/uploads\/2023\/11\/banner_proj5-300x225.jpg 300w, https:\/\/caritasprovitaegradu.ch\/wp-content\/uploads\/2023\/11\/banner_proj5-1024x768.jpg 1024w, https:\/\/caritasprovitaegradu.ch\/wp-content\/uploads\/2023\/11\/banner_proj5-768x576.jpg 768w, https:\/\/caritasprovitaegradu.ch\/wp-content\/uploads\/2023\/11\/banner_proj5-1536x1152.jpg 1536w\" sizes=\"(max-width: 1920px) 100vw, 1920px\" \/>\t\t<\/a>\n\n\t\t<\/div>\n\t\t\t\t\t\t<div class=\"projects-short-content\">\t\t\t\t\t\t\t\t\n\t\t\t\t\t\t\t<h5>Universidad Cat\u00f3lica de Etiop\u00eda en Ad\u00eds Abeba<\/h5> <p>Universidad Cat\u00f3lica de Etiop\u00eda en Ad\u00eds Abeba La Universidad Cat\u00f3lica de Etiop\u00eda de Santo Tom\u00e1s de Aquino, \u00abECUSTA\u00bb, es administrada por la Congregaci\u00f3n de LA SALLE. Aspira a convertirse en&hellip;<\/p>\t\t\t\t\t\t\t<a class=\"btn-primary\" href=\"https:\/\/caritasprovitaegradu.ch\/es\/projects\/ethiopian-catholic-university-in-addis-ababa-ethiopia\/\">Go to project<\/a> <\/div>\n\t\t\t\t\t  <\/div>\n\t\t\t\t\t<\/li>\n\t\t\t\t\t\t\t\t\t\t<li data-markerid=\"25\" data-lat=\"-33.5211497\" data-lon=\"-70.6836391\">\n\t\t\t\t\t  <div class=\"projects-list-wrap\">\n\t\t\t\t\t\t<div class=\"projects-thumbnail\">\n\t\t<a class=\"post-thumbnail\" href=\"https:\/\/caritasprovitaegradu.ch\/es\/projects\/misericordia-center-in-santiago-de-chile\/\" aria-hidden=\"true\" tabindex=\"-1\">\n\t\t\t<img loading=\"lazy\" decoding=\"async\" width=\"1920\" height=\"1090\" src=\"https:\/\/caritasprovitaegradu.ch\/wp-content\/uploads\/2023\/11\/banner_proj3.jpg\" class=\"attachment-post-thumbnail size-post-thumbnail wp-post-image\" alt=\"Centro Misericordia en Santiago de Chile\" srcset=\"https:\/\/caritasprovitaegradu.ch\/wp-content\/uploads\/2023\/11\/banner_proj3.jpg 1920w, https:\/\/caritasprovitaegradu.ch\/wp-content\/uploads\/2023\/11\/banner_proj3-300x170.jpg 300w, https:\/\/caritasprovitaegradu.ch\/wp-content\/uploads\/2023\/11\/banner_proj3-1024x581.jpg 1024w, https:\/\/caritasprovitaegradu.ch\/wp-content\/uploads\/2023\/11\/banner_proj3-768x436.jpg 768w, https:\/\/caritasprovitaegradu.ch\/wp-content\/uploads\/2023\/11\/banner_proj3-1536x872.jpg 1536w\" sizes=\"(max-width: 1920px) 100vw, 1920px\" \/>\t\t<\/a>\n\n\t\t<\/div>\n\t\t\t\t\t\t<div class=\"projects-short-content\">\t\t\t\t\t\t\t\t\n\t\t\t\t\t\t\t<h5>Centro Misericordia en Santiago de Chile<\/h5> <p>Centro Misericordia en Santiago de Chile El centro Misericordia, un lugar de paz y bienvenida para las familias. Tiene el objetivo de ser \u00abEl Coraz\u00f3n de Cristo, que late d\u00eda&hellip;<\/p>\t\t\t\t\t\t\t<a class=\"btn-primary\" href=\"https:\/\/caritasprovitaegradu.ch\/es\/projects\/misericordia-center-in-santiago-de-chile\/\">Go to project<\/a> <\/div>\n\t\t\t\t\t  <\/div>\n\t\t\t\t\t<\/li>\n\t\t\t\t\t\t\t\t\t\t<li data-markerid=\"26\" data-lat=\"7.2266534\" data-lon=\"-65.9252314\">\n\t\t\t\t\t  <div class=\"projects-list-wrap\">\n\t\t\t\t\t\t<div class=\"projects-thumbnail\">\n\t\t<a class=\"post-thumbnail\" href=\"https:\/\/caritasprovitaegradu.ch\/es\/projects\/scalabrini-centers-in-latin-america\/\" aria-hidden=\"true\" tabindex=\"-1\">\n\t\t\t<img loading=\"lazy\" decoding=\"async\" width=\"1920\" height=\"1160\" src=\"https:\/\/caritasprovitaegradu.ch\/wp-content\/uploads\/2023\/11\/banner_proj2.jpg\" class=\"attachment-post-thumbnail size-post-thumbnail wp-post-image\" alt=\"Centros Scalabrini en Am\u00e9rica Latina\" srcset=\"https:\/\/caritasprovitaegradu.ch\/wp-content\/uploads\/2023\/11\/banner_proj2.jpg 1920w, https:\/\/caritasprovitaegradu.ch\/wp-content\/uploads\/2023\/11\/banner_proj2-300x181.jpg 300w, https:\/\/caritasprovitaegradu.ch\/wp-content\/uploads\/2023\/11\/banner_proj2-1024x619.jpg 1024w, https:\/\/caritasprovitaegradu.ch\/wp-content\/uploads\/2023\/11\/banner_proj2-768x464.jpg 768w, https:\/\/caritasprovitaegradu.ch\/wp-content\/uploads\/2023\/11\/banner_proj2-1536x928.jpg 1536w\" sizes=\"(max-width: 1920px) 100vw, 1920px\" \/>\t\t<\/a>\n\n\t\t<\/div>\n\t\t\t\t\t\t<div class=\"projects-short-content\">\t\t\t\t\t\t\t\t\n\t\t\t\t\t\t\t<h5>Centros Scalabrini en Am\u00e9rica Latina<\/h5> <p>Centros Scalabrini en Am\u00e9rica Latina La Red Internacional de Migraci\u00f3n Scalabrini (SIMN) ayuda a los migrantes y refugiados Venezolanos en Am\u00e9rica Latina. Ofrece comida, techo, atenci\u00f3n m\u00e9dica, asesoramiento psicol\u00f3gico, educaci\u00f3n&hellip;<\/p>\t\t\t\t\t\t\t<a class=\"btn-primary\" href=\"https:\/\/caritasprovitaegradu.ch\/es\/projects\/scalabrini-centers-in-latin-america\/\">Go to project<\/a> <\/div>\n\t\t\t\t\t  <\/div>\n\t\t\t\t\t<\/li>\n\t\t\t\t\t\t\t\t\t\t<li data-markerid=\"27\" data-lat=\"6.8306918\" data-lon=\"37.0645111\">\n\t\t\t\t\t  <div class=\"projects-list-wrap\">\n\t\t\t\t\t\t<div class=\"projects-thumbnail\">\n\t\t<a class=\"post-thumbnail\" href=\"https:\/\/caritasprovitaegradu.ch\/es\/projects\/access-to-healthcare-for-women-south-omo-ethiopia\/\" aria-hidden=\"true\" tabindex=\"-1\">\n\t\t\t<img loading=\"lazy\" decoding=\"async\" width=\"1920\" height=\"1440\" src=\"https:\/\/caritasprovitaegradu.ch\/wp-content\/uploads\/2023\/11\/IMG_2332-1.jpg\" class=\"attachment-post-thumbnail size-post-thumbnail wp-post-image\" alt=\"Access to healthcare for women \u2013 South Omo \u2013 Ethiopia\" srcset=\"https:\/\/caritasprovitaegradu.ch\/wp-content\/uploads\/2023\/11\/IMG_2332-1.jpg 1920w, https:\/\/caritasprovitaegradu.ch\/wp-content\/uploads\/2023\/11\/IMG_2332-1-300x225.jpg 300w, https:\/\/caritasprovitaegradu.ch\/wp-content\/uploads\/2023\/11\/IMG_2332-1-1024x768.jpg 1024w, https:\/\/caritasprovitaegradu.ch\/wp-content\/uploads\/2023\/11\/IMG_2332-1-768x576.jpg 768w, https:\/\/caritasprovitaegradu.ch\/wp-content\/uploads\/2023\/11\/IMG_2332-1-1536x1152.jpg 1536w\" sizes=\"(max-width: 1920px) 100vw, 1920px\" \/>\t\t<\/a>\n\n\t\t<\/div>\n\t\t\t\t\t\t<div class=\"projects-short-content\">\t\t\t\t\t\t\t\t\n\t\t\t\t\t\t\t<h5>Access to healthcare for women \u2013 South Omo \u2013 Ethiopia<\/h5> <p>El proyecto \"Capacitar a las mujeres de las comunidades rurales para mejorar el acceso a los servicios sanitarios b\u00e1sicos en la zona de Omo Sur - Etiop\u00eda\" cuenta con el&hellip;<\/p>\t\t\t\t\t\t\t<a class=\"btn-primary\" href=\"https:\/\/caritasprovitaegradu.ch\/es\/projects\/access-to-healthcare-for-women-south-omo-ethiopia\/\">Go to project<\/a> <\/div>\n\t\t\t\t\t  <\/div>\n\t\t\t\t\t<\/li>\n\t\t\t\t\t\t\t\t\t\t<li data-markerid=\"28\" data-lat=\"-12.7710587\" data-lon=\"15.7491284\">\n\t\t\t\t\t  <div class=\"projects-list-wrap\">\n\t\t\t\t\t\t<div class=\"projects-thumbnail\">\n\t\t<a class=\"post-thumbnail\" href=\"https:\/\/caritasprovitaegradu.ch\/es\/projects\/trappist-sisters-chapel-in-angola\/\" aria-hidden=\"true\" tabindex=\"-1\">\n\t\t\t<img loading=\"lazy\" decoding=\"async\" width=\"1920\" height=\"735\" src=\"https:\/\/caritasprovitaegradu.ch\/wp-content\/uploads\/2023\/11\/banner_proj1.jpg\" class=\"attachment-post-thumbnail size-post-thumbnail wp-post-image\" alt=\"Capilla de las Hermanas Trapenses en Angola\" srcset=\"https:\/\/caritasprovitaegradu.ch\/wp-content\/uploads\/2023\/11\/banner_proj1.jpg 1920w, https:\/\/caritasprovitaegradu.ch\/wp-content\/uploads\/2023\/11\/banner_proj1-300x115.jpg 300w, https:\/\/caritasprovitaegradu.ch\/wp-content\/uploads\/2023\/11\/banner_proj1-1024x392.jpg 1024w, https:\/\/caritasprovitaegradu.ch\/wp-content\/uploads\/2023\/11\/banner_proj1-768x294.jpg 768w, https:\/\/caritasprovitaegradu.ch\/wp-content\/uploads\/2023\/11\/banner_proj1-1536x588.jpg 1536w\" sizes=\"(max-width: 1920px) 100vw, 1920px\" \/>\t\t<\/a>\n\n\t\t<\/div>\n\t\t\t\t\t\t<div class=\"projects-short-content\">\t\t\t\t\t\t\t\t\n\t\t\t\t\t\t\t<h5>Capilla de las Hermanas Trapenses en Angola<\/h5> <p>Capilla de las Hermanas Trapenses en Angola Las hermanas trapenses de Nasoma Y\u2019Ombembwa, Angola, son \u00abfarmac\u00e9uticas\u00bb. Producen medicinas para las poblaciones de los alrededores con un resultado admirable. Debido al&hellip;<\/p>\t\t\t\t\t\t\t<a class=\"btn-primary\" href=\"https:\/\/caritasprovitaegradu.ch\/es\/projects\/trappist-sisters-chapel-in-angola\/\">Go to project<\/a> <\/div>\n\t\t\t\t\t  <\/div>\n\t\t\t\t\t<\/li>\n\t\t\t\t\t\t\t\t\t\t<li data-markerid=\"29\" data-lat=\"6.8110665\" data-lon=\"29.6634076\">\n\t\t\t\t\t  <div class=\"projects-list-wrap\">\n\t\t\t\t\t\t<div class=\"projects-thumbnail\">\n\t\t<a class=\"post-thumbnail\" href=\"https:\/\/caritasprovitaegradu.ch\/es\/projects\/la-salle-secondary-school-rumbek-south-sudan\/\" aria-hidden=\"true\" tabindex=\"-1\">\n\t\t\t<img loading=\"lazy\" decoding=\"async\" width=\"689\" height=\"384\" src=\"https:\/\/caritasprovitaegradu.ch\/wp-content\/uploads\/2023\/11\/image081.jpg\" class=\"attachment-post-thumbnail size-post-thumbnail wp-post-image\" alt=\"Escuela Secundaria La Salle de Rumbek, Sud\u00e1n del Sur\" srcset=\"https:\/\/caritasprovitaegradu.ch\/wp-content\/uploads\/2023\/11\/image081.jpg 689w, https:\/\/caritasprovitaegradu.ch\/wp-content\/uploads\/2023\/11\/image081-300x167.jpg 300w\" sizes=\"(max-width: 689px) 100vw, 689px\" \/>\t\t<\/a>\n\n\t\t<\/div>\n\t\t\t\t\t\t<div class=\"projects-short-content\">\t\t\t\t\t\t\t\t\n\t\t\t\t\t\t\t<h5>Escuela Secundaria La Salle de Rumbek, Sud\u00e1n del Sur<\/h5> <p>Escuela Secundaria La Salle de Rumbek, Sud\u00e1n del Sur La Escuela Secundaria La Salle de Rumbek se encuentra en el estado de Los Lagos (Sud\u00e1n del Sur). Sud\u00e1n del Sur&hellip;<\/p>\t\t\t\t\t\t\t<a class=\"btn-primary\" href=\"https:\/\/caritasprovitaegradu.ch\/es\/projects\/la-salle-secondary-school-rumbek-south-sudan\/\">Go to project<\/a> <\/div>\n\t\t\t\t\t  <\/div>\n\t\t\t\t\t<\/li>\n\t\t\t\t\t\t\t\t\t\t<li data-markerid=\"30\" data-lat=\"33.888630\" data-lon=\"35.495480\">\n\t\t\t\t\t  <div class=\"projects-list-wrap\">\n\t\t\t\t\t\t<div class=\"projects-thumbnail\">\n\t\t<a class=\"post-thumbnail\" href=\"https:\/\/caritasprovitaegradu.ch\/es\/projects\/chabrouh-camps-in-lebanon\/\" aria-hidden=\"true\" tabindex=\"-1\">\n\t\t\t<img loading=\"lazy\" decoding=\"async\" width=\"1620\" height=\"996\" src=\"https:\/\/caritasprovitaegradu.ch\/wp-content\/uploads\/2023\/11\/Sandra-Fayad-254-e1558532255618.jpg\" class=\"attachment-post-thumbnail size-post-thumbnail wp-post-image\" alt=\"Campamentos de Chabrough en el L\u00edbano\" srcset=\"https:\/\/caritasprovitaegradu.ch\/wp-content\/uploads\/2023\/11\/Sandra-Fayad-254-e1558532255618.jpg 1620w, https:\/\/caritasprovitaegradu.ch\/wp-content\/uploads\/2023\/11\/Sandra-Fayad-254-e1558532255618-300x184.jpg 300w, https:\/\/caritasprovitaegradu.ch\/wp-content\/uploads\/2023\/11\/Sandra-Fayad-254-e1558532255618-1024x630.jpg 1024w, https:\/\/caritasprovitaegradu.ch\/wp-content\/uploads\/2023\/11\/Sandra-Fayad-254-e1558532255618-768x472.jpg 768w, https:\/\/caritasprovitaegradu.ch\/wp-content\/uploads\/2023\/11\/Sandra-Fayad-254-e1558532255618-1536x944.jpg 1536w\" sizes=\"(max-width: 1620px) 100vw, 1620px\" \/>\t\t<\/a>\n\n\t\t<\/div>\n\t\t\t\t\t\t<div class=\"projects-short-content\">\t\t\t\t\t\t\t\t\n\t\t\t\t\t\t\t<h5>Campamentos de Chabrough en el L\u00edbano<\/h5> <p>Campamentos de Chabrough en el L\u00edbano La Orden de Malta del L\u00edbano es una organizaci\u00f3n humanitaria apol\u00edtica. Su \u00fanico objetivo es defender la dignidad de todos los seres humanos. L\u00edbano&hellip;<\/p>\t\t\t\t\t\t\t<a class=\"btn-primary\" href=\"https:\/\/caritasprovitaegradu.ch\/es\/projects\/chabrouh-camps-in-lebanon\/\">Go to project<\/a> <\/div>\n\t\t\t\t\t  <\/div>\n\t\t\t\t\t<\/li>\n\t\t\t\t\t\t\t\t\t\t<li data-markerid=\"31\" data-lat=\"51.7454095\" data-lon=\"-0.9762511\">\n\t\t\t\t\t  <div class=\"projects-list-wrap\">\n\t\t\t\t\t\t<div class=\"projects-thumbnail\">\n\t\t<a class=\"post-thumbnail\" href=\"https:\/\/caritasprovitaegradu.ch\/es\/projects\/global-fund-for-forgotten-people-in-oxfordshire\/\" aria-hidden=\"true\" tabindex=\"-1\">\n\t\t\t<img loading=\"lazy\" decoding=\"async\" width=\"1920\" height=\"1440\" src=\"https:\/\/caritasprovitaegradu.ch\/wp-content\/uploads\/2023\/11\/Aide-et-Assistance-warehouse.jpg\" class=\"attachment-post-thumbnail size-post-thumbnail wp-post-image\" alt=\"Global Fund for Forgotten People en Oxfordshire\" srcset=\"https:\/\/caritasprovitaegradu.ch\/wp-content\/uploads\/2023\/11\/Aide-et-Assistance-warehouse.jpg 1920w, https:\/\/caritasprovitaegradu.ch\/wp-content\/uploads\/2023\/11\/Aide-et-Assistance-warehouse-300x225.jpg 300w, https:\/\/caritasprovitaegradu.ch\/wp-content\/uploads\/2023\/11\/Aide-et-Assistance-warehouse-1024x768.jpg 1024w, https:\/\/caritasprovitaegradu.ch\/wp-content\/uploads\/2023\/11\/Aide-et-Assistance-warehouse-768x576.jpg 768w, https:\/\/caritasprovitaegradu.ch\/wp-content\/uploads\/2023\/11\/Aide-et-Assistance-warehouse-1536x1152.jpg 1536w\" sizes=\"(max-width: 1920px) 100vw, 1920px\" \/>\t\t<\/a>\n\n\t\t<\/div>\n\t\t\t\t\t\t<div class=\"projects-short-content\">\t\t\t\t\t\t\t\t\n\t\t\t\t\t\t\t<h5>Global Fund for Forgotten People en Oxfordshire<\/h5> <p>Global Fund for Forgotten People en Oxfordshire El Fondo Mundial para los Olvidados (Global Fund for Forgotten People) se estableci\u00f3 en 2012 bajo los auspicios del gobierno de la Orden&hellip;<\/p>\t\t\t\t\t\t\t<a class=\"btn-primary\" href=\"https:\/\/caritasprovitaegradu.ch\/es\/projects\/global-fund-for-forgotten-people-in-oxfordshire\/\">Go to project<\/a> <\/div>\n\t\t\t\t\t  <\/div>\n\t\t\t\t\t<\/li>\n\t\t\t\t\t\t\t\t\t\t<li data-markerid=\"32\" data-lat=\"43.5668632\" data-lon=\"1.4593738\">\n\t\t\t\t\t  <div class=\"projects-list-wrap\">\n\t\t\t\t\t\t<div class=\"projects-thumbnail\">\n\t\t<a class=\"post-thumbnail\" href=\"https:\/\/caritasprovitaegradu.ch\/es\/projects\/dominicains-de-toulouse-convent\/\" aria-hidden=\"true\" tabindex=\"-1\">\n\t\t\t<img loading=\"lazy\" decoding=\"async\" width=\"1615\" height=\"1077\" src=\"https:\/\/caritasprovitaegradu.ch\/wp-content\/uploads\/2023\/11\/pub_fr_olivier-9.jpg\" class=\"attachment-post-thumbnail size-post-thumbnail wp-post-image\" alt=\"Dominicanos del Convento de Toulouse\" srcset=\"https:\/\/caritasprovitaegradu.ch\/wp-content\/uploads\/2023\/11\/pub_fr_olivier-9.jpg 1615w, https:\/\/caritasprovitaegradu.ch\/wp-content\/uploads\/2023\/11\/pub_fr_olivier-9-300x200.jpg 300w, https:\/\/caritasprovitaegradu.ch\/wp-content\/uploads\/2023\/11\/pub_fr_olivier-9-1024x683.jpg 1024w, https:\/\/caritasprovitaegradu.ch\/wp-content\/uploads\/2023\/11\/pub_fr_olivier-9-768x512.jpg 768w, https:\/\/caritasprovitaegradu.ch\/wp-content\/uploads\/2023\/11\/pub_fr_olivier-9-1536x1024.jpg 1536w\" sizes=\"(max-width: 1615px) 100vw, 1615px\" \/>\t\t<\/a>\n\n\t\t<\/div>\n\t\t\t\t\t\t<div class=\"projects-short-content\">\t\t\t\t\t\t\t\t\n\t\t\t\t\t\t\t<h5>Dominicanos del Convento de Toulouse<\/h5> <p>Dominicanos del Convento de Toulouse En este proyecto se aborda la reparaci\u00f3n del Convento de Toulouse, que\u00a0existe desde m\u00e1s de sesenta a\u00f1os. Se necesitan reparar los edificios. Reformarlos y ajustarlos&hellip;<\/p>\t\t\t\t\t\t\t<a class=\"btn-primary\" href=\"https:\/\/caritasprovitaegradu.ch\/es\/projects\/dominicains-de-toulouse-convent\/\">Go to project<\/a> <\/div>\n\t\t\t\t\t  <\/div>\n\t\t\t\t\t<\/li>\n\t\t\t\t\t\t\t\t\t\t<li data-markerid=\"33\" data-lat=\"45.8011497\" data-lon=\"-1.3410749\">\n\t\t\t\t\t  <div class=\"projects-list-wrap\">\n\t\t\t\t\t\t<div class=\"projects-thumbnail\">\n\t\t<a class=\"post-thumbnail\" href=\"https:\/\/caritasprovitaegradu.ch\/es\/projects\/community-of-saint-martin-in-evron\/\" aria-hidden=\"true\" tabindex=\"-1\">\n\t\t\t<img loading=\"lazy\" decoding=\"async\" width=\"1920\" height=\"1285\" src=\"https:\/\/caritasprovitaegradu.ch\/wp-content\/uploads\/2023\/11\/Saint-martin-Evron-Assises-Nov.-2017-250-21.jpg\" class=\"attachment-post-thumbnail size-post-thumbnail wp-post-image\" alt=\"Comunidad de San Mart\u00edn en \u00c9vron\" srcset=\"https:\/\/caritasprovitaegradu.ch\/wp-content\/uploads\/2023\/11\/Saint-martin-Evron-Assises-Nov.-2017-250-21.jpg 1920w, https:\/\/caritasprovitaegradu.ch\/wp-content\/uploads\/2023\/11\/Saint-martin-Evron-Assises-Nov.-2017-250-21-300x201.jpg 300w, https:\/\/caritasprovitaegradu.ch\/wp-content\/uploads\/2023\/11\/Saint-martin-Evron-Assises-Nov.-2017-250-21-1024x685.jpg 1024w, https:\/\/caritasprovitaegradu.ch\/wp-content\/uploads\/2023\/11\/Saint-martin-Evron-Assises-Nov.-2017-250-21-768x514.jpg 768w, https:\/\/caritasprovitaegradu.ch\/wp-content\/uploads\/2023\/11\/Saint-martin-Evron-Assises-Nov.-2017-250-21-1536x1028.jpg 1536w\" sizes=\"(max-width: 1920px) 100vw, 1920px\" \/>\t\t<\/a>\n\n\t\t<\/div>\n\t\t\t\t\t\t<div class=\"projects-short-content\">\t\t\t\t\t\t\t\t\n\t\t\t\t\t\t\t<h5>Comunidad de San Mart\u00edn en \u00c9vron<\/h5> <p>Comunidad de San Mart\u00edn en \u00c9vron La Comunidad de San Mart\u00edn es una congregaci\u00f3n compuesta por sacerdotes y di\u00e1conos seculares. Viven su apostolado dentro de una vida comunitaria. Est\u00e1n al&hellip;<\/p>\t\t\t\t\t\t\t<a class=\"btn-primary\" href=\"https:\/\/caritasprovitaegradu.ch\/es\/projects\/community-of-saint-martin-in-evron\/\">Go to project<\/a> <\/div>\n\t\t\t\t\t  <\/div>\n\t\t\t\t\t<\/li>\n\t\t\t\t\t\t\t\t\t\t<li data-markerid=\"34\" data-lat=\"46.802159\" data-lon=\"7.1537665\">\n\t\t\t\t\t  <div class=\"projects-list-wrap\">\n\t\t\t\t\t\t<div class=\"projects-thumbnail\">\n\t\t<a class=\"post-thumbnail\" href=\"https:\/\/caritasprovitaegradu.ch\/es\/projects\/caritas-in-veritate-foundation-in-geneva\/\" aria-hidden=\"true\" tabindex=\"-1\">\n\t\t\t<img loading=\"lazy\" decoding=\"async\" width=\"1920\" height=\"696\" src=\"https:\/\/caritasprovitaegradu.ch\/wp-content\/uploads\/2023\/11\/banner_proj6.jpg\" class=\"attachment-post-thumbnail size-post-thumbnail wp-post-image\" alt=\"Caritas in Veritate Foundation en Ginebra\" srcset=\"https:\/\/caritasprovitaegradu.ch\/wp-content\/uploads\/2023\/11\/banner_proj6.jpg 1920w, https:\/\/caritasprovitaegradu.ch\/wp-content\/uploads\/2023\/11\/banner_proj6-300x109.jpg 300w, https:\/\/caritasprovitaegradu.ch\/wp-content\/uploads\/2023\/11\/banner_proj6-1024x371.jpg 1024w, https:\/\/caritasprovitaegradu.ch\/wp-content\/uploads\/2023\/11\/banner_proj6-768x278.jpg 768w, https:\/\/caritasprovitaegradu.ch\/wp-content\/uploads\/2023\/11\/banner_proj6-1536x557.jpg 1536w\" sizes=\"(max-width: 1920px) 100vw, 1920px\" \/>\t\t<\/a>\n\n\t\t<\/div>\n\t\t\t\t\t\t<div class=\"projects-short-content\">\t\t\t\t\t\t\t\t\n\t\t\t\t\t\t\t<h5>Caritas in Veritate Foundation en Ginebra<\/h5> <p>Caritas in Veritate Foundation El objetivo de la Fundaci\u00f3n es articular las posiciones de la Santa Sede y de la Iglesia Cat\u00f3lica en el \u00e1mbito internacional de las Naciones Unidas.&hellip;<\/p>\t\t\t\t\t\t\t<a class=\"btn-primary\" href=\"https:\/\/caritasprovitaegradu.ch\/es\/projects\/caritas-in-veritate-foundation-in-geneva\/\">Go to project<\/a> <\/div>\n\t\t\t\t\t  <\/div>\n\t\t\t\t\t<\/li>\n\t\t\t\t\t\t\t\t\t\t<li data-markerid=\"35\" data-lat=\"33.8879407\" data-lon=\"35.4868266\">\n\t\t\t\t\t  <div class=\"projects-list-wrap\">\n\t\t\t\t\t\t<div class=\"projects-thumbnail\">\n\t\t<a class=\"post-thumbnail\" href=\"https:\/\/caritasprovitaegradu.ch\/es\/projects\/fratelli-project-beirut-lebanon\/\" aria-hidden=\"true\" tabindex=\"-1\">\n\t\t\t<img loading=\"lazy\" decoding=\"async\" width=\"1854\" height=\"682\" src=\"https:\/\/caritasprovitaegradu.ch\/wp-content\/uploads\/2023\/11\/Children-in-class.jpg\" class=\"attachment-post-thumbnail size-post-thumbnail wp-post-image\" alt=\"Proyecto Fratelli \u2013 Beirut, L\u00edbano\" srcset=\"https:\/\/caritasprovitaegradu.ch\/wp-content\/uploads\/2023\/11\/Children-in-class.jpg 1854w, https:\/\/caritasprovitaegradu.ch\/wp-content\/uploads\/2023\/11\/Children-in-class-300x110.jpg 300w, https:\/\/caritasprovitaegradu.ch\/wp-content\/uploads\/2023\/11\/Children-in-class-1024x377.jpg 1024w, https:\/\/caritasprovitaegradu.ch\/wp-content\/uploads\/2023\/11\/Children-in-class-768x283.jpg 768w, https:\/\/caritasprovitaegradu.ch\/wp-content\/uploads\/2023\/11\/Children-in-class-1536x565.jpg 1536w\" sizes=\"(max-width: 1854px) 100vw, 1854px\" \/>\t\t<\/a>\n\n\t\t<\/div>\n\t\t\t\t\t\t<div class=\"projects-short-content\">\t\t\t\t\t\t\t\t\n\t\t\t\t\t\t\t<h5>Proyecto Fratelli \u2013 Beirut, L\u00edbano<\/h5> <p>Primary School Students of the Fratelli Project Proyecto Fratelli, De La Salle and Marists Brothers \u2013 Beirut, L\u00edbano El Proyecto Fratelli es una colaboraci\u00f3n de La Salle \u2013 Solidariet\u00e0 Internazionale&hellip;<\/p>\t\t\t\t\t\t\t<a class=\"btn-primary\" href=\"https:\/\/caritasprovitaegradu.ch\/es\/projects\/fratelli-project-beirut-lebanon\/\">Go to project<\/a> <\/div>\n\t\t\t\t\t  <\/div>\n\t\t\t\t\t<\/li>\n\t\t\t\t\t\t\t\t  <\/ul>\n\t\t\t  <script>\n\t\t\t\tvar locations = [];\n\t\t\t\t\t\t\t\t\tlocations.push([0,\"Title\",\"14.6273911\",\"120.9593406\"]);\n\t\t\t\t\t\t\t\t\t\tlocations.push([1,\"Title\",\"33.874716\",\"35.541774\"]);\n\t\t\t\t\t\t\t\t\t\tlocations.push([2,\"Title\",\"33.5130695\",\"36.3095814\"]);\n\t\t\t\t\t\t\t\t\t\tlocations.push([3,\"Title\",\"20.7667713\",\"74.3382706\"]);\n\t\t\t\t\t\t\t\t\t\tlocations.push([4,\"Title\",\"15.41778\",\"38.40222\"]);\n\t\t\t\t\t\t\t\t\t\tlocations.push([5,\"Title\",\"15.41778\",\"38.40222\"]);\n\t\t\t\t\t\t\t\t\t\tlocations.push([6,\"Title\",\"48.862725\",\"2.287592\"]);\n\t\t\t\t\t\t\t\t\t\tlocations.push([7,\"Title\",\"10.4199553\",\"34.4485718\"]);\n\t\t\t\t\t\t\t\t\t\tlocations.push([8,\"Title\",\"9\",\"39.5\"]);\n\t\t\t\t\t\t\t\t\t\tlocations.push([9,\"Title\",\"31.954080\",\"35.871849\"]);\n\t\t\t\t\t\t\t\t\t\tlocations.push([10,\"Title\",\"-41.5000831\",\"172.8344077\"]);\n\t\t\t\t\t\t\t\t\t\tlocations.push([11,\"Title\",\"6.1784338\",\"-73.5920951\"]);\n\t\t\t\t\t\t\t\t\t\tlocations.push([12,\"Title\",\"3.54024\",\"-73.7068\"]);\n\t\t\t\t\t\t\t\t\t\tlocations.push([13,\"Title\",\"5.453982459221932\",\"-74.6640051306566\"]);\n\t\t\t\t\t\t\t\t\t\tlocations.push([14,\"Title\",\"25.0375198\",\"121.5636796\"]);\n\t\t\t\t\t\t\t\t\t\tlocations.push([15,\"Title\",\"22.313127\",\"-79.654773\"]);\n\t\t\t\t\t\t\t\t\t\tlocations.push([16,\"Title\",\"10.4199553\",\"34.4485718\"]);\n\t\t\t\t\t\t\t\t\t\tlocations.push([17,\"Title\",\"-8.909454\",\"33.460861\"]);\n\t\t\t\t\t\t\t\t\t\tlocations.push([18,\"Title\",\"54.555088\",\"23.361571\"]);\n\t\t\t\t\t\t\t\t\t\tlocations.push([19,\"Title\",\"-16.6590791\",\"15.1870116\"]);\n\t\t\t\t\t\t\t\t\t\tlocations.push([20,\"Title\",\"6.898662\",\"2.649386\"]);\n\t\t\t\t\t\t\t\t\t\tlocations.push([21,\"Title\",\"41.906938\",\"12.452706\"]);\n\t\t\t\t\t\t\t\t\t\tlocations.push([22,\"Title\",\"48.0682037\",\"-0.7664369\"]);\n\t\t\t\t\t\t\t\t\t\tlocations.push([23,\"Title\",\"31.7101221\",\"35.2023263\"]);\n\t\t\t\t\t\t\t\t\t\tlocations.push([24,\"Title\",\"9.0231499\",\"38.832285\"]);\n\t\t\t\t\t\t\t\t\t\tlocations.push([25,\"Title\",\"-33.5211497\",\"-70.6836391\"]);\n\t\t\t\t\t\t\t\t\t\tlocations.push([26,\"Title\",\"7.2266534\",\"-65.9252314\"]);\n\t\t\t\t\t\t\t\t\t\tlocations.push([27,\"Title\",\"6.8306918\",\"37.0645111\"]);\n\t\t\t\t\t\t\t\t\t\tlocations.push([28,\"Title\",\"-12.7710587\",\"15.7491284\"]);\n\t\t\t\t\t\t\t\t\t\tlocations.push([29,\"Title\",\"6.8110665\",\"29.6634076\"]);\n\t\t\t\t\t\t\t\t\t\tlocations.push([30,\"Title\",\"33.888630\",\"35.495480\"]);\n\t\t\t\t\t\t\t\t\t\tlocations.push([31,\"Title\",\"51.7454095\",\"-0.9762511\"]);\n\t\t\t\t\t\t\t\t\t\tlocations.push([32,\"Title\",\"43.5668632\",\"1.4593738\"]);\n\t\t\t\t\t\t\t\t\t\tlocations.push([33,\"Title\",\"45.8011497\",\"-1.3410749\"]);\n\t\t\t\t\t\t\t\t\t\tlocations.push([34,\"Title\",\"46.802159\",\"7.1537665\"]);\n\t\t\t\t\t\t\t\t\t\tlocations.push([35,\"Title\",\"33.8879407\",\"35.4868266\"]);\n\t\t\t\t\t\t\t\t  <\/script>\n            <\/div>\n          <\/div>\n          <div class=\"projects-map-list\">\n            <div id=\"projects-map\"><\/div>\n          <\/div>\n        <\/div>\n      <\/div>\n    <\/div>\n  <\/div>\n<\/div>\n\n<!-- Projects Block -->\n\t\t<div class=\"elementor-shortcode\"><\/div>\n\t\t\t\t\t\t<\/div>\n\t\t\t\t<\/div>\n\t\t\t\t\t<\/div>\n\t\t\t\t<\/div>\n\t\t<div class=\"elementor-element elementor-element-9eb4866 e-flex e-con-boxed e-con e-parent\" data-id=\"9eb4866\" data-element_type=\"container\" data-e-type=\"container\">\n\t\t\t\t\t<div class=\"e-con-inner\">\n\t\t<div class=\"elementor-element elementor-element-1bf1f8e con-max-width-3 e-flex e-con-boxed e-con e-child\" data-id=\"1bf1f8e\" data-element_type=\"container\" data-e-type=\"container\">\n\t\t\t\t\t<div class=\"e-con-inner\">\n\t\t<div class=\"elementor-element elementor-element-9f2619c e-con-full e-flex e-con e-child\" data-id=\"9f2619c\" data-element_type=\"container\" data-e-type=\"container\">\n\t\t\t\t<div class=\"elementor-element elementor-element-303e2a6 elementor-widget elementor-widget-image\" data-id=\"303e2a6\" data-element_type=\"widget\" data-e-type=\"widget\" data-widget_type=\"image.default\">\n\t\t\t\t<div class=\"elementor-widget-container\">\n\t\t\t\t\t\t\t\t\t\t\t\t\t\t\t<img loading=\"lazy\" decoding=\"async\" width=\"631\" height=\"489\" src=\"http:\/\/caritasprovitaegradu.ch\/wp-content\/uploads\/2023\/11\/home-img-RS.jpg\" class=\"attachment-full size-full wp-image-30597\" alt=\"h\" srcset=\"http:\/\/caritasprovitaegradu.ch\/wp-content\/uploads\/2023\/11\/home-img-RS.jpg 631w, http:\/\/caritasprovitaegradu.ch\/wp-content\/uploads\/2023\/11\/home-img-RS-300x232.jpg 300w\" sizes=\"(max-width: 631px) 100vw, 631px\" \/>\t\t\t\t\t\t\t\t\t\t\t\t\t\t\t<\/div>\n\t\t\t\t<\/div>\n\t\t\t\t<div class=\"elementor-element elementor-element-3c3f148 elementor-widget__width-initial banner-desc elementor-absolute elementor-widget elementor-widget-heading\" data-id=\"3c3f148\" data-element_type=\"widget\" data-e-type=\"widget\" data-settings=\"{&quot;_position&quot;:&quot;absolute&quot;}\" data-widget_type=\"heading.default\">\n\t\t\t\t<div class=\"elementor-widget-container\">\n\t\t\t\t\t<span class=\"elementor-heading-title elementor-size-default\">home-img-RS\n<\/span>\t\t\t\t<\/div>\n\t\t\t\t<\/div>\n\t\t\t\t<\/div>\n\t\t<div class=\"elementor-element elementor-element-d35c5fa e-con-full e-flex e-con e-child\" data-id=\"d35c5fa\" data-element_type=\"container\" data-e-type=\"container\">\n\t\t\t\t<div class=\"elementor-element elementor-element-6a7adaa elementor-widget elementor-widget-icon-box\" data-id=\"6a7adaa\" data-element_type=\"widget\" data-e-type=\"widget\" data-widget_type=\"icon-box.default\">\n\t\t\t\t<div class=\"elementor-widget-container\">\n\t\t\t\t\t\t\t<div class=\"elementor-icon-box-wrapper\">\n\n\t\t\t\n\t\t\t\t\t\t<div class=\"elementor-icon-box-content\">\n\n\t\t\t\t\t\t\t\t\t<h3 class=\"elementor-icon-box-title\">\n\t\t\t\t\t\t<span  >\n\t\t\t\t\t\t\tHechos y cifras\t\t\t\t\t\t<\/span>\n\t\t\t\t\t<\/h3>\n\t\t\t\t\n\t\t\t\t\t\t\t\t\t<p class=\"elementor-icon-box-description\">\n\t\t\t\t\t\tDebido a la tradicional discreci\u00f3n de la Iglesia Cat\u00f3lica sobre los numerosos campos en los que interviene, la labor de los cristianos de todo el mundo que se ponen al servicio de los pobres y los enfermos pasa, muchas veces, desapercibida.\n\n\t\t\t\t\t<\/p>\n\t\t\t\t\n\t\t\t<\/div>\n\t\t\t\n\t\t<\/div>\n\t\t\t\t\t\t<\/div>\n\t\t\t\t<\/div>\n\t\t\t\t<\/div>\n\t\t\t\t\t<\/div>\n\t\t\t\t<\/div>\n\t\t\t\t\t<\/div>\n\t\t\t\t<\/div>\n\t\t<div class=\"elementor-element elementor-element-8194968 e-flex e-con-boxed e-con e-parent\" data-id=\"8194968\" data-element_type=\"container\" data-e-type=\"container\" data-settings=\"{&quot;background_background&quot;:&quot;classic&quot;}\">\n\t\t\t\t\t<div class=\"e-con-inner\">\n\t\t<div class=\"elementor-element elementor-element-d315c98 e-con-full con-max-width-2 e-flex e-con e-child\" data-id=\"d315c98\" data-element_type=\"container\" data-e-type=\"container\" data-settings=\"{&quot;background_background&quot;:&quot;classic&quot;}\">\n\t\t<div class=\"elementor-element elementor-element-876127a e-flex e-con-boxed e-con e-child\" data-id=\"876127a\" data-element_type=\"container\" data-e-type=\"container\">\n\t\t\t\t\t<div class=\"e-con-inner\">\n\t\t\t\t<div class=\"elementor-element elementor-element-1042108 elementor-widget elementor-widget-icon-box\" data-id=\"1042108\" data-element_type=\"widget\" data-e-type=\"widget\" data-widget_type=\"icon-box.default\">\n\t\t\t\t<div class=\"elementor-widget-container\">\n\t\t\t\t\t\t\t<div class=\"elementor-icon-box-wrapper\">\n\n\t\t\t\n\t\t\t\t\t\t<div class=\"elementor-icon-box-content\">\n\n\t\t\t\t\t\t\t\t\t<h3 class=\"elementor-icon-box-title\">\n\t\t\t\t\t\t<span  >\n\t\t\t\t\t\t\t216 000\t\t\t\t\t\t<\/span>\n\t\t\t\t\t<\/h3>\n\t\t\t\t\n\t\t\t\t\t\t\t\t\t<p class=\"elementor-icon-box-description\">\n\t\t\t\t\t\tescuelas *\t\t\t\t\t<\/p>\n\t\t\t\t\n\t\t\t<\/div>\n\t\t\t\n\t\t<\/div>\n\t\t\t\t\t\t<\/div>\n\t\t\t\t<\/div>\n\t\t\t\t\t<\/div>\n\t\t\t\t<\/div>\n\t\t<div class=\"elementor-element elementor-element-b0df964 e-flex e-con-boxed e-con e-child\" data-id=\"b0df964\" data-element_type=\"container\" data-e-type=\"container\">\n\t\t\t\t\t<div class=\"e-con-inner\">\n\t\t\t\t<div class=\"elementor-element elementor-element-1941737 elementor-widget elementor-widget-icon-box\" data-id=\"1941737\" data-element_type=\"widget\" data-e-type=\"widget\" data-widget_type=\"icon-box.default\">\n\t\t\t\t<div class=\"elementor-widget-container\">\n\t\t\t\t\t\t\t<div class=\"elementor-icon-box-wrapper\">\n\n\t\t\t\n\t\t\t\t\t\t<div class=\"elementor-icon-box-content\">\n\n\t\t\t\t\t\t\t\t\t<h3 class=\"elementor-icon-box-title\">\n\t\t\t\t\t\t<span  >\n\t\t\t\t\t\t\t1 760\t\t\t\t\t\t<\/span>\n\t\t\t\t\t<\/h3>\n\t\t\t\t\n\t\t\t\t\t\t\t\t\t<p class=\"elementor-icon-box-description\">\n\t\t\t\t\t\tUniversidades, Facultades e Institutos Eclesi\u00e1sticos *\n\t\t\t\t\t<\/p>\n\t\t\t\t\n\t\t\t<\/div>\n\t\t\t\n\t\t<\/div>\n\t\t\t\t\t\t<\/div>\n\t\t\t\t<\/div>\n\t\t\t\t\t<\/div>\n\t\t\t\t<\/div>\n\t\t<div class=\"elementor-element elementor-element-5a83ede e-flex e-con-boxed e-con e-child\" data-id=\"5a83ede\" data-element_type=\"container\" data-e-type=\"container\">\n\t\t\t\t\t<div class=\"e-con-inner\">\n\t\t\t\t<div class=\"elementor-element elementor-element-81c9e38 elementor-widget elementor-widget-icon-box\" data-id=\"81c9e38\" data-element_type=\"widget\" data-e-type=\"widget\" data-widget_type=\"icon-box.default\">\n\t\t\t\t<div class=\"elementor-widget-container\">\n\t\t\t\t\t\t\t<div class=\"elementor-icon-box-wrapper\">\n\n\t\t\t\n\t\t\t\t\t\t<div class=\"elementor-icon-box-content\">\n\n\t\t\t\t\t\t\t\t\t<h3 class=\"elementor-icon-box-title\">\n\t\t\t\t\t\t<span  >\n\t\t\t\t\t\t\t72 million\t\t\t\t\t\t<\/span>\n\t\t\t\t\t<\/h3>\n\t\t\t\t\n\t\t\t\t\t\t\t\t\t<p class=\"elementor-icon-box-description\">\n\t\t\t\t\t\tde estudiantes *\t\t\t\t\t<\/p>\n\t\t\t\t\n\t\t\t<\/div>\n\t\t\t\n\t\t<\/div>\n\t\t\t\t\t\t<\/div>\n\t\t\t\t<\/div>\n\t\t\t\t\t<\/div>\n\t\t\t\t<\/div>\n\t\t<div class=\"elementor-element elementor-element-87c1e6b e-flex e-con-boxed e-con e-child\" data-id=\"87c1e6b\" data-element_type=\"container\" data-e-type=\"container\">\n\t\t\t\t\t<div class=\"e-con-inner\">\n\t\t\t\t<div class=\"elementor-element elementor-element-a3b1a54 elementor-widget elementor-widget-icon-box\" data-id=\"a3b1a54\" data-element_type=\"widget\" data-e-type=\"widget\" data-widget_type=\"icon-box.default\">\n\t\t\t\t<div class=\"elementor-widget-container\">\n\t\t\t\t\t\t\t<div class=\"elementor-icon-box-wrapper\">\n\n\t\t\t\n\t\t\t\t\t\t<div class=\"elementor-icon-box-content\">\n\n\t\t\t\t\t\t\t\t\t<h3 class=\"elementor-icon-box-title\">\n\t\t\t\t\t\t<span  >\n\t\t\t\t\t\t\t117,000\t\t\t\t\t\t<\/span>\n\t\t\t\t\t<\/h3>\n\t\t\t\t\n\t\t\t\t\t\t\t\t\t<p class=\"elementor-icon-box-description\">\n\t\t\t\t\t\tcentros de atenci\u00f3n sanitaria *\n\t\t\t\t\t<\/p>\n\t\t\t\t\n\t\t\t<\/div>\n\t\t\t\n\t\t<\/div>\n\t\t\t\t\t\t<\/div>\n\t\t\t\t<\/div>\n\t\t\t\t\t<\/div>\n\t\t\t\t<\/div>\n\t\t\t\t<\/div>\n\t\t<div class=\"elementor-element elementor-element-d3713be e-con-full con-max-width-2 e-flex e-con e-child\" data-id=\"d3713be\" data-element_type=\"container\" data-e-type=\"container\" data-settings=\"{&quot;background_background&quot;:&quot;classic&quot;}\">\n\t\t\t\t<div class=\"elementor-element elementor-element-269ab4a elementor-widget__width-inherit elementor-absolute elementor-widget elementor-widget-heading\" data-id=\"269ab4a\" data-element_type=\"widget\" data-e-type=\"widget\" data-settings=\"{&quot;_position&quot;:&quot;absolute&quot;}\" data-widget_type=\"heading.default\">\n\t\t\t\t<div class=\"elementor-widget-container\">\n\t\t\t\t\t<span class=\"elementor-heading-title elementor-size-default\">* Datos y cifras recogidos en 2019 de la Fundaci\u00f3n Gravissimum Educationis del Vaticano.\n<\/span>\t\t\t\t<\/div>\n\t\t\t\t<\/div>\n\t\t\t\t<\/div>\n\t\t\t\t\t<\/div>\n\t\t\t\t<\/div>\n\t\t<div class=\"elementor-element elementor-element-979b40f e-flex e-con-boxed e-con e-parent\" data-id=\"979b40f\" data-element_type=\"container\" data-e-type=\"container\">\n\t\t\t\t\t<div class=\"e-con-inner\">\n\t\t<div class=\"elementor-element elementor-element-fd39f72 con-max-width-3 e-flex e-con-boxed e-con e-child\" data-id=\"fd39f72\" data-element_type=\"container\" data-e-type=\"container\">\n\t\t\t\t\t<div class=\"e-con-inner\">\n\t\t<div class=\"elementor-element elementor-element-082bb2c e-con-full e-flex e-con e-child\" data-id=\"082bb2c\" data-element_type=\"container\" data-e-type=\"container\">\n\t\t\t\t<div class=\"elementor-element elementor-element-4da3857 elementor-widget elementor-widget-icon-box\" data-id=\"4da3857\" data-element_type=\"widget\" data-e-type=\"widget\" data-widget_type=\"icon-box.default\">\n\t\t\t\t<div class=\"elementor-widget-container\">\n\t\t\t\t\t\t\t<div class=\"elementor-icon-box-wrapper\">\n\n\t\t\t\n\t\t\t\t\t\t<div class=\"elementor-icon-box-content\">\n\n\t\t\t\t\t\t\t\t\t<h3 class=\"elementor-icon-box-title\">\n\t\t\t\t\t\t<span  >\n\t\t\t\t\t\t\tSolicitar Donativo\t\t\t\t\t\t<\/span>\n\t\t\t\t\t<\/h3>\n\t\t\t\t\n\t\t\t\t\t\t\t\t\t<p class=\"elementor-icon-box-description\">\n\t\t\t\t\t\tApoyamos proyectos cat\u00f3licos con un importante impacto mundial, social y humanitario que promueven los valores cat\u00f3lico-romanos y su mensaje, y atendemos a las solicitudes de fondos que cumplen con nuestra misi\u00f3n y nuestros objetivos, particularmente en aquellos casos en los que contribuyen a la salud y al bienestar social de la gente que m\u00e1s sufre.\t\t\t\t\t<\/p>\n\t\t\t\t\n\t\t\t<\/div>\n\t\t\t\n\t\t<\/div>\n\t\t\t\t\t\t<\/div>\n\t\t\t\t<\/div>\n\t\t\t\t<\/div>\n\t\t<div class=\"elementor-element elementor-element-f19b776 e-con-full e-flex e-con e-child\" data-id=\"f19b776\" data-element_type=\"container\" data-e-type=\"container\">\n\t\t\t\t<div class=\"elementor-element elementor-element-cd29653 elementor-button-align-end elementor-widget elementor-widget-form\" data-id=\"cd29653\" data-element_type=\"widget\" data-e-type=\"widget\" data-settings=\"{&quot;step_next_label&quot;:&quot;Next&quot;,&quot;step_previous_label&quot;:&quot;Previous&quot;,&quot;button_width&quot;:&quot;100&quot;,&quot;step_type&quot;:&quot;number_text&quot;,&quot;step_icon_shape&quot;:&quot;circle&quot;}\" data-widget_type=\"form.default\">\n\t\t\t\t<div class=\"elementor-widget-container\">\n\t\t\t\t\t\t\t<form class=\"elementor-form\" method=\"post\" name=\"New Form\" aria-label=\"New Form\">\n\t\t\t<input type=\"hidden\" name=\"post_id\" value=\"31887\"\/>\n\t\t\t<input type=\"hidden\" name=\"form_id\" value=\"cd29653\"\/>\n\t\t\t<input type=\"hidden\" name=\"referer_title\" value=\"\" \/>\n\n\t\t\t\t\t\t\t<input type=\"hidden\" name=\"queried_id\" value=\"31887\"\/>\n\t\t\t\n\t\t\t<div class=\"elementor-form-fields-wrapper elementor-labels-above\">\n\t\t\t\t\t\t\t\t<div class=\"elementor-field-type-text elementor-field-group elementor-column elementor-field-group-name elementor-col-50 elementor-field-required\">\n\t\t\t\t\t\t\t\t\t\t\t\t<label for=\"form-field-name\" class=\"elementor-field-label\">\n\t\t\t\t\t\t\t\tNombre*\t\t\t\t\t\t\t<\/label>\n\t\t\t\t\t\t\t\t\t\t\t\t\t\t<input size=\"1\" type=\"text\" name=\"form_fields[name]\" id=\"form-field-name\" class=\"elementor-field elementor-size-md  elementor-field-textual\" required=\"required\">\n\t\t\t\t\t\t\t\t\t\t\t<\/div>\n\t\t\t\t\t\t\t\t<div class=\"elementor-field-type-text elementor-field-group elementor-column elementor-field-group-field_bdd6f5d elementor-col-50 elementor-field-required\">\n\t\t\t\t\t\t\t\t\t\t\t\t<label for=\"form-field-field_bdd6f5d\" class=\"elementor-field-label\">\n\t\t\t\t\t\t\t\tApellido*\t\t\t\t\t\t\t<\/label>\n\t\t\t\t\t\t\t\t\t\t\t\t\t\t<input size=\"1\" type=\"text\" name=\"form_fields[field_bdd6f5d]\" id=\"form-field-field_bdd6f5d\" class=\"elementor-field elementor-size-md  elementor-field-textual\" placeholder=\"Apellido\" required=\"required\">\n\t\t\t\t\t\t\t\t\t\t\t<\/div>\n\t\t\t\t\t\t\t\t<div class=\"elementor-field-type-email elementor-field-group elementor-column elementor-field-group-email elementor-col-50 elementor-field-required\">\n\t\t\t\t\t\t\t\t\t\t\t\t<label for=\"form-field-email\" class=\"elementor-field-label\">\n\t\t\t\t\t\t\t\tCorreo electr\u00f3nico*\t\t\t\t\t\t\t<\/label>\n\t\t\t\t\t\t\t\t\t\t\t\t\t\t<input size=\"1\" type=\"email\" name=\"form_fields[email]\" id=\"form-field-email\" class=\"elementor-field elementor-size-md  elementor-field-textual\" required=\"required\">\n\t\t\t\t\t\t\t\t\t\t\t<\/div>\n\t\t\t\t\t\t\t\t<div class=\"elementor-field-type-date elementor-field-group elementor-column elementor-field-group-field_23762f3 elementor-col-50\">\n\t\t\t\t\t\t\t\t\t\t\t\t<label for=\"form-field-field_23762f3\" class=\"elementor-field-label\">\n\t\t\t\t\t\t\t\tFecha de nacimiento\t\t\t\t\t\t\t<\/label>\n\t\t\t\t\t\t\n\t\t<input type=\"date\" name=\"form_fields[field_23762f3]\" id=\"form-field-field_23762f3\" class=\"elementor-field elementor-size-md  elementor-field-textual elementor-date-field\" placeholder=\"Elegir la fecha\" pattern=\"[0-9]{4}-[0-9]{2}-[0-9]{2}\">\n\t\t\t\t\t\t<\/div>\n\t\t\t\t\t\t\t\t<div class=\"elementor-field-type-select elementor-field-group elementor-column elementor-field-group-field_3d83dc6 elementor-col-40 elementor-field-required\">\n\t\t\t\t\t\t\t\t\t\t\t\t<label for=\"form-field-field_3d83dc6\" class=\"elementor-field-label\">\n\t\t\t\t\t\t\t\tPa\u00eds*\t\t\t\t\t\t\t<\/label>\n\t\t\t\t\t\t\t\t<div class=\"elementor-field elementor-select-wrapper remove-before \">\n\t\t\t<div class=\"select-caret-down-wrapper\">\n\t\t\t\t<svg aria-hidden=\"true\" class=\"e-font-icon-svg e-eicon-caret-down\" viewBox=\"0 0 571.4 571.4\" xmlns=\"http:\/\/www.w3.org\/2000\/svg\"><path d=\"M571 393Q571 407 561 418L311 668Q300 679 286 679T261 668L11 418Q0 407 0 393T11 368 36 357H536Q550 357 561 368T571 393Z\"><\/path><\/svg>\t\t\t<\/div>\n\t\t\t<select name=\"form_fields[field_3d83dc6]\" id=\"form-field-field_3d83dc6\" class=\"elementor-field-textual elementor-size-md\" required=\"required\">\n\t\t\t\t\t\t\t\t\t<option value=\"Afghanistan\">Afghanistan<\/option>\n\t\t\t\t\t\t\t\t\t<option value=\"Albania\">Albania<\/option>\n\t\t\t\t\t\t\t\t\t<option value=\"Algeria\">Algeria<\/option>\n\t\t\t\t\t\t\t\t\t<option value=\"Andorra\">Andorra<\/option>\n\t\t\t\t\t\t\t\t\t<option value=\"Angola\">Angola<\/option>\n\t\t\t\t\t\t\t\t\t<option value=\"Antigua &amp; Deps\">Antigua &amp; Deps<\/option>\n\t\t\t\t\t\t\t\t\t<option value=\"Argentina\">Argentina<\/option>\n\t\t\t\t\t\t\t\t\t<option value=\"Armenia\">Armenia<\/option>\n\t\t\t\t\t\t\t\t\t<option value=\"Australia\">Australia<\/option>\n\t\t\t\t\t\t\t\t\t<option value=\"Austria\">Austria<\/option>\n\t\t\t\t\t\t\t\t\t<option value=\"Azerbaijan\">Azerbaijan<\/option>\n\t\t\t\t\t\t\t\t\t<option value=\"Bahamas\">Bahamas<\/option>\n\t\t\t\t\t\t\t\t\t<option value=\"Bahrain\">Bahrain<\/option>\n\t\t\t\t\t\t\t\t\t<option value=\"Bangladesh\">Bangladesh<\/option>\n\t\t\t\t\t\t\t\t\t<option value=\"Barbados\">Barbados<\/option>\n\t\t\t\t\t\t\t\t\t<option value=\"Belarus\">Belarus<\/option>\n\t\t\t\t\t\t\t\t\t<option value=\"Belgium\">Belgium<\/option>\n\t\t\t\t\t\t\t\t\t<option value=\"Belize\">Belize<\/option>\n\t\t\t\t\t\t\t\t\t<option value=\"Benin\">Benin<\/option>\n\t\t\t\t\t\t\t\t\t<option value=\"Bhutan\">Bhutan<\/option>\n\t\t\t\t\t\t\t\t\t<option value=\"Bolivia\">Bolivia<\/option>\n\t\t\t\t\t\t\t\t\t<option value=\"Bosnia Herzegovina\">Bosnia Herzegovina<\/option>\n\t\t\t\t\t\t\t\t\t<option value=\"Botswana\">Botswana<\/option>\n\t\t\t\t\t\t\t\t\t<option value=\"Brazil\">Brazil<\/option>\n\t\t\t\t\t\t\t\t\t<option value=\"Brunei\">Brunei<\/option>\n\t\t\t\t\t\t\t\t\t<option value=\"Bulgaria\">Bulgaria<\/option>\n\t\t\t\t\t\t\t\t\t<option value=\"Burkina\">Burkina<\/option>\n\t\t\t\t\t\t\t\t\t<option value=\"Burundi\">Burundi<\/option>\n\t\t\t\t\t\t\t\t\t<option value=\"Cambodia\">Cambodia<\/option>\n\t\t\t\t\t\t\t\t\t<option value=\"Cameroon\">Cameroon<\/option>\n\t\t\t\t\t\t\t\t\t<option value=\"Canada\">Canada<\/option>\n\t\t\t\t\t\t\t\t\t<option value=\"Cape Verde\">Cape Verde<\/option>\n\t\t\t\t\t\t\t\t\t<option value=\"Central African Rep\">Central African Rep<\/option>\n\t\t\t\t\t\t\t\t\t<option value=\"Chad\">Chad<\/option>\n\t\t\t\t\t\t\t\t\t<option value=\"Chile\">Chile<\/option>\n\t\t\t\t\t\t\t\t\t<option value=\"China\">China<\/option>\n\t\t\t\t\t\t\t\t\t<option value=\"Colombia\">Colombia<\/option>\n\t\t\t\t\t\t\t\t\t<option value=\"Comoros\">Comoros<\/option>\n\t\t\t\t\t\t\t\t\t<option value=\"Congo\">Congo<\/option>\n\t\t\t\t\t\t\t\t\t<option value=\"Congo {Democratic Rep}\">Congo {Democratic Rep}<\/option>\n\t\t\t\t\t\t\t\t\t<option value=\"Costa Rica\">Costa Rica<\/option>\n\t\t\t\t\t\t\t\t\t<option value=\"Croatia\">Croatia<\/option>\n\t\t\t\t\t\t\t\t\t<option value=\"Cuba\">Cuba<\/option>\n\t\t\t\t\t\t\t\t\t<option value=\"Cyprus\">Cyprus<\/option>\n\t\t\t\t\t\t\t\t\t<option value=\"Czech Republic\">Czech Republic<\/option>\n\t\t\t\t\t\t\t\t\t<option value=\"Denmark\">Denmark<\/option>\n\t\t\t\t\t\t\t\t\t<option value=\"Djibouti\">Djibouti<\/option>\n\t\t\t\t\t\t\t\t\t<option value=\"Dominica\">Dominica<\/option>\n\t\t\t\t\t\t\t\t\t<option value=\"Dominican Republic\">Dominican Republic<\/option>\n\t\t\t\t\t\t\t\t\t<option value=\"East Timor\">East Timor<\/option>\n\t\t\t\t\t\t\t\t\t<option value=\"Ecuador\">Ecuador<\/option>\n\t\t\t\t\t\t\t\t\t<option value=\"Egypt\">Egypt<\/option>\n\t\t\t\t\t\t\t\t\t<option value=\"El Salvador\">El Salvador<\/option>\n\t\t\t\t\t\t\t\t\t<option value=\"Equatorial Guinea\">Equatorial Guinea<\/option>\n\t\t\t\t\t\t\t\t\t<option value=\"Eritrea\">Eritrea<\/option>\n\t\t\t\t\t\t\t\t\t<option value=\"Estonia\">Estonia<\/option>\n\t\t\t\t\t\t\t\t\t<option value=\"Ethiopia\">Ethiopia<\/option>\n\t\t\t\t\t\t\t\t\t<option value=\"Fiji\">Fiji<\/option>\n\t\t\t\t\t\t\t\t\t<option value=\"Finland\">Finland<\/option>\n\t\t\t\t\t\t\t\t\t<option value=\"France\">France<\/option>\n\t\t\t\t\t\t\t\t\t<option value=\"Gabon\">Gabon<\/option>\n\t\t\t\t\t\t\t\t\t<option value=\"Gambia\">Gambia<\/option>\n\t\t\t\t\t\t\t\t\t<option value=\"Georgia\">Georgia<\/option>\n\t\t\t\t\t\t\t\t\t<option value=\"Germany\">Germany<\/option>\n\t\t\t\t\t\t\t\t\t<option value=\"Ghana\">Ghana<\/option>\n\t\t\t\t\t\t\t\t\t<option value=\"Greece\">Greece<\/option>\n\t\t\t\t\t\t\t\t\t<option value=\"Grenada\">Grenada<\/option>\n\t\t\t\t\t\t\t\t\t<option value=\"Guatemala\">Guatemala<\/option>\n\t\t\t\t\t\t\t\t\t<option value=\"Guinea\">Guinea<\/option>\n\t\t\t\t\t\t\t\t\t<option value=\"Guinea-Bissau\">Guinea-Bissau<\/option>\n\t\t\t\t\t\t\t\t\t<option value=\"Guyana\">Guyana<\/option>\n\t\t\t\t\t\t\t\t\t<option value=\"Haiti\">Haiti<\/option>\n\t\t\t\t\t\t\t\t\t<option value=\"Honduras\">Honduras<\/option>\n\t\t\t\t\t\t\t\t\t<option value=\"Hungary\">Hungary<\/option>\n\t\t\t\t\t\t\t\t\t<option value=\"Iceland\">Iceland<\/option>\n\t\t\t\t\t\t\t\t\t<option value=\"India\">India<\/option>\n\t\t\t\t\t\t\t\t\t<option value=\"Indonesia\">Indonesia<\/option>\n\t\t\t\t\t\t\t\t\t<option value=\"Iran\">Iran<\/option>\n\t\t\t\t\t\t\t\t\t<option value=\"Iraq\">Iraq<\/option>\n\t\t\t\t\t\t\t\t\t<option value=\"Ireland {Republic}\">Ireland {Republic}<\/option>\n\t\t\t\t\t\t\t\t\t<option value=\"Israel\">Israel<\/option>\n\t\t\t\t\t\t\t\t\t<option value=\"Italy\">Italy<\/option>\n\t\t\t\t\t\t\t\t\t<option value=\"Ivory Coast\">Ivory Coast<\/option>\n\t\t\t\t\t\t\t\t\t<option value=\"Jamaica\">Jamaica<\/option>\n\t\t\t\t\t\t\t\t\t<option value=\"Japan\">Japan<\/option>\n\t\t\t\t\t\t\t\t\t<option value=\"Jordan\">Jordan<\/option>\n\t\t\t\t\t\t\t\t\t<option value=\"Kazakhstan\">Kazakhstan<\/option>\n\t\t\t\t\t\t\t\t\t<option value=\"Kenya\">Kenya<\/option>\n\t\t\t\t\t\t\t\t\t<option value=\"Kiribati\">Kiribati<\/option>\n\t\t\t\t\t\t\t\t\t<option value=\"Korea North\">Korea North<\/option>\n\t\t\t\t\t\t\t\t\t<option value=\"Korea South\">Korea South<\/option>\n\t\t\t\t\t\t\t\t\t<option value=\"Kosovo\">Kosovo<\/option>\n\t\t\t\t\t\t\t\t\t<option value=\"Kuwait\">Kuwait<\/option>\n\t\t\t\t\t\t\t\t\t<option value=\"Kyrgyzstan\">Kyrgyzstan<\/option>\n\t\t\t\t\t\t\t\t\t<option value=\"Laos\">Laos<\/option>\n\t\t\t\t\t\t\t\t\t<option value=\"Latvia\">Latvia<\/option>\n\t\t\t\t\t\t\t\t\t<option value=\"Lebanon\">Lebanon<\/option>\n\t\t\t\t\t\t\t\t\t<option value=\"Lesotho\">Lesotho<\/option>\n\t\t\t\t\t\t\t\t\t<option value=\"Liberia\">Liberia<\/option>\n\t\t\t\t\t\t\t\t\t<option value=\"Libya\">Libya<\/option>\n\t\t\t\t\t\t\t\t\t<option value=\"Liechtenstein\">Liechtenstein<\/option>\n\t\t\t\t\t\t\t\t\t<option value=\"Lithuania\">Lithuania<\/option>\n\t\t\t\t\t\t\t\t\t<option value=\"Luxembourg\">Luxembourg<\/option>\n\t\t\t\t\t\t\t\t\t<option value=\"Macedonia\">Macedonia<\/option>\n\t\t\t\t\t\t\t\t\t<option value=\"Madagascar\">Madagascar<\/option>\n\t\t\t\t\t\t\t\t\t<option value=\"Malawi\">Malawi<\/option>\n\t\t\t\t\t\t\t\t\t<option value=\"Malaysia\">Malaysia<\/option>\n\t\t\t\t\t\t\t\t\t<option value=\"Maldives\">Maldives<\/option>\n\t\t\t\t\t\t\t\t\t<option value=\"Mali\">Mali<\/option>\n\t\t\t\t\t\t\t\t\t<option value=\"Malta\">Malta<\/option>\n\t\t\t\t\t\t\t\t\t<option value=\"Marshall Islands\">Marshall Islands<\/option>\n\t\t\t\t\t\t\t\t\t<option value=\"Mauritania\">Mauritania<\/option>\n\t\t\t\t\t\t\t\t\t<option value=\"Mauritius\">Mauritius<\/option>\n\t\t\t\t\t\t\t\t\t<option value=\"Mexico\">Mexico<\/option>\n\t\t\t\t\t\t\t\t\t<option value=\"Micronesia\">Micronesia<\/option>\n\t\t\t\t\t\t\t\t\t<option value=\"Moldova\">Moldova<\/option>\n\t\t\t\t\t\t\t\t\t<option value=\"Monaco\">Monaco<\/option>\n\t\t\t\t\t\t\t\t\t<option value=\"Mongolia\">Mongolia<\/option>\n\t\t\t\t\t\t\t\t\t<option value=\"Montenegro\">Montenegro<\/option>\n\t\t\t\t\t\t\t\t\t<option value=\"Morocco\">Morocco<\/option>\n\t\t\t\t\t\t\t\t\t<option value=\"Mozambique\">Mozambique<\/option>\n\t\t\t\t\t\t\t\t\t<option value=\"Myanmar, {Burma}\">Myanmar, {Burma}<\/option>\n\t\t\t\t\t\t\t\t\t<option value=\"Namibia\">Namibia<\/option>\n\t\t\t\t\t\t\t\t\t<option value=\"Nauru\">Nauru<\/option>\n\t\t\t\t\t\t\t\t\t<option value=\"Nepal\">Nepal<\/option>\n\t\t\t\t\t\t\t\t\t<option value=\"Netherlands\">Netherlands<\/option>\n\t\t\t\t\t\t\t\t\t<option value=\"New Zealand\">New Zealand<\/option>\n\t\t\t\t\t\t\t\t\t<option value=\"Nicaragua\">Nicaragua<\/option>\n\t\t\t\t\t\t\t\t\t<option value=\"Niger\">Niger<\/option>\n\t\t\t\t\t\t\t\t\t<option value=\"Nigeria\">Nigeria<\/option>\n\t\t\t\t\t\t\t\t\t<option value=\"Norway\">Norway<\/option>\n\t\t\t\t\t\t\t\t\t<option value=\"Oman\">Oman<\/option>\n\t\t\t\t\t\t\t\t\t<option value=\"Pakistan\">Pakistan<\/option>\n\t\t\t\t\t\t\t\t\t<option value=\"Palau\">Palau<\/option>\n\t\t\t\t\t\t\t\t\t<option value=\"Panama\">Panama<\/option>\n\t\t\t\t\t\t\t\t\t<option value=\"Papua New Guinea\">Papua New Guinea<\/option>\n\t\t\t\t\t\t\t\t\t<option value=\"Paraguay\">Paraguay<\/option>\n\t\t\t\t\t\t\t\t\t<option value=\"Peru\">Peru<\/option>\n\t\t\t\t\t\t\t\t\t<option value=\"Philippines\">Philippines<\/option>\n\t\t\t\t\t\t\t\t\t<option value=\"Poland\">Poland<\/option>\n\t\t\t\t\t\t\t\t\t<option value=\"Portugal\">Portugal<\/option>\n\t\t\t\t\t\t\t\t\t<option value=\"Qatar\">Qatar<\/option>\n\t\t\t\t\t\t\t\t\t<option value=\"Romania\">Romania<\/option>\n\t\t\t\t\t\t\t\t\t<option value=\"Russian Federation\">Russian Federation<\/option>\n\t\t\t\t\t\t\t\t\t<option value=\"Rwanda\">Rwanda<\/option>\n\t\t\t\t\t\t\t\t\t<option value=\"St Kitts &amp; Nevis\">St Kitts &amp; Nevis<\/option>\n\t\t\t\t\t\t\t\t\t<option value=\"St Lucia\">St Lucia<\/option>\n\t\t\t\t\t\t\t\t\t<option value=\"Saint Vincent &amp; the Grenadines\">Saint Vincent &amp; the Grenadines<\/option>\n\t\t\t\t\t\t\t\t\t<option value=\"Samoa\">Samoa<\/option>\n\t\t\t\t\t\t\t\t\t<option value=\"San Marino\">San Marino<\/option>\n\t\t\t\t\t\t\t\t\t<option value=\"Sao Tome &amp; Principe\">Sao Tome &amp; Principe<\/option>\n\t\t\t\t\t\t\t\t\t<option value=\"Saudi Arabia\">Saudi Arabia<\/option>\n\t\t\t\t\t\t\t\t\t<option value=\"Senegal\">Senegal<\/option>\n\t\t\t\t\t\t\t\t\t<option value=\"Serbia\">Serbia<\/option>\n\t\t\t\t\t\t\t\t\t<option value=\"Seychelles\">Seychelles<\/option>\n\t\t\t\t\t\t\t\t\t<option value=\"Sierra Leone\">Sierra Leone<\/option>\n\t\t\t\t\t\t\t\t\t<option value=\"Singapore\">Singapore<\/option>\n\t\t\t\t\t\t\t\t\t<option value=\"Slovakia\">Slovakia<\/option>\n\t\t\t\t\t\t\t\t\t<option value=\"Slovenia\">Slovenia<\/option>\n\t\t\t\t\t\t\t\t\t<option value=\"Solomon Islands\">Solomon Islands<\/option>\n\t\t\t\t\t\t\t\t\t<option value=\"Somalia\">Somalia<\/option>\n\t\t\t\t\t\t\t\t\t<option value=\"South Africa\">South Africa<\/option>\n\t\t\t\t\t\t\t\t\t<option value=\"South Sudan\">South Sudan<\/option>\n\t\t\t\t\t\t\t\t\t<option value=\"Spain\">Spain<\/option>\n\t\t\t\t\t\t\t\t\t<option value=\"Sri Lanka\">Sri Lanka<\/option>\n\t\t\t\t\t\t\t\t\t<option value=\"Sudan\">Sudan<\/option>\n\t\t\t\t\t\t\t\t\t<option value=\"Suriname\">Suriname<\/option>\n\t\t\t\t\t\t\t\t\t<option value=\"Swaziland\">Swaziland<\/option>\n\t\t\t\t\t\t\t\t\t<option value=\"Sweden\">Sweden<\/option>\n\t\t\t\t\t\t\t\t\t<option value=\"Switzerland\">Switzerland<\/option>\n\t\t\t\t\t\t\t\t\t<option value=\"Syria\">Syria<\/option>\n\t\t\t\t\t\t\t\t\t<option value=\"Taiwan\">Taiwan<\/option>\n\t\t\t\t\t\t\t\t\t<option value=\"Tajikistan\">Tajikistan<\/option>\n\t\t\t\t\t\t\t\t\t<option value=\"Tanzania\">Tanzania<\/option>\n\t\t\t\t\t\t\t\t\t<option value=\"Thailand\">Thailand<\/option>\n\t\t\t\t\t\t\t\t\t<option value=\"Togo\">Togo<\/option>\n\t\t\t\t\t\t\t\t\t<option value=\"Tonga\">Tonga<\/option>\n\t\t\t\t\t\t\t\t\t<option value=\"Trinidad &amp; Tobago\">Trinidad &amp; Tobago<\/option>\n\t\t\t\t\t\t\t\t\t<option value=\"Tunisia\">Tunisia<\/option>\n\t\t\t\t\t\t\t\t\t<option value=\"Turkey\">Turkey<\/option>\n\t\t\t\t\t\t\t\t\t<option value=\"Turkmenistan\">Turkmenistan<\/option>\n\t\t\t\t\t\t\t\t\t<option value=\"Tuvalu\">Tuvalu<\/option>\n\t\t\t\t\t\t\t\t\t<option value=\"Uganda\">Uganda<\/option>\n\t\t\t\t\t\t\t\t\t<option value=\"Ukraine\">Ukraine<\/option>\n\t\t\t\t\t\t\t\t\t<option value=\"United Arab Emirates\">United Arab Emirates<\/option>\n\t\t\t\t\t\t\t\t\t<option value=\"United Kingdom\">United Kingdom<\/option>\n\t\t\t\t\t\t\t\t\t<option value=\"United States\">United States<\/option>\n\t\t\t\t\t\t\t\t\t<option value=\"Uruguay\">Uruguay<\/option>\n\t\t\t\t\t\t\t\t\t<option value=\"Uzbekistan\">Uzbekistan<\/option>\n\t\t\t\t\t\t\t\t\t<option value=\"Vanuatu\">Vanuatu<\/option>\n\t\t\t\t\t\t\t\t\t<option value=\"Vatican City\">Vatican City<\/option>\n\t\t\t\t\t\t\t\t\t<option value=\"Venezuela\">Venezuela<\/option>\n\t\t\t\t\t\t\t\t\t<option value=\"Vietnam\">Vietnam<\/option>\n\t\t\t\t\t\t\t\t\t<option value=\"Yemen\">Yemen<\/option>\n\t\t\t\t\t\t\t\t\t<option value=\"Zambia\">Zambia<\/option>\n\t\t\t\t\t\t\t\t\t<option value=\"Zimbabwe\">Zimbabwe<\/option>\n\t\t\t\t\t\t\t<\/select>\n\t\t<\/div>\n\t\t\t\t\t\t<\/div>\n\t\t\t\t\t\t\t\t<div class=\"elementor-field-type-text elementor-field-group elementor-column elementor-field-group-field_3f32aea elementor-col-20 elementor-field-required\">\n\t\t\t\t\t\t\t\t\t\t\t\t<label for=\"form-field-field_3f32aea\" class=\"elementor-field-label\">\n\t\t\t\t\t\t\t\tC\u00f3digo Postal*\t\t\t\t\t\t\t<\/label>\n\t\t\t\t\t\t\t\t\t\t\t\t\t\t<input size=\"1\" type=\"text\" name=\"form_fields[field_3f32aea]\" id=\"form-field-field_3f32aea\" class=\"elementor-field elementor-size-md  elementor-field-textual\" required=\"required\">\n\t\t\t\t\t\t\t\t\t\t\t<\/div>\n\t\t\t\t\t\t\t\t<div class=\"elementor-field-type-text elementor-field-group elementor-column elementor-field-group-field_dfa4679 elementor-col-40 elementor-field-required\">\n\t\t\t\t\t\t\t\t\t\t\t\t<label for=\"form-field-field_dfa4679\" class=\"elementor-field-label\">\n\t\t\t\t\t\t\t\tDirecci\u00f3n*\t\t\t\t\t\t\t<\/label>\n\t\t\t\t\t\t\t\t\t\t\t\t\t\t<input size=\"1\" type=\"text\" name=\"form_fields[field_dfa4679]\" id=\"form-field-field_dfa4679\" class=\"elementor-field elementor-size-md  elementor-field-textual\" required=\"required\">\n\t\t\t\t\t\t\t\t\t\t\t<\/div>\n\t\t\t\t\t\t\t\t<div class=\"elementor-field-type-text elementor-field-group elementor-column elementor-field-group-field_9091621 elementor-col-100 elementor-field-required\">\n\t\t\t\t\t\t\t\t\t\t\t\t<label for=\"form-field-field_9091621\" class=\"elementor-field-label\">\n\t\t\t\t\t\t\t\tNombre del proyecto*\t\t\t\t\t\t\t<\/label>\n\t\t\t\t\t\t\t\t\t\t\t\t\t\t<input size=\"1\" type=\"text\" name=\"form_fields[field_9091621]\" id=\"form-field-field_9091621\" class=\"elementor-field elementor-size-md  elementor-field-textual\" required=\"required\">\n\t\t\t\t\t\t\t\t\t\t\t<\/div>\n\t\t\t\t\t\t\t\t<div class=\"elementor-field-type-textarea elementor-field-group elementor-column elementor-field-group-message elementor-col-100\">\n\t\t\t\t\t\t\t\t\t\t\t\t<label for=\"form-field-message\" class=\"elementor-field-label\">\n\t\t\t\t\t\t\t\tDescripci\u00f3n del proyecto*\t\t\t\t\t\t\t<\/label>\n\t\t\t\t\t\t<textarea class=\"elementor-field-textual elementor-field  elementor-size-md\" name=\"form_fields[message]\" id=\"form-field-message\" rows=\"4\"><\/textarea>\t\t\t\t<\/div>\n\t\t\t\t\t\t\t\t<div class=\"elementor-field-type-recaptcha_v3 elementor-field-group elementor-column elementor-field-group-field_38628b3 elementor-col-100 recaptcha_v3-inline\">\n\t\t\t\t\t<div class=\"elementor-field\" id=\"form-field-field_38628b3\"><div class=\"elementor-g-recaptcha\" data-sitekey=\"6LcHiy4pAAAAAP7fe5r7uAYEngaziVISekVVbqEF\" data-type=\"v3\" data-action=\"Form\" data-badge=\"inline\" data-size=\"invisible\"><\/div><\/div>\t\t\t\t<\/div>\n\t\t\t\t\t\t\t\t<div class=\"elementor-field-group elementor-column elementor-field-type-submit elementor-col-100 e-form__buttons\">\n\t\t\t\t\t<button class=\"elementor-button elementor-size-sm\" type=\"submit\">\n\t\t\t\t\t\t<span class=\"elementor-button-content-wrapper\">\n\t\t\t\t\t\t\t\t\t\t\t\t\t\t\t\t\t\t\t\t\t\t<span class=\"elementor-button-text\">The Caritas Pro Vitae Gradu Charitable Trust<\/span>\n\t\t\t\t\t\t\t\t\t\t\t\t\t<\/span>\n\t\t\t\t\t<\/button>\n\t\t\t\t<\/div>\n\t\t\t<\/div>\n\t\t<\/form>\n\t\t\t\t\t\t<\/div>\n\t\t\t\t<\/div>\n\t\t\t\t<\/div>\n\t\t\t\t\t<\/div>\n\t\t\t\t<\/div>\n\t\t\t\t\t<\/div>\n\t\t\t\t<\/div>\n\t\t\t\t<\/div>\n\t\t","protected":false},"excerpt":{"rendered":"<p>Cambiemos el mundo, juntos Santiago de Chile &#8211; Celebraci\u00f3n de Navidad en el Centro de la Misericordia Qui\u00e9nes somos Caritas Pro Vitae Gradu Charitable Trust ha sido constituido como un trust benefico debidamente registrado en la Comisi\u00f3n de Organizaciones Ben\u00e9ficas de Nueva Zelanda, y nuestras actividades se dirigen desde Ginebra y Auckland, donde se encuentran [&hellip;]<\/p>\n","protected":false},"author":2,"featured_media":0,"parent":0,"menu_order":0,"comment_status":"closed","ping_status":"closed","template":"","meta":{"_acf_changed":false,"give_campaign_id":0,"_seopress_robots_primary_cat":"","_seopress_titles_title":"","_seopress_titles_desc":"","_seopress_robots_index":"","footnotes":""},"class_list":["post-31887","page","type-page","status-publish","hentry"],"acf":[],"campaignId":"","_links":{"self":[{"href":"https:\/\/caritasprovitaegradu.ch\/es\/wp-json\/wp\/v2\/pages\/31887","targetHints":{"allow":["GET"]}}],"collection":[{"href":"https:\/\/caritasprovitaegradu.ch\/es\/wp-json\/wp\/v2\/pages"}],"about":[{"href":"https:\/\/caritasprovitaegradu.ch\/es\/wp-json\/wp\/v2\/types\/page"}],"author":[{"embeddable":true,"href":"https:\/\/caritasprovitaegradu.ch\/es\/wp-json\/wp\/v2\/users\/2"}],"replies":[{"embeddable":true,"href":"https:\/\/caritasprovitaegradu.ch\/es\/wp-json\/wp\/v2\/comments?post=31887"}],"version-history":[{"count":29,"href":"https:\/\/caritasprovitaegradu.ch\/es\/wp-json\/wp\/v2\/pages\/31887\/revisions"}],"predecessor-version":[{"id":33122,"href":"https:\/\/caritasprovitaegradu.ch\/es\/wp-json\/wp\/v2\/pages\/31887\/revisions\/33122"}],"wp:attachment":[{"href":"https:\/\/caritasprovitaegradu.ch\/es\/wp-json\/wp\/v2\/media?parent=31887"}],"curies":[{"name":"wp","href":"https:\/\/api.w.org\/{rel}","templated":true}]}}